{"id":8593,"date":"2025-08-27T18:50:47","date_gmt":"2025-08-27T16:50:47","guid":{"rendered":"https:\/\/hotelmarinetta.it\/politique-egalite-sexes\/"},"modified":"2025-08-28T11:59:52","modified_gmt":"2025-08-28T09:59:52","slug":"politique-egalite-sexes","status":"publish","type":"page","link":"https:\/\/hotelmarinetta.it\/fr\/politique-egalite-sexes\/","title":{"rendered":"Politique d&rsquo;\u00e9galit\u00e9 des sexes"},"content":{"rendered":"\t\t<div data-elementor-type=\"wp-page\" data-elementor-id=\"8593\" class=\"elementor elementor-8593 elementor-8526\" data-elementor-post-type=\"page\">\n\t\t\t\t<div class=\"elementor-element elementor-element-3f8090f e-flex e-con-boxed e-con e-parent\" data-id=\"3f8090f\" data-element_type=\"container\" data-e-type=\"container\" data-settings=\"{&quot;background_background&quot;:&quot;classic&quot;}\">\n\t\t\t\t\t<div class=\"e-con-inner\">\n\t\t<div class=\"elementor-element elementor-element-55561e6 e-con-full e-flex e-con e-child\" data-id=\"55561e6\" data-element_type=\"container\" data-e-type=\"container\">\n\t\t<div class=\"elementor-element elementor-element-d1224b6 e-con-full e-flex e-con e-child\" data-id=\"d1224b6\" data-element_type=\"container\" data-e-type=\"container\">\n\t\t\t\t<div class=\"elementor-element elementor-element-eafd370 elementor-widget elementor-widget-heading\" data-id=\"eafd370\" data-element_type=\"widget\" data-e-type=\"widget\" data-widget_type=\"heading.default\">\n\t\t\t\t<div class=\"elementor-widget-container\">\n\t\t\t\t\t<h1 class=\"elementor-heading-title elementor-size-default\">Politique d'\u00e9galit\u00e9 des genres selon UNI\/PdR 125:2022<\/h1>\t\t\t\t<\/div>\n\t\t\t\t<\/div>\n\t\t\t\t<\/div>\n\t\t<div class=\"elementor-element elementor-element-cd25928 e-con-full e-flex e-con e-child\" data-id=\"cd25928\" data-element_type=\"container\" data-e-type=\"container\">\n\t\t\t\t<div class=\"elementor-element elementor-element-24d3794 elementor-widget elementor-widget-heading\" data-id=\"24d3794\" data-element_type=\"widget\" data-e-type=\"widget\" data-widget_type=\"heading.default\">\n\t\t\t\t<div class=\"elementor-widget-container\">\n\t\t\t\t\t<h2 class=\"elementor-heading-title elementor-size-default\">Lignes directrices sur le syst\u00e8me de gestion de l'\u00e9galit\u00e9 des sexes, pour renforcer l'engagement concret en faveur de l'\u00e9galit\u00e9 et de l'\u00e9quit\u00e9 au sein des soci\u00e9t\u00e9s du Groupe.<\/h2>\t\t\t\t<\/div>\n\t\t\t\t<\/div>\n\t\t\t\t<\/div>\n\t\t\t\t<\/div>\n\t\t\t\t\t<\/div>\n\t\t\t\t<\/div>\n\t\t<div class=\"elementor-element elementor-element-259afba e-flex e-con-boxed e-con e-parent\" data-id=\"259afba\" data-element_type=\"container\" data-e-type=\"container\">\n\t\t\t\t\t<div class=\"e-con-inner\">\n\t\t<div class=\"elementor-element elementor-element-af5fe74 e-con-full e-flex e-con e-child\" data-id=\"af5fe74\" data-element_type=\"container\" data-e-type=\"container\" data-settings=\"{&quot;background_background&quot;:&quot;classic&quot;}\">\n\t\t\t\t<\/div>\n\t\t\t\t\t<\/div>\n\t\t\t\t<\/div>\n\t\t<div class=\"elementor-element elementor-element-41dec41 e-flex e-con-boxed e-con e-parent\" data-id=\"41dec41\" data-element_type=\"container\" data-e-type=\"container\">\n\t\t\t\t\t<div class=\"e-con-inner\">\n\t\t<div class=\"elementor-element elementor-element-e2e8129 e-con-full e-flex e-con e-child\" data-id=\"e2e8129\" data-element_type=\"container\" data-e-type=\"container\">\n\t\t\t\t<div class=\"elementor-element elementor-element-54f1f99 elementor-widget elementor-widget-heading\" data-id=\"54f1f99\" data-element_type=\"widget\" data-e-type=\"widget\" data-widget_type=\"heading.default\">\n\t\t\t\t<div class=\"elementor-widget-container\">\n\t\t\t\t\t<h2 class=\"elementor-heading-title elementor-size-default\">Une politique visant \u00e0 promouvoir les valeurs li\u00e9es \u00e0 la diversit\u00e9, \u00e0 l'inclusion et \u00e0 l'\u00e9galit\u00e9 des sexes<\/h2>\t\t\t\t<\/div>\n\t\t\t\t<\/div>\n\t\t\t\t<div class=\"elementor-element elementor-element-7ea5f9b elementor-widget-divider--view-line elementor-widget elementor-widget-divider\" data-id=\"7ea5f9b\" data-element_type=\"widget\" data-e-type=\"widget\" data-widget_type=\"divider.default\">\n\t\t\t\t<div class=\"elementor-widget-container\">\n\t\t\t\t\t\t\t<div class=\"elementor-divider\">\n\t\t\t<span class=\"elementor-divider-separator\">\n\t\t\t\t\t\t<\/span>\n\t\t<\/div>\n\t\t\t\t\t\t<\/div>\n\t\t\t\t<\/div>\n\t\t\t\t<div class=\"elementor-element elementor-element-a1df352 elementor-widget elementor-widget-text-editor\" data-id=\"a1df352\" data-element_type=\"widget\" data-e-type=\"widget\" data-widget_type=\"text-editor.default\">\n\t\t\t\t<div class=\"elementor-widget-container\">\n\t\t\t\t\t\t\t\t\t<p>La direction du Groupe Ficcanterri, actif dans le secteur de l&rsquo;h\u00f4tellerie et de l&rsquo;h\u00f4tellerie haut de gamme \u00e0 travers <em>Icon Collection<\/em>, <em>The Sense Experience Resort<\/em>, <em>Park Hotel Marinetta<\/em> et <em>Hotel Botticelli<\/em>, a toujours \u00e9t\u00e9 attentive \u00e0 l&rsquo;\u00e9volution des valeurs sociales et du march\u00e9. Elle met en \u0153uvre une politique visant \u00e0 promouvoir les valeurs li\u00e9es \u00e0 la diversit\u00e9, \u00e0 l&rsquo;inclusion et \u00e0 l&rsquo;\u00e9galit\u00e9 des sexes.<\/p>\n<p>Ce choix s&rsquo;inscrit dans la mission du Groupe\u00a0: offrir des exp\u00e9riences d&rsquo;hospitalit\u00e9 authentiques, durables et inclusives, en pla\u00e7ant l&rsquo;humain \u2013 collaborateurs, clients et parties prenantes \u2013 au c\u0153ur de ses pr\u00e9occupations et en favorisant des relations fond\u00e9es sur le respect, l&rsquo;\u00e9coute et la valorisation des diff\u00e9rences.<\/p>\n\t\t\t\t\t\t\t\t<\/div>\n\t\t\t\t<\/div>\n\t\t\t\t<div class=\"elementor-element elementor-element-f0d6249 elementor-widget elementor-widget-text-editor\" data-id=\"f0d6249\" data-element_type=\"widget\" data-e-type=\"widget\" data-widget_type=\"text-editor.default\">\n\t\t\t\t<div class=\"elementor-widget-container\">\n\t\t\t\t\t\t\t\t\t<p>Conform\u00e9ment \u00e0 cette vision, la Direction a d\u00e9cid\u00e9 d&rsquo;\u00e9tablir et de mettre en \u0153uvre un syst\u00e8me de gestion conforme \u00e0 la norme UNI\/PdR 125:2022 \u2013 Lignes directrices sur le syst\u00e8me de gestion de l&rsquo;\u00e9galit\u00e9 des sexes, afin de renforcer l&rsquo;engagement concret en faveur de l&rsquo;\u00e9galit\u00e9 et de l&rsquo;\u00e9quit\u00e9 au sein des entreprises du Groupe.<\/p>\n\t\t\t\t\t\t\t\t<\/div>\n\t\t\t\t<\/div>\n\t\t\t\t<div class=\"elementor-element elementor-element-cb412b1 elementor-widget elementor-widget-heading\" data-id=\"cb412b1\" data-element_type=\"widget\" data-e-type=\"widget\" data-widget_type=\"heading.default\">\n\t\t\t\t<div class=\"elementor-widget-container\">\n\t\t\t\t\t<h2 class=\"elementor-heading-title elementor-size-default\">La Direction du Groupe Ficcanterri, en collaboration avec le Comit\u00e9 pour l'\u00e9galit\u00e9 des sexes, adopte donc une politique visant \u00e0 :<\/h2>\t\t\t\t<\/div>\n\t\t\t\t<\/div>\n\t\t\t\t<div class=\"elementor-element elementor-element-064ea52 elementor-widget-divider--view-line elementor-widget elementor-widget-divider\" data-id=\"064ea52\" data-element_type=\"widget\" data-e-type=\"widget\" data-widget_type=\"divider.default\">\n\t\t\t\t<div class=\"elementor-widget-container\">\n\t\t\t\t\t\t\t<div class=\"elementor-divider\">\n\t\t\t<span class=\"elementor-divider-separator\">\n\t\t\t\t\t\t<\/span>\n\t\t<\/div>\n\t\t\t\t\t\t<\/div>\n\t\t\t\t<\/div>\n\t\t<div class=\"elementor-element elementor-element-2988225 e-con-full e-flex e-con e-child\" data-id=\"2988225\" data-element_type=\"container\" data-e-type=\"container\">\n\t\t\t\t<div class=\"elementor-element elementor-element-01d612a elementor-widget elementor-widget-text-editor\" data-id=\"01d612a\" data-element_type=\"widget\" data-e-type=\"widget\" data-widget_type=\"text-editor.default\">\n\t\t\t\t<div class=\"elementor-widget-container\">\n\t\t\t\t\t\t\t\t\t<ul>\n<li>Am\u00e9liorer et prot\u00e9ger la diversit\u00e9,<\/li>\n<li>promouvoir l\u2019\u00e9galit\u00e9 des chances sur le lieu de travail,<\/li>\n<li>\u0153uvrer pour l\u2019\u00e9galit\u00e9 des sexes,<\/li>\n<li>encourager l\u2019autonomisation des femmes.<\/li>\n<\/ul>\n\t\t\t\t\t\t\t\t<\/div>\n\t\t\t\t<\/div>\n\t\t\t\t<\/div>\n\t\t\t\t<\/div>\n\t\t\t\t\t<\/div>\n\t\t\t\t<\/div>\n\t\t<div class=\"elementor-element elementor-element-8596774 e-con-full e-flex e-con e-parent\" data-id=\"8596774\" data-element_type=\"container\" data-e-type=\"container\" data-settings=\"{&quot;background_background&quot;:&quot;classic&quot;}\">\n\t\t<div class=\"elementor-element elementor-element-c77e9b3 e-con-full e-flex e-con e-child\" data-id=\"c77e9b3\" data-element_type=\"container\" data-e-type=\"container\" data-settings=\"{&quot;background_background&quot;:&quot;classic&quot;}\">\n\t\t\t\t<\/div>\n\t\t<div class=\"elementor-element elementor-element-d8a240b e-con-full e-flex e-con e-child\" data-id=\"d8a240b\" data-element_type=\"container\" data-e-type=\"container\">\n\t\t\t\t<div class=\"elementor-element elementor-element-544ab2c elementor-widget elementor-widget-heading\" data-id=\"544ab2c\" data-element_type=\"widget\" data-e-type=\"widget\" data-widget_type=\"heading.default\">\n\t\t\t\t<div class=\"elementor-widget-container\">\n\t\t\t\t\t<h2 class=\"elementor-heading-title elementor-size-default\">Engagements pris par le Groupe Ficcanterri<\/h2>\t\t\t\t<\/div>\n\t\t\t\t<\/div>\n\t\t\t\t<div class=\"elementor-element elementor-element-0b56e0a elementor-widget elementor-widget-text-editor\" data-id=\"0b56e0a\" data-element_type=\"widget\" data-e-type=\"widget\" data-widget_type=\"text-editor.default\">\n\t\t\t\t<div class=\"elementor-widget-container\">\n\t\t\t\t\t\t\t\t\t<p>La direction s&rsquo;engage \u00e0 :<\/p>\n\t\t\t\t\t\t\t\t<\/div>\n\t\t\t\t<\/div>\n\t\t<div class=\"elementor-element elementor-element-264b554 e-con-full e-flex e-con e-child\" data-id=\"264b554\" data-element_type=\"container\" data-e-type=\"container\" data-settings=\"{&quot;background_background&quot;:&quot;classic&quot;}\">\n\t\t\t\t<div class=\"elementor-element elementor-element-d1cde1b elementor-widget elementor-widget-text-editor\" data-id=\"d1cde1b\" data-element_type=\"widget\" data-e-type=\"widget\" data-widget_type=\"text-editor.default\">\n\t\t\t\t<div class=\"elementor-widget-container\">\n\t\t\t\t\t\t\t\t\t<ul>\n<li>Assurer un acc\u00e8s \u00e9gal aux postes \u00e0 responsabilit\u00e9 \u00e0 comp\u00e9tences \u00e9gales, y compris dans la repr\u00e9sentation externe (conf\u00e9rences, \u00e9v\u00e9nements, panels).<\/li>\n<li>Assurer une r\u00e9mun\u00e9ration \u00e9quitable en fonction des comp\u00e9tences, de l&rsquo;exp\u00e9rience et des responsabilit\u00e9s, en s&rsquo;effor\u00e7ant de combler les \u00e9carts de r\u00e9mun\u00e9ration entre les femmes et les hommes.<\/li>\n<li>Cr\u00e9er un environnement de travail inclusif et attentif au bien-\u00eatre psychologique et physique des collaborateurs.<\/li>\n<li>Soutenir concr\u00e8tement le bien-\u00eatre de l&rsquo;entreprise gr\u00e2ce \u00e0 des horaires de travail flexibles, du t\u00e9l\u00e9travail et des avantages sociaux d\u00e9di\u00e9s.<\/li>\n<li>Promouvoir et soutenir les initiatives, \u00e9v\u00e9nements et campagnes en faveur de l&rsquo;\u00e9galit\u00e9 des sexes et de l&rsquo;inclusion.<\/li>\n<li>Assurer une repr\u00e9sentation \u00e9quilibr\u00e9e des sexes dans les communications publiques ou les espaces de discussion (\u00e9v\u00e9nements, panels, r\u00e9unions publiques).<\/li>\n<li>Promouvoir des contenus inclusifs sur les canaux num\u00e9riques du Groupe (sites web, r\u00e9seaux sociaux, communications officielles).<\/li>\n<li>Proposer des formations et des sensibilisations continues \u00e0 l&rsquo;ensemble du personnel sur : le langage inclusif, les st\u00e9r\u00e9otypes et pr\u00e9jug\u00e9s sexistes, le harc\u00e8lement et le mobbing.<\/li>\n<li>Pr\u00e9venir et g\u00e9rer toute forme de discrimination, de harc\u00e8lement ou d&rsquo;in\u00e9galit\u00e9 de traitement au travail.<\/li>\n<li>Communiquer, en interne et en externe, votre engagement en faveur de l&rsquo;\u00e9galit\u00e9 des sexes et de l&rsquo;autonomisation des femmes.<\/li>\n<\/ul>\n\t\t\t\t\t\t\t\t<\/div>\n\t\t\t\t<\/div>\n\t\t\t\t<\/div>\n\t\t\t\t<\/div>\n\t\t\t\t<\/div>\n\t\t<div class=\"elementor-element elementor-element-7b21282 e-con-full e-flex e-con e-parent\" data-id=\"7b21282\" data-element_type=\"container\" data-e-type=\"container\" data-settings=\"{&quot;background_background&quot;:&quot;classic&quot;}\">\n\t\t<div class=\"elementor-element elementor-element-dc93965 e-con-full e-flex e-con e-child\" data-id=\"dc93965\" data-element_type=\"container\" data-e-type=\"container\" data-settings=\"{&quot;background_background&quot;:&quot;classic&quot;}\">\n\t\t\t\t<\/div>\n\t\t<div class=\"elementor-element elementor-element-a765f28 e-con-full e-flex e-con e-child\" data-id=\"a765f28\" data-element_type=\"container\" data-e-type=\"container\">\n\t\t\t\t<div class=\"elementor-element elementor-element-78747de elementor-widget elementor-widget-heading\" data-id=\"78747de\" data-element_type=\"widget\" data-e-type=\"widget\" data-widget_type=\"heading.default\">\n\t\t\t\t<div class=\"elementor-widget-container\">\n\t\t\t\t\t<h2 class=\"elementor-heading-title elementor-size-default\">M\u00e9thodes de mise en \u0153uvre<\/h2>\t\t\t\t<\/div>\n\t\t\t\t<\/div>\n\t\t\t\t<div class=\"elementor-element elementor-element-3d7ed83 elementor-widget elementor-widget-text-editor\" data-id=\"3d7ed83\" data-element_type=\"widget\" data-e-type=\"widget\" data-widget_type=\"text-editor.default\">\n\t\t\t\t<div class=\"elementor-widget-container\">\n\t\t\t\t\t\t\t\t\t<p>Le Groupe Ficcanterri s&rsquo;engage \u00e0 garantir que cette politique soit :<\/p>\n\t\t\t\t\t\t\t\t<\/div>\n\t\t\t\t<\/div>\n\t\t<div class=\"elementor-element elementor-element-6f37b2d e-con-full e-flex e-con e-child\" data-id=\"6f37b2d\" data-element_type=\"container\" data-e-type=\"container\" data-settings=\"{&quot;background_background&quot;:&quot;classic&quot;}\">\n\t\t\t\t<div class=\"elementor-element elementor-element-6ced037 elementor-widget elementor-widget-text-editor\" data-id=\"6ced037\" data-element_type=\"widget\" data-e-type=\"widget\" data-widget_type=\"text-editor.default\">\n\t\t\t\t<div class=\"elementor-widget-container\">\n\t\t\t\t\t\t\t\t\t<ul>\n<li>diffus\u00e9 et partag\u00e9 avec l&rsquo;ensemble du personnel et des parties prenantes\u00a0;<\/li>\n<li>faisant l&rsquo;objet d&rsquo;une formation manag\u00e9riale d\u00e9di\u00e9e ;<\/li>\n<li>suivi, v\u00e9rifi\u00e9 et mis \u00e0 jour p\u00e9riodiquement en fonction des r\u00e9sultats, des changements organisationnels et de l&rsquo;analyse de criticit\u00e9 ;<\/li>\n<li>coordonn\u00e9 par le Comit\u00e9 pour l&rsquo;\u00e9galit\u00e9 des sexes, nomm\u00e9 par la direction et compos\u00e9 de personnes poss\u00e9dant des comp\u00e9tences organisationnelles et une connaissance de la diversit\u00e9 et de l&rsquo;inclusion.<\/li>\n<\/ul>\n\t\t\t\t\t\t\t\t<\/div>\n\t\t\t\t<\/div>\n\t\t\t\t<\/div>\n\t\t\t\t<\/div>\n\t\t\t\t<\/div>\n\t\t<div class=\"elementor-element elementor-element-03d9f8e e-con-full e-flex e-con e-parent\" data-id=\"03d9f8e\" data-element_type=\"container\" data-e-type=\"container\" data-settings=\"{&quot;background_background&quot;:&quot;classic&quot;}\">\n\t\t<div class=\"elementor-element elementor-element-99f55ef e-con-full e-flex e-con e-child\" data-id=\"99f55ef\" data-element_type=\"container\" data-e-type=\"container\" data-settings=\"{&quot;background_background&quot;:&quot;classic&quot;}\">\n\t\t\t\t<\/div>\n\t\t<div class=\"elementor-element elementor-element-0bd29ce e-con-full e-flex e-con e-child\" data-id=\"0bd29ce\" data-element_type=\"container\" data-e-type=\"container\">\n\t\t\t\t<div class=\"elementor-element elementor-element-25899ba elementor-widget elementor-widget-heading\" data-id=\"25899ba\" data-element_type=\"widget\" data-e-type=\"widget\" data-widget_type=\"heading.default\">\n\t\t\t\t<div class=\"elementor-widget-container\">\n\t\t\t\t\t<h2 class=\"elementor-heading-title elementor-size-default\">Plan strat\u00e9gique et KPI<\/h2>\t\t\t\t<\/div>\n\t\t\t\t<\/div>\n\t\t\t\t<div class=\"elementor-element elementor-element-6310d67 elementor-widget elementor-widget-text-editor\" data-id=\"6310d67\" data-element_type=\"widget\" data-e-type=\"widget\" data-widget_type=\"text-editor.default\">\n\t\t\t\t<div class=\"elementor-widget-container\">\n\t\t\t\t\t\t\t\t\t<p>Pour mettre en \u0153uvre cette politique, la Direction a d\u00e9fini un plan strat\u00e9gique avec des KPI associ\u00e9s, bas\u00e9s sur les 6 domaines indiqu\u00e9s par UNI\/PdR 125:2022 :<\/p>\n\t\t\t\t\t\t\t\t<\/div>\n\t\t\t\t<\/div>\n\t\t<div class=\"elementor-element elementor-element-6c64a8f e-con-full e-flex e-con e-child\" data-id=\"6c64a8f\" data-element_type=\"container\" data-e-type=\"container\" data-settings=\"{&quot;background_background&quot;:&quot;classic&quot;}\">\n\t\t\t\t<div class=\"elementor-element elementor-element-8109e74 elementor-widget elementor-widget-text-editor\" data-id=\"8109e74\" data-element_type=\"widget\" data-e-type=\"widget\" data-widget_type=\"text-editor.default\">\n\t\t\t\t<div class=\"elementor-widget-container\">\n\t\t\t\t\t\t\t\t\t<ol>\n<li><strong>Culture et strat\u00e9gie<\/strong><br \/>\nPromouvoir un environnement inclusif, respectueux de la diversit\u00e9 et visant \u00e0 surmonter les st\u00e9r\u00e9otypes et la discrimination li\u00e9s au genre.<\/li>\n<li><strong>Gouvernance<\/strong><br \/>\nAssurer une structure de gouvernance favorisant la participation des minorit\u00e9s de genre et mettre en place des m\u00e9canismes pour lutter contre toute forme d&rsquo;exclusion.<\/li>\n<li><strong>Processus RH<\/strong><br \/>\nG\u00e9rer les processus de s\u00e9lection, de d\u00e9veloppement, de carri\u00e8re et de licenciement de mani\u00e8re inclusive et non discriminatoire.<\/li>\n<li><strong>Opportunit\u00e9s d&rsquo;\u00e9volution pour les femmes<\/strong><br \/>\nPromouvoir des parcours professionnels \u00e9quitables, transparents et non genr\u00e9s.<\/li>\n<li><strong>\u00c9quit\u00e9 salariale<\/strong><br \/>\nSurveiller et r\u00e9duire les disparit\u00e9s salariales, y compris en mati\u00e8re d&rsquo;avantages sociaux.<\/li>\n<li><strong>Parentalit\u00e9 et conciliation vie professionnelle-vie priv\u00e9e<\/strong><br \/>\nSoutenir les politiques de conciliation vie professionnelle-vie priv\u00e9e et le soutien \u00e0 la parentalit\u00e9 pour tous les genres.<\/li>\n<\/ol>\n\t\t\t\t\t\t\t\t<\/div>\n\t\t\t\t<\/div>\n\t\t\t\t<\/div>\n\t\t\t\t<\/div>\n\t\t\t\t<\/div>\n\t\t<div class=\"elementor-element elementor-element-97860f1 e-flex e-con-boxed e-con e-parent\" data-id=\"97860f1\" data-element_type=\"container\" data-e-type=\"container\">\n\t\t\t\t\t<div class=\"e-con-inner\">\n\t\t<div class=\"elementor-element elementor-element-5c9ffe7 e-con-full e-flex e-con e-child\" data-id=\"5c9ffe7\" data-element_type=\"container\" data-e-type=\"container\">\n\t\t\t\t<div class=\"elementor-element elementor-element-288a407 elementor-widget elementor-widget-text-editor\" data-id=\"288a407\" data-element_type=\"widget\" data-e-type=\"widget\" data-widget_type=\"text-editor.default\">\n\t\t\t\t<div class=\"elementor-widget-container\">\n\t\t\t\t\t\t\t\t\t<p><em>Date<\/em><br \/>1er avril 2025<\/p>\n\t\t\t\t\t\t\t\t<\/div>\n\t\t\t\t<\/div>\n\t\t\t\t<\/div>\n\t\t<div class=\"elementor-element elementor-element-674aa24 e-con-full e-flex e-con e-child\" data-id=\"674aa24\" data-element_type=\"container\" data-e-type=\"container\">\n\t\t\t\t<div class=\"elementor-element elementor-element-19f273a elementor-widget elementor-widget-text-editor\" data-id=\"19f273a\" data-element_type=\"widget\" data-e-type=\"widget\" data-widget_type=\"text-editor.default\">\n\t\t\t\t<div class=\"elementor-widget-container\">\n\t\t\t\t\t\t\t\t\t<p><em>Signature de l&rsquo;administrateur unique<\/em><br \/>Riccardo Ficcanterri<\/p>\n\t\t\t\t\t\t\t\t<\/div>\n\t\t\t\t<\/div>\n\t\t\t\t<div class=\"elementor-element elementor-element-aa8f59f elementor-widget elementor-widget-image\" data-id=\"aa8f59f\" data-element_type=\"widget\" data-e-type=\"widget\" data-widget_type=\"image.default\">\n\t\t\t\t<div class=\"elementor-widget-container\">\n\t\t\t\t\t\t\t\t\t\t\t\t\t\t\t<img fetchpriority=\"high\" decoding=\"async\" data-src=\"https:\/\/hotelmarinetta.it\/wp-content\/uploads\/2025\/08\/Firma_Riccardo-947x1024.png\" data-srcset=\"https:\/\/hotelmarinetta.it\/wp-content\/uploads\/2025\/08\/Firma_Riccardo-947x1024.png 947w, https:\/\/hotelmarinetta.it\/wp-content\/uploads\/2025\/08\/Firma_Riccardo-278x300.png 278w, https:\/\/hotelmarinetta.it\/wp-content\/uploads\/2025\/08\/Firma_Riccardo-768x830.png 768w, https:\/\/hotelmarinetta.it\/wp-content\/uploads\/2025\/08\/Firma_Riccardo.png 999w\" width=\"800\" height=\"865\" src=\"data:image\/gif;base64,R0lGODlhAQABAIAAAAAAAP\/\/\/yH5BAEAAAAALAAAAAABAAEAAAIBRAA7\" class=\"attachment-large size-large wp-image-8586 lazyload\" alt=\"Firma Riccardo Ficcanterri\"  sizes=\"(max-width: 800px) 100vw, 800px\" \/><noscript><img decoding=\"async\" width=\"800\" height=\"865\" src=\"https:\/\/hotelmarinetta.it\/wp-content\/uploads\/2025\/08\/Firma_Riccardo-947x1024.png\" class=\"attachment-large size-large wp-image-8586\" alt=\"Firma Riccardo Ficcanterri\" srcset=\"https:\/\/hotelmarinetta.it\/wp-content\/uploads\/2025\/08\/Firma_Riccardo-947x1024.png 947w, https:\/\/hotelmarinetta.it\/wp-content\/uploads\/2025\/08\/Firma_Riccardo-278x300.png 278w, https:\/\/hotelmarinetta.it\/wp-content\/uploads\/2025\/08\/Firma_Riccardo-768x830.png 768w, https:\/\/hotelmarinetta.it\/wp-content\/uploads\/2025\/08\/Firma_Riccardo.png 999w\" sizes=\"(max-width: 800px) 100vw, 800px\"><\/noscript>\t\t\t\t\t\t\t\t\t\t\t\t\t\t\t<\/div>\n\t\t\t\t<\/div>\n\t\t\t\t<\/div>\n\t\t\t\t\t<\/div>\n\t\t\t\t<\/div>\n\t\t\t\t<\/div>\n\t\t","protected":false},"excerpt":{"rendered":"<p>Lignes directrices sur le syst\u00e8me de gestion de l&rsquo;\u00e9galit\u00e9 des sexes, pour renforcer l&rsquo;engagement concret en faveur de l&rsquo;\u00e9galit\u00e9 et de l&rsquo;\u00e9quit\u00e9 au sein des soci\u00e9t\u00e9s du Groupe.<\/p>\n","protected":false},"author":1,"featured_media":0,"parent":0,"menu_order":0,"comment_status":"closed","ping_status":"closed","template":"","meta":{"footnotes":""},"class_list":["post-8593","page","type-page","status-publish","hentry"],"yoast_head":"<!-- This site is optimized with the Yoast SEO plugin v28.4 - https:\/\/yoast.com\/product\/yoast-seo-wordpress\/ -->\n<title>Politique d&#039;\u00e9galit\u00e9 des sexes | Hotel Marinetta<\/title>\n<meta name=\"description\" content=\"Lignes directrices sur le syst\u00e8me de gestion de l&#039;\u00e9galit\u00e9 des sexes, pour renforcer l&#039;engagement concret en faveur de l&#039;\u00e9galit\u00e9 et de l&#039;\u00e9quit\u00e9 au sein des soci\u00e9t\u00e9s du Groupe.\" \/>\n<meta name=\"robots\" content=\"index, follow, max-snippet:-1, max-image-preview:large, max-video-preview:-1\" \/>\n<link rel=\"canonical\" href=\"https:\/\/hotelmarinetta.it\/fr\/politique-egalite-sexes\/\" \/>\n<meta property=\"og:locale\" content=\"fr_FR\" \/>\n<meta property=\"og:type\" content=\"article\" \/>\n<meta property=\"og:title\" content=\"Politique d&#039;\u00e9galit\u00e9 des sexes | Hotel Marinetta\" \/>\n<meta property=\"og:description\" content=\"Lignes directrices sur le syst\u00e8me de gestion de l&#039;\u00e9galit\u00e9 des sexes, pour renforcer l&#039;engagement concret en faveur de l&#039;\u00e9galit\u00e9 et de l&#039;\u00e9quit\u00e9 au sein des soci\u00e9t\u00e9s du Groupe.\" \/>\n<meta property=\"og:url\" content=\"https:\/\/hotelmarinetta.it\/fr\/politique-egalite-sexes\/\" \/>\n<meta property=\"og:site_name\" content=\"Park Hotel Marinetta\" \/>\n<meta property=\"article:publisher\" content=\"https:\/\/www.facebook.com\/parkhotelmarinetta\" \/>\n<meta property=\"article:modified_time\" content=\"2025-08-28T09:59:52+00:00\" \/>\n<meta property=\"og:image\" content=\"https:\/\/hotelmarinetta.it\/wp-content\/uploads\/2025\/08\/Firma_Riccardo.png\" \/>\n\t<meta property=\"og:image:width\" content=\"999\" \/>\n\t<meta property=\"og:image:height\" content=\"1080\" \/>\n\t<meta property=\"og:image:type\" content=\"image\/png\" \/>\n<meta name=\"twitter:card\" content=\"summary_large_image\" \/>\n<meta name=\"twitter:label1\" content=\"Dur\u00e9e de lecture estim\u00e9e\" \/>\n\t<meta name=\"twitter:data1\" content=\"4 minutes\" \/>\n<script type=\"application\/ld+json\" class=\"yoast-schema-graph\">{\"@context\":\"https:\\\/\\\/schema.org\",\"@graph\":[{\"@type\":\"WebPage\",\"@id\":\"https:\\\/\\\/hotelmarinetta.it\\\/fr\\\/politique-egalite-sexes\\\/\",\"url\":\"https:\\\/\\\/hotelmarinetta.it\\\/fr\\\/politique-egalite-sexes\\\/\",\"name\":\"Politique d'\u00e9galit\u00e9 des sexes | Hotel Marinetta\",\"isPartOf\":{\"@id\":\"https:\\\/\\\/hotelmarinetta.it\\\/fr\\\/#website\"},\"primaryImageOfPage\":{\"@id\":\"https:\\\/\\\/hotelmarinetta.it\\\/fr\\\/politique-egalite-sexes\\\/#primaryimage\"},\"image\":{\"@id\":\"https:\\\/\\\/hotelmarinetta.it\\\/fr\\\/politique-egalite-sexes\\\/#primaryimage\"},\"thumbnailUrl\":\"https:\\\/\\\/hotelmarinetta.it\\\/wp-content\\\/uploads\\\/2025\\\/08\\\/Firma_Riccardo-947x1024.png\",\"datePublished\":\"2025-08-27T16:50:47+00:00\",\"dateModified\":\"2025-08-28T09:59:52+00:00\",\"description\":\"Lignes directrices sur le syst\u00e8me de gestion de l'\u00e9galit\u00e9 des sexes, pour renforcer l'engagement concret en faveur de l'\u00e9galit\u00e9 et de l'\u00e9quit\u00e9 au sein des soci\u00e9t\u00e9s du Groupe.\",\"breadcrumb\":{\"@id\":\"https:\\\/\\\/hotelmarinetta.it\\\/fr\\\/politique-egalite-sexes\\\/#breadcrumb\"},\"inLanguage\":\"fr-FR\",\"potentialAction\":[{\"@type\":\"ReadAction\",\"target\":[\"https:\\\/\\\/hotelmarinetta.it\\\/fr\\\/politique-egalite-sexes\\\/\"]}]},{\"@type\":\"ImageObject\",\"inLanguage\":\"fr-FR\",\"@id\":\"https:\\\/\\\/hotelmarinetta.it\\\/fr\\\/politique-egalite-sexes\\\/#primaryimage\",\"url\":\"https:\\\/\\\/hotelmarinetta.it\\\/wp-content\\\/uploads\\\/2025\\\/08\\\/Firma_Riccardo-947x1024.png\",\"contentUrl\":\"https:\\\/\\\/hotelmarinetta.it\\\/wp-content\\\/uploads\\\/2025\\\/08\\\/Firma_Riccardo-947x1024.png\"},{\"@type\":\"BreadcrumbList\",\"@id\":\"https:\\\/\\\/hotelmarinetta.it\\\/fr\\\/politique-egalite-sexes\\\/#breadcrumb\",\"itemListElement\":[{\"@type\":\"ListItem\",\"position\":1,\"name\":\"Home\",\"item\":\"https:\\\/\\\/hotelmarinetta.it\\\/fr\\\/\"},{\"@type\":\"ListItem\",\"position\":2,\"name\":\"Politique d&#8217;\u00e9galit\u00e9 des sexes\"}]},{\"@type\":\"WebSite\",\"@id\":\"https:\\\/\\\/hotelmarinetta.it\\\/fr\\\/#website\",\"url\":\"https:\\\/\\\/hotelmarinetta.it\\\/fr\\\/\",\"name\":\"Park Hotel Marinetta\",\"description\":\"Resort sul Mare in Toscana\",\"publisher\":{\"@id\":\"https:\\\/\\\/hotelmarinetta.it\\\/fr\\\/#organization\"},\"potentialAction\":[{\"@type\":\"SearchAction\",\"target\":{\"@type\":\"EntryPoint\",\"urlTemplate\":\"https:\\\/\\\/hotelmarinetta.it\\\/fr\\\/?s={search_term_string}\"},\"query-input\":{\"@type\":\"PropertyValueSpecification\",\"valueRequired\":true,\"valueName\":\"search_term_string\"}}],\"inLanguage\":\"fr-FR\"},{\"@type\":\"Organization\",\"@id\":\"https:\\\/\\\/hotelmarinetta.it\\\/fr\\\/#organization\",\"name\":\"Park Hotel Marinetta\",\"url\":\"https:\\\/\\\/hotelmarinetta.it\\\/fr\\\/\",\"logo\":{\"@type\":\"ImageObject\",\"inLanguage\":\"fr-FR\",\"@id\":\"https:\\\/\\\/hotelmarinetta.it\\\/fr\\\/#\\\/schema\\\/logo\\\/image\\\/\",\"url\":\"https:\\\/\\\/hotelmarinetta.it\\\/wp-content\\\/uploads\\\/2025\\\/05\\\/Logo-PHM-01.png\",\"contentUrl\":\"https:\\\/\\\/hotelmarinetta.it\\\/wp-content\\\/uploads\\\/2025\\\/05\\\/Logo-PHM-01.png\",\"width\":294,\"height\":89,\"caption\":\"Park Hotel Marinetta\"},\"image\":{\"@id\":\"https:\\\/\\\/hotelmarinetta.it\\\/fr\\\/#\\\/schema\\\/logo\\\/image\\\/\"},\"sameAs\":[\"https:\\\/\\\/www.facebook.com\\\/parkhotelmarinetta\",\"https:\\\/\\\/www.instagram.com\\\/parkhotelmarinetta\\\/\"]}]}<\/script>\n<!-- \/ Yoast SEO plugin. -->","yoast_head_json":{"title":"Politique d'\u00e9galit\u00e9 des sexes | Hotel Marinetta","description":"Lignes directrices sur le syst\u00e8me de gestion de l'\u00e9galit\u00e9 des sexes, pour renforcer l'engagement concret en faveur de l'\u00e9galit\u00e9 et de l'\u00e9quit\u00e9 au sein des soci\u00e9t\u00e9s du Groupe.","robots":{"index":"index","follow":"follow","max-snippet":"max-snippet:-1","max-image-preview":"max-image-preview:large","max-video-preview":"max-video-preview:-1"},"canonical":"https:\/\/hotelmarinetta.it\/fr\/politique-egalite-sexes\/","og_locale":"fr_FR","og_type":"article","og_title":"Politique d'\u00e9galit\u00e9 des sexes | Hotel Marinetta","og_description":"Lignes directrices sur le syst\u00e8me de gestion de l'\u00e9galit\u00e9 des sexes, pour renforcer l'engagement concret en faveur de l'\u00e9galit\u00e9 et de l'\u00e9quit\u00e9 au sein des soci\u00e9t\u00e9s du Groupe.","og_url":"https:\/\/hotelmarinetta.it\/fr\/politique-egalite-sexes\/","og_site_name":"Park Hotel Marinetta","article_publisher":"https:\/\/www.facebook.com\/parkhotelmarinetta","article_modified_time":"2025-08-28T09:59:52+00:00","og_image":[{"width":999,"height":1080,"url":"https:\/\/hotelmarinetta.it\/wp-content\/uploads\/2025\/08\/Firma_Riccardo.png","type":"image\/png"}],"twitter_card":"summary_large_image","twitter_misc":{"Dur\u00e9e de lecture estim\u00e9e":"4 minutes"},"schema":{"@context":"https:\/\/schema.org","@graph":[{"@type":"WebPage","@id":"https:\/\/hotelmarinetta.it\/fr\/politique-egalite-sexes\/","url":"https:\/\/hotelmarinetta.it\/fr\/politique-egalite-sexes\/","name":"Politique d'\u00e9galit\u00e9 des sexes | Hotel Marinetta","isPartOf":{"@id":"https:\/\/hotelmarinetta.it\/fr\/#website"},"primaryImageOfPage":{"@id":"https:\/\/hotelmarinetta.it\/fr\/politique-egalite-sexes\/#primaryimage"},"image":{"@id":"https:\/\/hotelmarinetta.it\/fr\/politique-egalite-sexes\/#primaryimage"},"thumbnailUrl":"https:\/\/hotelmarinetta.it\/wp-content\/uploads\/2025\/08\/Firma_Riccardo-947x1024.png","datePublished":"2025-08-27T16:50:47+00:00","dateModified":"2025-08-28T09:59:52+00:00","description":"Lignes directrices sur le syst\u00e8me de gestion de l'\u00e9galit\u00e9 des sexes, pour renforcer l'engagement concret en faveur de l'\u00e9galit\u00e9 et de l'\u00e9quit\u00e9 au sein des soci\u00e9t\u00e9s du Groupe.","breadcrumb":{"@id":"https:\/\/hotelmarinetta.it\/fr\/politique-egalite-sexes\/#breadcrumb"},"inLanguage":"fr-FR","potentialAction":[{"@type":"ReadAction","target":["https:\/\/hotelmarinetta.it\/fr\/politique-egalite-sexes\/"]}]},{"@type":"ImageObject","inLanguage":"fr-FR","@id":"https:\/\/hotelmarinetta.it\/fr\/politique-egalite-sexes\/#primaryimage","url":"https:\/\/hotelmarinetta.it\/wp-content\/uploads\/2025\/08\/Firma_Riccardo-947x1024.png","contentUrl":"https:\/\/hotelmarinetta.it\/wp-content\/uploads\/2025\/08\/Firma_Riccardo-947x1024.png"},{"@type":"BreadcrumbList","@id":"https:\/\/hotelmarinetta.it\/fr\/politique-egalite-sexes\/#breadcrumb","itemListElement":[{"@type":"ListItem","position":1,"name":"Home","item":"https:\/\/hotelmarinetta.it\/fr\/"},{"@type":"ListItem","position":2,"name":"Politique d&#8217;\u00e9galit\u00e9 des sexes"}]},{"@type":"WebSite","@id":"https:\/\/hotelmarinetta.it\/fr\/#website","url":"https:\/\/hotelmarinetta.it\/fr\/","name":"Park Hotel Marinetta","description":"Resort sul Mare in Toscana","publisher":{"@id":"https:\/\/hotelmarinetta.it\/fr\/#organization"},"potentialAction":[{"@type":"SearchAction","target":{"@type":"EntryPoint","urlTemplate":"https:\/\/hotelmarinetta.it\/fr\/?s={search_term_string}"},"query-input":{"@type":"PropertyValueSpecification","valueRequired":true,"valueName":"search_term_string"}}],"inLanguage":"fr-FR"},{"@type":"Organization","@id":"https:\/\/hotelmarinetta.it\/fr\/#organization","name":"Park Hotel Marinetta","url":"https:\/\/hotelmarinetta.it\/fr\/","logo":{"@type":"ImageObject","inLanguage":"fr-FR","@id":"https:\/\/hotelmarinetta.it\/fr\/#\/schema\/logo\/image\/","url":"https:\/\/hotelmarinetta.it\/wp-content\/uploads\/2025\/05\/Logo-PHM-01.png","contentUrl":"https:\/\/hotelmarinetta.it\/wp-content\/uploads\/2025\/05\/Logo-PHM-01.png","width":294,"height":89,"caption":"Park Hotel Marinetta"},"image":{"@id":"https:\/\/hotelmarinetta.it\/fr\/#\/schema\/logo\/image\/"},"sameAs":["https:\/\/www.facebook.com\/parkhotelmarinetta","https:\/\/www.instagram.com\/parkhotelmarinetta\/"]}]}},"_links":{"self":[{"href":"https:\/\/hotelmarinetta.it\/fr\/wp-json\/wp\/v2\/pages\/8593","targetHints":{"allow":["GET"]}}],"collection":[{"href":"https:\/\/hotelmarinetta.it\/fr\/wp-json\/wp\/v2\/pages"}],"about":[{"href":"https:\/\/hotelmarinetta.it\/fr\/wp-json\/wp\/v2\/types\/page"}],"author":[{"embeddable":true,"href":"https:\/\/hotelmarinetta.it\/fr\/wp-json\/wp\/v2\/users\/1"}],"replies":[{"embeddable":true,"href":"https:\/\/hotelmarinetta.it\/fr\/wp-json\/wp\/v2\/comments?post=8593"}],"version-history":[{"count":1,"href":"https:\/\/hotelmarinetta.it\/fr\/wp-json\/wp\/v2\/pages\/8593\/revisions"}],"predecessor-version":[{"id":8594,"href":"https:\/\/hotelmarinetta.it\/fr\/wp-json\/wp\/v2\/pages\/8593\/revisions\/8594"}],"wp:attachment":[{"href":"https:\/\/hotelmarinetta.it\/fr\/wp-json\/wp\/v2\/media?parent=8593"}],"curies":[{"name":"wp","href":"https:\/\/api.w.org\/{rel}","templated":true}]}}