{"id":5182,"date":"2025-05-23T09:39:03","date_gmt":"2025-05-23T07:39:03","guid":{"rendered":"https:\/\/hotelmarinetta.it\/equipe\/"},"modified":"2025-08-05T16:18:55","modified_gmt":"2025-08-05T14:18:55","slug":"equipe","status":"publish","type":"page","link":"https:\/\/hotelmarinetta.it\/fr\/equipe\/","title":{"rendered":"Team"},"content":{"rendered":"\t\t<div data-elementor-type=\"wp-page\" data-elementor-id=\"5182\" class=\"elementor elementor-5182 elementor-2081\" data-elementor-post-type=\"page\">\n\t\t\t\t<div class=\"elementor-element elementor-element-ecee414 e-flex e-con-boxed e-con e-parent\" data-id=\"ecee414\" data-element_type=\"container\" data-e-type=\"container\" data-settings=\"{&quot;background_background&quot;:&quot;classic&quot;}\">\n\t\t\t\t\t<div class=\"e-con-inner\">\n\t\t<div class=\"elementor-element elementor-element-695e536 e-con-full e-flex e-con e-child\" data-id=\"695e536\" data-element_type=\"container\" data-e-type=\"container\">\n\t\t<div class=\"elementor-element elementor-element-0b1a5a2 e-con-full e-flex e-con e-child\" data-id=\"0b1a5a2\" data-element_type=\"container\" data-e-type=\"container\">\n\t\t\t\t<div class=\"elementor-element elementor-element-d2dabab elementor-widget elementor-widget-heading\" data-id=\"d2dabab\" data-element_type=\"widget\" data-e-type=\"widget\" data-widget_type=\"heading.default\">\n\t\t\t\t<div class=\"elementor-widget-container\">\n\t\t\t\t\t<h1 class=\"elementor-heading-title elementor-size-default\">Rencontrez l'\u00e9quipe de l'H\u00f4tel Marinetta<\/h1>\t\t\t\t<\/div>\n\t\t\t\t<\/div>\n\t\t\t\t<\/div>\n\t\t<div class=\"elementor-element elementor-element-2885d46 e-con-full e-flex e-con e-child\" data-id=\"2885d46\" data-element_type=\"container\" data-e-type=\"container\">\n\t\t\t\t<div class=\"elementor-element elementor-element-ee9b7ec elementor-widget elementor-widget-heading\" data-id=\"ee9b7ec\" data-element_type=\"widget\" data-e-type=\"widget\" data-widget_type=\"heading.default\">\n\t\t\t\t<div class=\"elementor-widget-container\">\n\t\t\t\t\t<h2 class=\"elementor-heading-title elementor-size-default\">Tous nos invit\u00e9s internes repr\u00e9sentent pour nous un investissement important, c'est pourquoi nous travaillons sur la formation et l'information interne, pour favoriser la croissance professionnelle de chaque individu en fonction de ses aspirations et de son potentiel, cr\u00e9ant un cercle vertueux et un \u00e9change continu d'id\u00e9es visant \u00e0 atteindre nos objectifs et nos r\u00eaves.<\/h2>\t\t\t\t<\/div>\n\t\t\t\t<\/div>\n\t\t\t\t<\/div>\n\t\t\t\t<\/div>\n\t\t\t\t\t<\/div>\n\t\t\t\t<\/div>\n\t\t<div class=\"elementor-element elementor-element-c95408f e-con-full e-flex e-con e-parent\" data-id=\"c95408f\" data-element_type=\"container\" data-e-type=\"container\" data-settings=\"{&quot;background_background&quot;:&quot;classic&quot;}\">\n\t\t<div class=\"elementor-element elementor-element-988fbdf e-con-full e-flex e-con e-child\" data-id=\"988fbdf\" data-element_type=\"container\" data-e-type=\"container\" data-settings=\"{&quot;background_background&quot;:&quot;classic&quot;}\">\n\t\t\t\t<\/div>\n\t\t<div class=\"elementor-element elementor-element-4c4ed87 e-con-full e-flex e-con e-child\" data-id=\"4c4ed87\" data-element_type=\"container\" data-e-type=\"container\">\n\t\t\t\t<div class=\"elementor-element elementor-element-ff717a5 elementor-widget elementor-widget-heading\" data-id=\"ff717a5\" data-element_type=\"widget\" data-e-type=\"widget\" data-widget_type=\"heading.default\">\n\t\t\t\t<div class=\"elementor-widget-container\">\n\t\t\t\t\t<h2 class=\"elementor-heading-title elementor-size-default\">\u00c9quipe Sala &amp; Bar \u2013 \u00c9l\u00e9gance et hospitalit\u00e9 dans chaque geste<\/h2>\t\t\t\t<\/div>\n\t\t\t\t<\/div>\n\t\t\t\t<div class=\"elementor-element elementor-element-44c6a81 elementor-widget elementor-widget-text-editor\" data-id=\"44c6a81\" data-element_type=\"widget\" data-e-type=\"widget\" data-widget_type=\"text-editor.default\">\n\t\t\t\t<div class=\"elementor-widget-container\">\n\t\t\t\t\t\t\t\t\t<p>En salle, chaque d\u00e9tail compte. Du premier sourire au dernier salut, notre \u00e9quipe garantit un service attentionn\u00e9, harmonieux et jamais intrusif. Nous travaillons avec coordination et style pour faire de chaque repas une exp\u00e9rience m\u00e9morable, cr\u00e9ant une atmosph\u00e8re o\u00f9 le client se sent \u00e9cout\u00e9, accueilli et valoris\u00e9.<\/p>\n\t\t\t\t\t\t\t\t<\/div>\n\t\t\t\t<\/div>\n\t\t\t\t<div class=\"elementor-element elementor-element-ceba645 elementor-mobile-align-justify elementor-widget elementor-widget-button\" data-id=\"ceba645\" data-element_type=\"widget\" data-e-type=\"widget\" data-widget_type=\"button.default\">\n\t\t\t\t<div class=\"elementor-widget-container\">\n\t\t\t\t\t\t\t\t\t<div class=\"elementor-button-wrapper\">\n\t\t\t\t\t<a class=\"elementor-button elementor-button-link elementor-size-sm\" href=\"https:\/\/hotelmarinetta.altamiraweb.com\/\" target=\"_blank\">\n\t\t\t\t\t\t<span class=\"elementor-button-content-wrapper\">\n\t\t\t\t\t\t\t\t\t<span class=\"elementor-button-text\">Voir les postes ouverts<\/span>\n\t\t\t\t\t<\/span>\n\t\t\t\t\t<\/a>\n\t\t\t\t<\/div>\n\t\t\t\t\t\t\t\t<\/div>\n\t\t\t\t<\/div>\n\t\t\t\t<\/div>\n\t\t\t\t<\/div>\n\t\t<div class=\"elementor-element elementor-element-b7b77d7 e-con-full e-flex e-con e-parent\" data-id=\"b7b77d7\" data-element_type=\"container\" data-e-type=\"container\" data-settings=\"{&quot;background_background&quot;:&quot;classic&quot;}\">\n\t\t<div class=\"elementor-element elementor-element-38a3476 e-con-full e-flex e-con e-child\" data-id=\"38a3476\" data-element_type=\"container\" data-e-type=\"container\" data-settings=\"{&quot;background_background&quot;:&quot;classic&quot;}\">\n\t\t\t\t<\/div>\n\t\t<div class=\"elementor-element elementor-element-4390de9 e-con-full e-flex e-con e-child\" data-id=\"4390de9\" data-element_type=\"container\" data-e-type=\"container\">\n\t\t\t\t<div class=\"elementor-element elementor-element-4ca68fd elementor-widget elementor-widget-heading\" data-id=\"4ca68fd\" data-element_type=\"widget\" data-e-type=\"widget\" data-widget_type=\"heading.default\">\n\t\t\t\t<div class=\"elementor-widget-container\">\n\t\t\t\t\t<h2 class=\"elementor-heading-title elementor-size-default\">\u00c9quipe de cuisine \u2013 Cr\u00e9ativit\u00e9, pr\u00e9cision, tradition<\/h2>\t\t\t\t<\/div>\n\t\t\t\t<\/div>\n\t\t\t\t<div class=\"elementor-element elementor-element-2634a0e elementor-widget elementor-widget-text-editor\" data-id=\"2634a0e\" data-element_type=\"widget\" data-e-type=\"widget\" data-widget_type=\"text-editor.default\">\n\t\t\t\t<div class=\"elementor-widget-container\">\n\t\t\t\t\t\t\t\t\t<p>En cuisine, la passion respire. C&rsquo;est ici que technique, recherche et esprit d&rsquo;\u00e9quipe s&rsquo;unissent pour proposer des plats qui racontent l&rsquo;histoire du territoire et surprennent chaque jour nos h\u00f4tes. Notre \u00e9quipe travaille avec un soin artisanal, une attention particuli\u00e8re aux d\u00e9tails et une volont\u00e9 constante d&rsquo;innovation, perp\u00e9tuant ainsi le respect de la tradition gastronomique toscane.<\/p>\n\t\t\t\t\t\t\t\t<\/div>\n\t\t\t\t<\/div>\n\t\t\t\t<div class=\"elementor-element elementor-element-a8a975f elementor-mobile-align-justify elementor-widget elementor-widget-button\" data-id=\"a8a975f\" data-element_type=\"widget\" data-e-type=\"widget\" data-widget_type=\"button.default\">\n\t\t\t\t<div class=\"elementor-widget-container\">\n\t\t\t\t\t\t\t\t\t<div class=\"elementor-button-wrapper\">\n\t\t\t\t\t<a class=\"elementor-button elementor-button-link elementor-size-sm\" href=\"https:\/\/hotelmarinetta.altamiraweb.com\/\" target=\"_blank\">\n\t\t\t\t\t\t<span class=\"elementor-button-content-wrapper\">\n\t\t\t\t\t\t\t\t\t<span class=\"elementor-button-text\">Voir les postes ouverts<\/span>\n\t\t\t\t\t<\/span>\n\t\t\t\t\t<\/a>\n\t\t\t\t<\/div>\n\t\t\t\t\t\t\t\t<\/div>\n\t\t\t\t<\/div>\n\t\t\t\t<\/div>\n\t\t\t\t<\/div>\n\t\t<div class=\"elementor-element elementor-element-eeb0b85 e-con-full e-flex e-con e-parent\" data-id=\"eeb0b85\" data-element_type=\"container\" data-e-type=\"container\" data-settings=\"{&quot;background_background&quot;:&quot;classic&quot;}\">\n\t\t<div class=\"elementor-element elementor-element-e06b765 e-con-full e-flex e-con e-child\" data-id=\"e06b765\" data-element_type=\"container\" data-e-type=\"container\" data-settings=\"{&quot;background_background&quot;:&quot;classic&quot;}\">\n\t\t\t\t<\/div>\n\t\t<div class=\"elementor-element elementor-element-3e4478d e-con-full e-flex e-con e-child\" data-id=\"3e4478d\" data-element_type=\"container\" data-e-type=\"container\">\n\t\t\t\t<div class=\"elementor-element elementor-element-92a85c5 elementor-widget elementor-widget-heading\" data-id=\"92a85c5\" data-element_type=\"widget\" data-e-type=\"widget\" data-widget_type=\"heading.default\">\n\t\t\t\t<div class=\"elementor-widget-container\">\n\t\t\t\t\t<h2 class=\"elementor-heading-title elementor-size-default\">\u00c9quipe Granace \u2013 L'excellence toscane, servie avec style<\/h2>\t\t\t\t<\/div>\n\t\t\t\t<\/div>\n\t\t\t\t<div class=\"elementor-element elementor-element-bf0e01c elementor-widget elementor-widget-text-editor\" data-id=\"bf0e01c\" data-element_type=\"widget\" data-e-type=\"widget\" data-widget_type=\"text-editor.default\">\n\t\t\t\t<div class=\"elementor-widget-container\">\n\t\t\t\t\t\t\t\t\t<p>L&rsquo;\u00e9quipe du Granace incarne l&rsquo;\u00e2me raffin\u00e9e de notre offre gastronomique. Dans cet espace exclusif, la cuisine toscane rencontre un service attentionn\u00e9 et contemporain, pens\u00e9 pour sublimer chaque d\u00e9tail. Chef, sommelier et personnel de salle travaillent en synergie pour offrir une exp\u00e9rience culinaire authentique et haut de gamme, o\u00f9 le go\u00fbt, l&rsquo;esth\u00e9tique et l&rsquo;hospitalit\u00e9 se marient avec \u00e9l\u00e9gance et chaleur.<\/p>\n\t\t\t\t\t\t\t\t<\/div>\n\t\t\t\t<\/div>\n\t\t\t\t<div class=\"elementor-element elementor-element-018ffa6 elementor-mobile-align-justify elementor-widget elementor-widget-button\" data-id=\"018ffa6\" data-element_type=\"widget\" data-e-type=\"widget\" data-widget_type=\"button.default\">\n\t\t\t\t<div class=\"elementor-widget-container\">\n\t\t\t\t\t\t\t\t\t<div class=\"elementor-button-wrapper\">\n\t\t\t\t\t<a class=\"elementor-button elementor-button-link elementor-size-sm\" href=\"https:\/\/hotelmarinetta.altamiraweb.com\/\" target=\"_blank\">\n\t\t\t\t\t\t<span class=\"elementor-button-content-wrapper\">\n\t\t\t\t\t\t\t\t\t<span class=\"elementor-button-text\">Voir les postes ouverts<\/span>\n\t\t\t\t\t<\/span>\n\t\t\t\t\t<\/a>\n\t\t\t\t<\/div>\n\t\t\t\t\t\t\t\t<\/div>\n\t\t\t\t<\/div>\n\t\t\t\t<\/div>\n\t\t\t\t<\/div>\n\t\t<div class=\"elementor-element elementor-element-746a9af e-con-full e-flex e-con e-parent\" data-id=\"746a9af\" data-element_type=\"container\" data-e-type=\"container\" data-settings=\"{&quot;background_background&quot;:&quot;classic&quot;}\">\n\t\t<div class=\"elementor-element elementor-element-fc7dd1b e-con-full e-flex e-con e-child\" data-id=\"fc7dd1b\" data-element_type=\"container\" data-e-type=\"container\" data-settings=\"{&quot;background_background&quot;:&quot;classic&quot;}\">\n\t\t\t\t<\/div>\n\t\t<div class=\"elementor-element elementor-element-fb68d60 e-con-full e-flex e-con e-child\" data-id=\"fb68d60\" data-element_type=\"container\" data-e-type=\"container\">\n\t\t\t\t<div class=\"elementor-element elementor-element-4ae096a elementor-widget elementor-widget-heading\" data-id=\"4ae096a\" data-element_type=\"widget\" data-e-type=\"widget\" data-widget_type=\"heading.default\">\n\t\t\t\t<div class=\"elementor-widget-container\">\n\t\t\t\t\t<h2 class=\"elementor-heading-title elementor-size-default\">Accueil de l'\u00e9quipe \u2013 Chaleur et professionnalisme d\u00e8s le premier regard<\/h2>\t\t\t\t<\/div>\n\t\t\t\t<\/div>\n\t\t\t\t<div class=\"elementor-element elementor-element-a499927 elementor-widget elementor-widget-text-editor\" data-id=\"a499927\" data-element_type=\"widget\" data-e-type=\"widget\" data-widget_type=\"text-editor.default\">\n\t\t\t\t<div class=\"elementor-widget-container\">\n\t\t\t\t\t\t\t\t\t<p>L&rsquo;accueil est le premier sourire de l&rsquo;h\u00f4tel. Notre \u00e9quipe de r\u00e9ception est le point de r\u00e9f\u00e9rence pour nos clients\u00a0: elle les \u00e9coute, les guide et les conseille. Avec comp\u00e9tence et humanit\u00e9, elle raccourcit les distances et cr\u00e9e une atmosph\u00e8re familiale, accompagnant chaque s\u00e9jour avec disponibilit\u00e9 et attention constante.<\/p>\n\t\t\t\t\t\t\t\t<\/div>\n\t\t\t\t<\/div>\n\t\t\t\t<div class=\"elementor-element elementor-element-2837413 elementor-mobile-align-justify elementor-widget elementor-widget-button\" data-id=\"2837413\" data-element_type=\"widget\" data-e-type=\"widget\" data-widget_type=\"button.default\">\n\t\t\t\t<div class=\"elementor-widget-container\">\n\t\t\t\t\t\t\t\t\t<div class=\"elementor-button-wrapper\">\n\t\t\t\t\t<a class=\"elementor-button elementor-button-link elementor-size-sm\" href=\"https:\/\/hotelmarinetta.altamiraweb.com\/\" target=\"_blank\">\n\t\t\t\t\t\t<span class=\"elementor-button-content-wrapper\">\n\t\t\t\t\t\t\t\t\t<span class=\"elementor-button-text\">Voir les postes ouverts<\/span>\n\t\t\t\t\t<\/span>\n\t\t\t\t\t<\/a>\n\t\t\t\t<\/div>\n\t\t\t\t\t\t\t\t<\/div>\n\t\t\t\t<\/div>\n\t\t\t\t<\/div>\n\t\t\t\t<\/div>\n\t\t<div class=\"elementor-element elementor-element-4991caf e-con-full e-flex e-con e-parent\" data-id=\"4991caf\" data-element_type=\"container\" data-e-type=\"container\" data-settings=\"{&quot;background_background&quot;:&quot;classic&quot;}\">\n\t\t<div class=\"elementor-element elementor-element-58bd20f e-con-full e-flex e-con e-child\" data-id=\"58bd20f\" data-element_type=\"container\" data-e-type=\"container\" data-settings=\"{&quot;background_background&quot;:&quot;classic&quot;}\">\n\t\t\t\t<\/div>\n\t\t<div class=\"elementor-element elementor-element-9126bc7 e-con-full e-flex e-con e-child\" data-id=\"9126bc7\" data-element_type=\"container\" data-e-type=\"container\">\n\t\t\t\t<div class=\"elementor-element elementor-element-fbc7df5 elementor-widget elementor-widget-heading\" data-id=\"fbc7df5\" data-element_type=\"widget\" data-e-type=\"widget\" data-widget_type=\"heading.default\">\n\t\t\t\t<div class=\"elementor-widget-container\">\n\t\t\t\t\t<h2 class=\"elementor-heading-title elementor-size-default\">\u00c9quipe Housekeeping \u2013 Des soins invisibles, des r\u00e9sultats extraordinaires<\/h2>\t\t\t\t<\/div>\n\t\t\t\t<\/div>\n\t\t\t\t<div class=\"elementor-element elementor-element-378b7fd elementor-widget elementor-widget-text-editor\" data-id=\"378b7fd\" data-element_type=\"widget\" data-e-type=\"widget\" data-widget_type=\"text-editor.default\">\n\t\t\t\t<div class=\"elementor-widget-container\">\n\t\t\t\t\t\t\t\t\t<p>Derri\u00e8re la perfection de chaque chambre se cache un travail silencieux et impeccable. Notre \u00e9quipe d&rsquo;entretien garantit ordre, propret\u00e9 et confort, avec un souci du d\u00e9tail irr\u00e9prochable. C&rsquo;est gr\u00e2ce \u00e0 leur d\u00e9vouement que chaque chambre refl\u00e8te la qualit\u00e9 et l&rsquo;\u00e9l\u00e9gance que nous souhaitons transmettre.<\/p>\n\t\t\t\t\t\t\t\t<\/div>\n\t\t\t\t<\/div>\n\t\t\t\t<div class=\"elementor-element elementor-element-a47cd10 elementor-mobile-align-justify elementor-widget elementor-widget-button\" data-id=\"a47cd10\" data-element_type=\"widget\" data-e-type=\"widget\" data-widget_type=\"button.default\">\n\t\t\t\t<div class=\"elementor-widget-container\">\n\t\t\t\t\t\t\t\t\t<div class=\"elementor-button-wrapper\">\n\t\t\t\t\t<a class=\"elementor-button elementor-button-link elementor-size-sm\" href=\"https:\/\/hotelmarinetta.altamiraweb.com\/\" target=\"_blank\">\n\t\t\t\t\t\t<span class=\"elementor-button-content-wrapper\">\n\t\t\t\t\t\t\t\t\t<span class=\"elementor-button-text\">Voir les postes ouverts<\/span>\n\t\t\t\t\t<\/span>\n\t\t\t\t\t<\/a>\n\t\t\t\t<\/div>\n\t\t\t\t\t\t\t\t<\/div>\n\t\t\t\t<\/div>\n\t\t\t\t<\/div>\n\t\t\t\t<\/div>\n\t\t<div class=\"elementor-element elementor-element-a10c964 e-con-full e-flex e-con e-parent\" data-id=\"a10c964\" data-element_type=\"container\" data-e-type=\"container\">\n\t\t\t\t<div class=\"elementor-element elementor-element-8e2011a elementor-widget elementor-widget-template\" data-id=\"8e2011a\" data-element_type=\"widget\" data-e-type=\"widget\" data-widget_type=\"template.default\">\n\t\t\t\t<div class=\"elementor-widget-container\">\n\t\t\t\t\t\t\t<div class=\"elementor-template\">\n\t\t\t\t\t<div data-elementor-type=\"container\" data-elementor-id=\"4862\" class=\"elementor elementor-4862 elementor-2123 elementor-2123\" data-elementor-post-type=\"elementor_library\">\n\t\t\t\t<div class=\"elementor-element elementor-element-10a71b3e e-flex e-con-boxed e-con e-parent\" data-id=\"10a71b3e\" data-element_type=\"container\" data-e-type=\"container\" data-settings=\"{&quot;background_background&quot;:&quot;classic&quot;}\">\n\t\t\t\t\t<div class=\"e-con-inner\">\n\t\t<div class=\"elementor-element elementor-element-bdeb008 e-con-full e-flex e-con e-child\" data-id=\"bdeb008\" data-element_type=\"container\" data-e-type=\"container\">\n\t\t\t\t<div class=\"elementor-element elementor-element-165af6b7 elementor-widget elementor-widget-heading\" data-id=\"165af6b7\" data-element_type=\"widget\" data-e-type=\"widget\" data-widget_type=\"heading.default\">\n\t\t\t\t<div class=\"elementor-widget-container\">\n\t\t\t\t\t<h2 class=\"elementor-heading-title elementor-size-default\">D\u00e9couvrez la beaut\u00e9 authentique de la Maremme toscane chez le Park Hotel Marinetta sur la C\u00f4te des \u00c9trusques<\/h2>\t\t\t\t<\/div>\n\t\t\t\t<\/div>\n\t\t\t\t<div class=\"elementor-element elementor-element-33543eb3 elementor-widget elementor-widget-text-editor\" data-id=\"33543eb3\" data-element_type=\"widget\" data-e-type=\"widget\" data-widget_type=\"text-editor.default\">\n\t\t\t\t<div class=\"elementor-widget-container\">\n\t\t\t\t\t\t\t\t\t<p>Nich\u00e9 dans un grand parc m\u00e9diterran\u00e9en \u00e0 quelques pas de la mer, notre h\u00f4tel est le point de d\u00e9part id\u00e9al pour explorer la C\u00f4te des \u00c9trusques, ses villages historiques, ses plages immacul\u00e9es et les paysages de l&rsquo;arri\u00e8re-pays toscan.<br \/>Avec nos suggestions d&rsquo;itin\u00e9raires, d&rsquo;\u00e9v\u00e9nements, de traditions locales et d&rsquo;exp\u00e9riences sur mesure, nous vous aidons \u00e0 profiter de vacances compl\u00e8tes, entre d\u00e9tente, culture et nature. Des excursions \u00e0 v\u00e9lo aux circuits gastronomiques et \u0153nologiques, des visites de mus\u00e9es aux journ\u00e9es \u00e0 la mer, chaque d\u00e9tail est pens\u00e9 pour rendre votre s\u00e9jour inoubliable.<\/p>\n\t\t\t\t\t\t\t\t<\/div>\n\t\t\t\t<\/div>\n\t\t\t\t<\/div>\n\t\t<div class=\"elementor-element elementor-element-3a9e918f e-con-full elementor-hidden-desktop elementor-hidden-tablet elementor-hidden-mobile e-flex e-con e-child\" data-id=\"3a9e918f\" data-element_type=\"container\" data-e-type=\"container\" data-settings=\"{&quot;background_background&quot;:&quot;classic&quot;}\">\n\t\t\t\t<div class=\"elementor-element elementor-element-49789a23 elementor-hidden-mobile elementor-widget elementor-widget-html\" data-id=\"49789a23\" data-element_type=\"widget\" data-e-type=\"widget\" data-widget_type=\"html.default\">\n\t\t\t\t<div class=\"elementor-widget-container\">\n\t\t\t\t\t<be-searchbox searchbox=\"Form Sito PHM\" lang=\"fr\" hotel=\"6024\" layout=\"12647\" guests=\"types\"><\/be-searchbox>\t\t\t\t<\/div>\n\t\t\t\t<\/div>\n\t\t\t\t<\/div>\n\t\t<div class=\"elementor-element elementor-element-b490f72 e-con-full e-flex e-con e-child\" data-id=\"b490f72\" data-element_type=\"container\" data-e-type=\"container\">\n\t\t<div class=\"elementor-element elementor-element-3434965 e-con-full e-flex e-con e-child\" data-id=\"3434965\" data-element_type=\"container\" data-e-type=\"container\">\n\t\t\t\t<div class=\"elementor-element elementor-element-5155f6cf elementor-widget elementor-widget-text-editor\" data-id=\"5155f6cf\" data-element_type=\"widget\" data-e-type=\"widget\" data-widget_type=\"text-editor.default\">\n\t\t\t\t<div class=\"elementor-widget-container\">\n\t\t\t\t\t\t\t\t\t<p>Progetto \u201cHotel Marinetta 2021\u201d \u2013 Operazione\/progetto co-finanziato dal POR FESR Toscana 2014-2020, Linea Azione 3.1.1a3.<\/p>\n\t\t\t\t\t\t\t\t<\/div>\n\t\t\t\t<\/div>\n\t\t\t\t<div class=\"elementor-element elementor-element-47623ef elementor-widget elementor-widget-image\" data-id=\"47623ef\" data-element_type=\"widget\" data-e-type=\"widget\" data-widget_type=\"image.default\">\n\t\t\t\t<div class=\"elementor-widget-container\">\n\t\t\t\t\t\t\t\t\t\t\t\t\t\t\t<img decoding=\"async\" data-src=\"https:\/\/hotelmarinetta.it\/wp-content\/uploads\/2025\/05\/PORCreO-01.png.webp\" data-srcset=\"https:\/\/hotelmarinetta.it\/wp-content\/uploads\/2025\/05\/PORCreO-01.png.webp 412w, https:\/\/hotelmarinetta.it\/wp-content\/uploads\/2025\/05\/PORCreO-01.png-300x30.webp 300w\" width=\"412\" height=\"41\" src=\"data:image\/gif;base64,R0lGODlhAQABAIAAAAAAAP\/\/\/yH5BAEAAAAALAAAAAABAAEAAAIBRAA7\" class=\"attachment-large size-large wp-image-3988 lazyload\" alt=\"PORCreO\"  sizes=\"(max-width: 412px) 100vw, 412px\" \/><noscript><img decoding=\"async\" width=\"412\" height=\"41\" src=\"https:\/\/hotelmarinetta.it\/wp-content\/uploads\/2025\/05\/PORCreO-01.png.webp\" class=\"attachment-large size-large wp-image-3988\" alt=\"PORCreO\" srcset=\"https:\/\/hotelmarinetta.it\/wp-content\/uploads\/2025\/05\/PORCreO-01.png.webp 412w, https:\/\/hotelmarinetta.it\/wp-content\/uploads\/2025\/05\/PORCreO-01.png-300x30.webp 300w\" sizes=\"(max-width: 412px) 100vw, 412px\"><\/noscript>\t\t\t\t\t\t\t\t\t\t\t\t\t\t\t<\/div>\n\t\t\t\t<\/div>\n\t\t\t\t<\/div>\n\t\t<div class=\"elementor-element elementor-element-a2e1b5c e-con-full e-flex e-con e-child\" data-id=\"a2e1b5c\" data-element_type=\"container\" data-e-type=\"container\">\n\t\t\t\t<div class=\"elementor-element elementor-element-0b78cd2 elementor-widget elementor-widget-text-editor\" data-id=\"0b78cd2\" data-element_type=\"widget\" data-e-type=\"widget\" data-widget_type=\"text-editor.default\">\n\t\t\t\t<div class=\"elementor-widget-container\">\n\t\t\t\t\t\t\t\t\t<p>Progetto MARINETTA DIGITALE E SOSTENIBILE &#8211; PROGRAMMA REGIONALE TOSCANA FESR 2021-2027 Azione 1.1.3 \u00ab\u00a0Servizi per l&rsquo;innovazione\u00a0\u00bb &#8211; Bando Impresa Digitale\u201d<\/p>\n\t\t\t\t\t\t\t\t<\/div>\n\t\t\t\t<\/div>\n\t\t\t\t<div class=\"elementor-element elementor-element-c71e49b elementor-widget elementor-widget-image\" data-id=\"c71e49b\" data-element_type=\"widget\" data-e-type=\"widget\" data-widget_type=\"image.default\">\n\t\t\t\t<div class=\"elementor-widget-container\">\n\t\t\t\t\t\t\t\t\t\t\t\t\t\t\t<img fetchpriority=\"high\" decoding=\"async\" data-src=\"https:\/\/hotelmarinetta.it\/wp-content\/uploads\/2025\/05\/Coesione-Italia-Fascia-Loghi_01-1024x101.png\" data-srcset=\"https:\/\/hotelmarinetta.it\/wp-content\/uploads\/2025\/05\/Coesione-Italia-Fascia-Loghi_01-1024x101.png 1024w, https:\/\/hotelmarinetta.it\/wp-content\/uploads\/2025\/05\/Coesione-Italia-Fascia-Loghi_01-300x30.png 300w, https:\/\/hotelmarinetta.it\/wp-content\/uploads\/2025\/05\/Coesione-Italia-Fascia-Loghi_01-768x76.png 768w, https:\/\/hotelmarinetta.it\/wp-content\/uploads\/2025\/05\/Coesione-Italia-Fascia-Loghi_01-1536x152.png 1536w, https:\/\/hotelmarinetta.it\/wp-content\/uploads\/2025\/05\/Coesione-Italia-Fascia-Loghi_01-2048x203.png 2048w\" width=\"800\" height=\"79\" src=\"data:image\/gif;base64,R0lGODlhAQABAIAAAAAAAP\/\/\/yH5BAEAAAAALAAAAAABAAEAAAIBRAA7\" class=\"attachment-large size-large wp-image-9114 lazyload\" alt=\"Coesione Italia\"  sizes=\"(max-width: 800px) 100vw, 800px\" \/><noscript><img loading=\"lazy\" decoding=\"async\" width=\"800\" height=\"79\" src=\"https:\/\/hotelmarinetta.it\/wp-content\/uploads\/2025\/05\/Coesione-Italia-Fascia-Loghi_01-1024x101.png\" class=\"attachment-large size-large wp-image-9114\" alt=\"Coesione Italia\" srcset=\"https:\/\/hotelmarinetta.it\/wp-content\/uploads\/2025\/05\/Coesione-Italia-Fascia-Loghi_01-1024x101.png 1024w, https:\/\/hotelmarinetta.it\/wp-content\/uploads\/2025\/05\/Coesione-Italia-Fascia-Loghi_01-300x30.png 300w, https:\/\/hotelmarinetta.it\/wp-content\/uploads\/2025\/05\/Coesione-Italia-Fascia-Loghi_01-768x76.png 768w, https:\/\/hotelmarinetta.it\/wp-content\/uploads\/2025\/05\/Coesione-Italia-Fascia-Loghi_01-1536x152.png 1536w, https:\/\/hotelmarinetta.it\/wp-content\/uploads\/2025\/05\/Coesione-Italia-Fascia-Loghi_01-2048x203.png 2048w\" sizes=\"(max-width: 800px) 100vw, 800px\"><\/noscript>\t\t\t\t\t\t\t\t\t\t\t\t\t\t\t<\/div>\n\t\t\t\t<\/div>\n\t\t\t\t<\/div>\n\t\t<div class=\"elementor-element elementor-element-ae2b8ee e-con-full e-flex e-con e-child\" data-id=\"ae2b8ee\" data-element_type=\"container\" data-e-type=\"container\">\n\t\t\t\t<div class=\"elementor-element elementor-element-47d4bba elementor-widget elementor-widget-heading\" data-id=\"47d4bba\" data-element_type=\"widget\" data-e-type=\"widget\" data-widget_type=\"heading.default\">\n\t\t\t\t<div class=\"elementor-widget-container\">\n\t\t\t\t\t<h2 class=\"elementor-heading-title elementor-size-default\"><a href=\"#elementor-action%3Aaction%3Dlightbox%26settings%3DeyJ1cmwiOiJodHRwczpcL1wvaG90ZWxtYXJpbmV0dGEuaXRcL3dwLWNvbnRlbnRcL3VwbG9hZHNcLzIwMjVcLzA1XC9JbnRlcm5hemlvbmFsaXp6YXppb25lLTIwMjUuanBnIiwidHlwZSI6ImltYWdlIn0%3D\">Progetto HOTEL MARINETTA EXPORT 2025 - PROGRAMMA REGIONALE TOSCANA FESR 2021-2027 Azione 1.3.1 \"Sostegno alle PMI-Export\" - Bando Internazionalizzazione 2025\u201d<\/a><\/h2>\t\t\t\t<\/div>\n\t\t\t\t<\/div>\n\t\t\t\t<div class=\"elementor-element elementor-element-2e22bcc elementor-widget elementor-widget-image\" data-id=\"2e22bcc\" data-element_type=\"widget\" data-e-type=\"widget\" data-widget_type=\"image.default\">\n\t\t\t\t<div class=\"elementor-widget-container\">\n\t\t\t\t\t\t\t\t\t\t\t\t\t\t\t<img fetchpriority=\"high\" decoding=\"async\" data-src=\"https:\/\/hotelmarinetta.it\/wp-content\/uploads\/2025\/05\/Coesione-Italia-Fascia-Loghi_01-1024x101.png\" data-srcset=\"https:\/\/hotelmarinetta.it\/wp-content\/uploads\/2025\/05\/Coesione-Italia-Fascia-Loghi_01-1024x101.png 1024w, https:\/\/hotelmarinetta.it\/wp-content\/uploads\/2025\/05\/Coesione-Italia-Fascia-Loghi_01-300x30.png 300w, https:\/\/hotelmarinetta.it\/wp-content\/uploads\/2025\/05\/Coesione-Italia-Fascia-Loghi_01-768x76.png 768w, https:\/\/hotelmarinetta.it\/wp-content\/uploads\/2025\/05\/Coesione-Italia-Fascia-Loghi_01-1536x152.png 1536w, https:\/\/hotelmarinetta.it\/wp-content\/uploads\/2025\/05\/Coesione-Italia-Fascia-Loghi_01-2048x203.png 2048w\" width=\"800\" height=\"79\" src=\"data:image\/gif;base64,R0lGODlhAQABAIAAAAAAAP\/\/\/yH5BAEAAAAALAAAAAABAAEAAAIBRAA7\" class=\"attachment-large size-large wp-image-9114 lazyload\" alt=\"Coesione Italia\"  sizes=\"(max-width: 800px) 100vw, 800px\" \/><noscript><img loading=\"lazy\" decoding=\"async\" width=\"800\" height=\"79\" src=\"https:\/\/hotelmarinetta.it\/wp-content\/uploads\/2025\/05\/Coesione-Italia-Fascia-Loghi_01-1024x101.png\" class=\"attachment-large size-large wp-image-9114\" alt=\"Coesione Italia\" srcset=\"https:\/\/hotelmarinetta.it\/wp-content\/uploads\/2025\/05\/Coesione-Italia-Fascia-Loghi_01-1024x101.png 1024w, https:\/\/hotelmarinetta.it\/wp-content\/uploads\/2025\/05\/Coesione-Italia-Fascia-Loghi_01-300x30.png 300w, https:\/\/hotelmarinetta.it\/wp-content\/uploads\/2025\/05\/Coesione-Italia-Fascia-Loghi_01-768x76.png 768w, https:\/\/hotelmarinetta.it\/wp-content\/uploads\/2025\/05\/Coesione-Italia-Fascia-Loghi_01-1536x152.png 1536w, https:\/\/hotelmarinetta.it\/wp-content\/uploads\/2025\/05\/Coesione-Italia-Fascia-Loghi_01-2048x203.png 2048w\" sizes=\"(max-width: 800px) 100vw, 800px\"><\/noscript>\t\t\t\t\t\t\t\t\t\t\t\t\t\t\t<\/div>\n\t\t\t\t<\/div>\n\t\t\t\t<\/div>\n\t\t\t\t<\/div>\n\t\t\t\t\t<\/div>\n\t\t\t\t<\/div>\n\t\t\t\t<\/div>\n\t\t\t\t<\/div>\n\t\t\t\t\t\t<\/div>\n\t\t\t\t<\/div>\n\t\t\t\t<\/div>\n\t\t\t\t<\/div>\n\t\t","protected":false},"excerpt":{"rendered":"<p>Rencontrez l&rsquo;\u00e9quipe de l&rsquo;H\u00f4tel Marinetta Tous nos invit\u00e9s internes repr\u00e9sentent pour nous un investissement important, c&rsquo;est pourquoi nous travaillons sur la formation et l&rsquo;information interne, pour favoriser la croissance professionnelle de chaque individu en fonction de ses aspirations et de son potentiel, cr\u00e9ant un cercle vertueux et un \u00e9change continu d&rsquo;id\u00e9es visant \u00e0 atteindre nos [&hellip;]<\/p>\n","protected":false},"author":1,"featured_media":6808,"parent":0,"menu_order":0,"comment_status":"closed","ping_status":"closed","template":"","meta":{"footnotes":""},"class_list":["post-5182","page","type-page","status-publish","has-post-thumbnail","hentry"],"yoast_head":"<!-- This site is optimized with the Yoast SEO plugin v28.4 - https:\/\/yoast.com\/product\/yoast-seo-wordpress\/ -->\n<title>Rencontrez l&#039;\u00e9quipe de l&#039;H\u00f4tel Marinetta<\/title>\n<meta name=\"description\" content=\"D\u00e9couvrez qui travaille chaque jour pour vous offrir le meilleur \u00e0 l&#039;H\u00f4tel Marinetta, rencontrez notre \u00e9quipe et r\u00e9servez d\u00e8s maintenant vos prochaines vacances.\" \/>\n<meta name=\"robots\" content=\"index, follow, max-snippet:-1, max-image-preview:large, max-video-preview:-1\" \/>\n<link rel=\"canonical\" href=\"https:\/\/hotelmarinetta.it\/fr\/equipe\/\" \/>\n<meta property=\"og:locale\" content=\"fr_FR\" \/>\n<meta property=\"og:type\" content=\"article\" \/>\n<meta property=\"og:title\" content=\"Rencontrez l&#039;\u00e9quipe de l&#039;H\u00f4tel Marinetta\" \/>\n<meta property=\"og:description\" content=\"D\u00e9couvrez qui travaille chaque jour pour vous offrir le meilleur \u00e0 l&#039;H\u00f4tel Marinetta, rencontrez notre \u00e9quipe et r\u00e9servez d\u00e8s maintenant vos prochaines vacances.\" \/>\n<meta property=\"og:url\" content=\"https:\/\/hotelmarinetta.it\/fr\/equipe\/\" \/>\n<meta property=\"og:site_name\" content=\"Park Hotel Marinetta\" \/>\n<meta property=\"article:publisher\" content=\"https:\/\/www.facebook.com\/parkhotelmarinetta\" \/>\n<meta property=\"article:modified_time\" content=\"2025-08-05T14:18:55+00:00\" \/>\n<meta property=\"og:image\" content=\"https:\/\/hotelmarinetta.it\/wp-content\/uploads\/2025\/07\/PHM-Team-09.jpg\" \/>\n\t<meta property=\"og:image:width\" content=\"1440\" \/>\n\t<meta property=\"og:image:height\" content=\"960\" \/>\n\t<meta property=\"og:image:type\" content=\"image\/jpeg\" \/>\n<meta name=\"twitter:card\" content=\"summary_large_image\" \/>\n<meta name=\"twitter:label1\" content=\"Dur\u00e9e de lecture estim\u00e9e\" \/>\n\t<meta name=\"twitter:data1\" content=\"2 minutes\" \/>\n<script type=\"application\/ld+json\" class=\"yoast-schema-graph\">{\"@context\":\"https:\\\/\\\/schema.org\",\"@graph\":[{\"@type\":\"WebPage\",\"@id\":\"https:\\\/\\\/hotelmarinetta.it\\\/fr\\\/equipe\\\/\",\"url\":\"https:\\\/\\\/hotelmarinetta.it\\\/fr\\\/equipe\\\/\",\"name\":\"Rencontrez l'\u00e9quipe de l'H\u00f4tel Marinetta\",\"isPartOf\":{\"@id\":\"https:\\\/\\\/hotelmarinetta.it\\\/fr\\\/#website\"},\"primaryImageOfPage\":{\"@id\":\"https:\\\/\\\/hotelmarinetta.it\\\/fr\\\/equipe\\\/#primaryimage\"},\"image\":{\"@id\":\"https:\\\/\\\/hotelmarinetta.it\\\/fr\\\/equipe\\\/#primaryimage\"},\"thumbnailUrl\":\"https:\\\/\\\/hotelmarinetta.it\\\/wp-content\\\/uploads\\\/2025\\\/07\\\/PHM-Team-09.jpg\",\"datePublished\":\"2025-05-23T07:39:03+00:00\",\"dateModified\":\"2025-08-05T14:18:55+00:00\",\"description\":\"D\u00e9couvrez qui travaille chaque jour pour vous offrir le meilleur \u00e0 l'H\u00f4tel Marinetta, rencontrez notre \u00e9quipe et r\u00e9servez d\u00e8s maintenant vos prochaines vacances.\",\"breadcrumb\":{\"@id\":\"https:\\\/\\\/hotelmarinetta.it\\\/fr\\\/equipe\\\/#breadcrumb\"},\"inLanguage\":\"fr-FR\",\"potentialAction\":[{\"@type\":\"ReadAction\",\"target\":[\"https:\\\/\\\/hotelmarinetta.it\\\/fr\\\/equipe\\\/\"]}]},{\"@type\":\"ImageObject\",\"inLanguage\":\"fr-FR\",\"@id\":\"https:\\\/\\\/hotelmarinetta.it\\\/fr\\\/equipe\\\/#primaryimage\",\"url\":\"https:\\\/\\\/hotelmarinetta.it\\\/wp-content\\\/uploads\\\/2025\\\/07\\\/PHM-Team-09.jpg\",\"contentUrl\":\"https:\\\/\\\/hotelmarinetta.it\\\/wp-content\\\/uploads\\\/2025\\\/07\\\/PHM-Team-09.jpg\",\"width\":1440,\"height\":960,\"caption\":\"Team\"},{\"@type\":\"BreadcrumbList\",\"@id\":\"https:\\\/\\\/hotelmarinetta.it\\\/fr\\\/equipe\\\/#breadcrumb\",\"itemListElement\":[{\"@type\":\"ListItem\",\"position\":1,\"name\":\"Home\",\"item\":\"https:\\\/\\\/hotelmarinetta.it\\\/fr\\\/\"},{\"@type\":\"ListItem\",\"position\":2,\"name\":\"Team\"}]},{\"@type\":\"WebSite\",\"@id\":\"https:\\\/\\\/hotelmarinetta.it\\\/fr\\\/#website\",\"url\":\"https:\\\/\\\/hotelmarinetta.it\\\/fr\\\/\",\"name\":\"Park Hotel Marinetta\",\"description\":\"Resort sul Mare in Toscana\",\"publisher\":{\"@id\":\"https:\\\/\\\/hotelmarinetta.it\\\/fr\\\/#organization\"},\"potentialAction\":[{\"@type\":\"SearchAction\",\"target\":{\"@type\":\"EntryPoint\",\"urlTemplate\":\"https:\\\/\\\/hotelmarinetta.it\\\/fr\\\/?s={search_term_string}\"},\"query-input\":{\"@type\":\"PropertyValueSpecification\",\"valueRequired\":true,\"valueName\":\"search_term_string\"}}],\"inLanguage\":\"fr-FR\"},{\"@type\":\"Organization\",\"@id\":\"https:\\\/\\\/hotelmarinetta.it\\\/fr\\\/#organization\",\"name\":\"Park Hotel Marinetta\",\"url\":\"https:\\\/\\\/hotelmarinetta.it\\\/fr\\\/\",\"logo\":{\"@type\":\"ImageObject\",\"inLanguage\":\"fr-FR\",\"@id\":\"https:\\\/\\\/hotelmarinetta.it\\\/fr\\\/#\\\/schema\\\/logo\\\/image\\\/\",\"url\":\"https:\\\/\\\/hotelmarinetta.it\\\/wp-content\\\/uploads\\\/2025\\\/05\\\/Logo-PHM-01.png\",\"contentUrl\":\"https:\\\/\\\/hotelmarinetta.it\\\/wp-content\\\/uploads\\\/2025\\\/05\\\/Logo-PHM-01.png\",\"width\":294,\"height\":89,\"caption\":\"Park Hotel Marinetta\"},\"image\":{\"@id\":\"https:\\\/\\\/hotelmarinetta.it\\\/fr\\\/#\\\/schema\\\/logo\\\/image\\\/\"},\"sameAs\":[\"https:\\\/\\\/www.facebook.com\\\/parkhotelmarinetta\",\"https:\\\/\\\/www.instagram.com\\\/parkhotelmarinetta\\\/\"]}]}<\/script>\n<!-- \/ Yoast SEO plugin. -->","yoast_head_json":{"title":"Rencontrez l'\u00e9quipe de l'H\u00f4tel Marinetta","description":"D\u00e9couvrez qui travaille chaque jour pour vous offrir le meilleur \u00e0 l'H\u00f4tel Marinetta, rencontrez notre \u00e9quipe et r\u00e9servez d\u00e8s maintenant vos prochaines vacances.","robots":{"index":"index","follow":"follow","max-snippet":"max-snippet:-1","max-image-preview":"max-image-preview:large","max-video-preview":"max-video-preview:-1"},"canonical":"https:\/\/hotelmarinetta.it\/fr\/equipe\/","og_locale":"fr_FR","og_type":"article","og_title":"Rencontrez l'\u00e9quipe de l'H\u00f4tel Marinetta","og_description":"D\u00e9couvrez qui travaille chaque jour pour vous offrir le meilleur \u00e0 l'H\u00f4tel Marinetta, rencontrez notre \u00e9quipe et r\u00e9servez d\u00e8s maintenant vos prochaines vacances.","og_url":"https:\/\/hotelmarinetta.it\/fr\/equipe\/","og_site_name":"Park Hotel Marinetta","article_publisher":"https:\/\/www.facebook.com\/parkhotelmarinetta","article_modified_time":"2025-08-05T14:18:55+00:00","og_image":[{"width":1440,"height":960,"url":"https:\/\/hotelmarinetta.it\/wp-content\/uploads\/2025\/07\/PHM-Team-09.jpg","type":"image\/jpeg"}],"twitter_card":"summary_large_image","twitter_misc":{"Dur\u00e9e de lecture estim\u00e9e":"2 minutes"},"schema":{"@context":"https:\/\/schema.org","@graph":[{"@type":"WebPage","@id":"https:\/\/hotelmarinetta.it\/fr\/equipe\/","url":"https:\/\/hotelmarinetta.it\/fr\/equipe\/","name":"Rencontrez l'\u00e9quipe de l'H\u00f4tel Marinetta","isPartOf":{"@id":"https:\/\/hotelmarinetta.it\/fr\/#website"},"primaryImageOfPage":{"@id":"https:\/\/hotelmarinetta.it\/fr\/equipe\/#primaryimage"},"image":{"@id":"https:\/\/hotelmarinetta.it\/fr\/equipe\/#primaryimage"},"thumbnailUrl":"https:\/\/hotelmarinetta.it\/wp-content\/uploads\/2025\/07\/PHM-Team-09.jpg","datePublished":"2025-05-23T07:39:03+00:00","dateModified":"2025-08-05T14:18:55+00:00","description":"D\u00e9couvrez qui travaille chaque jour pour vous offrir le meilleur \u00e0 l'H\u00f4tel Marinetta, rencontrez notre \u00e9quipe et r\u00e9servez d\u00e8s maintenant vos prochaines vacances.","breadcrumb":{"@id":"https:\/\/hotelmarinetta.it\/fr\/equipe\/#breadcrumb"},"inLanguage":"fr-FR","potentialAction":[{"@type":"ReadAction","target":["https:\/\/hotelmarinetta.it\/fr\/equipe\/"]}]},{"@type":"ImageObject","inLanguage":"fr-FR","@id":"https:\/\/hotelmarinetta.it\/fr\/equipe\/#primaryimage","url":"https:\/\/hotelmarinetta.it\/wp-content\/uploads\/2025\/07\/PHM-Team-09.jpg","contentUrl":"https:\/\/hotelmarinetta.it\/wp-content\/uploads\/2025\/07\/PHM-Team-09.jpg","width":1440,"height":960,"caption":"Team"},{"@type":"BreadcrumbList","@id":"https:\/\/hotelmarinetta.it\/fr\/equipe\/#breadcrumb","itemListElement":[{"@type":"ListItem","position":1,"name":"Home","item":"https:\/\/hotelmarinetta.it\/fr\/"},{"@type":"ListItem","position":2,"name":"Team"}]},{"@type":"WebSite","@id":"https:\/\/hotelmarinetta.it\/fr\/#website","url":"https:\/\/hotelmarinetta.it\/fr\/","name":"Park Hotel Marinetta","description":"Resort sul Mare in Toscana","publisher":{"@id":"https:\/\/hotelmarinetta.it\/fr\/#organization"},"potentialAction":[{"@type":"SearchAction","target":{"@type":"EntryPoint","urlTemplate":"https:\/\/hotelmarinetta.it\/fr\/?s={search_term_string}"},"query-input":{"@type":"PropertyValueSpecification","valueRequired":true,"valueName":"search_term_string"}}],"inLanguage":"fr-FR"},{"@type":"Organization","@id":"https:\/\/hotelmarinetta.it\/fr\/#organization","name":"Park Hotel Marinetta","url":"https:\/\/hotelmarinetta.it\/fr\/","logo":{"@type":"ImageObject","inLanguage":"fr-FR","@id":"https:\/\/hotelmarinetta.it\/fr\/#\/schema\/logo\/image\/","url":"https:\/\/hotelmarinetta.it\/wp-content\/uploads\/2025\/05\/Logo-PHM-01.png","contentUrl":"https:\/\/hotelmarinetta.it\/wp-content\/uploads\/2025\/05\/Logo-PHM-01.png","width":294,"height":89,"caption":"Park Hotel Marinetta"},"image":{"@id":"https:\/\/hotelmarinetta.it\/fr\/#\/schema\/logo\/image\/"},"sameAs":["https:\/\/www.facebook.com\/parkhotelmarinetta","https:\/\/www.instagram.com\/parkhotelmarinetta\/"]}]}},"_links":{"self":[{"href":"https:\/\/hotelmarinetta.it\/fr\/wp-json\/wp\/v2\/pages\/5182","targetHints":{"allow":["GET"]}}],"collection":[{"href":"https:\/\/hotelmarinetta.it\/fr\/wp-json\/wp\/v2\/pages"}],"about":[{"href":"https:\/\/hotelmarinetta.it\/fr\/wp-json\/wp\/v2\/types\/page"}],"author":[{"embeddable":true,"href":"https:\/\/hotelmarinetta.it\/fr\/wp-json\/wp\/v2\/users\/1"}],"replies":[{"embeddable":true,"href":"https:\/\/hotelmarinetta.it\/fr\/wp-json\/wp\/v2\/comments?post=5182"}],"version-history":[{"count":16,"href":"https:\/\/hotelmarinetta.it\/fr\/wp-json\/wp\/v2\/pages\/5182\/revisions"}],"predecessor-version":[{"id":8094,"href":"https:\/\/hotelmarinetta.it\/fr\/wp-json\/wp\/v2\/pages\/5182\/revisions\/8094"}],"wp:featuredmedia":[{"embeddable":true,"href":"https:\/\/hotelmarinetta.it\/fr\/wp-json\/wp\/v2\/media\/6808"}],"wp:attachment":[{"href":"https:\/\/hotelmarinetta.it\/fr\/wp-json\/wp\/v2\/media?parent=5182"}],"curies":[{"name":"wp","href":"https:\/\/api.w.org\/{rel}","templated":true}]}}