{"id":5111,"date":"2025-05-28T14:27:40","date_gmt":"2025-05-28T12:27:40","guid":{"rendered":"https:\/\/hotelmarinetta.it\/faq\/"},"modified":"2026-07-23T17:56:30","modified_gmt":"2026-07-23T15:56:30","slug":"faq","status":"publish","type":"page","link":"https:\/\/hotelmarinetta.it\/fr\/faq\/","title":{"rendered":"Faq"},"content":{"rendered":"\t\t<div data-elementor-type=\"wp-page\" data-elementor-id=\"5111\" class=\"elementor elementor-5111 elementor-2722\" data-elementor-post-type=\"page\">\n\t\t\t\t<div class=\"elementor-element elementor-element-3f8090f e-flex e-con-boxed e-con e-parent\" data-id=\"3f8090f\" data-element_type=\"container\" data-e-type=\"container\" data-settings=\"{&quot;background_background&quot;:&quot;classic&quot;}\">\n\t\t\t\t\t<div class=\"e-con-inner\">\n\t\t<div class=\"elementor-element elementor-element-55561e6 e-con-full e-flex e-con e-child\" data-id=\"55561e6\" data-element_type=\"container\" data-e-type=\"container\">\n\t\t<div class=\"elementor-element elementor-element-d1224b6 e-con-full e-flex e-con e-child\" data-id=\"d1224b6\" data-element_type=\"container\" data-e-type=\"container\">\n\t\t\t\t<div class=\"elementor-element elementor-element-eafd370 elementor-widget elementor-widget-heading\" data-id=\"eafd370\" data-element_type=\"widget\" data-e-type=\"widget\" data-widget_type=\"heading.default\">\n\t\t\t\t<div class=\"elementor-widget-container\">\n\t\t\t\t\t<h1 class=\"elementor-heading-title elementor-size-default\">FAQ : Questions et R\u00e9ponses de l'Hotel Marinetta<\/h1>\t\t\t\t<\/div>\n\t\t\t\t<\/div>\n\t\t\t\t<\/div>\n\t\t<div class=\"elementor-element elementor-element-cd25928 e-con-full e-flex e-con e-child\" data-id=\"cd25928\" data-element_type=\"container\" data-e-type=\"container\">\n\t\t\t\t<div class=\"elementor-element elementor-element-24d3794 elementor-widget elementor-widget-heading\" data-id=\"24d3794\" data-element_type=\"widget\" data-e-type=\"widget\" data-widget_type=\"heading.default\">\n\t\t\t\t<div class=\"elementor-widget-container\">\n\t\t\t\t\t<h2 class=\"elementor-heading-title elementor-size-default\">Bienvenue dans la foire aux questions de notre h\u00f4tel. Vous y trouverez des r\u00e9ponses d\u00e9taill\u00e9es sur les services, les r\u00e9servations, les paiements, la restauration et bien plus encore. Si vous ne trouvez pas la r\u00e9ponse \u00e0 votre question, n'h\u00e9sitez pas \u00e0 nous contacter\u00a0!<\/h2>\t\t\t\t<\/div>\n\t\t\t\t<\/div>\n\t\t\t\t<\/div>\n\t\t\t\t<\/div>\n\t\t\t\t\t<\/div>\n\t\t\t\t<\/div>\n\t\t<div class=\"elementor-element elementor-element-fd6d345 e-flex e-con-boxed e-con e-parent\" data-id=\"fd6d345\" data-element_type=\"container\" data-e-type=\"container\" data-settings=\"{&quot;background_background&quot;:&quot;classic&quot;}\">\n\t\t\t\t\t<div class=\"e-con-inner\">\n\t\t<div class=\"elementor-element elementor-element-bed4ebd e-con-full e-flex e-con e-child\" data-id=\"bed4ebd\" data-element_type=\"container\" data-e-type=\"container\">\n\t\t\t\t<div class=\"elementor-element elementor-element-f1a45ad elementor-widget elementor-widget-heading\" data-id=\"f1a45ad\" data-element_type=\"widget\" data-e-type=\"widget\" data-widget_type=\"heading.default\">\n\t\t\t\t<div class=\"elementor-widget-container\">\n\t\t\t\t\t<h2 class=\"elementor-heading-title elementor-size-default\">R\u00e9servation et paiements<\/h2>\t\t\t\t<\/div>\n\t\t\t\t<\/div>\n\t\t\t\t<div class=\"elementor-element elementor-element-9b6bbb2 elementor-widget elementor-widget-text-editor\" data-id=\"9b6bbb2\" data-element_type=\"widget\" data-e-type=\"widget\" data-widget_type=\"text-editor.default\">\n\t\t\t\t<div class=\"elementor-widget-container\">\n\t\t\t\t\t\t\t\t\t<p>Tout ce que vous devez savoir pour r\u00e9server votre s\u00e9jour et les moyens de paiement disponibles.<\/p>\n\t\t\t\t\t\t\t\t<\/div>\n\t\t\t\t<\/div>\n\t\t\t\t<\/div>\n\t\t<div class=\"elementor-element elementor-element-d88b550 e-con-full e-flex e-con e-child\" data-id=\"d88b550\" data-element_type=\"container\" data-e-type=\"container\">\n\t\t\t\t<div class=\"elementor-element elementor-element-057f1b2 elementor-widget elementor-widget-n-accordion\" data-id=\"057f1b2\" data-element_type=\"widget\" data-e-type=\"widget\" data-settings=\"{&quot;default_state&quot;:&quot;all_collapsed&quot;,&quot;max_items_expended&quot;:&quot;one&quot;,&quot;n_accordion_animation_duration&quot;:{&quot;unit&quot;:&quot;ms&quot;,&quot;size&quot;:400,&quot;sizes&quot;:[]}}\" data-widget_type=\"nested-accordion.default\">\n\t\t\t\t<div class=\"elementor-widget-container\">\n\t\t\t\t\t\t\t<div class=\"e-n-accordion\" aria-label=\"Accordion. Open links with Enter or Space, close with Escape, and navigate with Arrow Keys\">\n\t\t\t\t\t\t<details id=\"e-n-accordion-item-5760\" class=\"e-n-accordion-item\" >\n\t\t\t\t<summary class=\"e-n-accordion-item-title\" data-accordion-index=\"1\" tabindex=\"0\" aria-expanded=\"false\" aria-controls=\"e-n-accordion-item-5760\" >\n\t\t\t\t\t<span class='e-n-accordion-item-title-header'><h3 class=\"e-n-accordion-item-title-text\"> Quels services sont inclus dans la r\u00e9servation ? <\/h3><\/span>\n\t\t\t\t\t\t\t<span class='e-n-accordion-item-title-icon'>\n\t\t\t<span class='e-opened' ><i aria-hidden=\"true\" class=\"icon icon-chevron-up\"><\/i><\/span>\n\t\t\t<span class='e-closed'><i aria-hidden=\"true\" class=\"icon icon-chevron-down\"><\/i><\/span>\n\t\t<\/span>\n\n\t\t\t\t\t\t<\/summary>\n\t\t\t\t<div role=\"region\" aria-labelledby=\"e-n-accordion-item-5760\" class=\"elementor-element elementor-element-00bb636 e-con-full e-flex e-con e-child\" data-id=\"00bb636\" data-element_type=\"container\" data-e-type=\"container\">\n\t\t\t\t<div class=\"elementor-element elementor-element-840f8a9 elementor-widget elementor-widget-text-editor\" data-id=\"840f8a9\" data-element_type=\"widget\" data-e-type=\"widget\" data-widget_type=\"text-editor.default\">\n\t\t\t\t<div class=\"elementor-widget-container\">\n\t\t\t\t\t\t\t\t\t<p>En r\u00e9servant un s\u00e9jour au Park Hotel Marinetta, vous vivrez une exp\u00e9rience unique en pleine nature et sur les plages de la c\u00f4te \u00e9trusque.<\/p>\n<p>En r\u00e9servant une chambre, vous aurez acc\u00e8s \u00e0 notre plage priv\u00e9e avec parasol, deux chaises longues et une chaise de r\u00e9alisateur. Vous pourrez \u00e9galement utiliser un parking par chambre et notre superbe piscine chauff\u00e9e du 1er avril au 15 juin et du 15 septembre au 20 octobre.<\/p>\n<p>Moyennant un suppl\u00e9ment, vous pourrez profiter des services de notre fantastique spa, d&rsquo;un parcours relaxant dans notre piscine d&rsquo;hydromassage ou d&rsquo;un massage relaxant.<\/p>\n<p>Vous pourrez \u00e9galement d\u00e9jeuner en plein air au restaurant Granace \u2013 Grano &amp; Brace. Pour le d\u00eener, vous pouvez toujours r\u00e9server \u00e0 notre restaurant exclusif Ombra della Sera, o\u00f9 vous pourrez d\u00e9guster les meilleurs plats de la cuisine toscane revisit\u00e9s par notre chef, \u00e0 notre magnifique restaurant buffet Anfora di Baratti ou savourer un excellent steak florentin au restaurant Granace, \u00e9galement ouvert pour le d\u00eener.<\/p>\n\t\t\t\t\t\t\t\t<\/div>\n\t\t\t\t<\/div>\n\t\t\t\t<\/div>\n\t\t\t\t\t<\/details>\n\t\t\t\t\t\t<details id=\"e-n-accordion-item-5761\" class=\"e-n-accordion-item\" >\n\t\t\t\t<summary class=\"e-n-accordion-item-title\" data-accordion-index=\"2\" tabindex=\"-1\" aria-expanded=\"false\" aria-controls=\"e-n-accordion-item-5761\" >\n\t\t\t\t\t<span class='e-n-accordion-item-title-header'><h3 class=\"e-n-accordion-item-title-text\"> Quelles sont les heures d'arriv\u00e9e et de d\u00e9part ? <\/h3><\/span>\n\t\t\t\t\t\t\t<span class='e-n-accordion-item-title-icon'>\n\t\t\t<span class='e-opened' ><i aria-hidden=\"true\" class=\"icon icon-chevron-up\"><\/i><\/span>\n\t\t\t<span class='e-closed'><i aria-hidden=\"true\" class=\"icon icon-chevron-down\"><\/i><\/span>\n\t\t<\/span>\n\n\t\t\t\t\t\t<\/summary>\n\t\t\t\t<div role=\"region\" aria-labelledby=\"e-n-accordion-item-5761\" class=\"elementor-element elementor-element-732a341 e-con-full e-flex e-con e-child\" data-id=\"732a341\" data-element_type=\"container\" data-e-type=\"container\">\n\t\t\t\t<div class=\"elementor-element elementor-element-ec3e64b elementor-widget elementor-widget-text-editor\" data-id=\"ec3e64b\" data-element_type=\"widget\" data-e-type=\"widget\" data-widget_type=\"text-editor.default\">\n\t\t\t\t<div class=\"elementor-widget-container\">\n\t\t\t\t\t\t\t\t\t<p>L&rsquo;enregistrement s&rsquo;effectue \u00e0 partir de 14h00 et le d\u00e9part avant 10h00.<\/p>\n\t\t\t\t\t\t\t\t<\/div>\n\t\t\t\t<\/div>\n\t\t\t\t<\/div>\n\t\t\t\t\t<\/details>\n\t\t\t\t\t\t<details id=\"e-n-accordion-item-5762\" class=\"e-n-accordion-item\" >\n\t\t\t\t<summary class=\"e-n-accordion-item-title\" data-accordion-index=\"3\" tabindex=\"-1\" aria-expanded=\"false\" aria-controls=\"e-n-accordion-item-5762\" >\n\t\t\t\t\t<span class='e-n-accordion-item-title-header'><h3 class=\"e-n-accordion-item-title-text\"> Est-il possible de r\u00e9server un check-in ou un check-out en dehors de ces horaires ? <\/h3><\/span>\n\t\t\t\t\t\t\t<span class='e-n-accordion-item-title-icon'>\n\t\t\t<span class='e-opened' ><i aria-hidden=\"true\" class=\"icon icon-chevron-up\"><\/i><\/span>\n\t\t\t<span class='e-closed'><i aria-hidden=\"true\" class=\"icon icon-chevron-down\"><\/i><\/span>\n\t\t<\/span>\n\n\t\t\t\t\t\t<\/summary>\n\t\t\t\t<div role=\"region\" aria-labelledby=\"e-n-accordion-item-5762\" class=\"elementor-element elementor-element-9a0e441 e-con-full e-flex e-con e-child\" data-id=\"9a0e441\" data-element_type=\"container\" data-e-type=\"container\">\n\t\t\t\t<div class=\"elementor-element elementor-element-d184047 elementor-widget elementor-widget-text-editor\" data-id=\"d184047\" data-element_type=\"widget\" data-e-type=\"widget\" data-widget_type=\"text-editor.default\">\n\t\t\t\t<div class=\"elementor-widget-container\">\n\t\t\t\t\t\t\t\t\t<p>Oui, sur demande, il est possible de r\u00e9server une arriv\u00e9e ou un d\u00e9part en dehors des horaires pr\u00e9vus.<\/p>\n\t\t\t\t\t\t\t\t<\/div>\n\t\t\t\t<\/div>\n\t\t\t\t<\/div>\n\t\t\t\t\t<\/details>\n\t\t\t\t\t\t<details id=\"e-n-accordion-item-5763\" class=\"e-n-accordion-item\" >\n\t\t\t\t<summary class=\"e-n-accordion-item-title\" data-accordion-index=\"4\" tabindex=\"-1\" aria-expanded=\"false\" aria-controls=\"e-n-accordion-item-5763\" >\n\t\t\t\t\t<span class='e-n-accordion-item-title-header'><h3 class=\"e-n-accordion-item-title-text\"> Une consigne \u00e0 bagages est-elle disponible en cas d'arriv\u00e9e anticip\u00e9e ou de d\u00e9part tardif ? <\/h3><\/span>\n\t\t\t\t\t\t\t<span class='e-n-accordion-item-title-icon'>\n\t\t\t<span class='e-opened' ><i aria-hidden=\"true\" class=\"icon icon-chevron-up\"><\/i><\/span>\n\t\t\t<span class='e-closed'><i aria-hidden=\"true\" class=\"icon icon-chevron-down\"><\/i><\/span>\n\t\t<\/span>\n\n\t\t\t\t\t\t<\/summary>\n\t\t\t\t<div role=\"region\" aria-labelledby=\"e-n-accordion-item-5763\" class=\"elementor-element elementor-element-d353d9b e-con-full e-flex e-con e-child\" data-id=\"d353d9b\" data-element_type=\"container\" data-e-type=\"container\">\n\t\t\t\t<div class=\"elementor-element elementor-element-b5aa288 elementor-widget elementor-widget-text-editor\" data-id=\"b5aa288\" data-element_type=\"widget\" data-e-type=\"widget\" data-widget_type=\"text-editor.default\">\n\t\t\t\t<div class=\"elementor-widget-container\">\n\t\t\t\t\t\t\t\t\t<p>Oui, l&rsquo;h\u00f4tel propose une consigne \u00e0 bagages gratuite.<\/p>\n\t\t\t\t\t\t\t\t<\/div>\n\t\t\t\t<\/div>\n\t\t\t\t<\/div>\n\t\t\t\t\t<\/details>\n\t\t\t\t\t\t<details id=\"e-n-accordion-item-5764\" class=\"e-n-accordion-item\" >\n\t\t\t\t<summary class=\"e-n-accordion-item-title\" data-accordion-index=\"5\" tabindex=\"-1\" aria-expanded=\"false\" aria-controls=\"e-n-accordion-item-5764\" >\n\t\t\t\t\t<span class='e-n-accordion-item-title-header'><h3 class=\"e-n-accordion-item-title-text\"> Quelle est la politique concernant les animaux de compagnie ? <\/h3><\/span>\n\t\t\t\t\t\t\t<span class='e-n-accordion-item-title-icon'>\n\t\t\t<span class='e-opened' ><i aria-hidden=\"true\" class=\"icon icon-chevron-up\"><\/i><\/span>\n\t\t\t<span class='e-closed'><i aria-hidden=\"true\" class=\"icon icon-chevron-down\"><\/i><\/span>\n\t\t<\/span>\n\n\t\t\t\t\t\t<\/summary>\n\t\t\t\t<div role=\"region\" aria-labelledby=\"e-n-accordion-item-5764\" class=\"elementor-element elementor-element-1174e1d e-con-full e-flex e-con e-child\" data-id=\"1174e1d\" data-element_type=\"container\" data-e-type=\"container\">\n\t\t\t\t<div class=\"elementor-element elementor-element-73684ed elementor-widget elementor-widget-text-editor\" data-id=\"73684ed\" data-element_type=\"widget\" data-e-type=\"widget\" data-widget_type=\"text-editor.default\">\n\t\t\t\t<div class=\"elementor-widget-container\">\n\t\t\t\t\t\t\t\t\t<p>Les animaux de compagnie sont les bienvenus au Park Hotel Marinetta.<\/p>\n<p>Nous tenons particuli\u00e8rement \u00e0 ce que vos compagnons \u00e0 quatre pattes passent eux aussi des moments inoubliables dans notre \u00e9tablissement.<\/p>\n<p>\u00c0 votre arriv\u00e9e, un bol et un petit lit seront mis \u00e0 votre disposition dans la chambre.<\/p>\n<p><strong>R\u00e8glements<\/strong><\/p>\n<ul>\n<li>Chaque client peut avoir un animal de compagnie maximum par chambre.<\/li>\n<li>Conform\u00e9ment \u00e0 la r\u00e9glementation municipale, les animaux ne sont pas admis sur la plage ni \u00e0 la piscine, mais peuvent acc\u00e9der \u00e0 nos restaurants.<\/li>\n<li>Les animaux peuvent se promener librement dans notre parc et dans les espaces communs, mais doivent \u00eatre tenus en laisse.<\/li>\n<li>Vous devrez prendre soin de votre animal et en \u00eatre responsable ; un petit code de conduite vous sera remis \u00e0 votre arriv\u00e9e.<\/li>\n<li>Suppl\u00e9ment journalier par chambre : 30 \u20ac.<\/li>\n<\/ul>\n\t\t\t\t\t\t\t\t<\/div>\n\t\t\t\t<\/div>\n\t\t\t\t<\/div>\n\t\t\t\t\t<\/details>\n\t\t\t\t\t<\/div>\n\t\t\t\t\t<script type=\"application\/ld+json\">{\"@context\":\"https:\\\/\\\/schema.org\",\"@type\":\"FAQPage\",\"mainEntity\":[{\"@type\":\"Question\",\"name\":\"Quels services sont inclus dans la r\\u00e9servation ?\",\"acceptedAnswer\":{\"@type\":\"Answer\",\"text\":\"En r\\u00e9servant un s\\u00e9jour au Park Hotel Marinetta, vous vivrez une exp\\u00e9rience unique en pleine nature et sur les plages de la c\\u00f4te \\u00e9trusque.\\nEn r\\u00e9servant une chambre, vous aurez acc\\u00e8s \\u00e0 notre plage priv\\u00e9e avec parasol, deux chaises longues et une chaise de r\\u00e9alisateur. Vous pourrez \\u00e9galement utiliser un parking par chambre et notre superbe piscine chauff\\u00e9e du 1er avril au 15 juin et du 15 septembre au 20 octobre.\\nMoyennant un suppl\\u00e9ment, vous pourrez profiter des services de notre fantastique spa, d&rsquo;un parcours relaxant dans notre piscine d&rsquo;hydromassage ou d&rsquo;un massage relaxant.\\nVous pourrez \\u00e9galement d\\u00e9jeuner en plein air au restaurant Granace \\u2013 Grano &amp; Brace. Pour le d\\u00eener, vous pouvez toujours r\\u00e9server \\u00e0 notre restaurant exclusif Ombra della Sera, o\\u00f9 vous pourrez d\\u00e9guster les meilleurs plats de la cuisine toscane revisit\\u00e9s par notre chef, \\u00e0 notre magnifique restaurant buffet Anfora di Baratti ou savourer un excellent steak florentin au restaurant Granace, \\u00e9galement ouvert pour le d\\u00eener.\"}},{\"@type\":\"Question\",\"name\":\"Quelles sont les heures d'arriv\\u00e9e et de d\\u00e9part ?\",\"acceptedAnswer\":{\"@type\":\"Answer\",\"text\":\"L&rsquo;enregistrement s&rsquo;effectue \\u00e0 partir de 14h00 et le d\\u00e9part avant 10h00.\"}},{\"@type\":\"Question\",\"name\":\"Est-il possible de r\\u00e9server un check-in ou un check-out en dehors de ces horaires ?\",\"acceptedAnswer\":{\"@type\":\"Answer\",\"text\":\"Oui, sur demande, il est possible de r\\u00e9server une arriv\\u00e9e ou un d\\u00e9part en dehors des horaires pr\\u00e9vus.\"}},{\"@type\":\"Question\",\"name\":\"Une consigne \\u00e0 bagages est-elle disponible en cas d'arriv\\u00e9e anticip\\u00e9e ou de d\\u00e9part tardif ?\",\"acceptedAnswer\":{\"@type\":\"Answer\",\"text\":\"Oui, l&rsquo;h\\u00f4tel propose une consigne \\u00e0 bagages gratuite.\"}},{\"@type\":\"Question\",\"name\":\"Quelle est la politique concernant les animaux de compagnie ?\",\"acceptedAnswer\":{\"@type\":\"Answer\",\"text\":\"Les animaux de compagnie sont les bienvenus au Park Hotel Marinetta.\\nNous tenons particuli\\u00e8rement \\u00e0 ce que vos compagnons \\u00e0 quatre pattes passent eux aussi des moments inoubliables dans notre \\u00e9tablissement.\\n\\u00c0 votre arriv\\u00e9e, un bol et un petit lit seront mis \\u00e0 votre disposition dans la chambre.\\nR\\u00e8glements\\n\\nChaque client peut avoir un animal de compagnie maximum par chambre.\\nConform\\u00e9ment \\u00e0 la r\\u00e9glementation municipale, les animaux ne sont pas admis sur la plage ni \\u00e0 la piscine, mais peuvent acc\\u00e9der \\u00e0 nos restaurants.\\nLes animaux peuvent se promener librement dans notre parc et dans les espaces communs, mais doivent \\u00eatre tenus en laisse.\\nVous devrez prendre soin de votre animal et en \\u00eatre responsable ; un petit code de conduite vous sera remis \\u00e0 votre arriv\\u00e9e.\\nSuppl\\u00e9ment journalier par chambre : 30 \\u20ac.\"}}]}<\/script>\n\t\t\t\t\t\t\t<\/div>\n\t\t\t\t<\/div>\n\t\t\t\t<\/div>\n\t\t\t\t\t<\/div>\n\t\t\t\t<\/div>\n\t\t<div class=\"elementor-element elementor-element-65b1cf8 e-flex e-con-boxed e-con e-parent\" data-id=\"65b1cf8\" data-element_type=\"container\" data-e-type=\"container\" data-settings=\"{&quot;background_background&quot;:&quot;classic&quot;}\">\n\t\t\t\t\t<div class=\"e-con-inner\">\n\t\t<div class=\"elementor-element elementor-element-96a6472 e-con-full e-flex e-con e-child\" data-id=\"96a6472\" data-element_type=\"container\" data-e-type=\"container\">\n\t\t\t\t<div class=\"elementor-element elementor-element-1b47cb9 elementor-widget elementor-widget-heading\" data-id=\"1b47cb9\" data-element_type=\"widget\" data-e-type=\"widget\" data-widget_type=\"heading.default\">\n\t\t\t\t<div class=\"elementor-widget-container\">\n\t\t\t\t\t<h2 class=\"elementor-heading-title elementor-size-default\">Chambres et h\u00e9bergements<\/h2>\t\t\t\t<\/div>\n\t\t\t\t<\/div>\n\t\t\t\t<div class=\"elementor-element elementor-element-462cc45 elementor-widget elementor-widget-text-editor\" data-id=\"462cc45\" data-element_type=\"widget\" data-e-type=\"widget\" data-widget_type=\"text-editor.default\">\n\t\t\t\t<div class=\"elementor-widget-container\">\n\t\t\t\t\t\t\t\t\t<p>D\u00e9tails sur les types de chambres, les \u00e9quipements inclus et l&rsquo;accessibilit\u00e9.<\/p>\n\t\t\t\t\t\t\t\t<\/div>\n\t\t\t\t<\/div>\n\t\t\t\t<\/div>\n\t\t<div class=\"elementor-element elementor-element-ed05a0a e-con-full e-flex e-con e-child\" data-id=\"ed05a0a\" data-element_type=\"container\" data-e-type=\"container\">\n\t\t\t\t<div class=\"elementor-element elementor-element-99f4d77 elementor-widget elementor-widget-n-accordion\" data-id=\"99f4d77\" data-element_type=\"widget\" data-e-type=\"widget\" data-settings=\"{&quot;default_state&quot;:&quot;all_collapsed&quot;,&quot;max_items_expended&quot;:&quot;one&quot;,&quot;n_accordion_animation_duration&quot;:{&quot;unit&quot;:&quot;ms&quot;,&quot;size&quot;:400,&quot;sizes&quot;:[]}}\" data-widget_type=\"nested-accordion.default\">\n\t\t\t\t<div class=\"elementor-widget-container\">\n\t\t\t\t\t\t\t<div class=\"e-n-accordion\" aria-label=\"Accordion. Open links with Enter or Space, close with Escape, and navigate with Arrow Keys\">\n\t\t\t\t\t\t<details id=\"e-n-accordion-item-1610\" class=\"e-n-accordion-item\" >\n\t\t\t\t<summary class=\"e-n-accordion-item-title\" data-accordion-index=\"1\" tabindex=\"0\" aria-expanded=\"false\" aria-controls=\"e-n-accordion-item-1610\" >\n\t\t\t\t\t<span class='e-n-accordion-item-title-header'><h3 class=\"e-n-accordion-item-title-text\"> Y a-t-il des chambres avec vue sur la mer ? <\/h3><\/span>\n\t\t\t\t\t\t\t<span class='e-n-accordion-item-title-icon'>\n\t\t\t<span class='e-opened' ><i aria-hidden=\"true\" class=\"icon icon-chevron-up\"><\/i><\/span>\n\t\t\t<span class='e-closed'><i aria-hidden=\"true\" class=\"icon icon-chevron-down\"><\/i><\/span>\n\t\t<\/span>\n\n\t\t\t\t\t\t<\/summary>\n\t\t\t\t<div role=\"region\" aria-labelledby=\"e-n-accordion-item-1610\" class=\"elementor-element elementor-element-48b957f e-con-full e-flex e-con e-child\" data-id=\"48b957f\" data-element_type=\"container\" data-e-type=\"container\">\n\t\t\t\t<div class=\"elementor-element elementor-element-e75f47b elementor-widget elementor-widget-text-editor\" data-id=\"e75f47b\" data-element_type=\"widget\" data-e-type=\"widget\" data-widget_type=\"text-editor.default\">\n\t\t\t\t<div class=\"elementor-widget-container\">\n\t\t\t\t\t\t\t\t\t<p>Oui, les chambres Sup\u00e9rieures avec vue panoramique offrent une vue splendide sur l&rsquo;archipel toscan.<\/p>\n\t\t\t\t\t\t\t\t<\/div>\n\t\t\t\t<\/div>\n\t\t\t\t<\/div>\n\t\t\t\t\t<\/details>\n\t\t\t\t\t\t<details id=\"e-n-accordion-item-1611\" class=\"e-n-accordion-item\" >\n\t\t\t\t<summary class=\"e-n-accordion-item-title\" data-accordion-index=\"2\" tabindex=\"-1\" aria-expanded=\"false\" aria-controls=\"e-n-accordion-item-1611\" >\n\t\t\t\t\t<span class='e-n-accordion-item-title-header'><h3 class=\"e-n-accordion-item-title-text\"> Les salles de bain ont-elles une baignoire ou une douche ? <\/h3><\/span>\n\t\t\t\t\t\t\t<span class='e-n-accordion-item-title-icon'>\n\t\t\t<span class='e-opened' ><i aria-hidden=\"true\" class=\"icon icon-chevron-up\"><\/i><\/span>\n\t\t\t<span class='e-closed'><i aria-hidden=\"true\" class=\"icon icon-chevron-down\"><\/i><\/span>\n\t\t<\/span>\n\n\t\t\t\t\t\t<\/summary>\n\t\t\t\t<div role=\"region\" aria-labelledby=\"e-n-accordion-item-1611\" class=\"elementor-element elementor-element-997e840 e-con-full e-flex e-con e-child\" data-id=\"997e840\" data-element_type=\"container\" data-e-type=\"container\">\n\t\t\t\t<div class=\"elementor-element elementor-element-5962e46 elementor-widget elementor-widget-text-editor\" data-id=\"5962e46\" data-element_type=\"widget\" data-e-type=\"widget\" data-widget_type=\"text-editor.default\">\n\t\t\t\t<div class=\"elementor-widget-container\">\n\t\t\t\t\t\t\t\t\t<p>Toutes les salles de bains disposent d&rsquo;une douche.<\/p>\n\t\t\t\t\t\t\t\t<\/div>\n\t\t\t\t<\/div>\n\t\t\t\t<\/div>\n\t\t\t\t\t<\/details>\n\t\t\t\t\t\t<details id=\"e-n-accordion-item-1612\" class=\"e-n-accordion-item\" >\n\t\t\t\t<summary class=\"e-n-accordion-item-title\" data-accordion-index=\"3\" tabindex=\"-1\" aria-expanded=\"false\" aria-controls=\"e-n-accordion-item-1612\" >\n\t\t\t\t\t<span class='e-n-accordion-item-title-header'><h3 class=\"e-n-accordion-item-title-text\"> Y a-t-il des lits b\u00e9b\u00e9 disponibles pour les enfants\u00a0? <\/h3><\/span>\n\t\t\t\t\t\t\t<span class='e-n-accordion-item-title-icon'>\n\t\t\t<span class='e-opened' ><i aria-hidden=\"true\" class=\"icon icon-chevron-up\"><\/i><\/span>\n\t\t\t<span class='e-closed'><i aria-hidden=\"true\" class=\"icon icon-chevron-down\"><\/i><\/span>\n\t\t<\/span>\n\n\t\t\t\t\t\t<\/summary>\n\t\t\t\t<div role=\"region\" aria-labelledby=\"e-n-accordion-item-1612\" class=\"elementor-element elementor-element-cce6528 e-con-full e-flex e-con e-child\" data-id=\"cce6528\" data-element_type=\"container\" data-e-type=\"container\">\n\t\t\t\t<div class=\"elementor-element elementor-element-51a5d32 elementor-widget elementor-widget-text-editor\" data-id=\"51a5d32\" data-element_type=\"widget\" data-e-type=\"widget\" data-widget_type=\"text-editor.default\">\n\t\t\t\t<div class=\"elementor-widget-container\">\n\t\t\t\t\t\t\t\t\t<p>Des lits b\u00e9b\u00e9 gratuits sont disponibles pour les enfants jusqu&rsquo;\u00e0 3 ans.<\/p>\n\t\t\t\t\t\t\t\t<\/div>\n\t\t\t\t<\/div>\n\t\t\t\t<\/div>\n\t\t\t\t\t<\/details>\n\t\t\t\t\t\t<details id=\"e-n-accordion-item-1613\" class=\"e-n-accordion-item\" >\n\t\t\t\t<summary class=\"e-n-accordion-item-title\" data-accordion-index=\"4\" tabindex=\"-1\" aria-expanded=\"false\" aria-controls=\"e-n-accordion-item-1613\" >\n\t\t\t\t\t<span class='e-n-accordion-item-title-header'><h3 class=\"e-n-accordion-item-title-text\"> Avez-vous des chambres accessibles aux personnes \u00e0 mobilit\u00e9 r\u00e9duite ou autres handicaps ? <\/h3><\/span>\n\t\t\t\t\t\t\t<span class='e-n-accordion-item-title-icon'>\n\t\t\t<span class='e-opened' ><i aria-hidden=\"true\" class=\"icon icon-chevron-up\"><\/i><\/span>\n\t\t\t<span class='e-closed'><i aria-hidden=\"true\" class=\"icon icon-chevron-down\"><\/i><\/span>\n\t\t<\/span>\n\n\t\t\t\t\t\t<\/summary>\n\t\t\t\t<div role=\"region\" aria-labelledby=\"e-n-accordion-item-1613\" class=\"elementor-element elementor-element-3b008d9 e-con-full e-flex e-con e-child\" data-id=\"3b008d9\" data-element_type=\"container\" data-e-type=\"container\">\n\t\t\t\t<div class=\"elementor-element elementor-element-5e4989d elementor-widget elementor-widget-text-editor\" data-id=\"5e4989d\" data-element_type=\"widget\" data-e-type=\"widget\" data-widget_type=\"text-editor.default\">\n\t\t\t\t<div class=\"elementor-widget-container\">\n\t\t\t\t\t\t\t\t\t<p>Oui, l&rsquo;h\u00f4tel dispose de certaines chambres accessibles aux personnes \u00e0 mobilit\u00e9 r\u00e9duite ou autres handicaps.<\/p>\n\t\t\t\t\t\t\t\t<\/div>\n\t\t\t\t<\/div>\n\t\t\t\t<\/div>\n\t\t\t\t\t<\/details>\n\t\t\t\t\t\t<details id=\"e-n-accordion-item-1614\" class=\"e-n-accordion-item\" >\n\t\t\t\t<summary class=\"e-n-accordion-item-title\" data-accordion-index=\"5\" tabindex=\"-1\" aria-expanded=\"false\" aria-controls=\"e-n-accordion-item-1614\" >\n\t\t\t\t\t<span class='e-n-accordion-item-title-header'><h3 class=\"e-n-accordion-item-title-text\"> Les chambres sont-elles climatis\u00e9es ? <\/h3><\/span>\n\t\t\t\t\t\t\t<span class='e-n-accordion-item-title-icon'>\n\t\t\t<span class='e-opened' ><i aria-hidden=\"true\" class=\"icon icon-chevron-up\"><\/i><\/span>\n\t\t\t<span class='e-closed'><i aria-hidden=\"true\" class=\"icon icon-chevron-down\"><\/i><\/span>\n\t\t<\/span>\n\n\t\t\t\t\t\t<\/summary>\n\t\t\t\t<div role=\"region\" aria-labelledby=\"e-n-accordion-item-1614\" class=\"elementor-element elementor-element-3ee18df e-con-full e-flex e-con e-child\" data-id=\"3ee18df\" data-element_type=\"container\" data-e-type=\"container\">\n\t\t\t\t<div class=\"elementor-element elementor-element-d12cd18 elementor-widget elementor-widget-text-editor\" data-id=\"d12cd18\" data-element_type=\"widget\" data-e-type=\"widget\" data-widget_type=\"text-editor.default\">\n\t\t\t\t<div class=\"elementor-widget-container\">\n\t\t\t\t\t\t\t\t\t<p>Oui, toutes les chambres disposent de la climatisation.<\/p>\n\t\t\t\t\t\t\t\t<\/div>\n\t\t\t\t<\/div>\n\t\t\t\t<\/div>\n\t\t\t\t\t<\/details>\n\t\t\t\t\t\t<details id=\"e-n-accordion-item-1615\" class=\"e-n-accordion-item\" >\n\t\t\t\t<summary class=\"e-n-accordion-item-title\" data-accordion-index=\"6\" tabindex=\"-1\" aria-expanded=\"false\" aria-controls=\"e-n-accordion-item-1615\" >\n\t\t\t\t\t<span class='e-n-accordion-item-title-header'><h3 class=\"e-n-accordion-item-title-text\"> Est-il possible de capter des cha\u00eenes internationales (TV par satellite) ? <\/h3><\/span>\n\t\t\t\t\t\t\t<span class='e-n-accordion-item-title-icon'>\n\t\t\t<span class='e-opened' ><i aria-hidden=\"true\" class=\"icon icon-chevron-up\"><\/i><\/span>\n\t\t\t<span class='e-closed'><i aria-hidden=\"true\" class=\"icon icon-chevron-down\"><\/i><\/span>\n\t\t<\/span>\n\n\t\t\t\t\t\t<\/summary>\n\t\t\t\t<div role=\"region\" aria-labelledby=\"e-n-accordion-item-1615\" class=\"elementor-element elementor-element-b9c73e2 e-con-full e-flex e-con e-child\" data-id=\"b9c73e2\" data-element_type=\"container\" data-e-type=\"container\">\n\t\t\t\t<div class=\"elementor-element elementor-element-3fece99 elementor-widget elementor-widget-text-editor\" data-id=\"3fece99\" data-element_type=\"widget\" data-e-type=\"widget\" data-widget_type=\"text-editor.default\">\n\t\t\t\t<div class=\"elementor-widget-container\">\n\t\t\t\t\t\t\t\t\t<p>Oui, toutes les chambres disposent de cha\u00eenes internationales.<\/p>\n\t\t\t\t\t\t\t\t<\/div>\n\t\t\t\t<\/div>\n\t\t\t\t<\/div>\n\t\t\t\t\t<\/details>\n\t\t\t\t\t\t<details id=\"e-n-accordion-item-1616\" class=\"e-n-accordion-item\" >\n\t\t\t\t<summary class=\"e-n-accordion-item-title\" data-accordion-index=\"7\" tabindex=\"-1\" aria-expanded=\"false\" aria-controls=\"e-n-accordion-item-1616\" >\n\t\t\t\t\t<span class='e-n-accordion-item-title-header'><h3 class=\"e-n-accordion-item-title-text\"> Est-il possible de r\u00e9server une chambre pour une utilisation \u00e0 la journ\u00e9e ? <\/h3><\/span>\n\t\t\t\t\t\t\t<span class='e-n-accordion-item-title-icon'>\n\t\t\t<span class='e-opened' ><i aria-hidden=\"true\" class=\"icon icon-chevron-up\"><\/i><\/span>\n\t\t\t<span class='e-closed'><i aria-hidden=\"true\" class=\"icon icon-chevron-down\"><\/i><\/span>\n\t\t<\/span>\n\n\t\t\t\t\t\t<\/summary>\n\t\t\t\t<div role=\"region\" aria-labelledby=\"e-n-accordion-item-1616\" class=\"elementor-element elementor-element-4436e01 e-con-full e-flex e-con e-child\" data-id=\"4436e01\" data-element_type=\"container\" data-e-type=\"container\">\n\t\t\t\t<div class=\"elementor-element elementor-element-cb04475 elementor-widget elementor-widget-text-editor\" data-id=\"cb04475\" data-element_type=\"widget\" data-e-type=\"widget\" data-widget_type=\"text-editor.default\">\n\t\t\t\t<div class=\"elementor-widget-container\">\n\t\t\t\t\t\t\t\t\t<p>Oui, sous r\u00e9serve de disponibilit\u00e9, il est possible de r\u00e9server une chambre pour une utilisation \u00e0 la journ\u00e9e.<\/p>\n\t\t\t\t\t\t\t\t<\/div>\n\t\t\t\t<\/div>\n\t\t\t\t<\/div>\n\t\t\t\t\t<\/details>\n\t\t\t\t\t<\/div>\n\t\t\t\t\t<script type=\"application\/ld+json\">{\"@context\":\"https:\\\/\\\/schema.org\",\"@type\":\"FAQPage\",\"mainEntity\":[{\"@type\":\"Question\",\"name\":\"Y a-t-il des chambres avec vue sur la mer ?\",\"acceptedAnswer\":{\"@type\":\"Answer\",\"text\":\"Oui, les chambres Sup\\u00e9rieures avec vue panoramique offrent une vue splendide sur l&rsquo;archipel toscan.\"}},{\"@type\":\"Question\",\"name\":\"Les salles de bain ont-elles une baignoire ou une douche ?\",\"acceptedAnswer\":{\"@type\":\"Answer\",\"text\":\"Toutes les salles de bains disposent d&rsquo;une douche.\"}},{\"@type\":\"Question\",\"name\":\"Y a-t-il des lits b\\u00e9b\\u00e9 disponibles pour les enfants\\u00a0?\",\"acceptedAnswer\":{\"@type\":\"Answer\",\"text\":\"Des lits b\\u00e9b\\u00e9 gratuits sont disponibles pour les enfants jusqu&rsquo;\\u00e0 3 ans.\"}},{\"@type\":\"Question\",\"name\":\"Avez-vous des chambres accessibles aux personnes \\u00e0 mobilit\\u00e9 r\\u00e9duite ou autres handicaps ?\",\"acceptedAnswer\":{\"@type\":\"Answer\",\"text\":\"Oui, l&rsquo;h\\u00f4tel dispose de certaines chambres accessibles aux personnes \\u00e0 mobilit\\u00e9 r\\u00e9duite ou autres handicaps.\"}},{\"@type\":\"Question\",\"name\":\"Les chambres sont-elles climatis\\u00e9es ?\",\"acceptedAnswer\":{\"@type\":\"Answer\",\"text\":\"Oui, toutes les chambres disposent de la climatisation.\"}},{\"@type\":\"Question\",\"name\":\"Est-il possible de capter des cha\\u00eenes internationales (TV par satellite) ?\",\"acceptedAnswer\":{\"@type\":\"Answer\",\"text\":\"Oui, toutes les chambres disposent de cha\\u00eenes internationales.\"}},{\"@type\":\"Question\",\"name\":\"Est-il possible de r\\u00e9server une chambre pour une utilisation \\u00e0 la journ\\u00e9e ?\",\"acceptedAnswer\":{\"@type\":\"Answer\",\"text\":\"Oui, sous r\\u00e9serve de disponibilit\\u00e9, il est possible de r\\u00e9server une chambre pour une utilisation \\u00e0 la journ\\u00e9e.\"}}]}<\/script>\n\t\t\t\t\t\t\t<\/div>\n\t\t\t\t<\/div>\n\t\t\t\t<\/div>\n\t\t\t\t\t<\/div>\n\t\t\t\t<\/div>\n\t\t<div class=\"elementor-element elementor-element-102599d e-flex e-con-boxed e-con e-parent\" data-id=\"102599d\" data-element_type=\"container\" data-e-type=\"container\" data-settings=\"{&quot;background_background&quot;:&quot;classic&quot;}\">\n\t\t\t\t\t<div class=\"e-con-inner\">\n\t\t<div class=\"elementor-element elementor-element-33cd844 e-con-full e-flex e-con e-child\" data-id=\"33cd844\" data-element_type=\"container\" data-e-type=\"container\">\n\t\t\t\t<div class=\"elementor-element elementor-element-3593a35 elementor-widget elementor-widget-heading\" data-id=\"3593a35\" data-element_type=\"widget\" data-e-type=\"widget\" data-widget_type=\"heading.default\">\n\t\t\t\t<div class=\"elementor-widget-container\">\n\t\t\t\t\t<h2 class=\"elementor-heading-title elementor-size-default\">Restaurants<\/h2>\t\t\t\t<\/div>\n\t\t\t\t<\/div>\n\t\t\t\t<div class=\"elementor-element elementor-element-20bbcb6 elementor-widget elementor-widget-text-editor\" data-id=\"20bbcb6\" data-element_type=\"widget\" data-e-type=\"widget\" data-widget_type=\"text-editor.default\">\n\t\t\t\t<div class=\"elementor-widget-container\">\n\t\t\t\t\t\t\t\t\t<p>Informations sur les restaurants disponibles, menus sp\u00e9ciaux et petit-d\u00e9jeuner inclus.<\/p>\n\t\t\t\t\t\t\t\t<\/div>\n\t\t\t\t<\/div>\n\t\t\t\t<\/div>\n\t\t<div class=\"elementor-element elementor-element-3aeb39c e-con-full e-flex e-con e-child\" data-id=\"3aeb39c\" data-element_type=\"container\" data-e-type=\"container\">\n\t\t\t\t<div class=\"elementor-element elementor-element-c4f5e5e elementor-widget elementor-widget-n-accordion\" data-id=\"c4f5e5e\" data-element_type=\"widget\" data-e-type=\"widget\" data-settings=\"{&quot;default_state&quot;:&quot;all_collapsed&quot;,&quot;max_items_expended&quot;:&quot;one&quot;,&quot;n_accordion_animation_duration&quot;:{&quot;unit&quot;:&quot;ms&quot;,&quot;size&quot;:400,&quot;sizes&quot;:[]}}\" data-widget_type=\"nested-accordion.default\">\n\t\t\t\t<div class=\"elementor-widget-container\">\n\t\t\t\t\t\t\t<div class=\"e-n-accordion\" aria-label=\"Accordion. Open links with Enter or Space, close with Escape, and navigate with Arrow Keys\">\n\t\t\t\t\t\t<details id=\"e-n-accordion-item-2060\" class=\"e-n-accordion-item\" >\n\t\t\t\t<summary class=\"e-n-accordion-item-title\" data-accordion-index=\"1\" tabindex=\"0\" aria-expanded=\"false\" aria-controls=\"e-n-accordion-item-2060\" >\n\t\t\t\t\t<span class='e-n-accordion-item-title-header'><h3 class=\"e-n-accordion-item-title-text\"> Quelles sont les heures d'ouverture des restaurants ? <\/h3><\/span>\n\t\t\t\t\t\t\t<span class='e-n-accordion-item-title-icon'>\n\t\t\t<span class='e-opened' ><i aria-hidden=\"true\" class=\"icon icon-chevron-up\"><\/i><\/span>\n\t\t\t<span class='e-closed'><i aria-hidden=\"true\" class=\"icon icon-chevron-down\"><\/i><\/span>\n\t\t<\/span>\n\n\t\t\t\t\t\t<\/summary>\n\t\t\t\t<div role=\"region\" aria-labelledby=\"e-n-accordion-item-2060\" class=\"elementor-element elementor-element-f27708c e-con-full e-flex e-con e-child\" data-id=\"f27708c\" data-element_type=\"container\" data-e-type=\"container\">\n\t\t\t\t<div class=\"elementor-element elementor-element-63d5c71 elementor-widget elementor-widget-text-editor\" data-id=\"63d5c71\" data-element_type=\"widget\" data-e-type=\"widget\" data-widget_type=\"text-editor.default\">\n\t\t\t\t<div class=\"elementor-widget-container\">\n\t\t\t\t\t\t\t\t\t<p>Le restaurant central <strong>Anfora di Baratti<\/strong> est ouvert pour le petit-d\u00e9jeuner de 7h30 \u00e0 10h30 et pour le d\u00eener de 19h30 \u00e0 21h30.<\/p>\n<p>Au Park Hotel Marinetta, nous vous proposons un large choix de restaurants\u00a0:<\/p>\n<p><strong>Ombra della Sera<\/strong> : le restaurant \u00e0 la carte du Park Hotel Marinetta. Sur r\u00e9servation, vous pourrez choisir de prendre votre petit-d\u00e9jeuner ou votre d\u00eener \u00e0 l&rsquo;Ombra della Sera, notre restaurant avec vue sur la pin\u00e8de de l&rsquo;h\u00f4tel. Ouvert pour le petit-d\u00e9jeuner de 7h30 \u00e0 10h30 et pour le d\u00eener de 19h30 \u00e0 21h30.<\/p>\n<p><strong>Granace<\/strong> : Pour le d\u00eener, une exp\u00e9rience enti\u00e8rement renouvel\u00e9e de la tradition et de l\u2019innovation toscanes, avec une s\u00e9lection de grillades et des menus d\u00e9gustation exclusifs, ainsi que de d\u00e9licieuses entr\u00e9es et des desserts gourmands. Ouvert pour le d\u00e9jeuner de 10h30 \u00e0 19h et pour le d\u00eener de 19h30 \u00e0 21h30.<\/p>\n<p><strong>Crudo di Mare<\/strong> : Le Crudo di Mare est notre restaurant gastronomique situ\u00e9 sur la terrasse de la piscine, id\u00e9al pour un d\u00eener romantique au clair de lune et sous les \u00e9toiles lors d&rsquo;une inoubliable soir\u00e9e d&rsquo;\u00e9t\u00e9. Ouvert pour le d\u00eener de 19h00 \u00e0 21h30.<\/p>\n<p><strong>Caf\u00e8 del Mare<\/strong>\u00a0: \u00c0 l&rsquo;entr\u00e9e de notre plage, vous trouverez notre Caf\u00e9 del Mare, le bar directement sur notre plage priv\u00e9e. Il sert des boissons rafra\u00eechissantes et des smoothies en journ\u00e9e, des sandwichs et des salades pour un d\u00e9jeuner rapide, ainsi que des cocktails et des amuse-gueules pour un ap\u00e9ritif au coucher du soleil sur la plage, en admirant le soleil se fondre dans le bleu de la mer de Marina di Bibbona. Ouvert de 10h \u00e0 19h30.<\/p>\n\t\t\t\t\t\t\t\t<\/div>\n\t\t\t\t<\/div>\n\t\t\t\t<\/div>\n\t\t\t\t\t<\/details>\n\t\t\t\t\t\t<details id=\"e-n-accordion-item-2061\" class=\"e-n-accordion-item\" >\n\t\t\t\t<summary class=\"e-n-accordion-item-title\" data-accordion-index=\"2\" tabindex=\"-1\" aria-expanded=\"false\" aria-controls=\"e-n-accordion-item-2061\" >\n\t\t\t\t\t<span class='e-n-accordion-item-title-header'><h3 class=\"e-n-accordion-item-title-text\"> A quelle heure est servi le petit d\u00e9jeuner ? <\/h3><\/span>\n\t\t\t\t\t\t\t<span class='e-n-accordion-item-title-icon'>\n\t\t\t<span class='e-opened' ><i aria-hidden=\"true\" class=\"icon icon-chevron-up\"><\/i><\/span>\n\t\t\t<span class='e-closed'><i aria-hidden=\"true\" class=\"icon icon-chevron-down\"><\/i><\/span>\n\t\t<\/span>\n\n\t\t\t\t\t\t<\/summary>\n\t\t\t\t<div role=\"region\" aria-labelledby=\"e-n-accordion-item-2061\" class=\"elementor-element elementor-element-4a4c7dd e-con-full e-flex e-con e-child\" data-id=\"4a4c7dd\" data-element_type=\"container\" data-e-type=\"container\">\n\t\t\t\t<div class=\"elementor-element elementor-element-5a6416b elementor-widget elementor-widget-text-editor\" data-id=\"5a6416b\" data-element_type=\"widget\" data-e-type=\"widget\" data-widget_type=\"text-editor.default\">\n\t\t\t\t<div class=\"elementor-widget-container\">\n\t\t\t\t\t\t\t\t\t<p>Le petit-d\u00e9jeuner est servi de 7h30 \u00e0 10h30.<\/p>\n\t\t\t\t\t\t\t\t<\/div>\n\t\t\t\t<\/div>\n\t\t\t\t<\/div>\n\t\t\t\t\t<\/details>\n\t\t\t\t\t\t<details id=\"e-n-accordion-item-2062\" class=\"e-n-accordion-item\" >\n\t\t\t\t<summary class=\"e-n-accordion-item-title\" data-accordion-index=\"3\" tabindex=\"-1\" aria-expanded=\"false\" aria-controls=\"e-n-accordion-item-2062\" >\n\t\t\t\t\t<span class='e-n-accordion-item-title-header'><h3 class=\"e-n-accordion-item-title-text\"> Les boissons sont-elles incluses ou non dans les prestations demi-pension et pension compl\u00e8te ? <\/h3><\/span>\n\t\t\t\t\t\t\t<span class='e-n-accordion-item-title-icon'>\n\t\t\t<span class='e-opened' ><i aria-hidden=\"true\" class=\"icon icon-chevron-up\"><\/i><\/span>\n\t\t\t<span class='e-closed'><i aria-hidden=\"true\" class=\"icon icon-chevron-down\"><\/i><\/span>\n\t\t<\/span>\n\n\t\t\t\t\t\t<\/summary>\n\t\t\t\t<div role=\"region\" aria-labelledby=\"e-n-accordion-item-2062\" class=\"elementor-element elementor-element-d9f2730 e-con-full e-flex e-con e-child\" data-id=\"d9f2730\" data-element_type=\"container\" data-e-type=\"container\">\n\t\t\t\t<div class=\"elementor-element elementor-element-1c9979e elementor-widget elementor-widget-text-editor\" data-id=\"1c9979e\" data-element_type=\"widget\" data-e-type=\"widget\" data-widget_type=\"text-editor.default\">\n\t\t\t\t<div class=\"elementor-widget-container\">\n\t\t\t\t\t\t\t\t\t<p>L&rsquo;eau est incluse dans les prestations de demi-pension et de pension compl\u00e8te.<\/p>\n\t\t\t\t\t\t\t\t<\/div>\n\t\t\t\t<\/div>\n\t\t\t\t<\/div>\n\t\t\t\t\t<\/details>\n\t\t\t\t\t\t<details id=\"e-n-accordion-item-2063\" class=\"e-n-accordion-item\" >\n\t\t\t\t<summary class=\"e-n-accordion-item-title\" data-accordion-index=\"4\" tabindex=\"-1\" aria-expanded=\"false\" aria-controls=\"e-n-accordion-item-2063\" >\n\t\t\t\t\t<span class='e-n-accordion-item-title-header'><h3 class=\"e-n-accordion-item-title-text\"> Proposez-vous des menus pour les personnes c\u0153liaques ? <\/h3><\/span>\n\t\t\t\t\t\t\t<span class='e-n-accordion-item-title-icon'>\n\t\t\t<span class='e-opened' ><i aria-hidden=\"true\" class=\"icon icon-chevron-up\"><\/i><\/span>\n\t\t\t<span class='e-closed'><i aria-hidden=\"true\" class=\"icon icon-chevron-down\"><\/i><\/span>\n\t\t<\/span>\n\n\t\t\t\t\t\t<\/summary>\n\t\t\t\t<div role=\"region\" aria-labelledby=\"e-n-accordion-item-2063\" class=\"elementor-element elementor-element-9a5af61 e-con-full e-flex e-con e-child\" data-id=\"9a5af61\" data-element_type=\"container\" data-e-type=\"container\">\n\t\t\t\t<div class=\"elementor-element elementor-element-cb16466 elementor-widget elementor-widget-text-editor\" data-id=\"cb16466\" data-element_type=\"widget\" data-e-type=\"widget\" data-widget_type=\"text-editor.default\">\n\t\t\t\t<div class=\"elementor-widget-container\">\n\t\t\t\t\t\t\t\t\t<p>Oui, nous proposons un menu sans gluten sur demande. Veuillez pr\u00e9ciser vos besoins lors de la r\u00e9servation.<\/p>\n\t\t\t\t\t\t\t\t<\/div>\n\t\t\t\t<\/div>\n\t\t\t\t<\/div>\n\t\t\t\t\t<\/details>\n\t\t\t\t\t\t<details id=\"e-n-accordion-item-2064\" class=\"e-n-accordion-item\" >\n\t\t\t\t<summary class=\"e-n-accordion-item-title\" data-accordion-index=\"5\" tabindex=\"-1\" aria-expanded=\"false\" aria-controls=\"e-n-accordion-item-2064\" >\n\t\t\t\t\t<span class='e-n-accordion-item-title-header'><h3 class=\"e-n-accordion-item-title-text\"> Proposez-vous des menus v\u00e9g\u00e9tariens et v\u00e9g\u00e9taliens ? <\/h3><\/span>\n\t\t\t\t\t\t\t<span class='e-n-accordion-item-title-icon'>\n\t\t\t<span class='e-opened' ><i aria-hidden=\"true\" class=\"icon icon-chevron-up\"><\/i><\/span>\n\t\t\t<span class='e-closed'><i aria-hidden=\"true\" class=\"icon icon-chevron-down\"><\/i><\/span>\n\t\t<\/span>\n\n\t\t\t\t\t\t<\/summary>\n\t\t\t\t<div role=\"region\" aria-labelledby=\"e-n-accordion-item-2064\" class=\"elementor-element elementor-element-933568f e-con-full e-flex e-con e-child\" data-id=\"933568f\" data-element_type=\"container\" data-e-type=\"container\">\n\t\t\t\t<div class=\"elementor-element elementor-element-1fa3d28 elementor-widget elementor-widget-text-editor\" data-id=\"1fa3d28\" data-element_type=\"widget\" data-e-type=\"widget\" data-widget_type=\"text-editor.default\">\n\t\t\t\t<div class=\"elementor-widget-container\">\n\t\t\t\t\t\t\t\t\t<p>Oui, des menus v\u00e9g\u00e9tariens et v\u00e9g\u00e9taliens sont disponibles sur demande. Veuillez pr\u00e9ciser vos pr\u00e9f\u00e9rences lors de la r\u00e9servation.<\/p>\n\t\t\t\t\t\t\t\t<\/div>\n\t\t\t\t<\/div>\n\t\t\t\t<\/div>\n\t\t\t\t\t<\/details>\n\t\t\t\t\t\t<details id=\"e-n-accordion-item-2065\" class=\"e-n-accordion-item\" >\n\t\t\t\t<summary class=\"e-n-accordion-item-title\" data-accordion-index=\"6\" tabindex=\"-1\" aria-expanded=\"false\" aria-controls=\"e-n-accordion-item-2065\" >\n\t\t\t\t\t<span class='e-n-accordion-item-title-header'><h3 class=\"e-n-accordion-item-title-text\"> Proposez-vous des menus pour enfants ? <\/h3><\/span>\n\t\t\t\t\t\t\t<span class='e-n-accordion-item-title-icon'>\n\t\t\t<span class='e-opened' ><i aria-hidden=\"true\" class=\"icon icon-chevron-up\"><\/i><\/span>\n\t\t\t<span class='e-closed'><i aria-hidden=\"true\" class=\"icon icon-chevron-down\"><\/i><\/span>\n\t\t<\/span>\n\n\t\t\t\t\t\t<\/summary>\n\t\t\t\t<div role=\"region\" aria-labelledby=\"e-n-accordion-item-2065\" class=\"elementor-element elementor-element-cc2bba0 e-con-full e-flex e-con e-child\" data-id=\"cc2bba0\" data-element_type=\"container\" data-e-type=\"container\">\n\t\t\t\t<div class=\"elementor-element elementor-element-c85c045 elementor-widget elementor-widget-text-editor\" data-id=\"c85c045\" data-element_type=\"widget\" data-e-type=\"widget\" data-widget_type=\"text-editor.default\">\n\t\t\t\t<div class=\"elementor-widget-container\">\n\t\t\t\t\t\t\t\t\t<p>Oui, nous avons un d\u00e9licieux menu pour enfants, avec la possibilit\u00e9 de d\u00eener avec le Miniclub.<\/p>\n\t\t\t\t\t\t\t\t<\/div>\n\t\t\t\t<\/div>\n\t\t\t\t<\/div>\n\t\t\t\t\t<\/details>\n\t\t\t\t\t\t<details id=\"e-n-accordion-item-2066\" class=\"e-n-accordion-item\" >\n\t\t\t\t<summary class=\"e-n-accordion-item-title\" data-accordion-index=\"7\" tabindex=\"-1\" aria-expanded=\"false\" aria-controls=\"e-n-accordion-item-2066\" >\n\t\t\t\t\t<span class='e-n-accordion-item-title-header'><h3 class=\"e-n-accordion-item-title-text\"> Y a-t-il des chaises hautes disponibles au restaurant ? <\/h3><\/span>\n\t\t\t\t\t\t\t<span class='e-n-accordion-item-title-icon'>\n\t\t\t<span class='e-opened' ><i aria-hidden=\"true\" class=\"icon icon-chevron-up\"><\/i><\/span>\n\t\t\t<span class='e-closed'><i aria-hidden=\"true\" class=\"icon icon-chevron-down\"><\/i><\/span>\n\t\t<\/span>\n\n\t\t\t\t\t\t<\/summary>\n\t\t\t\t<div role=\"region\" aria-labelledby=\"e-n-accordion-item-2066\" class=\"elementor-element elementor-element-99a1c03 e-con-full e-flex e-con e-child\" data-id=\"99a1c03\" data-element_type=\"container\" data-e-type=\"container\">\n\t\t\t\t<div class=\"elementor-element elementor-element-a3f934f elementor-widget elementor-widget-text-editor\" data-id=\"a3f934f\" data-element_type=\"widget\" data-e-type=\"widget\" data-widget_type=\"text-editor.default\">\n\t\t\t\t<div class=\"elementor-widget-container\">\n\t\t\t\t\t\t\t\t\t<p>Oui, des chaises hautes pour enfants sont disponibles gratuitement.<\/p>\n\t\t\t\t\t\t\t\t<\/div>\n\t\t\t\t<\/div>\n\t\t\t\t<\/div>\n\t\t\t\t\t<\/details>\n\t\t\t\t\t\t<details id=\"e-n-accordion-item-2067\" class=\"e-n-accordion-item\" >\n\t\t\t\t<summary class=\"e-n-accordion-item-title\" data-accordion-index=\"8\" tabindex=\"-1\" aria-expanded=\"false\" aria-controls=\"e-n-accordion-item-2067\" >\n\t\t\t\t\t<span class='e-n-accordion-item-title-header'><h3 class=\"e-n-accordion-item-title-text\"> Est-il possible de d\u00e9jeuner \u00e0 l'h\u00f4tel ? <\/h3><\/span>\n\t\t\t\t\t\t\t<span class='e-n-accordion-item-title-icon'>\n\t\t\t<span class='e-opened' ><i aria-hidden=\"true\" class=\"icon icon-chevron-up\"><\/i><\/span>\n\t\t\t<span class='e-closed'><i aria-hidden=\"true\" class=\"icon icon-chevron-down\"><\/i><\/span>\n\t\t<\/span>\n\n\t\t\t\t\t\t<\/summary>\n\t\t\t\t<div role=\"region\" aria-labelledby=\"e-n-accordion-item-2067\" class=\"elementor-element elementor-element-79fb725 e-con-full e-flex e-con e-child\" data-id=\"79fb725\" data-element_type=\"container\" data-e-type=\"container\">\n\t\t\t\t<div class=\"elementor-element elementor-element-fa3ca6b elementor-widget elementor-widget-text-editor\" data-id=\"fa3ca6b\" data-element_type=\"widget\" data-e-type=\"widget\" data-widget_type=\"text-editor.default\">\n\t\t\t\t<div class=\"elementor-widget-container\">\n\t\t\t\t\t\t\t\t\t<p>Service de d\u00e9jeuner l\u00e9ger au Risto Bar Granace au bord de la piscine ou au Caf\u00e8 del Mare sur la plage.<\/p>\n\t\t\t\t\t\t\t\t<\/div>\n\t\t\t\t<\/div>\n\t\t\t\t<\/div>\n\t\t\t\t\t<\/details>\n\t\t\t\t\t<\/div>\n\t\t\t\t\t<script type=\"application\/ld+json\">{\"@context\":\"https:\\\/\\\/schema.org\",\"@type\":\"FAQPage\",\"mainEntity\":[{\"@type\":\"Question\",\"name\":\"Quelles sont les heures d'ouverture des restaurants ?\",\"acceptedAnswer\":{\"@type\":\"Answer\",\"text\":\"Le restaurant central Anfora di Baratti est ouvert pour le petit-d\\u00e9jeuner de 7h30 \\u00e0 10h30 et pour le d\\u00eener de 19h30 \\u00e0 21h30.\\nAu Park Hotel Marinetta, nous vous proposons un large choix de restaurants\\u00a0:\\nOmbra della Sera : le restaurant \\u00e0 la carte du Park Hotel Marinetta. Sur r\\u00e9servation, vous pourrez choisir de prendre votre petit-d\\u00e9jeuner ou votre d\\u00eener \\u00e0 l&rsquo;Ombra della Sera, notre restaurant avec vue sur la pin\\u00e8de de l&rsquo;h\\u00f4tel. Ouvert pour le petit-d\\u00e9jeuner de 7h30 \\u00e0 10h30 et pour le d\\u00eener de 19h30 \\u00e0 21h30.\\nGranace : Pour le d\\u00eener, une exp\\u00e9rience enti\\u00e8rement renouvel\\u00e9e de la tradition et de l\\u2019innovation toscanes, avec une s\\u00e9lection de grillades et des menus d\\u00e9gustation exclusifs, ainsi que de d\\u00e9licieuses entr\\u00e9es et des desserts gourmands. Ouvert pour le d\\u00e9jeuner de 10h30 \\u00e0 19h et pour le d\\u00eener de 19h30 \\u00e0 21h30.\\nCrudo di Mare : Le Crudo di Mare est notre restaurant gastronomique situ\\u00e9 sur la terrasse de la piscine, id\\u00e9al pour un d\\u00eener romantique au clair de lune et sous les \\u00e9toiles lors d&rsquo;une inoubliable soir\\u00e9e d&rsquo;\\u00e9t\\u00e9. Ouvert pour le d\\u00eener de 19h00 \\u00e0 21h30.\\nCaf\\u00e8 del Mare\\u00a0: \\u00c0 l&rsquo;entr\\u00e9e de notre plage, vous trouverez notre Caf\\u00e9 del Mare, le bar directement sur notre plage priv\\u00e9e. Il sert des boissons rafra\\u00eechissantes et des smoothies en journ\\u00e9e, des sandwichs et des salades pour un d\\u00e9jeuner rapide, ainsi que des cocktails et des amuse-gueules pour un ap\\u00e9ritif au coucher du soleil sur la plage, en admirant le soleil se fondre dans le bleu de la mer de Marina di Bibbona. Ouvert de 10h \\u00e0 19h30.\"}},{\"@type\":\"Question\",\"name\":\"A quelle heure est servi le petit d\\u00e9jeuner ?\",\"acceptedAnswer\":{\"@type\":\"Answer\",\"text\":\"Le petit-d\\u00e9jeuner est servi de 7h30 \\u00e0 10h30.\"}},{\"@type\":\"Question\",\"name\":\"Les boissons sont-elles incluses ou non dans les prestations demi-pension et pension compl\\u00e8te ?\",\"acceptedAnswer\":{\"@type\":\"Answer\",\"text\":\"L&rsquo;eau est incluse dans les prestations de demi-pension et de pension compl\\u00e8te.\"}},{\"@type\":\"Question\",\"name\":\"Proposez-vous des menus pour les personnes c\\u0153liaques ?\",\"acceptedAnswer\":{\"@type\":\"Answer\",\"text\":\"Oui, nous proposons un menu sans gluten sur demande. Veuillez pr\\u00e9ciser vos besoins lors de la r\\u00e9servation.\"}},{\"@type\":\"Question\",\"name\":\"Proposez-vous des menus v\\u00e9g\\u00e9tariens et v\\u00e9g\\u00e9taliens ?\",\"acceptedAnswer\":{\"@type\":\"Answer\",\"text\":\"Oui, des menus v\\u00e9g\\u00e9tariens et v\\u00e9g\\u00e9taliens sont disponibles sur demande. Veuillez pr\\u00e9ciser vos pr\\u00e9f\\u00e9rences lors de la r\\u00e9servation.\"}},{\"@type\":\"Question\",\"name\":\"Proposez-vous des menus pour enfants ?\",\"acceptedAnswer\":{\"@type\":\"Answer\",\"text\":\"Oui, nous avons un d\\u00e9licieux menu pour enfants, avec la possibilit\\u00e9 de d\\u00eener avec le Miniclub.\"}},{\"@type\":\"Question\",\"name\":\"Y a-t-il des chaises hautes disponibles au restaurant ?\",\"acceptedAnswer\":{\"@type\":\"Answer\",\"text\":\"Oui, des chaises hautes pour enfants sont disponibles gratuitement.\"}},{\"@type\":\"Question\",\"name\":\"Est-il possible de d\\u00e9jeuner \\u00e0 l'h\\u00f4tel ?\",\"acceptedAnswer\":{\"@type\":\"Answer\",\"text\":\"Service de d\\u00e9jeuner l\\u00e9ger au Risto Bar Granace au bord de la piscine ou au Caf\\u00e8 del Mare sur la plage.\"}}]}<\/script>\n\t\t\t\t\t\t\t<\/div>\n\t\t\t\t<\/div>\n\t\t\t\t<\/div>\n\t\t\t\t\t<\/div>\n\t\t\t\t<\/div>\n\t\t<div class=\"elementor-element elementor-element-70d709a e-flex e-con-boxed e-con e-parent\" data-id=\"70d709a\" data-element_type=\"container\" data-e-type=\"container\" data-settings=\"{&quot;background_background&quot;:&quot;classic&quot;}\">\n\t\t\t\t\t<div class=\"e-con-inner\">\n\t\t<div class=\"elementor-element elementor-element-3389486 e-con-full e-flex e-con e-child\" data-id=\"3389486\" data-element_type=\"container\" data-e-type=\"container\">\n\t\t\t\t<div class=\"elementor-element elementor-element-af43e0e elementor-widget elementor-widget-heading\" data-id=\"af43e0e\" data-element_type=\"widget\" data-e-type=\"widget\" data-widget_type=\"heading.default\">\n\t\t\t\t<div class=\"elementor-widget-container\">\n\t\t\t\t\t<h2 class=\"elementor-heading-title elementor-size-default\">Services h\u00f4teliers<\/h2>\t\t\t\t<\/div>\n\t\t\t\t<\/div>\n\t\t\t\t<div class=\"elementor-element elementor-element-8ca7491 elementor-widget elementor-widget-text-editor\" data-id=\"8ca7491\" data-element_type=\"widget\" data-e-type=\"widget\" data-widget_type=\"text-editor.default\">\n\t\t\t\t<div class=\"elementor-widget-container\">\n\t\t\t\t\t\t\t\t\t<p>D\u00e9couvrez tout le confort et les services compl\u00e9mentaires mis \u00e0 votre disposition.<\/p>\n\t\t\t\t\t\t\t\t<\/div>\n\t\t\t\t<\/div>\n\t\t\t\t<\/div>\n\t\t<div class=\"elementor-element elementor-element-4e7a4c5 e-con-full e-flex e-con e-child\" data-id=\"4e7a4c5\" data-element_type=\"container\" data-e-type=\"container\">\n\t\t\t\t<div class=\"elementor-element elementor-element-50a0989 elementor-widget elementor-widget-n-accordion\" data-id=\"50a0989\" data-element_type=\"widget\" data-e-type=\"widget\" data-settings=\"{&quot;default_state&quot;:&quot;all_collapsed&quot;,&quot;max_items_expended&quot;:&quot;one&quot;,&quot;n_accordion_animation_duration&quot;:{&quot;unit&quot;:&quot;ms&quot;,&quot;size&quot;:400,&quot;sizes&quot;:[]}}\" data-widget_type=\"nested-accordion.default\">\n\t\t\t\t<div class=\"elementor-widget-container\">\n\t\t\t\t\t\t\t<div class=\"e-n-accordion\" aria-label=\"Accordion. Open links with Enter or Space, close with Escape, and navigate with Arrow Keys\">\n\t\t\t\t\t\t<details id=\"e-n-accordion-item-8450\" class=\"e-n-accordion-item\" >\n\t\t\t\t<summary class=\"e-n-accordion-item-title\" data-accordion-index=\"1\" tabindex=\"0\" aria-expanded=\"false\" aria-controls=\"e-n-accordion-item-8450\" >\n\t\t\t\t\t<span class='e-n-accordion-item-title-header'><h3 class=\"e-n-accordion-item-title-text\"> Organisez-vous des circuits et des excursions ? <\/h3><\/span>\n\t\t\t\t\t\t\t<span class='e-n-accordion-item-title-icon'>\n\t\t\t<span class='e-opened' ><i aria-hidden=\"true\" class=\"icon icon-chevron-up\"><\/i><\/span>\n\t\t\t<span class='e-closed'><i aria-hidden=\"true\" class=\"icon icon-chevron-down\"><\/i><\/span>\n\t\t<\/span>\n\n\t\t\t\t\t\t<\/summary>\n\t\t\t\t<div role=\"region\" aria-labelledby=\"e-n-accordion-item-8450\" class=\"elementor-element elementor-element-9ae217b e-con-full e-flex e-con e-child\" data-id=\"9ae217b\" data-element_type=\"container\" data-e-type=\"container\">\n\t\t\t\t<div class=\"elementor-element elementor-element-e092d18 elementor-widget elementor-widget-text-editor\" data-id=\"e092d18\" data-element_type=\"widget\" data-e-type=\"widget\" data-widget_type=\"text-editor.default\">\n\t\t\t\t<div class=\"elementor-widget-container\">\n\t\t\t\t\t\t\t\t\t<p>Oui, l&rsquo;h\u00f4tel dispose d&rsquo;un \u00ab expert local \u00bb, un service r\u00e9serv\u00e9 exclusivement aux visites et excursions. Nous avons s\u00e9lectionn\u00e9 plus de 100 exp\u00e9riences pour d\u00e9couvrir la Maremme toscane et la Toscane authentique.<\/p>\n\t\t\t\t\t\t\t\t<\/div>\n\t\t\t\t<\/div>\n\t\t\t\t<\/div>\n\t\t\t\t\t<\/details>\n\t\t\t\t\t\t<details id=\"e-n-accordion-item-8451\" class=\"e-n-accordion-item\" >\n\t\t\t\t<summary class=\"e-n-accordion-item-title\" data-accordion-index=\"2\" tabindex=\"-1\" aria-expanded=\"false\" aria-controls=\"e-n-accordion-item-8451\" >\n\t\t\t\t\t<span class='e-n-accordion-item-title-header'><h3 class=\"e-n-accordion-item-title-text\"> Est-ce que l'h\u00f4tel dispose d'une plage priv\u00e9e? <\/h3><\/span>\n\t\t\t\t\t\t\t<span class='e-n-accordion-item-title-icon'>\n\t\t\t<span class='e-opened' ><i aria-hidden=\"true\" class=\"icon icon-chevron-up\"><\/i><\/span>\n\t\t\t<span class='e-closed'><i aria-hidden=\"true\" class=\"icon icon-chevron-down\"><\/i><\/span>\n\t\t<\/span>\n\n\t\t\t\t\t\t<\/summary>\n\t\t\t\t<div role=\"region\" aria-labelledby=\"e-n-accordion-item-8451\" class=\"elementor-element elementor-element-d8706aa e-con-full e-flex e-con e-child\" data-id=\"d8706aa\" data-element_type=\"container\" data-e-type=\"container\">\n\t\t\t\t<div class=\"elementor-element elementor-element-158700a elementor-widget elementor-widget-text-editor\" data-id=\"158700a\" data-element_type=\"widget\" data-e-type=\"widget\" data-widget_type=\"text-editor.default\">\n\t\t\t\t<div class=\"elementor-widget-container\">\n\t\t\t\t\t\t\t\t\t<p>Oui, l&rsquo;h\u00f4tel dispose d&rsquo;une plage priv\u00e9e.<\/p>\n\t\t\t\t\t\t\t\t<\/div>\n\t\t\t\t<\/div>\n\t\t\t\t<\/div>\n\t\t\t\t\t<\/details>\n\t\t\t\t\t\t<details id=\"e-n-accordion-item-8452\" class=\"e-n-accordion-item\" >\n\t\t\t\t<summary class=\"e-n-accordion-item-title\" data-accordion-index=\"3\" tabindex=\"-1\" aria-expanded=\"false\" aria-controls=\"e-n-accordion-item-8452\" >\n\t\t\t\t\t<span class='e-n-accordion-item-title-header'><h3 class=\"e-n-accordion-item-title-text\"> Le service de plage est-il inclus\u00a0? Quel \u00e9quipement est fourni\u00a0? <\/h3><\/span>\n\t\t\t\t\t\t\t<span class='e-n-accordion-item-title-icon'>\n\t\t\t<span class='e-opened' ><i aria-hidden=\"true\" class=\"icon icon-chevron-up\"><\/i><\/span>\n\t\t\t<span class='e-closed'><i aria-hidden=\"true\" class=\"icon icon-chevron-down\"><\/i><\/span>\n\t\t<\/span>\n\n\t\t\t\t\t\t<\/summary>\n\t\t\t\t<div role=\"region\" aria-labelledby=\"e-n-accordion-item-8452\" class=\"elementor-element elementor-element-0d662fe e-con-full e-flex e-con e-child\" data-id=\"0d662fe\" data-element_type=\"container\" data-e-type=\"container\">\n\t\t\t\t<div class=\"elementor-element elementor-element-bf574ea elementor-widget elementor-widget-text-editor\" data-id=\"bf574ea\" data-element_type=\"widget\" data-e-type=\"widget\" data-widget_type=\"text-editor.default\">\n\t\t\t\t<div class=\"elementor-widget-container\">\n\t\t\t\t\t\t\t\t\t<p>Le service de plage est toujours inclus et comprend\u00a0: un parasol, deux chaises longues et une chaise de r\u00e9alisateur. Le parasol est disponible \u00e0 partir de la troisi\u00e8me rang\u00e9e.<\/p>\n<p>Sur la plage, il y a des douches et des toilettes, ainsi qu&rsquo;un bar pour un d\u00e9jeuner rapide ou pour tout besoin durant l&rsquo;apr\u00e8s-midi.<\/p>\n\t\t\t\t\t\t\t\t<\/div>\n\t\t\t\t<\/div>\n\t\t\t\t<\/div>\n\t\t\t\t\t<\/details>\n\t\t\t\t\t\t<details id=\"e-n-accordion-item-8453\" class=\"e-n-accordion-item\" >\n\t\t\t\t<summary class=\"e-n-accordion-item-title\" data-accordion-index=\"4\" tabindex=\"-1\" aria-expanded=\"false\" aria-controls=\"e-n-accordion-item-8453\" >\n\t\t\t\t\t<span class='e-n-accordion-item-title-header'><h3 class=\"e-n-accordion-item-title-text\"> Est-il possible de r\u00e9server la premi\u00e8re et la deuxi\u00e8me rang\u00e9e moyennant un co\u00fbt suppl\u00e9mentaire ? <\/h3><\/span>\n\t\t\t\t\t\t\t<span class='e-n-accordion-item-title-icon'>\n\t\t\t<span class='e-opened' ><i aria-hidden=\"true\" class=\"icon icon-chevron-up\"><\/i><\/span>\n\t\t\t<span class='e-closed'><i aria-hidden=\"true\" class=\"icon icon-chevron-down\"><\/i><\/span>\n\t\t<\/span>\n\n\t\t\t\t\t\t<\/summary>\n\t\t\t\t<div role=\"region\" aria-labelledby=\"e-n-accordion-item-8453\" class=\"elementor-element elementor-element-a40190a e-con-full e-flex e-con e-child\" data-id=\"a40190a\" data-element_type=\"container\" data-e-type=\"container\">\n\t\t\t\t<div class=\"elementor-element elementor-element-50418f2 elementor-widget elementor-widget-text-editor\" data-id=\"50418f2\" data-element_type=\"widget\" data-e-type=\"widget\" data-widget_type=\"text-editor.default\">\n\t\t\t\t<div class=\"elementor-widget-container\">\n\t\t\t\t\t\t\t\t\t<p>Oui, voici les co\u00fbts :<\/p>\n<p><strong>1 parasol et 2 transats (tarifs journaliers)<\/strong><\/p>\n<p>Mai et septembre\u00a0: 1er rang 10\u00a0\u20ac, 2e rang 5\u00a0\u20ac<br \/>Juin et juillet\u00a0: 1er rang 19\u00a0\u20ac, 2e rang 10\u00a0\u20ac<br \/>Ao\u00fbt : 1er rang 25 \u20ac, 2e rang 19 \u20ac.<\/p>\n\t\t\t\t\t\t\t\t<\/div>\n\t\t\t\t<\/div>\n\t\t\t\t<\/div>\n\t\t\t\t\t<\/details>\n\t\t\t\t\t\t<details id=\"e-n-accordion-item-8454\" class=\"e-n-accordion-item\" >\n\t\t\t\t<summary class=\"e-n-accordion-item-title\" data-accordion-index=\"5\" tabindex=\"-1\" aria-expanded=\"false\" aria-controls=\"e-n-accordion-item-8454\" >\n\t\t\t\t\t<span class='e-n-accordion-item-title-header'><h3 class=\"e-n-accordion-item-title-text\"> \u00c0 quelle distance se trouve la plage de l'h\u00f4tel ? <\/h3><\/span>\n\t\t\t\t\t\t\t<span class='e-n-accordion-item-title-icon'>\n\t\t\t<span class='e-opened' ><i aria-hidden=\"true\" class=\"icon icon-chevron-up\"><\/i><\/span>\n\t\t\t<span class='e-closed'><i aria-hidden=\"true\" class=\"icon icon-chevron-down\"><\/i><\/span>\n\t\t<\/span>\n\n\t\t\t\t\t\t<\/summary>\n\t\t\t\t<div role=\"region\" aria-labelledby=\"e-n-accordion-item-8454\" class=\"elementor-element elementor-element-5af7300 e-con-full e-flex e-con e-child\" data-id=\"5af7300\" data-element_type=\"container\" data-e-type=\"container\">\n\t\t\t\t<div class=\"elementor-element elementor-element-fac19ee elementor-widget elementor-widget-text-editor\" data-id=\"fac19ee\" data-element_type=\"widget\" data-e-type=\"widget\" data-widget_type=\"text-editor.default\">\n\t\t\t\t<div class=\"elementor-widget-container\">\n\t\t\t\t\t\t\t\t\t<p>La plage se trouve \u00e0 environ 300 m de l&rsquo;h\u00f4tel, en traversant une pin\u00e8de confortable, sans avoir \u00e0 traverser la route.<\/p>\n\t\t\t\t\t\t\t\t<\/div>\n\t\t\t\t<\/div>\n\t\t\t\t<\/div>\n\t\t\t\t\t<\/details>\n\t\t\t\t\t\t<details id=\"e-n-accordion-item-8455\" class=\"e-n-accordion-item\" >\n\t\t\t\t<summary class=\"e-n-accordion-item-title\" data-accordion-index=\"6\" tabindex=\"-1\" aria-expanded=\"false\" aria-controls=\"e-n-accordion-item-8455\" >\n\t\t\t\t\t<span class='e-n-accordion-item-title-header'><h3 class=\"e-n-accordion-item-title-text\"> La plage est-elle sablonneuse ou rocheuse\u00a0? <\/h3><\/span>\n\t\t\t\t\t\t\t<span class='e-n-accordion-item-title-icon'>\n\t\t\t<span class='e-opened' ><i aria-hidden=\"true\" class=\"icon icon-chevron-up\"><\/i><\/span>\n\t\t\t<span class='e-closed'><i aria-hidden=\"true\" class=\"icon icon-chevron-down\"><\/i><\/span>\n\t\t<\/span>\n\n\t\t\t\t\t\t<\/summary>\n\t\t\t\t<div role=\"region\" aria-labelledby=\"e-n-accordion-item-8455\" class=\"elementor-element elementor-element-9aa5308 e-con-full e-flex e-con e-child\" data-id=\"9aa5308\" data-element_type=\"container\" data-e-type=\"container\">\n\t\t\t\t<div class=\"elementor-element elementor-element-34e9091 elementor-widget elementor-widget-text-editor\" data-id=\"34e9091\" data-element_type=\"widget\" data-e-type=\"widget\" data-widget_type=\"text-editor.default\">\n\t\t\t\t<div class=\"elementor-widget-container\">\n\t\t\t\t\t\t\t\t\t<p>La plage est de sable fin et a re\u00e7u le Pavillon Bleu pour la propret\u00e9 de ses eaux.<\/p>\n\t\t\t\t\t\t\t\t<\/div>\n\t\t\t\t<\/div>\n\t\t\t\t<\/div>\n\t\t\t\t\t<\/details>\n\t\t\t\t\t\t<details id=\"e-n-accordion-item-8456\" class=\"e-n-accordion-item\" >\n\t\t\t\t<summary class=\"e-n-accordion-item-title\" data-accordion-index=\"7\" tabindex=\"-1\" aria-expanded=\"false\" aria-controls=\"e-n-accordion-item-8456\" >\n\t\t\t\t\t<span class='e-n-accordion-item-title-header'><h3 class=\"e-n-accordion-item-title-text\"> Les serviettes de piscine et de plage sont-elles fournies\u00a0? Combien cela co\u00fbte-t-il\u00a0? <\/h3><\/span>\n\t\t\t\t\t\t\t<span class='e-n-accordion-item-title-icon'>\n\t\t\t<span class='e-opened' ><i aria-hidden=\"true\" class=\"icon icon-chevron-up\"><\/i><\/span>\n\t\t\t<span class='e-closed'><i aria-hidden=\"true\" class=\"icon icon-chevron-down\"><\/i><\/span>\n\t\t<\/span>\n\n\t\t\t\t\t\t<\/summary>\n\t\t\t\t<div role=\"region\" aria-labelledby=\"e-n-accordion-item-8456\" class=\"elementor-element elementor-element-2f219ca e-con-full e-flex e-con e-child\" data-id=\"2f219ca\" data-element_type=\"container\" data-e-type=\"container\">\n\t\t\t\t<div class=\"elementor-element elementor-element-85a34c9 elementor-widget elementor-widget-text-editor\" data-id=\"85a34c9\" data-element_type=\"widget\" data-e-type=\"widget\" data-widget_type=\"text-editor.default\">\n\t\t\t\t<div class=\"elementor-widget-container\">\n\t\t\t\t\t\t\t\t\t<p>Oui, une serviette de plage par personne est fournie gratuitement.<\/p>\n\t\t\t\t\t\t\t\t<\/div>\n\t\t\t\t<\/div>\n\t\t\t\t<\/div>\n\t\t\t\t\t<\/details>\n\t\t\t\t\t\t<details id=\"e-n-accordion-item-8457\" class=\"e-n-accordion-item\" >\n\t\t\t\t<summary class=\"e-n-accordion-item-title\" data-accordion-index=\"8\" tabindex=\"-1\" aria-expanded=\"false\" aria-controls=\"e-n-accordion-item-8457\" >\n\t\t\t\t\t<span class='e-n-accordion-item-title-header'><h3 class=\"e-n-accordion-item-title-text\"> Peut-on amener des animaux de compagnie \u00e0 la plage ? <\/h3><\/span>\n\t\t\t\t\t\t\t<span class='e-n-accordion-item-title-icon'>\n\t\t\t<span class='e-opened' ><i aria-hidden=\"true\" class=\"icon icon-chevron-up\"><\/i><\/span>\n\t\t\t<span class='e-closed'><i aria-hidden=\"true\" class=\"icon icon-chevron-down\"><\/i><\/span>\n\t\t<\/span>\n\n\t\t\t\t\t\t<\/summary>\n\t\t\t\t<div role=\"region\" aria-labelledby=\"e-n-accordion-item-8457\" class=\"elementor-element elementor-element-19d9dff e-con-full e-flex e-con e-child\" data-id=\"19d9dff\" data-element_type=\"container\" data-e-type=\"container\">\n\t\t\t\t<div class=\"elementor-element elementor-element-57a5835 elementor-widget elementor-widget-text-editor\" data-id=\"57a5835\" data-element_type=\"widget\" data-e-type=\"widget\" data-widget_type=\"text-editor.default\">\n\t\t\t\t<div class=\"elementor-widget-container\">\n\t\t\t\t\t\t\t\t\t<p>Non, il n&rsquo;est pas possible d&rsquo;amener des animaux \u00e0 la plage.<\/p>\n\t\t\t\t\t\t\t\t<\/div>\n\t\t\t\t<\/div>\n\t\t\t\t<\/div>\n\t\t\t\t\t<\/details>\n\t\t\t\t\t\t<details id=\"e-n-accordion-item-8458\" class=\"e-n-accordion-item\" >\n\t\t\t\t<summary class=\"e-n-accordion-item-title\" data-accordion-index=\"9\" tabindex=\"-1\" aria-expanded=\"false\" aria-controls=\"e-n-accordion-item-8458\" >\n\t\t\t\t\t<span class='e-n-accordion-item-title-header'><h3 class=\"e-n-accordion-item-title-text\"> Y a-t-il un bar sur la plage ? <\/h3><\/span>\n\t\t\t\t\t\t\t<span class='e-n-accordion-item-title-icon'>\n\t\t\t<span class='e-opened' ><i aria-hidden=\"true\" class=\"icon icon-chevron-up\"><\/i><\/span>\n\t\t\t<span class='e-closed'><i aria-hidden=\"true\" class=\"icon icon-chevron-down\"><\/i><\/span>\n\t\t<\/span>\n\n\t\t\t\t\t\t<\/summary>\n\t\t\t\t<div role=\"region\" aria-labelledby=\"e-n-accordion-item-8458\" class=\"elementor-element elementor-element-49c65ea e-con-full e-flex e-con e-child\" data-id=\"49c65ea\" data-element_type=\"container\" data-e-type=\"container\">\n\t\t\t\t<div class=\"elementor-element elementor-element-b172881 elementor-widget elementor-widget-text-editor\" data-id=\"b172881\" data-element_type=\"widget\" data-e-type=\"widget\" data-widget_type=\"text-editor.default\">\n\t\t\t\t<div class=\"elementor-widget-container\">\n\t\t\t\t\t\t\t\t\t<p>Oui, il y a le Caf\u00e9 del Mare qui propose \u00e9galement des sandwichs, des petits pains et des entr\u00e9es cuites \u00e0 basse temp\u00e9rature, \u00e9galement adapt\u00e9s au d\u00e9jeuner.<\/p>\n\t\t\t\t\t\t\t\t<\/div>\n\t\t\t\t<\/div>\n\t\t\t\t<\/div>\n\t\t\t\t\t<\/details>\n\t\t\t\t\t\t<details id=\"e-n-accordion-item-8459\" class=\"e-n-accordion-item\" >\n\t\t\t\t<summary class=\"e-n-accordion-item-title\" data-accordion-index=\"10\" tabindex=\"-1\" aria-expanded=\"false\" aria-controls=\"e-n-accordion-item-8459\" >\n\t\t\t\t\t<span class='e-n-accordion-item-title-header'><h3 class=\"e-n-accordion-item-title-text\"> Y a-t-il des douches sur la plage ? <\/h3><\/span>\n\t\t\t\t\t\t\t<span class='e-n-accordion-item-title-icon'>\n\t\t\t<span class='e-opened' ><i aria-hidden=\"true\" class=\"icon icon-chevron-up\"><\/i><\/span>\n\t\t\t<span class='e-closed'><i aria-hidden=\"true\" class=\"icon icon-chevron-down\"><\/i><\/span>\n\t\t<\/span>\n\n\t\t\t\t\t\t<\/summary>\n\t\t\t\t<div role=\"region\" aria-labelledby=\"e-n-accordion-item-8459\" class=\"elementor-element elementor-element-a570bb5 e-con-full e-flex e-con e-child\" data-id=\"a570bb5\" data-element_type=\"container\" data-e-type=\"container\">\n\t\t\t\t<div class=\"elementor-element elementor-element-b06ec59 elementor-widget elementor-widget-text-editor\" data-id=\"b06ec59\" data-element_type=\"widget\" data-e-type=\"widget\" data-widget_type=\"text-editor.default\">\n\t\t\t\t<div class=\"elementor-widget-container\">\n\t\t\t\t\t\t\t\t\t<p>Oui, la plage dispose de douches.<\/p>\n\t\t\t\t\t\t\t\t<\/div>\n\t\t\t\t<\/div>\n\t\t\t\t<\/div>\n\t\t\t\t\t<\/details>\n\t\t\t\t\t\t<details id=\"e-n-accordion-item-84510\" class=\"e-n-accordion-item\" >\n\t\t\t\t<summary class=\"e-n-accordion-item-title\" data-accordion-index=\"11\" tabindex=\"-1\" aria-expanded=\"false\" aria-controls=\"e-n-accordion-item-84510\" >\n\t\t\t\t\t<span class='e-n-accordion-item-title-header'><h3 class=\"e-n-accordion-item-title-text\"> L'acc\u00e8s au centre de bien-\u00eatre est-il inclus ou payant\u00a0? <\/h3><\/span>\n\t\t\t\t\t\t\t<span class='e-n-accordion-item-title-icon'>\n\t\t\t<span class='e-opened' ><i aria-hidden=\"true\" class=\"icon icon-chevron-up\"><\/i><\/span>\n\t\t\t<span class='e-closed'><i aria-hidden=\"true\" class=\"icon icon-chevron-down\"><\/i><\/span>\n\t\t<\/span>\n\n\t\t\t\t\t\t<\/summary>\n\t\t\t\t<div role=\"region\" aria-labelledby=\"e-n-accordion-item-84510\" class=\"elementor-element elementor-element-ec49cd6 e-con-full e-flex e-con e-child\" data-id=\"ec49cd6\" data-element_type=\"container\" data-e-type=\"container\">\n\t\t\t\t<div class=\"elementor-element elementor-element-65a2394 elementor-widget elementor-widget-text-editor\" data-id=\"65a2394\" data-element_type=\"widget\" data-e-type=\"widget\" data-widget_type=\"text-editor.default\">\n\t\t\t\t<div class=\"elementor-widget-container\">\n\t\t\t\t\t\t\t\t\t<p>L&rsquo;entr\u00e9e au centre de bien-\u00eatre est payante. Le co\u00fbt du parcours bien-\u00eatre de 60 minutes est de 20 \u20ac par personne.<\/p>\n\t\t\t\t\t\t\t\t<\/div>\n\t\t\t\t<\/div>\n\t\t\t\t<\/div>\n\t\t\t\t\t<\/details>\n\t\t\t\t\t\t<details id=\"e-n-accordion-item-84511\" class=\"e-n-accordion-item\" >\n\t\t\t\t<summary class=\"e-n-accordion-item-title\" data-accordion-index=\"12\" tabindex=\"-1\" aria-expanded=\"false\" aria-controls=\"e-n-accordion-item-84511\" >\n\t\t\t\t\t<span class='e-n-accordion-item-title-header'><h3 class=\"e-n-accordion-item-title-text\"> Quels sont les horaires d'ouverture du centre de bien-\u00eatre ? <\/h3><\/span>\n\t\t\t\t\t\t\t<span class='e-n-accordion-item-title-icon'>\n\t\t\t<span class='e-opened' ><i aria-hidden=\"true\" class=\"icon icon-chevron-up\"><\/i><\/span>\n\t\t\t<span class='e-closed'><i aria-hidden=\"true\" class=\"icon icon-chevron-down\"><\/i><\/span>\n\t\t<\/span>\n\n\t\t\t\t\t\t<\/summary>\n\t\t\t\t<div role=\"region\" aria-labelledby=\"e-n-accordion-item-84511\" class=\"elementor-element elementor-element-0e6a206 e-con-full e-flex e-con e-child\" data-id=\"0e6a206\" data-element_type=\"container\" data-e-type=\"container\">\n\t\t\t\t<div class=\"elementor-element elementor-element-3bee4ef elementor-widget elementor-widget-text-editor\" data-id=\"3bee4ef\" data-element_type=\"widget\" data-e-type=\"widget\" data-widget_type=\"text-editor.default\">\n\t\t\t\t<div class=\"elementor-widget-container\">\n\t\t\t\t\t\t\t\t\t<p>Le centre de bien-\u00eatre est ouvert tous les jours de 15h \u00e0 19h. Il est \u00e9galement ouvert le matin le week-end.<\/p>\n\t\t\t\t\t\t\t\t<\/div>\n\t\t\t\t<\/div>\n\t\t\t\t<\/div>\n\t\t\t\t\t<\/details>\n\t\t\t\t\t\t<details id=\"e-n-accordion-item-84512\" class=\"e-n-accordion-item\" >\n\t\t\t\t<summary class=\"e-n-accordion-item-title\" data-accordion-index=\"13\" tabindex=\"-1\" aria-expanded=\"false\" aria-controls=\"e-n-accordion-item-84512\" >\n\t\t\t\t\t<span class='e-n-accordion-item-title-header'><h3 class=\"e-n-accordion-item-title-text\"> Que comprend le programme bien-\u00eatre\u00a0? Quelle est sa dur\u00e9e\u00a0? <\/h3><\/span>\n\t\t\t\t\t\t\t<span class='e-n-accordion-item-title-icon'>\n\t\t\t<span class='e-opened' ><i aria-hidden=\"true\" class=\"icon icon-chevron-up\"><\/i><\/span>\n\t\t\t<span class='e-closed'><i aria-hidden=\"true\" class=\"icon icon-chevron-down\"><\/i><\/span>\n\t\t<\/span>\n\n\t\t\t\t\t\t<\/summary>\n\t\t\t\t<div role=\"region\" aria-labelledby=\"e-n-accordion-item-84512\" class=\"elementor-element elementor-element-6c8566b e-con-full e-flex e-con e-child\" data-id=\"6c8566b\" data-element_type=\"container\" data-e-type=\"container\">\n\t\t\t\t<div class=\"elementor-element elementor-element-485f1da elementor-widget elementor-widget-text-editor\" data-id=\"485f1da\" data-element_type=\"widget\" data-e-type=\"widget\" data-widget_type=\"text-editor.default\">\n\t\t\t\t<div class=\"elementor-widget-container\">\n\t\t\t\t\t\t\t\t\t<p>Le programme bien-\u00eatre dure environ 90 minutes et comprend l&rsquo;acc\u00e8s aux bassins d&rsquo;hydromassage int\u00e9rieurs, au sauna, au hammam, aux douches \u00e9motionnelles, au tepidarium et au calidarium.<\/p>\n\t\t\t\t\t\t\t\t<\/div>\n\t\t\t\t<\/div>\n\t\t\t\t<\/div>\n\t\t\t\t\t<\/details>\n\t\t\t\t\t\t<details id=\"e-n-accordion-item-84513\" class=\"e-n-accordion-item\" >\n\t\t\t\t<summary class=\"e-n-accordion-item-title\" data-accordion-index=\"14\" tabindex=\"-1\" aria-expanded=\"false\" aria-controls=\"e-n-accordion-item-84513\" >\n\t\t\t\t\t<span class='e-n-accordion-item-title-header'><h3 class=\"e-n-accordion-item-title-text\"> Une r\u00e9servation est-elle n\u00e9cessaire pour acc\u00e9der au centre de bien-\u00eatre ? <\/h3><\/span>\n\t\t\t\t\t\t\t<span class='e-n-accordion-item-title-icon'>\n\t\t\t<span class='e-opened' ><i aria-hidden=\"true\" class=\"icon icon-chevron-up\"><\/i><\/span>\n\t\t\t<span class='e-closed'><i aria-hidden=\"true\" class=\"icon icon-chevron-down\"><\/i><\/span>\n\t\t<\/span>\n\n\t\t\t\t\t\t<\/summary>\n\t\t\t\t<div role=\"region\" aria-labelledby=\"e-n-accordion-item-84513\" class=\"elementor-element elementor-element-fca6ca6 e-con-full e-flex e-con e-child\" data-id=\"fca6ca6\" data-element_type=\"container\" data-e-type=\"container\">\n\t\t\t\t<div class=\"elementor-element elementor-element-a86e898 elementor-widget elementor-widget-text-editor\" data-id=\"a86e898\" data-element_type=\"widget\" data-e-type=\"widget\" data-widget_type=\"text-editor.default\">\n\t\t\t\t<div class=\"elementor-widget-container\">\n\t\t\t\t\t\t\t\t\t<p>Oui, il est toujours n\u00e9cessaire de r\u00e9server pour y acc\u00e9der.<\/p>\n\t\t\t\t\t\t\t\t<\/div>\n\t\t\t\t<\/div>\n\t\t\t\t<\/div>\n\t\t\t\t\t<\/details>\n\t\t\t\t\t\t<details id=\"e-n-accordion-item-84514\" class=\"e-n-accordion-item\" >\n\t\t\t\t<summary class=\"e-n-accordion-item-title\" data-accordion-index=\"15\" tabindex=\"-1\" aria-expanded=\"false\" aria-controls=\"e-n-accordion-item-84514\" >\n\t\t\t\t\t<span class='e-n-accordion-item-title-header'><h3 class=\"e-n-accordion-item-title-text\"> Est-il possible de r\u00e9server le Spa exclusivement pour des f\u00eates et des \u00e9v\u00e9nements ? <\/h3><\/span>\n\t\t\t\t\t\t\t<span class='e-n-accordion-item-title-icon'>\n\t\t\t<span class='e-opened' ><i aria-hidden=\"true\" class=\"icon icon-chevron-up\"><\/i><\/span>\n\t\t\t<span class='e-closed'><i aria-hidden=\"true\" class=\"icon icon-chevron-down\"><\/i><\/span>\n\t\t<\/span>\n\n\t\t\t\t\t\t<\/summary>\n\t\t\t\t<div role=\"region\" aria-labelledby=\"e-n-accordion-item-84514\" class=\"elementor-element elementor-element-b71cb8a e-con-full e-flex e-con e-child\" data-id=\"b71cb8a\" data-element_type=\"container\" data-e-type=\"container\">\n\t\t\t\t<div class=\"elementor-element elementor-element-abf62dd elementor-widget elementor-widget-text-editor\" data-id=\"abf62dd\" data-element_type=\"widget\" data-e-type=\"widget\" data-widget_type=\"text-editor.default\">\n\t\t\t\t<div class=\"elementor-widget-container\">\n\t\t\t\t\t\t\t\t\t<p>Oui, il est possible, sur demande et sous r\u00e9serve de disponibilit\u00e9, de r\u00e9server le spa en exclusivit\u00e9.<\/p>\n\t\t\t\t\t\t\t\t<\/div>\n\t\t\t\t<\/div>\n\t\t\t\t<\/div>\n\t\t\t\t\t<\/details>\n\t\t\t\t\t\t<details id=\"e-n-accordion-item-84515\" class=\"e-n-accordion-item\" >\n\t\t\t\t<summary class=\"e-n-accordion-item-title\" data-accordion-index=\"16\" tabindex=\"-1\" aria-expanded=\"false\" aria-controls=\"e-n-accordion-item-84515\" >\n\t\t\t\t\t<span class='e-n-accordion-item-title-header'><h3 class=\"e-n-accordion-item-title-text\"> Quel est l'\u00e2ge minimum pour acc\u00e9der au centre de bien-\u00eatre ? <\/h3><\/span>\n\t\t\t\t\t\t\t<span class='e-n-accordion-item-title-icon'>\n\t\t\t<span class='e-opened' ><i aria-hidden=\"true\" class=\"icon icon-chevron-up\"><\/i><\/span>\n\t\t\t<span class='e-closed'><i aria-hidden=\"true\" class=\"icon icon-chevron-down\"><\/i><\/span>\n\t\t<\/span>\n\n\t\t\t\t\t\t<\/summary>\n\t\t\t\t<div role=\"region\" aria-labelledby=\"e-n-accordion-item-84515\" class=\"elementor-element elementor-element-6210afc e-con-full e-flex e-con e-child\" data-id=\"6210afc\" data-element_type=\"container\" data-e-type=\"container\">\n\t\t\t\t<div class=\"elementor-element elementor-element-3a8ebcd elementor-widget elementor-widget-text-editor\" data-id=\"3a8ebcd\" data-element_type=\"widget\" data-e-type=\"widget\" data-widget_type=\"text-editor.default\">\n\t\t\t\t<div class=\"elementor-widget-container\">\n\t\t\t\t\t\t\t\t\t<p>L&rsquo;acc\u00e8s au centre de bien-\u00eatre est autoris\u00e9 aux personnes \u00e2g\u00e9es de 18 ans et plus et co\u00fbte 20,00 \u20ac par personne.<\/p>\n<p>Les enfants de plus de 3 ans sont admis, sous la surveillance d&rsquo;un adulte responsable, t\u00f4t le matin (de 9 h \u00e0 11 h ou de 10 h \u00e0 12 h selon la saison). Les enfants de moins de 3 ans doivent \u00eatre accompagn\u00e9s d&rsquo;un adulte (une d\u00e9charge de responsabilit\u00e9 est requise).<\/p>\n<p>L&rsquo;acc\u00e8s au sauna et au hammam est interdit aux enfants de moins de 14 ans.<\/p>\n\t\t\t\t\t\t\t\t<\/div>\n\t\t\t\t<\/div>\n\t\t\t\t<\/div>\n\t\t\t\t\t<\/details>\n\t\t\t\t\t\t<details id=\"e-n-accordion-item-84516\" class=\"e-n-accordion-item\" >\n\t\t\t\t<summary class=\"e-n-accordion-item-title\" data-accordion-index=\"17\" tabindex=\"-1\" aria-expanded=\"false\" aria-controls=\"e-n-accordion-item-84516\" >\n\t\t\t\t\t<span class='e-n-accordion-item-title-header'><h3 class=\"e-n-accordion-item-title-text\"> Est-il possible de r\u00e9server des soins en couple ? <\/h3><\/span>\n\t\t\t\t\t\t\t<span class='e-n-accordion-item-title-icon'>\n\t\t\t<span class='e-opened' ><i aria-hidden=\"true\" class=\"icon icon-chevron-up\"><\/i><\/span>\n\t\t\t<span class='e-closed'><i aria-hidden=\"true\" class=\"icon icon-chevron-down\"><\/i><\/span>\n\t\t<\/span>\n\n\t\t\t\t\t\t<\/summary>\n\t\t\t\t<div role=\"region\" aria-labelledby=\"e-n-accordion-item-84516\" class=\"elementor-element elementor-element-c4163d7 e-con-full e-flex e-con e-child\" data-id=\"c4163d7\" data-element_type=\"container\" data-e-type=\"container\">\n\t\t\t\t<div class=\"elementor-element elementor-element-1e5b813 elementor-widget elementor-widget-text-editor\" data-id=\"1e5b813\" data-element_type=\"widget\" data-e-type=\"widget\" data-widget_type=\"text-editor.default\">\n\t\t\t\t<div class=\"elementor-widget-container\">\n\t\t\t\t\t\t\t\t\t<p>Oui, il est possible de r\u00e9server des soins en couple.<\/p>\n\t\t\t\t\t\t\t\t<\/div>\n\t\t\t\t<\/div>\n\t\t\t\t<\/div>\n\t\t\t\t\t<\/details>\n\t\t\t\t\t\t<details id=\"e-n-accordion-item-84517\" class=\"e-n-accordion-item\" >\n\t\t\t\t<summary class=\"e-n-accordion-item-title\" data-accordion-index=\"18\" tabindex=\"-1\" aria-expanded=\"false\" aria-controls=\"e-n-accordion-item-84517\" >\n\t\t\t\t\t<span class='e-n-accordion-item-title-header'><h3 class=\"e-n-accordion-item-title-text\"> Y a-t-il un garage ou un parking disponible\u00a0? Combien cela co\u00fbte-t-il\u00a0? <\/h3><\/span>\n\t\t\t\t\t\t\t<span class='e-n-accordion-item-title-icon'>\n\t\t\t<span class='e-opened' ><i aria-hidden=\"true\" class=\"icon icon-chevron-up\"><\/i><\/span>\n\t\t\t<span class='e-closed'><i aria-hidden=\"true\" class=\"icon icon-chevron-down\"><\/i><\/span>\n\t\t<\/span>\n\n\t\t\t\t\t\t<\/summary>\n\t\t\t\t<div role=\"region\" aria-labelledby=\"e-n-accordion-item-84517\" class=\"elementor-element elementor-element-da0c566 e-con-full e-flex e-con e-child\" data-id=\"da0c566\" data-element_type=\"container\" data-e-type=\"container\">\n\t\t\t\t<div class=\"elementor-element elementor-element-524dc18 elementor-widget elementor-widget-text-editor\" data-id=\"524dc18\" data-element_type=\"widget\" data-e-type=\"widget\" data-widget_type=\"text-editor.default\">\n\t\t\t\t<div class=\"elementor-widget-container\">\n\t\t\t\t\t\t\t\t\t<p>L&rsquo;h\u00f4tel dispose d&rsquo;un parking gratuit, non surveill\u00e9 et ouvert.<\/p>\n\t\t\t\t\t\t\t\t<\/div>\n\t\t\t\t<\/div>\n\t\t\t\t<\/div>\n\t\t\t\t\t<\/details>\n\t\t\t\t\t\t<details id=\"e-n-accordion-item-84518\" class=\"e-n-accordion-item\" >\n\t\t\t\t<summary class=\"e-n-accordion-item-title\" data-accordion-index=\"19\" tabindex=\"-1\" aria-expanded=\"false\" aria-controls=\"e-n-accordion-item-84518\" >\n\t\t\t\t\t<span class='e-n-accordion-item-title-header'><h3 class=\"e-n-accordion-item-title-text\"> Puis-je amener un animal de compagnie\u00a0? Quelle taille\u00a0? Y a-t-il un suppl\u00e9ment\u00a0? <\/h3><\/span>\n\t\t\t\t\t\t\t<span class='e-n-accordion-item-title-icon'>\n\t\t\t<span class='e-opened' ><i aria-hidden=\"true\" class=\"icon icon-chevron-up\"><\/i><\/span>\n\t\t\t<span class='e-closed'><i aria-hidden=\"true\" class=\"icon icon-chevron-down\"><\/i><\/span>\n\t\t<\/span>\n\n\t\t\t\t\t\t<\/summary>\n\t\t\t\t<div role=\"region\" aria-labelledby=\"e-n-accordion-item-84518\" class=\"elementor-element elementor-element-576a4e3 e-con-full e-flex e-con e-child\" data-id=\"576a4e3\" data-element_type=\"container\" data-e-type=\"container\">\n\t\t\t\t<div class=\"elementor-element elementor-element-7bf0a39 elementor-widget elementor-widget-text-editor\" data-id=\"7bf0a39\" data-element_type=\"widget\" data-e-type=\"widget\" data-widget_type=\"text-editor.default\">\n\t\t\t\t<div class=\"elementor-widget-container\">\n\t\t\t\t\t\t\t\t\t<p>Oui, l&rsquo;h\u00f4tel accepte les animaux, moyennant un suppl\u00e9ment de 30 \u20ac par jour. Les animaux ne sont pas admis sur la plage et au solarium de la piscine.<\/p>\n\t\t\t\t\t\t\t\t<\/div>\n\t\t\t\t<\/div>\n\t\t\t\t<\/div>\n\t\t\t\t\t<\/details>\n\t\t\t\t\t\t<details id=\"e-n-accordion-item-84519\" class=\"e-n-accordion-item\" >\n\t\t\t\t<summary class=\"e-n-accordion-item-title\" data-accordion-index=\"20\" tabindex=\"-1\" aria-expanded=\"false\" aria-controls=\"e-n-accordion-item-84519\" >\n\t\t\t\t\t<span class='e-n-accordion-item-title-header'><h3 class=\"e-n-accordion-item-title-text\"> Existe-t-il un service de mini-club pour les enfants\u00a0? Quelles activit\u00e9s sont pr\u00e9vues\u00a0? <\/h3><\/span>\n\t\t\t\t\t\t\t<span class='e-n-accordion-item-title-icon'>\n\t\t\t<span class='e-opened' ><i aria-hidden=\"true\" class=\"icon icon-chevron-up\"><\/i><\/span>\n\t\t\t<span class='e-closed'><i aria-hidden=\"true\" class=\"icon icon-chevron-down\"><\/i><\/span>\n\t\t<\/span>\n\n\t\t\t\t\t\t<\/summary>\n\t\t\t\t<div role=\"region\" aria-labelledby=\"e-n-accordion-item-84519\" class=\"elementor-element elementor-element-d9435ce e-con-full e-flex e-con e-child\" data-id=\"d9435ce\" data-element_type=\"container\" data-e-type=\"container\">\n\t\t\t\t<div class=\"elementor-element elementor-element-9f34571 elementor-widget elementor-widget-text-editor\" data-id=\"9f34571\" data-element_type=\"widget\" data-e-type=\"widget\" data-widget_type=\"text-editor.default\">\n\t\t\t\t<div class=\"elementor-widget-container\">\n\t\t\t\t\t\t\t\t\t<p>Oui, les animations s&rsquo;adressent aux enfants de 4 \u00e0 12 ans et se d\u00e9roulent de mi-juin \u00e0 mi-septembre. Des activit\u00e9s de plein air sont propos\u00e9es le matin et l&rsquo;apr\u00e8s-midi, ainsi que des animations pour enfants en soir\u00e9e et une baby dance.<\/p>\n\t\t\t\t\t\t\t\t<\/div>\n\t\t\t\t<\/div>\n\t\t\t\t<\/div>\n\t\t\t\t\t<\/details>\n\t\t\t\t\t\t<details id=\"e-n-accordion-item-84520\" class=\"e-n-accordion-item\" >\n\t\t\t\t<summary class=\"e-n-accordion-item-title\" data-accordion-index=\"21\" tabindex=\"-1\" aria-expanded=\"false\" aria-controls=\"e-n-accordion-item-84520\" >\n\t\t\t\t\t<span class='e-n-accordion-item-title-header'><h3 class=\"e-n-accordion-item-title-text\"> Existe-t-il un service de baby-sitting ? <\/h3><\/span>\n\t\t\t\t\t\t\t<span class='e-n-accordion-item-title-icon'>\n\t\t\t<span class='e-opened' ><i aria-hidden=\"true\" class=\"icon icon-chevron-up\"><\/i><\/span>\n\t\t\t<span class='e-closed'><i aria-hidden=\"true\" class=\"icon icon-chevron-down\"><\/i><\/span>\n\t\t<\/span>\n\n\t\t\t\t\t\t<\/summary>\n\t\t\t\t<div role=\"region\" aria-labelledby=\"e-n-accordion-item-84520\" class=\"elementor-element elementor-element-6610c0b e-con-full e-flex e-con e-child\" data-id=\"6610c0b\" data-element_type=\"container\" data-e-type=\"container\">\n\t\t\t\t<div class=\"elementor-element elementor-element-2dc62a4 elementor-widget elementor-widget-text-editor\" data-id=\"2dc62a4\" data-element_type=\"widget\" data-e-type=\"widget\" data-widget_type=\"text-editor.default\">\n\t\t\t\t<div class=\"elementor-widget-container\">\n\t\t\t\t\t\t\t\t\t<p>Oui, des services de garde d&rsquo;enfants sont disponibles sur demande et moyennant des frais, sous r\u00e9serve de disponibilit\u00e9.<\/p>\n\t\t\t\t\t\t\t\t<\/div>\n\t\t\t\t<\/div>\n\t\t\t\t<\/div>\n\t\t\t\t\t<\/details>\n\t\t\t\t\t<\/div>\n\t\t\t\t\t<script type=\"application\/ld+json\">{\"@context\":\"https:\\\/\\\/schema.org\",\"@type\":\"FAQPage\",\"mainEntity\":[{\"@type\":\"Question\",\"name\":\"Organisez-vous des circuits et des excursions ?\",\"acceptedAnswer\":{\"@type\":\"Answer\",\"text\":\"Oui, l&rsquo;h\\u00f4tel dispose d&rsquo;un \\u00ab expert local \\u00bb, un service r\\u00e9serv\\u00e9 exclusivement aux visites et excursions. Nous avons s\\u00e9lectionn\\u00e9 plus de 100 exp\\u00e9riences pour d\\u00e9couvrir la Maremme toscane et la Toscane authentique.\"}},{\"@type\":\"Question\",\"name\":\"Est-ce que l'h\\u00f4tel dispose d'une plage priv\\u00e9e?\",\"acceptedAnswer\":{\"@type\":\"Answer\",\"text\":\"Oui, l&rsquo;h\\u00f4tel dispose d&rsquo;une plage priv\\u00e9e.\"}},{\"@type\":\"Question\",\"name\":\"Le service de plage est-il inclus\\u00a0? Quel \\u00e9quipement est fourni\\u00a0?\",\"acceptedAnswer\":{\"@type\":\"Answer\",\"text\":\"Le service de plage est toujours inclus et comprend\\u00a0: un parasol, deux chaises longues et une chaise de r\\u00e9alisateur. Le parasol est disponible \\u00e0 partir de la troisi\\u00e8me rang\\u00e9e.\\nSur la plage, il y a des douches et des toilettes, ainsi qu&rsquo;un bar pour un d\\u00e9jeuner rapide ou pour tout besoin durant l&rsquo;apr\\u00e8s-midi.\"}},{\"@type\":\"Question\",\"name\":\"Est-il possible de r\\u00e9server la premi\\u00e8re et la deuxi\\u00e8me rang\\u00e9e moyennant un co\\u00fbt suppl\\u00e9mentaire ?\",\"acceptedAnswer\":{\"@type\":\"Answer\",\"text\":\"Oui, voici les co\\u00fbts :\\n1 parasol et 2 transats (tarifs journaliers)\\nMai et septembre\\u00a0: 1er rang 10\\u00a0\\u20ac, 2e rang 5\\u00a0\\u20acJuin et juillet\\u00a0: 1er rang 19\\u00a0\\u20ac, 2e rang 10\\u00a0\\u20acAo\\u00fbt : 1er rang 25 \\u20ac, 2e rang 19 \\u20ac.\"}},{\"@type\":\"Question\",\"name\":\"\\u00c0 quelle distance se trouve la plage de l'h\\u00f4tel ?\",\"acceptedAnswer\":{\"@type\":\"Answer\",\"text\":\"La plage se trouve \\u00e0 environ 300 m de l&rsquo;h\\u00f4tel, en traversant une pin\\u00e8de confortable, sans avoir \\u00e0 traverser la route.\"}},{\"@type\":\"Question\",\"name\":\"La plage est-elle sablonneuse ou rocheuse\\u00a0?\",\"acceptedAnswer\":{\"@type\":\"Answer\",\"text\":\"La plage est de sable fin et a re\\u00e7u le Pavillon Bleu pour la propret\\u00e9 de ses eaux.\"}},{\"@type\":\"Question\",\"name\":\"Les serviettes de piscine et de plage sont-elles fournies\\u00a0? Combien cela co\\u00fbte-t-il\\u00a0?\",\"acceptedAnswer\":{\"@type\":\"Answer\",\"text\":\"Oui, une serviette de plage par personne est fournie gratuitement.\"}},{\"@type\":\"Question\",\"name\":\"Peut-on amener des animaux de compagnie \\u00e0 la plage ?\",\"acceptedAnswer\":{\"@type\":\"Answer\",\"text\":\"Non, il n&rsquo;est pas possible d&rsquo;amener des animaux \\u00e0 la plage.\"}},{\"@type\":\"Question\",\"name\":\"Y a-t-il un bar sur la plage ?\",\"acceptedAnswer\":{\"@type\":\"Answer\",\"text\":\"Oui, il y a le Caf\\u00e9 del Mare qui propose \\u00e9galement des sandwichs, des petits pains et des entr\\u00e9es cuites \\u00e0 basse temp\\u00e9rature, \\u00e9galement adapt\\u00e9s au d\\u00e9jeuner.\"}},{\"@type\":\"Question\",\"name\":\"Y a-t-il des douches sur la plage ?\",\"acceptedAnswer\":{\"@type\":\"Answer\",\"text\":\"Oui, la plage dispose de douches.\"}},{\"@type\":\"Question\",\"name\":\"L'acc\\u00e8s au centre de bien-\\u00eatre est-il inclus ou payant\\u00a0?\",\"acceptedAnswer\":{\"@type\":\"Answer\",\"text\":\"L&rsquo;entr\\u00e9e au centre de bien-\\u00eatre est payante. Le co\\u00fbt du parcours bien-\\u00eatre de 60 minutes est de 20 \\u20ac par personne.\"}},{\"@type\":\"Question\",\"name\":\"Quels sont les horaires d'ouverture du centre de bien-\\u00eatre ?\",\"acceptedAnswer\":{\"@type\":\"Answer\",\"text\":\"Le centre de bien-\\u00eatre est ouvert tous les jours de 15h \\u00e0 19h. Il est \\u00e9galement ouvert le matin le week-end.\"}},{\"@type\":\"Question\",\"name\":\"Que comprend le programme bien-\\u00eatre\\u00a0? Quelle est sa dur\\u00e9e\\u00a0?\",\"acceptedAnswer\":{\"@type\":\"Answer\",\"text\":\"Le programme bien-\\u00eatre dure environ 90 minutes et comprend l&rsquo;acc\\u00e8s aux bassins d&rsquo;hydromassage int\\u00e9rieurs, au sauna, au hammam, aux douches \\u00e9motionnelles, au tepidarium et au calidarium.\"}},{\"@type\":\"Question\",\"name\":\"Une r\\u00e9servation est-elle n\\u00e9cessaire pour acc\\u00e9der au centre de bien-\\u00eatre ?\",\"acceptedAnswer\":{\"@type\":\"Answer\",\"text\":\"Oui, il est toujours n\\u00e9cessaire de r\\u00e9server pour y acc\\u00e9der.\"}},{\"@type\":\"Question\",\"name\":\"Est-il possible de r\\u00e9server le Spa exclusivement pour des f\\u00eates et des \\u00e9v\\u00e9nements ?\",\"acceptedAnswer\":{\"@type\":\"Answer\",\"text\":\"Oui, il est possible, sur demande et sous r\\u00e9serve de disponibilit\\u00e9, de r\\u00e9server le spa en exclusivit\\u00e9.\"}},{\"@type\":\"Question\",\"name\":\"Quel est l'\\u00e2ge minimum pour acc\\u00e9der au centre de bien-\\u00eatre ?\",\"acceptedAnswer\":{\"@type\":\"Answer\",\"text\":\"L&rsquo;acc\\u00e8s au centre de bien-\\u00eatre est autoris\\u00e9 aux personnes \\u00e2g\\u00e9es de 18 ans et plus et co\\u00fbte 20,00 \\u20ac par personne.\\nLes enfants de plus de 3 ans sont admis, sous la surveillance d&rsquo;un adulte responsable, t\\u00f4t le matin (de 9 h \\u00e0 11 h ou de 10 h \\u00e0 12 h selon la saison). Les enfants de moins de 3 ans doivent \\u00eatre accompagn\\u00e9s d&rsquo;un adulte (une d\\u00e9charge de responsabilit\\u00e9 est requise).\\nL&rsquo;acc\\u00e8s au sauna et au hammam est interdit aux enfants de moins de 14 ans.\"}},{\"@type\":\"Question\",\"name\":\"Est-il possible de r\\u00e9server des soins en couple ?\",\"acceptedAnswer\":{\"@type\":\"Answer\",\"text\":\"Oui, il est possible de r\\u00e9server des soins en couple.\"}},{\"@type\":\"Question\",\"name\":\"Y a-t-il un garage ou un parking disponible\\u00a0? Combien cela co\\u00fbte-t-il\\u00a0?\",\"acceptedAnswer\":{\"@type\":\"Answer\",\"text\":\"L&rsquo;h\\u00f4tel dispose d&rsquo;un parking gratuit, non surveill\\u00e9 et ouvert.\"}},{\"@type\":\"Question\",\"name\":\"Puis-je amener un animal de compagnie\\u00a0? Quelle taille\\u00a0? Y a-t-il un suppl\\u00e9ment\\u00a0?\",\"acceptedAnswer\":{\"@type\":\"Answer\",\"text\":\"Oui, l&rsquo;h\\u00f4tel accepte les animaux, moyennant un suppl\\u00e9ment de 30 \\u20ac par jour. Les animaux ne sont pas admis sur la plage et au solarium de la piscine.\"}},{\"@type\":\"Question\",\"name\":\"Existe-t-il un service de mini-club pour les enfants\\u00a0? Quelles activit\\u00e9s sont pr\\u00e9vues\\u00a0?\",\"acceptedAnswer\":{\"@type\":\"Answer\",\"text\":\"Oui, les animations s&rsquo;adressent aux enfants de 4 \\u00e0 12 ans et se d\\u00e9roulent de mi-juin \\u00e0 mi-septembre. Des activit\\u00e9s de plein air sont propos\\u00e9es le matin et l&rsquo;apr\\u00e8s-midi, ainsi que des animations pour enfants en soir\\u00e9e et une baby dance.\"}},{\"@type\":\"Question\",\"name\":\"Existe-t-il un service de baby-sitting ?\",\"acceptedAnswer\":{\"@type\":\"Answer\",\"text\":\"Oui, des services de garde d&rsquo;enfants sont disponibles sur demande et moyennant des frais, sous r\\u00e9serve de disponibilit\\u00e9.\"}}]}<\/script>\n\t\t\t\t\t\t\t<\/div>\n\t\t\t\t<\/div>\n\t\t\t\t<\/div>\n\t\t\t\t\t<\/div>\n\t\t\t\t<\/div>\n\t\t<div class=\"elementor-element elementor-element-21e4e31 e-flex e-con-boxed e-con e-parent\" data-id=\"21e4e31\" data-element_type=\"container\" data-e-type=\"container\" data-settings=\"{&quot;background_background&quot;:&quot;classic&quot;}\">\n\t\t\t\t\t<div class=\"e-con-inner\">\n\t\t<div class=\"elementor-element elementor-element-380074e e-con-full e-flex e-con e-child\" data-id=\"380074e\" data-element_type=\"container\" data-e-type=\"container\">\n\t\t\t\t<div class=\"elementor-element elementor-element-9fe86c8 elementor-widget elementor-widget-heading\" data-id=\"9fe86c8\" data-element_type=\"widget\" data-e-type=\"widget\" data-widget_type=\"heading.default\">\n\t\t\t\t<div class=\"elementor-widget-container\">\n\t\t\t\t\t<h2 class=\"elementor-heading-title elementor-size-default\">Autre<\/h2>\t\t\t\t<\/div>\n\t\t\t\t<\/div>\n\t\t\t\t<div class=\"elementor-element elementor-element-d964b64 elementor-widget elementor-widget-text-editor\" data-id=\"d964b64\" data-element_type=\"widget\" data-e-type=\"widget\" data-widget_type=\"text-editor.default\">\n\t\t\t\t<div class=\"elementor-widget-container\">\n\t\t\t\t\t\t\t\t\t<p>Autres sujets d&rsquo;int\u00e9r\u00eat potentiel<\/p>\n\t\t\t\t\t\t\t\t<\/div>\n\t\t\t\t<\/div>\n\t\t\t\t<\/div>\n\t\t<div class=\"elementor-element elementor-element-464f45d e-con-full e-flex e-con e-child\" data-id=\"464f45d\" data-element_type=\"container\" data-e-type=\"container\">\n\t\t\t\t<div class=\"elementor-element elementor-element-c441619 elementor-widget elementor-widget-n-accordion\" data-id=\"c441619\" data-element_type=\"widget\" data-e-type=\"widget\" data-settings=\"{&quot;default_state&quot;:&quot;all_collapsed&quot;,&quot;max_items_expended&quot;:&quot;one&quot;,&quot;n_accordion_animation_duration&quot;:{&quot;unit&quot;:&quot;ms&quot;,&quot;size&quot;:400,&quot;sizes&quot;:[]}}\" data-widget_type=\"nested-accordion.default\">\n\t\t\t\t<div class=\"elementor-widget-container\">\n\t\t\t\t\t\t\t<div class=\"e-n-accordion\" aria-label=\"Accordion. Open links with Enter or Space, close with Escape, and navigate with Arrow Keys\">\n\t\t\t\t\t\t<details id=\"e-n-accordion-item-2050\" class=\"e-n-accordion-item\" >\n\t\t\t\t<summary class=\"e-n-accordion-item-title\" data-accordion-index=\"1\" tabindex=\"0\" aria-expanded=\"false\" aria-controls=\"e-n-accordion-item-2050\" >\n\t\t\t\t\t<span class='e-n-accordion-item-title-header'><h3 class=\"e-n-accordion-item-title-text\"> L'h\u00f4tel est-il loin du centre ? <\/h3><\/span>\n\t\t\t\t\t\t\t<span class='e-n-accordion-item-title-icon'>\n\t\t\t<span class='e-opened' ><i aria-hidden=\"true\" class=\"icon icon-chevron-up\"><\/i><\/span>\n\t\t\t<span class='e-closed'><i aria-hidden=\"true\" class=\"icon icon-chevron-down\"><\/i><\/span>\n\t\t<\/span>\n\n\t\t\t\t\t\t<\/summary>\n\t\t\t\t<div role=\"region\" aria-labelledby=\"e-n-accordion-item-2050\" class=\"elementor-element elementor-element-655fc45 e-con-full e-flex e-con e-child\" data-id=\"655fc45\" data-element_type=\"container\" data-e-type=\"container\">\n\t\t\t\t<div class=\"elementor-element elementor-element-19e6702 elementor-widget elementor-widget-text-editor\" data-id=\"19e6702\" data-element_type=\"widget\" data-e-type=\"widget\" data-widget_type=\"text-editor.default\">\n\t\t\t\t<div class=\"elementor-widget-container\">\n\t\t\t\t\t\t\t\t\t<p>L&rsquo;H\u00f4tel Marinetta est situ\u00e9 en plein centre de Marina di Bibbona, une petite station baln\u00e9aire.<\/p>\n\t\t\t\t\t\t\t\t<\/div>\n\t\t\t\t<\/div>\n\t\t\t\t<\/div>\n\t\t\t\t\t<\/details>\n\t\t\t\t\t\t<details id=\"e-n-accordion-item-2051\" class=\"e-n-accordion-item\" >\n\t\t\t\t<summary class=\"e-n-accordion-item-title\" data-accordion-index=\"2\" tabindex=\"-1\" aria-expanded=\"false\" aria-controls=\"e-n-accordion-item-2051\" >\n\t\t\t\t\t<span class='e-n-accordion-item-title-header'><h3 class=\"e-n-accordion-item-title-text\"> Quel est l'a\u00e9roport le plus proche ? <\/h3><\/span>\n\t\t\t\t\t\t\t<span class='e-n-accordion-item-title-icon'>\n\t\t\t<span class='e-opened' ><i aria-hidden=\"true\" class=\"icon icon-chevron-up\"><\/i><\/span>\n\t\t\t<span class='e-closed'><i aria-hidden=\"true\" class=\"icon icon-chevron-down\"><\/i><\/span>\n\t\t<\/span>\n\n\t\t\t\t\t\t<\/summary>\n\t\t\t\t<div role=\"region\" aria-labelledby=\"e-n-accordion-item-2051\" class=\"elementor-element elementor-element-dda8dda e-con-full e-flex e-con e-child\" data-id=\"dda8dda\" data-element_type=\"container\" data-e-type=\"container\">\n\t\t\t\t<div class=\"elementor-element elementor-element-a1fab03 elementor-widget elementor-widget-text-editor\" data-id=\"a1fab03\" data-element_type=\"widget\" data-e-type=\"widget\" data-widget_type=\"text-editor.default\">\n\t\t\t\t<div class=\"elementor-widget-container\">\n\t\t\t\t\t\t\t\t\t<p>L&rsquo;a\u00e9roport le plus proche est celui de Pise, \u00e0 130 km, tandis que l&rsquo;a\u00e9roport de Rome est \u00e0 190 km.<\/p>\n\t\t\t\t\t\t\t\t<\/div>\n\t\t\t\t<\/div>\n\t\t\t\t<\/div>\n\t\t\t\t\t<\/details>\n\t\t\t\t\t<\/div>\n\t\t\t\t\t<script type=\"application\/ld+json\">{\"@context\":\"https:\\\/\\\/schema.org\",\"@type\":\"FAQPage\",\"mainEntity\":[{\"@type\":\"Question\",\"name\":\"L'h\\u00f4tel est-il loin du centre ?\",\"acceptedAnswer\":{\"@type\":\"Answer\",\"text\":\"L&rsquo;H\\u00f4tel Marinetta est situ\\u00e9 en plein centre de Marina di Bibbona, une petite station baln\\u00e9aire.\"}},{\"@type\":\"Question\",\"name\":\"Quel est l'a\\u00e9roport le plus proche ?\",\"acceptedAnswer\":{\"@type\":\"Answer\",\"text\":\"L&rsquo;a\\u00e9roport le plus proche est celui de Pise, \\u00e0 130 km, tandis que l&rsquo;a\\u00e9roport de Rome est \\u00e0 190 km.\"}}]}<\/script>\n\t\t\t\t\t\t\t<\/div>\n\t\t\t\t<\/div>\n\t\t\t\t<\/div>\n\t\t\t\t\t<\/div>\n\t\t\t\t<\/div>\n\t\t\t\t<\/div>\n\t\t","protected":false},"excerpt":{"rendered":"<p>FAQ : Questions et R\u00e9ponses de l&rsquo;Hotel Marinetta Bienvenue dans la foire aux questions de notre h\u00f4tel. Vous y trouverez des r\u00e9ponses d\u00e9taill\u00e9es sur les services, les r\u00e9servations, les paiements, la restauration et bien plus encore. Si vous ne trouvez pas la r\u00e9ponse \u00e0 votre question, n&rsquo;h\u00e9sitez pas \u00e0 nous contacter\u00a0! R\u00e9servation et paiements Tout [&hellip;]<\/p>\n","protected":false},"author":1,"featured_media":0,"parent":0,"menu_order":0,"comment_status":"closed","ping_status":"closed","template":"","meta":{"footnotes":""},"class_list":["post-5111","page","type-page","status-publish","hentry"],"yoast_head":"<!-- This site is optimized with the Yoast SEO plugin v28.4 - https:\/\/yoast.com\/product\/yoast-seo-wordpress\/ -->\n<title>FAQ | Hotel Marinetta<\/title>\n<meta name=\"description\" content=\"Consultez les r\u00e9ponses aux questions fr\u00e9quemment pos\u00e9es pour mieux organiser votre s\u00e9jour \u00e0 l&#039;H\u00f4tel Marinetta, visitez la page.\" \/>\n<meta name=\"robots\" content=\"index, follow, max-snippet:-1, max-image-preview:large, max-video-preview:-1\" \/>\n<link rel=\"canonical\" href=\"https:\/\/hotelmarinetta.it\/fr\/faq\/\" \/>\n<meta property=\"og:locale\" content=\"fr_FR\" \/>\n<meta property=\"og:type\" content=\"article\" \/>\n<meta property=\"og:title\" content=\"FAQ | Hotel Marinetta\" \/>\n<meta property=\"og:description\" content=\"Consultez les r\u00e9ponses aux questions fr\u00e9quemment pos\u00e9es pour mieux organiser votre s\u00e9jour \u00e0 l&#039;H\u00f4tel Marinetta, visitez la page.\" \/>\n<meta property=\"og:url\" content=\"https:\/\/hotelmarinetta.it\/fr\/faq\/\" \/>\n<meta property=\"og:site_name\" content=\"Park Hotel Marinetta\" \/>\n<meta property=\"article:publisher\" content=\"https:\/\/www.facebook.com\/parkhotelmarinetta\" \/>\n<meta property=\"article:modified_time\" content=\"2026-07-23T15:56:30+00:00\" \/>\n<meta name=\"twitter:card\" content=\"summary_large_image\" \/>\n<meta name=\"twitter:label1\" content=\"Dur\u00e9e de lecture estim\u00e9e\" \/>\n\t<meta name=\"twitter:data1\" content=\"17 minutes\" \/>\n<script type=\"application\/ld+json\" class=\"yoast-schema-graph\">{\"@context\":\"https:\\\/\\\/schema.org\",\"@graph\":[{\"@type\":\"WebPage\",\"@id\":\"https:\\\/\\\/hotelmarinetta.it\\\/fr\\\/faq\\\/\",\"url\":\"https:\\\/\\\/hotelmarinetta.it\\\/fr\\\/faq\\\/\",\"name\":\"FAQ | Hotel Marinetta\",\"isPartOf\":{\"@id\":\"https:\\\/\\\/hotelmarinetta.it\\\/fr\\\/#website\"},\"datePublished\":\"2025-05-28T12:27:40+00:00\",\"dateModified\":\"2026-07-23T15:56:30+00:00\",\"description\":\"Consultez les r\u00e9ponses aux questions fr\u00e9quemment pos\u00e9es pour mieux organiser votre s\u00e9jour \u00e0 l'H\u00f4tel Marinetta, visitez la page.\",\"breadcrumb\":{\"@id\":\"https:\\\/\\\/hotelmarinetta.it\\\/fr\\\/faq\\\/#breadcrumb\"},\"inLanguage\":\"fr-FR\",\"potentialAction\":[{\"@type\":\"ReadAction\",\"target\":[\"https:\\\/\\\/hotelmarinetta.it\\\/fr\\\/faq\\\/\"]}]},{\"@type\":\"BreadcrumbList\",\"@id\":\"https:\\\/\\\/hotelmarinetta.it\\\/fr\\\/faq\\\/#breadcrumb\",\"itemListElement\":[{\"@type\":\"ListItem\",\"position\":1,\"name\":\"Home\",\"item\":\"https:\\\/\\\/hotelmarinetta.it\\\/fr\\\/\"},{\"@type\":\"ListItem\",\"position\":2,\"name\":\"Faq\"}]},{\"@type\":\"WebSite\",\"@id\":\"https:\\\/\\\/hotelmarinetta.it\\\/fr\\\/#website\",\"url\":\"https:\\\/\\\/hotelmarinetta.it\\\/fr\\\/\",\"name\":\"Park Hotel Marinetta\",\"description\":\"Resort sul Mare in Toscana\",\"publisher\":{\"@id\":\"https:\\\/\\\/hotelmarinetta.it\\\/fr\\\/#organization\"},\"potentialAction\":[{\"@type\":\"SearchAction\",\"target\":{\"@type\":\"EntryPoint\",\"urlTemplate\":\"https:\\\/\\\/hotelmarinetta.it\\\/fr\\\/?s={search_term_string}\"},\"query-input\":{\"@type\":\"PropertyValueSpecification\",\"valueRequired\":true,\"valueName\":\"search_term_string\"}}],\"inLanguage\":\"fr-FR\"},{\"@type\":\"Organization\",\"@id\":\"https:\\\/\\\/hotelmarinetta.it\\\/fr\\\/#organization\",\"name\":\"Park Hotel Marinetta\",\"url\":\"https:\\\/\\\/hotelmarinetta.it\\\/fr\\\/\",\"logo\":{\"@type\":\"ImageObject\",\"inLanguage\":\"fr-FR\",\"@id\":\"https:\\\/\\\/hotelmarinetta.it\\\/fr\\\/#\\\/schema\\\/logo\\\/image\\\/\",\"url\":\"https:\\\/\\\/hotelmarinetta.it\\\/wp-content\\\/uploads\\\/2025\\\/05\\\/Logo-PHM-01.png\",\"contentUrl\":\"https:\\\/\\\/hotelmarinetta.it\\\/wp-content\\\/uploads\\\/2025\\\/05\\\/Logo-PHM-01.png\",\"width\":294,\"height\":89,\"caption\":\"Park Hotel Marinetta\"},\"image\":{\"@id\":\"https:\\\/\\\/hotelmarinetta.it\\\/fr\\\/#\\\/schema\\\/logo\\\/image\\\/\"},\"sameAs\":[\"https:\\\/\\\/www.facebook.com\\\/parkhotelmarinetta\",\"https:\\\/\\\/www.instagram.com\\\/parkhotelmarinetta\\\/\"]}]}<\/script>\n<!-- \/ Yoast SEO plugin. -->","yoast_head_json":{"title":"FAQ | Hotel Marinetta","description":"Consultez les r\u00e9ponses aux questions fr\u00e9quemment pos\u00e9es pour mieux organiser votre s\u00e9jour \u00e0 l'H\u00f4tel Marinetta, visitez la page.","robots":{"index":"index","follow":"follow","max-snippet":"max-snippet:-1","max-image-preview":"max-image-preview:large","max-video-preview":"max-video-preview:-1"},"canonical":"https:\/\/hotelmarinetta.it\/fr\/faq\/","og_locale":"fr_FR","og_type":"article","og_title":"FAQ | Hotel Marinetta","og_description":"Consultez les r\u00e9ponses aux questions fr\u00e9quemment pos\u00e9es pour mieux organiser votre s\u00e9jour \u00e0 l'H\u00f4tel Marinetta, visitez la page.","og_url":"https:\/\/hotelmarinetta.it\/fr\/faq\/","og_site_name":"Park Hotel Marinetta","article_publisher":"https:\/\/www.facebook.com\/parkhotelmarinetta","article_modified_time":"2026-07-23T15:56:30+00:00","twitter_card":"summary_large_image","twitter_misc":{"Dur\u00e9e de lecture estim\u00e9e":"17 minutes"},"schema":{"@context":"https:\/\/schema.org","@graph":[{"@type":"WebPage","@id":"https:\/\/hotelmarinetta.it\/fr\/faq\/","url":"https:\/\/hotelmarinetta.it\/fr\/faq\/","name":"FAQ | Hotel Marinetta","isPartOf":{"@id":"https:\/\/hotelmarinetta.it\/fr\/#website"},"datePublished":"2025-05-28T12:27:40+00:00","dateModified":"2026-07-23T15:56:30+00:00","description":"Consultez les r\u00e9ponses aux questions fr\u00e9quemment pos\u00e9es pour mieux organiser votre s\u00e9jour \u00e0 l'H\u00f4tel Marinetta, visitez la page.","breadcrumb":{"@id":"https:\/\/hotelmarinetta.it\/fr\/faq\/#breadcrumb"},"inLanguage":"fr-FR","potentialAction":[{"@type":"ReadAction","target":["https:\/\/hotelmarinetta.it\/fr\/faq\/"]}]},{"@type":"BreadcrumbList","@id":"https:\/\/hotelmarinetta.it\/fr\/faq\/#breadcrumb","itemListElement":[{"@type":"ListItem","position":1,"name":"Home","item":"https:\/\/hotelmarinetta.it\/fr\/"},{"@type":"ListItem","position":2,"name":"Faq"}]},{"@type":"WebSite","@id":"https:\/\/hotelmarinetta.it\/fr\/#website","url":"https:\/\/hotelmarinetta.it\/fr\/","name":"Park Hotel Marinetta","description":"Resort sul Mare in Toscana","publisher":{"@id":"https:\/\/hotelmarinetta.it\/fr\/#organization"},"potentialAction":[{"@type":"SearchAction","target":{"@type":"EntryPoint","urlTemplate":"https:\/\/hotelmarinetta.it\/fr\/?s={search_term_string}"},"query-input":{"@type":"PropertyValueSpecification","valueRequired":true,"valueName":"search_term_string"}}],"inLanguage":"fr-FR"},{"@type":"Organization","@id":"https:\/\/hotelmarinetta.it\/fr\/#organization","name":"Park Hotel Marinetta","url":"https:\/\/hotelmarinetta.it\/fr\/","logo":{"@type":"ImageObject","inLanguage":"fr-FR","@id":"https:\/\/hotelmarinetta.it\/fr\/#\/schema\/logo\/image\/","url":"https:\/\/hotelmarinetta.it\/wp-content\/uploads\/2025\/05\/Logo-PHM-01.png","contentUrl":"https:\/\/hotelmarinetta.it\/wp-content\/uploads\/2025\/05\/Logo-PHM-01.png","width":294,"height":89,"caption":"Park Hotel Marinetta"},"image":{"@id":"https:\/\/hotelmarinetta.it\/fr\/#\/schema\/logo\/image\/"},"sameAs":["https:\/\/www.facebook.com\/parkhotelmarinetta","https:\/\/www.instagram.com\/parkhotelmarinetta\/"]}]}},"_links":{"self":[{"href":"https:\/\/hotelmarinetta.it\/fr\/wp-json\/wp\/v2\/pages\/5111","targetHints":{"allow":["GET"]}}],"collection":[{"href":"https:\/\/hotelmarinetta.it\/fr\/wp-json\/wp\/v2\/pages"}],"about":[{"href":"https:\/\/hotelmarinetta.it\/fr\/wp-json\/wp\/v2\/types\/page"}],"author":[{"embeddable":true,"href":"https:\/\/hotelmarinetta.it\/fr\/wp-json\/wp\/v2\/users\/1"}],"replies":[{"embeddable":true,"href":"https:\/\/hotelmarinetta.it\/fr\/wp-json\/wp\/v2\/comments?post=5111"}],"version-history":[{"count":12,"href":"https:\/\/hotelmarinetta.it\/fr\/wp-json\/wp\/v2\/pages\/5111\/revisions"}],"predecessor-version":[{"id":10972,"href":"https:\/\/hotelmarinetta.it\/fr\/wp-json\/wp\/v2\/pages\/5111\/revisions\/10972"}],"wp:attachment":[{"href":"https:\/\/hotelmarinetta.it\/fr\/wp-json\/wp\/v2\/media?parent=5111"}],"curies":[{"name":"wp","href":"https:\/\/api.w.org\/{rel}","templated":true}]}}