{"id":10712,"date":"2026-07-01T16:29:15","date_gmt":"2026-07-01T14:29:15","guid":{"rendered":"https:\/\/hotelmarinetta.it\/menus-speciaux-sans-gluten-vegetarien-vegan\/"},"modified":"2026-07-01T16:50:47","modified_gmt":"2026-07-01T14:50:47","slug":"menus-speciaux-sans-gluten-vegetarien-vegan","status":"publish","type":"page","link":"https:\/\/hotelmarinetta.it\/fr\/menus-speciaux-sans-gluten-vegetarien-vegan\/","title":{"rendered":"Menus sans gluten, v\u00e9g\u00e9tarien et vegan"},"content":{"rendered":"\t\t<div data-elementor-type=\"wp-page\" data-elementor-id=\"10712\" class=\"elementor elementor-10712 elementor-10666\" data-elementor-post-type=\"page\">\n\t\t\t\t<div class=\"elementor-element elementor-element-3f8090f e-flex e-con-boxed e-con e-parent\" data-id=\"3f8090f\" data-element_type=\"container\" data-e-type=\"container\" data-settings=\"{&quot;background_background&quot;:&quot;classic&quot;}\">\n\t\t\t\t\t<div class=\"e-con-inner\">\n\t\t<div class=\"elementor-element elementor-element-55561e6 e-con-full e-flex e-con e-child\" data-id=\"55561e6\" data-element_type=\"container\" data-e-type=\"container\">\n\t\t<div class=\"elementor-element elementor-element-d1224b6 e-con-full e-flex e-con e-child\" data-id=\"d1224b6\" data-element_type=\"container\" data-e-type=\"container\">\n\t\t\t\t<div class=\"elementor-element elementor-element-eafd370 elementor-widget elementor-widget-heading\" data-id=\"eafd370\" data-element_type=\"widget\" data-e-type=\"widget\" data-widget_type=\"heading.default\">\n\t\t\t\t<div class=\"elementor-widget-container\">\n\t\t\t\t\t<h1 class=\"elementor-heading-title elementor-size-default\">Menus sans gluten, v\u00e9g\u00e9tarien et vegan<\/h1>\t\t\t\t<\/div>\n\t\t\t\t<\/div>\n\t\t\t\t<\/div>\n\t\t<div class=\"elementor-element elementor-element-cd25928 e-con-full e-flex e-con e-child\" data-id=\"cd25928\" data-element_type=\"container\" data-e-type=\"container\">\n\t\t\t\t<div class=\"elementor-element elementor-element-24d3794 elementor-widget elementor-widget-heading\" data-id=\"24d3794\" data-element_type=\"widget\" data-e-type=\"widget\" data-widget_type=\"heading.default\">\n\t\t\t\t<div class=\"elementor-widget-container\">\n\t\t\t\t\t<h2 class=\"elementor-heading-title elementor-size-default\">Au Park Hotel Marinetta, bien manger ne signifie pas faire de compromis. Que vous suiviez un r\u00e9gime sans gluten pour raisons m\u00e9dicales, que vous soyez v\u00e9g\u00e9tarien, vegan ou simplement attentif \u00e0 votre alimentation, nos restaurants s'adaptent \u00e0 vos besoins \u00e0 chaque service.<\/h2>\t\t\t\t<\/div>\n\t\t\t\t<\/div>\n\t\t\t\t<\/div>\n\t\t\t\t<\/div>\n\t\t\t\t\t<\/div>\n\t\t\t\t<\/div>\n\t\t<div class=\"elementor-element elementor-element-c95408f e-con-full e-flex e-con e-parent\" data-id=\"c95408f\" data-element_type=\"container\" data-e-type=\"container\" data-settings=\"{&quot;background_background&quot;:&quot;classic&quot;}\">\n\t\t<div class=\"elementor-element elementor-element-d442ec7 e-con-full e-flex e-con e-child\" data-id=\"d442ec7\" data-element_type=\"container\" data-e-type=\"container\" data-settings=\"{&quot;background_background&quot;:&quot;classic&quot;}\">\n\t\t\t\t<\/div>\n\t\t<div class=\"elementor-element elementor-element-4c4ed87 e-flex e-con-boxed e-con e-child\" data-id=\"4c4ed87\" data-element_type=\"container\" data-e-type=\"container\">\n\t\t\t\t\t<div class=\"e-con-inner\">\n\t\t<div class=\"elementor-element elementor-element-5db0963 e-con-full e-flex e-con e-child\" data-id=\"5db0963\" data-element_type=\"container\" data-e-type=\"container\">\n\t\t\t\t<div class=\"elementor-element elementor-element-ff717a5 elementor-widget elementor-widget-heading\" data-id=\"ff717a5\" data-element_type=\"widget\" data-e-type=\"widget\" data-widget_type=\"heading.default\">\n\t\t\t\t<div class=\"elementor-widget-container\">\n\t\t\t\t\t<h2 class=\"elementor-heading-title elementor-size-default\">Une restauration inclusive, dans tous nos restaurants<\/h2>\t\t\t\t<\/div>\n\t\t\t\t<\/div>\n\t\t\t\t<div class=\"elementor-element elementor-element-44c6a81 elementor-widget elementor-widget-text-editor\" data-id=\"44c6a81\" data-element_type=\"widget\" data-e-type=\"widget\" data-widget_type=\"text-editor.default\">\n\t\t\t\t<div class=\"elementor-widget-container\">\n\t\t\t\t\t\t\t\t\t<p>Les <b>options sans gluten, v\u00e9g\u00e9tariennes et veganes<\/b> sont disponibles sur demande dans l&rsquo;ensemble des restaurants et bars du resort, du buffet du petit-d\u00e9jeuner au d\u00eener gastronomique, en passant par le d\u00e9jeuner au bord de la piscine ou sur la plage.<\/p>\n<p>Il vous suffit de mentionner vos besoins alimentaires au moment de la r\u00e9servation ou \u00e0 votre arriv\u00e9e : notre \u00e9quipe de restauration veillera \u00e0 ce que chaque repas soit adapt\u00e9 \u00e0 vos exigences, sans que vous ayez \u00e0 vous en pr\u00e9occuper pendant votre s\u00e9jour.<\/p>\n\t\t\t\t\t\t\t\t<\/div>\n\t\t\t\t<\/div>\n\t\t\t\t<\/div>\n\t\t\t\t\t<\/div>\n\t\t\t\t<\/div>\n\t\t\t\t<\/div>\n\t\t<div class=\"elementor-element elementor-element-e01bbf1 e-flex e-con-boxed e-con e-parent\" data-id=\"e01bbf1\" data-element_type=\"container\" data-e-type=\"container\">\n\t\t\t\t\t<div class=\"e-con-inner\">\n\t\t<div class=\"elementor-element elementor-element-dd856ee e-con-full e-flex e-con e-child\" data-id=\"dd856ee\" data-element_type=\"container\" data-e-type=\"container\">\n\t\t\t\t<div class=\"elementor-element elementor-element-1c13150 elementor-widget elementor-widget-heading\" data-id=\"1c13150\" data-element_type=\"widget\" data-e-type=\"widget\" data-widget_type=\"heading.default\">\n\t\t\t\t<div class=\"elementor-widget-container\">\n\t\t\t\t\t<h2 class=\"elementor-heading-title elementor-size-default\">Comment nous informer de vos besoins<\/h2>\t\t\t\t<\/div>\n\t\t\t\t<\/div>\n\t\t\t\t<div class=\"elementor-element elementor-element-8b60c83 elementor-widget-divider--view-line elementor-widget elementor-widget-divider\" data-id=\"8b60c83\" data-element_type=\"widget\" data-e-type=\"widget\" data-widget_type=\"divider.default\">\n\t\t\t\t<div class=\"elementor-widget-container\">\n\t\t\t\t\t\t\t<div class=\"elementor-divider\">\n\t\t\t<span class=\"elementor-divider-separator\">\n\t\t\t\t\t\t<\/span>\n\t\t<\/div>\n\t\t\t\t\t\t<\/div>\n\t\t\t\t<\/div>\n\t\t<div class=\"elementor-element elementor-element-f1fa964 e-con-full e-flex e-con e-child\" data-id=\"f1fa964\" data-element_type=\"container\" data-e-type=\"container\">\n\t\t\t\t<div class=\"elementor-element elementor-element-424d4cb elementor-widget elementor-widget-text-editor\" data-id=\"424d4cb\" data-element_type=\"widget\" data-e-type=\"widget\" data-widget_type=\"text-editor.default\">\n\t\t\t\t<div class=\"elementor-widget-container\">\n\t\t\t\t\t\t\t\t\t<p>Pour garantir la meilleure exp\u00e9rience possible, nous vous invitons \u00e0 nous communiquer vos besoins alimentaires :<\/p>\n<ul>\n<li><b>Au moment de la r\u00e9servation<\/b>, par email \u00e0 <span style=\"text-decoration: underline;\"><a href=\"mailto:booking@hotelmarinetta.it\">booking@hotelmarinetta.it<\/a><\/span> ou par t\u00e9l\u00e9phone au +39.0586.600598.<\/li>\n<li><b>\u00c0 votre arriv\u00e9e<\/b>, en le signalant \u00e0 la r\u00e9ception ou directement au restaurant.<\/li>\n<\/ul>\n<p>Notre \u00e9quipe fera le n\u00e9cessaire pour que chaque repas de votre s\u00e9jour soit adapt\u00e9 \u00e0 vos exigences.<\/p>\n\t\t\t\t\t\t\t\t<\/div>\n\t\t\t\t<\/div>\n\t\t\t\t<\/div>\n\t\t\t\t<\/div>\n\t\t\t\t\t<\/div>\n\t\t\t\t<\/div>\n\t\t<div class=\"elementor-element elementor-element-4a8aa65 e-con-full e-flex e-con e-parent\" data-id=\"4a8aa65\" data-element_type=\"container\" data-e-type=\"container\" data-settings=\"{&quot;background_background&quot;:&quot;classic&quot;}\">\n\t\t<div class=\"elementor-element elementor-element-58f5da9 e-con-full e-flex e-con e-child\" data-id=\"58f5da9\" data-element_type=\"container\" data-e-type=\"container\" data-settings=\"{&quot;background_background&quot;:&quot;classic&quot;}\">\n\t\t\t\t<\/div>\n\t\t<div class=\"elementor-element elementor-element-8344233 e-con-full e-flex e-con e-child\" data-id=\"8344233\" data-element_type=\"container\" data-e-type=\"container\">\n\t\t\t\t<div class=\"elementor-element elementor-element-76c0ce7 elementor-widget elementor-widget-heading\" data-id=\"76c0ce7\" data-element_type=\"widget\" data-e-type=\"widget\" data-widget_type=\"heading.default\">\n\t\t\t\t<div class=\"elementor-widget-container\">\n\t\t\t\t\t<h2 class=\"elementor-heading-title elementor-size-default\">Nos restaurants<\/h2>\t\t\t\t<\/div>\n\t\t\t\t<\/div>\n\t\t\t\t<div class=\"elementor-element elementor-element-a344555 elementor-widget elementor-widget-text-editor\" data-id=\"a344555\" data-element_type=\"widget\" data-e-type=\"widget\" data-widget_type=\"text-editor.default\">\n\t\t\t\t<div class=\"elementor-widget-container\">\n\t\t\t\t\t\t\t\t\t<p>Le Park Hotel Marinetta propose plusieurs espaces de restauration, chacun avec sa propre atmosph\u00e8re :<\/p>\n<ul>\n<li style=\"list-style-type: none;\">\n<ul>\n<li><b>Anfora di Baratti\u00a0<\/b>: buffet du petit-d\u00e9jeuner, avec options sans gluten, v\u00e9g\u00e9tariennes et veganes disponibles chaque matin.<\/li>\n<\/ul>\n<p><\/li>\n<p><\/ul>\n<p>&nbsp;<\/p>\n<ul>\n<li style=\"list-style-type: none;\">\n<ul>\n<li><b>Granace\u00a0<\/b>: restaurant au bord de la piscine, pour les d\u00e9jeuners en famille ou entre amis.<\/li>\n<\/ul>\n<p><\/li>\n<p><\/ul>\n<p>&nbsp;<\/p>\n<ul>\n<li style=\"list-style-type: none;\">\n<ul>\n<li><b>Caf\u00e9 del Mare\u00a0<\/b>: bar de plage, pour une pause l\u00e9g\u00e8re pendant la journ\u00e9e.<\/li>\n<\/ul>\n<p><\/li>\n<p><\/ul>\n<p>&nbsp;<\/p>\n<ul>\n<li><b>Ombra della Sera\u00a0<\/b>: restaurant gastronomique \u00e0 la carte pour les d\u00eeners, avec une cuisine ancr\u00e9e dans les saveurs de la Toscane et de la M\u00e9diterran\u00e9e.<\/li>\n<\/ul>\n<p>Dans tous ces espaces, les menus sp\u00e9ciaux sont disponibles sur demande.<span class=\"Apple-converted-space\">\u00a0<\/span><\/p>\n\t\t\t\t\t\t\t\t<\/div>\n\t\t\t\t<\/div>\n\t\t\t\t<div class=\"elementor-element elementor-element-9fb8103 elementor-widget elementor-widget-button\" data-id=\"9fb8103\" data-element_type=\"widget\" data-e-type=\"widget\" data-widget_type=\"button.default\">\n\t\t\t\t<div class=\"elementor-widget-container\">\n\t\t\t\t\t\t\t\t\t<div class=\"elementor-button-wrapper\">\n\t\t\t\t\t<a class=\"elementor-button elementor-button-link elementor-size-sm\" href=\"https:\/\/hotelmarinetta.it\/fr\/restaurants\/\">\n\t\t\t\t\t\t<span class=\"elementor-button-content-wrapper\">\n\t\t\t\t\t\t\t\t\t<span class=\"elementor-button-text\">D\u00e9couvrir tous les restaurants<\/span>\n\t\t\t\t\t<\/span>\n\t\t\t\t\t<\/a>\n\t\t\t\t<\/div>\n\t\t\t\t\t\t\t\t<\/div>\n\t\t\t\t<\/div>\n\t\t\t\t<\/div>\n\t\t\t\t<\/div>\n\t\t<div class=\"elementor-element elementor-element-7cae8f1 e-con-full e-flex e-con e-parent\" data-id=\"7cae8f1\" data-element_type=\"container\" data-e-type=\"container\" data-settings=\"{&quot;background_background&quot;:&quot;classic&quot;}\">\n\t\t<div class=\"elementor-element elementor-element-24628c0 e-con-full e-flex e-con e-child\" data-id=\"24628c0\" data-element_type=\"container\" data-e-type=\"container\" data-settings=\"{&quot;background_background&quot;:&quot;classic&quot;}\">\n\t\t\t\t<\/div>\n\t\t<div class=\"elementor-element elementor-element-af0a6e3 e-con-full e-flex e-con e-child\" data-id=\"af0a6e3\" data-element_type=\"container\" data-e-type=\"container\">\n\t\t\t\t<div class=\"elementor-element elementor-element-a7eb7bb elementor-widget elementor-widget-heading\" data-id=\"a7eb7bb\" data-element_type=\"widget\" data-e-type=\"widget\" data-widget_type=\"heading.default\">\n\t\t\t\t<div class=\"elementor-widget-container\">\n\t\t\t\t\t<h2 class=\"elementor-heading-title elementor-size-default\">Sans gluten<\/h2>\t\t\t\t<\/div>\n\t\t\t\t<\/div>\n\t\t\t\t<div class=\"elementor-element elementor-element-82f128b elementor-widget elementor-widget-text-editor\" data-id=\"82f128b\" data-element_type=\"widget\" data-e-type=\"widget\" data-widget_type=\"text-editor.default\">\n\t\t\t\t<div class=\"elementor-widget-container\">\n\t\t\t\t\t\t\t\t\t<p>L&rsquo;h\u00f4tel est <b>attentif aux besoins des clients coeliaques ou intol\u00e9rants au gluten<\/b>. Des options sans gluten sont disponibles \u00e0 tous les services de restauration, du petit-d\u00e9jeuner au d\u00eener. Nous vous recommandons de <b>signaler votre intol\u00e9rance au moment de la r\u00e9servation<\/b> afin que notre \u00e9quipe puisse pr\u00e9parer les options les mieux adapt\u00e9es \u00e0 votre s\u00e9jour.<\/p>\n\t\t\t\t\t\t\t\t<\/div>\n\t\t\t\t<\/div>\n\t\t\t\t<\/div>\n\t\t\t\t<\/div>\n\t\t<div class=\"elementor-element elementor-element-662c0c9 e-con-full e-flex e-con e-parent\" data-id=\"662c0c9\" data-element_type=\"container\" data-e-type=\"container\" data-settings=\"{&quot;background_background&quot;:&quot;classic&quot;}\">\n\t\t<div class=\"elementor-element elementor-element-2e63fdf e-con-full e-flex e-con e-child\" data-id=\"2e63fdf\" data-element_type=\"container\" data-e-type=\"container\" data-settings=\"{&quot;background_background&quot;:&quot;classic&quot;}\">\n\t\t\t\t<\/div>\n\t\t<div class=\"elementor-element elementor-element-360bf21 e-con-full e-flex e-con e-child\" data-id=\"360bf21\" data-element_type=\"container\" data-e-type=\"container\">\n\t\t\t\t<div class=\"elementor-element elementor-element-105b5a7 elementor-widget elementor-widget-heading\" data-id=\"105b5a7\" data-element_type=\"widget\" data-e-type=\"widget\" data-widget_type=\"heading.default\">\n\t\t\t\t<div class=\"elementor-widget-container\">\n\t\t\t\t\t<h2 class=\"elementor-heading-title elementor-size-default\">V\u00e9g\u00e9tarien et vegan<\/h2>\t\t\t\t<\/div>\n\t\t\t\t<\/div>\n\t\t\t\t<div class=\"elementor-element elementor-element-ef1156e elementor-widget elementor-widget-text-editor\" data-id=\"ef1156e\" data-element_type=\"widget\" data-e-type=\"widget\" data-widget_type=\"text-editor.default\">\n\t\t\t\t<div class=\"elementor-widget-container\">\n\t\t\t\t\t\t\t\t\t<p>La cuisine toscane offre une base naturellement riche en produits du terroir, de saison et d&rsquo;origine v\u00e9g\u00e9tale : l\u00e9gumes, l\u00e9gumineuses, huile d&rsquo;olive, pains et p\u00e2tes artisanales. Nos chefs int\u00e8grent ces ingr\u00e9dients dans des <b>propositions v\u00e9g\u00e9tariennes et veganes qui refl\u00e8tent l&rsquo;identit\u00e9 gastronomique de la r\u00e9gion<\/b>, sans que ces menus soient une simple alternative de substitution.<\/p>\n<p>Des menus v\u00e9g\u00e9tariens et vegans sont disponibles sur demande \u00e0 tous les services.<span class=\"Apple-converted-space\">\u00a0<\/span><\/p>\n\t\t\t\t\t\t\t\t<\/div>\n\t\t\t\t<\/div>\n\t\t\t\t<\/div>\n\t\t\t\t<\/div>\n\t\t<div class=\"elementor-element elementor-element-102d4e5 e-con-full e-flex e-con e-parent\" data-id=\"102d4e5\" data-element_type=\"container\" data-e-type=\"container\" data-settings=\"{&quot;background_background&quot;:&quot;classic&quot;}\">\n\t\t<div class=\"elementor-element elementor-element-fc75504 e-con-full e-flex e-con e-child\" data-id=\"fc75504\" data-element_type=\"container\" data-e-type=\"container\" data-settings=\"{&quot;background_background&quot;:&quot;classic&quot;}\">\n\t\t\t\t<\/div>\n\t\t<div class=\"elementor-element elementor-element-c9f4ee2 e-con-full e-flex e-con e-child\" data-id=\"c9f4ee2\" data-element_type=\"container\" data-e-type=\"container\">\n\t\t\t\t<div class=\"elementor-element elementor-element-eb3cdd5 elementor-widget elementor-widget-heading\" data-id=\"eb3cdd5\" data-element_type=\"widget\" data-e-type=\"widget\" data-widget_type=\"heading.default\">\n\t\t\t\t<div class=\"elementor-widget-container\">\n\t\t\t\t\t<h2 class=\"elementor-heading-title elementor-size-default\">Pour les enfants<\/h2>\t\t\t\t<\/div>\n\t\t\t\t<\/div>\n\t\t\t\t<div class=\"elementor-element elementor-element-ed7ab39 elementor-widget elementor-widget-text-editor\" data-id=\"ed7ab39\" data-element_type=\"widget\" data-e-type=\"widget\" data-widget_type=\"text-editor.default\">\n\t\t\t\t<div class=\"elementor-widget-container\">\n\t\t\t\t\t\t\t\t\t<p>Les menus enfants propos\u00e9s dans tous les restaurants de l&rsquo;h\u00f4tel peuvent \u00e9galement \u00eatre adapt\u00e9s pour <b>tenir compte d&rsquo;intol\u00e9rances ou de pr\u00e9f\u00e9rences alimentaires<\/b>. Des options sans gluten, v\u00e9g\u00e9tariennes et veganes sont disponibles pour les plus jeunes sur demande.<\/p>\n<p>Il est \u00e9galement possible de faire r\u00e9chauffer petits pots et biberons \u00e0 n&rsquo;importe quel service de restauration.<\/p>\n\t\t\t\t\t\t\t\t<\/div>\n\t\t\t\t<\/div>\n\t\t\t\t<\/div>\n\t\t\t\t<\/div>\n\t\t<div class=\"elementor-element elementor-element-3706f38 e-flex e-con-boxed e-con e-parent\" data-id=\"3706f38\" data-element_type=\"container\" data-e-type=\"container\">\n\t\t\t\t\t<div class=\"e-con-inner\">\n\t\t\t\t<div class=\"elementor-element elementor-element-b0ca9f5 elementor-widget elementor-widget-template\" data-id=\"b0ca9f5\" data-element_type=\"widget\" data-e-type=\"widget\" data-widget_type=\"template.default\">\n\t\t\t\t<div class=\"elementor-widget-container\">\n\t\t\t\t\t\t\t<div class=\"elementor-template\">\n\t\t\t\t\t<div data-elementor-type=\"container\" data-elementor-id=\"4892\" class=\"elementor elementor-4892 elementor-1283 elementor-1283\" data-elementor-post-type=\"elementor_library\">\n\t\t\t\t<div class=\"elementor-element elementor-element-6c2687b1 e-flex e-con-boxed e-con e-parent\" data-id=\"6c2687b1\" data-element_type=\"container\" data-e-type=\"container\" data-settings=\"{&quot;background_background&quot;:&quot;classic&quot;}\">\n\t\t\t\t\t<div class=\"e-con-inner\">\n\t\t<div class=\"elementor-element elementor-element-106ac75a e-con-full e-flex e-con e-child\" data-id=\"106ac75a\" data-element_type=\"container\" data-e-type=\"container\" data-settings=\"{&quot;background_background&quot;:&quot;classic&quot;}\">\n\t\t\t\t<div class=\"elementor-element elementor-element-6ef6685e elementor-pagination-type-bullets elementor-pagination-position-outside elementor-widget elementor-widget-n-carousel\" data-id=\"6ef6685e\" data-element_type=\"widget\" data-e-type=\"widget\" data-settings=\"{&quot;carousel_items&quot;:[{&quot;slide_title&quot;:&quot;Slide #1&quot;,&quot;_id&quot;:&quot;e3e8968&quot;},{&quot;slide_title&quot;:&quot;Slide #1&quot;,&quot;_id&quot;:&quot;a2f09bc&quot;},{&quot;slide_title&quot;:&quot;Slide #1&quot;,&quot;_id&quot;:&quot;d8eb8f1&quot;},{&quot;slide_title&quot;:&quot;Slide #1&quot;,&quot;_id&quot;:&quot;75ba800&quot;},{&quot;slide_title&quot;:&quot;Slide #1&quot;,&quot;_id&quot;:&quot;7b9f6c6&quot;}],&quot;slides_to_show&quot;:&quot;1&quot;,&quot;slides_to_scroll&quot;:&quot;1&quot;,&quot;slides_to_show_tablet&quot;:&quot;1&quot;,&quot;slides_to_show_mobile&quot;:&quot;1&quot;,&quot;autoplay&quot;:&quot;yes&quot;,&quot;autoplay_speed&quot;:5000,&quot;pause_on_hover&quot;:&quot;yes&quot;,&quot;pause_on_interaction&quot;:&quot;yes&quot;,&quot;infinite&quot;:&quot;yes&quot;,&quot;speed&quot;:500,&quot;offset_sides&quot;:&quot;none&quot;,&quot;pagination&quot;:&quot;bullets&quot;,&quot;image_spacing_custom&quot;:{&quot;unit&quot;:&quot;px&quot;,&quot;size&quot;:10,&quot;sizes&quot;:[]},&quot;image_spacing_custom_tablet&quot;:{&quot;unit&quot;:&quot;px&quot;,&quot;size&quot;:&quot;&quot;,&quot;sizes&quot;:[]},&quot;image_spacing_custom_mobile&quot;:{&quot;unit&quot;:&quot;px&quot;,&quot;size&quot;:&quot;&quot;,&quot;sizes&quot;:[]}}\" data-widget_type=\"nested-carousel.default\">\n\t\t\t\t<div class=\"elementor-widget-container\">\n\t\t\t\t\t\t\t<div class=\"e-n-carousel swiper\" role=\"region\" aria-roledescription=\"carousel\" aria-label=\"Carosello Camere\" dir=\"ltr\">\n\t\t\t<div class=\"swiper-wrapper\" aria-live=\"off\">\n\t\t\t\t\t\t\t\t\t\t<div class=\"swiper-slide\" data-slide=\"1\" role=\"group\" aria-roledescription=\"slide\" aria-label=\"1 sur 5\">\n\t\t\t\t\t\t\t<div data-premium-element-link=\"{&quot;type&quot;:&quot;url&quot;,&quot;link&quot;:{&quot;url&quot;:&quot;https:\\\/\\\/hotelmarinetta.it\\\/parco\\\/&quot;,&quot;is_external&quot;:&quot;&quot;,&quot;nofollow&quot;:&quot;&quot;,&quot;custom_attributes&quot;:&quot;&quot;},&quot;href&quot;:&quot;https:\\\/\\\/hotelmarinetta.it\\\/parco\\\/&quot;}\" style=\"cursor: pointer\" class=\"elementor-element elementor-element-626e93e2 premium-wrapper-link-yes e-flex e-con-boxed e-con e-child\" data-id=\"626e93e2\" data-element_type=\"container\" data-e-type=\"container\" data-settings=\"{&quot;background_background&quot;:&quot;classic&quot;}\">\n\t\t\t\t\t<div class=\"e-con-inner\">\n\t\t\t\t<div class=\"elementor-element elementor-element-239a3505 elementor-widget elementor-widget-heading\" data-id=\"239a3505\" data-element_type=\"widget\" data-e-type=\"widget\" data-widget_type=\"heading.default\">\n\t\t\t\t<div class=\"elementor-widget-container\">\n\t\t\t\t\t<h3 class=\"elementor-heading-title elementor-size-default\">Le Parc<\/h3>\t\t\t\t<\/div>\n\t\t\t\t<\/div>\n\t\t\t\t<div class=\"elementor-element elementor-element-553d497f elementor-mobile-align-justify elementor-widget elementor-widget-button\" data-id=\"553d497f\" data-element_type=\"widget\" data-e-type=\"widget\" data-widget_type=\"button.default\">\n\t\t\t\t<div class=\"elementor-widget-container\">\n\t\t\t\t\t\t\t\t\t<div class=\"elementor-button-wrapper\">\n\t\t\t\t\t<a class=\"elementor-button elementor-button-link elementor-size-sm\" href=\"https:\/\/hotelmarinetta.it\/fr\/parc\/\">\n\t\t\t\t\t\t<span class=\"elementor-button-content-wrapper\">\n\t\t\t\t\t\t\t\t\t<span class=\"elementor-button-text\">D\u00e9couvrez le parc<\/span>\n\t\t\t\t\t<\/span>\n\t\t\t\t\t<\/a>\n\t\t\t\t<\/div>\n\t\t\t\t\t\t\t\t<\/div>\n\t\t\t\t<\/div>\n\t\t\t\t\t<\/div>\n\t\t\t\t<\/div>\n\t\t\t\t\t\t\t\t<\/div>\n\t\t\t\t\t\t\t\t\t\t\t<div class=\"swiper-slide\" data-slide=\"2\" role=\"group\" aria-roledescription=\"slide\" aria-label=\"2 sur 5\">\n\t\t\t\t\t\t\t<div class=\"elementor-element elementor-element-310d975 e-flex e-con-boxed e-con e-child\" data-id=\"310d975\" data-element_type=\"container\" data-e-type=\"container\" data-settings=\"{&quot;background_background&quot;:&quot;classic&quot;}\">\n\t\t\t\t\t<div class=\"e-con-inner\">\n\t\t\t\t<div class=\"elementor-element elementor-element-5d8fb1f1 elementor-widget elementor-widget-heading\" data-id=\"5d8fb1f1\" data-element_type=\"widget\" data-e-type=\"widget\" data-widget_type=\"heading.default\">\n\t\t\t\t<div class=\"elementor-widget-container\">\n\t\t\t\t\t<h3 class=\"elementor-heading-title elementor-size-default\">Les piscines<\/h3>\t\t\t\t<\/div>\n\t\t\t\t<\/div>\n\t\t\t\t<div class=\"elementor-element elementor-element-7f51c5c1 elementor-mobile-align-justify elementor-widget elementor-widget-button\" data-id=\"7f51c5c1\" data-element_type=\"widget\" data-e-type=\"widget\" data-widget_type=\"button.default\">\n\t\t\t\t<div class=\"elementor-widget-container\">\n\t\t\t\t\t\t\t\t\t<div class=\"elementor-button-wrapper\">\n\t\t\t\t\t<a class=\"elementor-button elementor-button-link elementor-size-sm\" href=\"https:\/\/hotelmarinetta.it\/fr\/piscines\/\">\n\t\t\t\t\t\t<span class=\"elementor-button-content-wrapper\">\n\t\t\t\t\t\t\t\t\t<span class=\"elementor-button-text\">D\u00e9couvrez les piscines<\/span>\n\t\t\t\t\t<\/span>\n\t\t\t\t\t<\/a>\n\t\t\t\t<\/div>\n\t\t\t\t\t\t\t\t<\/div>\n\t\t\t\t<\/div>\n\t\t\t\t\t<\/div>\n\t\t\t\t<\/div>\n\t\t\t\t\t\t\t\t<\/div>\n\t\t\t\t\t\t\t\t\t\t\t<div class=\"swiper-slide\" data-slide=\"3\" role=\"group\" aria-roledescription=\"slide\" aria-label=\"3 sur 5\">\n\t\t\t\t\t\t\t<div class=\"elementor-element elementor-element-697ba349 e-flex e-con-boxed e-con e-child\" data-id=\"697ba349\" data-element_type=\"container\" data-e-type=\"container\" data-settings=\"{&quot;background_background&quot;:&quot;classic&quot;}\">\n\t\t\t\t\t<div class=\"e-con-inner\">\n\t\t\t\t<div class=\"elementor-element elementor-element-5cbe4270 elementor-widget elementor-widget-heading\" data-id=\"5cbe4270\" data-element_type=\"widget\" data-e-type=\"widget\" data-widget_type=\"heading.default\">\n\t\t\t\t<div class=\"elementor-widget-container\">\n\t\t\t\t\t<h3 class=\"elementor-heading-title elementor-size-default\">Le Spa<\/h3>\t\t\t\t<\/div>\n\t\t\t\t<\/div>\n\t\t\t\t<div class=\"elementor-element elementor-element-4c4aa8e0 elementor-mobile-align-justify elementor-widget elementor-widget-button\" data-id=\"4c4aa8e0\" data-element_type=\"widget\" data-e-type=\"widget\" data-widget_type=\"button.default\">\n\t\t\t\t<div class=\"elementor-widget-container\">\n\t\t\t\t\t\t\t\t\t<div class=\"elementor-button-wrapper\">\n\t\t\t\t\t<a class=\"elementor-button elementor-button-link elementor-size-sm\" href=\"https:\/\/hotelmarinetta.it\/fr\/spa-et-bien-etre\/\">\n\t\t\t\t\t\t<span class=\"elementor-button-content-wrapper\">\n\t\t\t\t\t\t\t\t\t<span class=\"elementor-button-text\">D\u00e9couvrez la spa<\/span>\n\t\t\t\t\t<\/span>\n\t\t\t\t\t<\/a>\n\t\t\t\t<\/div>\n\t\t\t\t\t\t\t\t<\/div>\n\t\t\t\t<\/div>\n\t\t\t\t\t<\/div>\n\t\t\t\t<\/div>\n\t\t\t\t\t\t\t\t<\/div>\n\t\t\t\t\t\t\t\t\t\t\t<div class=\"swiper-slide\" data-slide=\"4\" role=\"group\" aria-roledescription=\"slide\" aria-label=\"4 sur 5\">\n\t\t\t\t\t\t\t<div class=\"elementor-element elementor-element-7183b55 e-flex e-con-boxed e-con e-child\" data-id=\"7183b55\" data-element_type=\"container\" data-e-type=\"container\" data-settings=\"{&quot;background_background&quot;:&quot;classic&quot;}\">\n\t\t\t\t\t<div class=\"e-con-inner\">\n\t\t\t\t<div class=\"elementor-element elementor-element-8428009 elementor-widget elementor-widget-heading\" data-id=\"8428009\" data-element_type=\"widget\" data-e-type=\"widget\" data-widget_type=\"heading.default\">\n\t\t\t\t<div class=\"elementor-widget-container\">\n\t\t\t\t\t<h3 class=\"elementor-heading-title elementor-size-default\">La plage<\/h3>\t\t\t\t<\/div>\n\t\t\t\t<\/div>\n\t\t\t\t<div class=\"elementor-element elementor-element-0e4e968 elementor-mobile-align-justify elementor-widget elementor-widget-button\" data-id=\"0e4e968\" data-element_type=\"widget\" data-e-type=\"widget\" data-widget_type=\"button.default\">\n\t\t\t\t<div class=\"elementor-widget-container\">\n\t\t\t\t\t\t\t\t\t<div class=\"elementor-button-wrapper\">\n\t\t\t\t\t<a class=\"elementor-button elementor-button-link elementor-size-sm\" href=\"https:\/\/hotelmarinetta.it\/fr\/plage-privee\/\">\n\t\t\t\t\t\t<span class=\"elementor-button-content-wrapper\">\n\t\t\t\t\t\t\t\t\t<span class=\"elementor-button-text\">D\u00e9couvrez la plage<\/span>\n\t\t\t\t\t<\/span>\n\t\t\t\t\t<\/a>\n\t\t\t\t<\/div>\n\t\t\t\t\t\t\t\t<\/div>\n\t\t\t\t<\/div>\n\t\t\t\t\t<\/div>\n\t\t\t\t<\/div>\n\t\t\t\t\t\t\t\t<\/div>\n\t\t\t\t\t\t\t\t\t\t\t<div class=\"swiper-slide\" data-slide=\"5\" role=\"group\" aria-roledescription=\"slide\" aria-label=\"5 sur 5\">\n\t\t\t\t\t\t\t<div class=\"elementor-element elementor-element-8fe7c7e e-flex e-con-boxed e-con e-child\" data-id=\"8fe7c7e\" data-element_type=\"container\" data-e-type=\"container\" data-settings=\"{&quot;background_background&quot;:&quot;classic&quot;}\">\n\t\t\t\t\t<div class=\"e-con-inner\">\n\t\t\t\t<div class=\"elementor-element elementor-element-b5f82a3 elementor-widget elementor-widget-heading\" data-id=\"b5f82a3\" data-element_type=\"widget\" data-e-type=\"widget\" data-widget_type=\"heading.default\">\n\t\t\t\t<div class=\"elementor-widget-container\">\n\t\t\t\t\t<h3 class=\"elementor-heading-title elementor-size-default\">Les restaurants<\/h3>\t\t\t\t<\/div>\n\t\t\t\t<\/div>\n\t\t\t\t<div class=\"elementor-element elementor-element-459f057 elementor-mobile-align-justify elementor-widget elementor-widget-button\" data-id=\"459f057\" data-element_type=\"widget\" data-e-type=\"widget\" data-widget_type=\"button.default\">\n\t\t\t\t<div class=\"elementor-widget-container\">\n\t\t\t\t\t\t\t\t\t<div class=\"elementor-button-wrapper\">\n\t\t\t\t\t<a class=\"elementor-button elementor-button-link elementor-size-sm\" href=\"https:\/\/hotelmarinetta.it\/fr\/restaurants\/\">\n\t\t\t\t\t\t<span class=\"elementor-button-content-wrapper\">\n\t\t\t\t\t\t\t\t\t<span class=\"elementor-button-text\">D\u00e9couvrez les restaurants<\/span>\n\t\t\t\t\t<\/span>\n\t\t\t\t\t<\/a>\n\t\t\t\t<\/div>\n\t\t\t\t\t\t\t\t<\/div>\n\t\t\t\t<\/div>\n\t\t\t\t\t<\/div>\n\t\t\t\t<\/div>\n\t\t\t\t\t\t\t\t<\/div>\n\t\t\t\t\t\t\t\t<\/div>\n\t\t<\/div>\n\t\t\t\t\t<div class=\"swiper-pagination\"><\/div>\n\t\t\t\t\t\t<\/div>\n\t\t\t\t<\/div>\n\t\t\t\t<\/div>\n\t\t<div data-premium-element-link=\"{&quot;type&quot;:&quot;url&quot;,&quot;link&quot;:{&quot;url&quot;:&quot;https:\\\/\\\/hotelmarinetta.it\\\/offerte-speciali\\\/&quot;,&quot;is_external&quot;:&quot;&quot;,&quot;nofollow&quot;:&quot;&quot;,&quot;custom_attributes&quot;:&quot;&quot;},&quot;href&quot;:&quot;https:\\\/\\\/hotelmarinetta.it\\\/offerte-speciali\\\/&quot;}\" style=\"cursor: pointer\" class=\"elementor-element elementor-element-3b75ff11 e-con-full premium-wrapper-link-yes e-flex e-con e-child\" data-id=\"3b75ff11\" data-element_type=\"container\" data-e-type=\"container\" data-settings=\"{&quot;background_background&quot;:&quot;classic&quot;}\">\n\t\t<div class=\"elementor-element elementor-element-4f3c6aa0 e-con-full e-flex e-con e-child\" data-id=\"4f3c6aa0\" data-element_type=\"container\" data-e-type=\"container\">\n\t\t\t\t<div class=\"elementor-element elementor-element-78025205 elementor-widget elementor-widget-heading\" data-id=\"78025205\" data-element_type=\"widget\" data-e-type=\"widget\" data-widget_type=\"heading.default\">\n\t\t\t\t<div class=\"elementor-widget-container\">\n\t\t\t\t\t<h3 class=\"elementor-heading-title elementor-size-default\">Offres<\/h3>\t\t\t\t<\/div>\n\t\t\t\t<\/div>\n\t\t\t\t<div class=\"elementor-element elementor-element-3791a426 elementor-mobile-align-justify elementor-widget elementor-widget-button\" data-id=\"3791a426\" data-element_type=\"widget\" data-e-type=\"widget\" data-widget_type=\"button.default\">\n\t\t\t\t<div class=\"elementor-widget-container\">\n\t\t\t\t\t\t\t\t\t<div class=\"elementor-button-wrapper\">\n\t\t\t\t\t<a class=\"elementor-button elementor-button-link elementor-size-sm\" href=\"https:\/\/hotelmarinetta.it\/fr\/offres-speciales\/\">\n\t\t\t\t\t\t<span class=\"elementor-button-content-wrapper\">\n\t\t\t\t\t\t\t\t\t<span class=\"elementor-button-text\">D\u00e9couvrez les offres<\/span>\n\t\t\t\t\t<\/span>\n\t\t\t\t\t<\/a>\n\t\t\t\t<\/div>\n\t\t\t\t\t\t\t\t<\/div>\n\t\t\t\t<\/div>\n\t\t\t\t<\/div>\n\t\t\t\t<\/div>\n\t\t\t\t\t<\/div>\n\t\t\t\t<\/div>\n\t\t\t\t<\/div>\n\t\t\t\t<\/div>\n\t\t\t\t\t\t<\/div>\n\t\t\t\t<\/div>\n\t\t\t\t\t<\/div>\n\t\t\t\t<\/div>\n\t\t\t\t<\/div>\n\t\t","protected":false},"excerpt":{"rendered":"<p>Options sans gluten, v\u00e9g\u00e9tariennes et vegan dans tous les restaurants du Park Hotel Marinetta. Des menus adapt\u00e9s \u00e0 chaque besoin alimentaire.<\/p>\n","protected":false},"author":1,"featured_media":10685,"parent":0,"menu_order":0,"comment_status":"closed","ping_status":"closed","template":"","meta":{"footnotes":""},"class_list":["post-10712","page","type-page","status-publish","has-post-thumbnail","hentry"],"yoast_head":"<!-- This site is optimized with the Yoast SEO plugin v28.4 - https:\/\/yoast.com\/product\/yoast-seo-wordpress\/ -->\n<title>Menus Sans Gluten, V\u00e9g\u00e9tarien et Vegan | H\u00f4tel Marinetta<\/title>\n<meta name=\"description\" content=\"Options sans gluten, v\u00e9g\u00e9tariennes et vegan dans tous les restaurants du Park Hotel Marinetta. Des menus adapt\u00e9s \u00e0 chaque besoin alimentaire.\" \/>\n<meta name=\"robots\" content=\"index, follow, max-snippet:-1, max-image-preview:large, max-video-preview:-1\" \/>\n<link rel=\"canonical\" href=\"https:\/\/hotelmarinetta.it\/fr\/menus-speciaux-sans-gluten-vegetarien-vegan\/\" \/>\n<meta property=\"og:locale\" content=\"fr_FR\" \/>\n<meta property=\"og:type\" content=\"article\" \/>\n<meta property=\"og:title\" content=\"Menus Sans Gluten, V\u00e9g\u00e9tarien et Vegan | H\u00f4tel Marinetta\" \/>\n<meta property=\"og:description\" content=\"Options sans gluten, v\u00e9g\u00e9tariennes et vegan dans tous les restaurants du Park Hotel Marinetta. Des menus adapt\u00e9s \u00e0 chaque besoin alimentaire.\" \/>\n<meta property=\"og:url\" content=\"https:\/\/hotelmarinetta.it\/fr\/menus-speciaux-sans-gluten-vegetarien-vegan\/\" \/>\n<meta property=\"og:site_name\" content=\"Park Hotel Marinetta\" \/>\n<meta property=\"article:publisher\" content=\"https:\/\/www.facebook.com\/parkhotelmarinetta\" \/>\n<meta property=\"article:modified_time\" content=\"2026-07-01T14:50:47+00:00\" \/>\n<meta property=\"og:image\" content=\"https:\/\/hotelmarinetta.it\/wp-content\/uploads\/2026\/07\/Vegetariano-vegano-senza-glutine-01.jpg\" \/>\n\t<meta property=\"og:image:width\" content=\"1400\" \/>\n\t<meta property=\"og:image:height\" content=\"933\" \/>\n\t<meta property=\"og:image:type\" content=\"image\/jpeg\" \/>\n<meta name=\"twitter:card\" content=\"summary_large_image\" \/>\n<meta name=\"twitter:label1\" content=\"Dur\u00e9e de lecture estim\u00e9e\" \/>\n\t<meta name=\"twitter:data1\" content=\"3 minutes\" \/>\n<script type=\"application\/ld+json\" class=\"yoast-schema-graph\">{\"@context\":\"https:\\\/\\\/schema.org\",\"@graph\":[{\"@type\":\"WebPage\",\"@id\":\"https:\\\/\\\/hotelmarinetta.it\\\/fr\\\/menus-speciaux-sans-gluten-vegetarien-vegan\\\/\",\"url\":\"https:\\\/\\\/hotelmarinetta.it\\\/fr\\\/menus-speciaux-sans-gluten-vegetarien-vegan\\\/\",\"name\":\"Menus Sans Gluten, V\u00e9g\u00e9tarien et Vegan | H\u00f4tel Marinetta\",\"isPartOf\":{\"@id\":\"https:\\\/\\\/hotelmarinetta.it\\\/fr\\\/#website\"},\"primaryImageOfPage\":{\"@id\":\"https:\\\/\\\/hotelmarinetta.it\\\/fr\\\/menus-speciaux-sans-gluten-vegetarien-vegan\\\/#primaryimage\"},\"image\":{\"@id\":\"https:\\\/\\\/hotelmarinetta.it\\\/fr\\\/menus-speciaux-sans-gluten-vegetarien-vegan\\\/#primaryimage\"},\"thumbnailUrl\":\"https:\\\/\\\/hotelmarinetta.it\\\/wp-content\\\/uploads\\\/2026\\\/07\\\/Vegetariano-vegano-senza-glutine-01.jpg\",\"datePublished\":\"2026-07-01T14:29:15+00:00\",\"dateModified\":\"2026-07-01T14:50:47+00:00\",\"description\":\"Options sans gluten, v\u00e9g\u00e9tariennes et vegan dans tous les restaurants du Park Hotel Marinetta. Des menus adapt\u00e9s \u00e0 chaque besoin alimentaire.\",\"breadcrumb\":{\"@id\":\"https:\\\/\\\/hotelmarinetta.it\\\/fr\\\/menus-speciaux-sans-gluten-vegetarien-vegan\\\/#breadcrumb\"},\"inLanguage\":\"fr-FR\",\"potentialAction\":[{\"@type\":\"ReadAction\",\"target\":[\"https:\\\/\\\/hotelmarinetta.it\\\/fr\\\/menus-speciaux-sans-gluten-vegetarien-vegan\\\/\"]}]},{\"@type\":\"ImageObject\",\"inLanguage\":\"fr-FR\",\"@id\":\"https:\\\/\\\/hotelmarinetta.it\\\/fr\\\/menus-speciaux-sans-gluten-vegetarien-vegan\\\/#primaryimage\",\"url\":\"https:\\\/\\\/hotelmarinetta.it\\\/wp-content\\\/uploads\\\/2026\\\/07\\\/Vegetariano-vegano-senza-glutine-01.jpg\",\"contentUrl\":\"https:\\\/\\\/hotelmarinetta.it\\\/wp-content\\\/uploads\\\/2026\\\/07\\\/Vegetariano-vegano-senza-glutine-01.jpg\",\"width\":1400,\"height\":933,\"caption\":\"Vegetariano vegano senza glutine\"},{\"@type\":\"BreadcrumbList\",\"@id\":\"https:\\\/\\\/hotelmarinetta.it\\\/fr\\\/menus-speciaux-sans-gluten-vegetarien-vegan\\\/#breadcrumb\",\"itemListElement\":[{\"@type\":\"ListItem\",\"position\":1,\"name\":\"Home\",\"item\":\"https:\\\/\\\/hotelmarinetta.it\\\/fr\\\/\"},{\"@type\":\"ListItem\",\"position\":2,\"name\":\"Menus sans gluten, v\u00e9g\u00e9tarien et vegan\"}]},{\"@type\":\"WebSite\",\"@id\":\"https:\\\/\\\/hotelmarinetta.it\\\/fr\\\/#website\",\"url\":\"https:\\\/\\\/hotelmarinetta.it\\\/fr\\\/\",\"name\":\"Park Hotel Marinetta\",\"description\":\"Resort sul Mare in Toscana\",\"publisher\":{\"@id\":\"https:\\\/\\\/hotelmarinetta.it\\\/fr\\\/#organization\"},\"potentialAction\":[{\"@type\":\"SearchAction\",\"target\":{\"@type\":\"EntryPoint\",\"urlTemplate\":\"https:\\\/\\\/hotelmarinetta.it\\\/fr\\\/?s={search_term_string}\"},\"query-input\":{\"@type\":\"PropertyValueSpecification\",\"valueRequired\":true,\"valueName\":\"search_term_string\"}}],\"inLanguage\":\"fr-FR\"},{\"@type\":\"Organization\",\"@id\":\"https:\\\/\\\/hotelmarinetta.it\\\/fr\\\/#organization\",\"name\":\"Park Hotel Marinetta\",\"url\":\"https:\\\/\\\/hotelmarinetta.it\\\/fr\\\/\",\"logo\":{\"@type\":\"ImageObject\",\"inLanguage\":\"fr-FR\",\"@id\":\"https:\\\/\\\/hotelmarinetta.it\\\/fr\\\/#\\\/schema\\\/logo\\\/image\\\/\",\"url\":\"https:\\\/\\\/hotelmarinetta.it\\\/wp-content\\\/uploads\\\/2025\\\/05\\\/Logo-PHM-01.png\",\"contentUrl\":\"https:\\\/\\\/hotelmarinetta.it\\\/wp-content\\\/uploads\\\/2025\\\/05\\\/Logo-PHM-01.png\",\"width\":294,\"height\":89,\"caption\":\"Park Hotel Marinetta\"},\"image\":{\"@id\":\"https:\\\/\\\/hotelmarinetta.it\\\/fr\\\/#\\\/schema\\\/logo\\\/image\\\/\"},\"sameAs\":[\"https:\\\/\\\/www.facebook.com\\\/parkhotelmarinetta\",\"https:\\\/\\\/www.instagram.com\\\/parkhotelmarinetta\\\/\"]}]}<\/script>\n<!-- \/ Yoast SEO plugin. -->","yoast_head_json":{"title":"Menus Sans Gluten, V\u00e9g\u00e9tarien et Vegan | H\u00f4tel Marinetta","description":"Options sans gluten, v\u00e9g\u00e9tariennes et vegan dans tous les restaurants du Park Hotel Marinetta. Des menus adapt\u00e9s \u00e0 chaque besoin alimentaire.","robots":{"index":"index","follow":"follow","max-snippet":"max-snippet:-1","max-image-preview":"max-image-preview:large","max-video-preview":"max-video-preview:-1"},"canonical":"https:\/\/hotelmarinetta.it\/fr\/menus-speciaux-sans-gluten-vegetarien-vegan\/","og_locale":"fr_FR","og_type":"article","og_title":"Menus Sans Gluten, V\u00e9g\u00e9tarien et Vegan | H\u00f4tel Marinetta","og_description":"Options sans gluten, v\u00e9g\u00e9tariennes et vegan dans tous les restaurants du Park Hotel Marinetta. Des menus adapt\u00e9s \u00e0 chaque besoin alimentaire.","og_url":"https:\/\/hotelmarinetta.it\/fr\/menus-speciaux-sans-gluten-vegetarien-vegan\/","og_site_name":"Park Hotel Marinetta","article_publisher":"https:\/\/www.facebook.com\/parkhotelmarinetta","article_modified_time":"2026-07-01T14:50:47+00:00","og_image":[{"width":1400,"height":933,"url":"https:\/\/hotelmarinetta.it\/wp-content\/uploads\/2026\/07\/Vegetariano-vegano-senza-glutine-01.jpg","type":"image\/jpeg"}],"twitter_card":"summary_large_image","twitter_misc":{"Dur\u00e9e de lecture estim\u00e9e":"3 minutes"},"schema":{"@context":"https:\/\/schema.org","@graph":[{"@type":"WebPage","@id":"https:\/\/hotelmarinetta.it\/fr\/menus-speciaux-sans-gluten-vegetarien-vegan\/","url":"https:\/\/hotelmarinetta.it\/fr\/menus-speciaux-sans-gluten-vegetarien-vegan\/","name":"Menus Sans Gluten, V\u00e9g\u00e9tarien et Vegan | H\u00f4tel Marinetta","isPartOf":{"@id":"https:\/\/hotelmarinetta.it\/fr\/#website"},"primaryImageOfPage":{"@id":"https:\/\/hotelmarinetta.it\/fr\/menus-speciaux-sans-gluten-vegetarien-vegan\/#primaryimage"},"image":{"@id":"https:\/\/hotelmarinetta.it\/fr\/menus-speciaux-sans-gluten-vegetarien-vegan\/#primaryimage"},"thumbnailUrl":"https:\/\/hotelmarinetta.it\/wp-content\/uploads\/2026\/07\/Vegetariano-vegano-senza-glutine-01.jpg","datePublished":"2026-07-01T14:29:15+00:00","dateModified":"2026-07-01T14:50:47+00:00","description":"Options sans gluten, v\u00e9g\u00e9tariennes et vegan dans tous les restaurants du Park Hotel Marinetta. Des menus adapt\u00e9s \u00e0 chaque besoin alimentaire.","breadcrumb":{"@id":"https:\/\/hotelmarinetta.it\/fr\/menus-speciaux-sans-gluten-vegetarien-vegan\/#breadcrumb"},"inLanguage":"fr-FR","potentialAction":[{"@type":"ReadAction","target":["https:\/\/hotelmarinetta.it\/fr\/menus-speciaux-sans-gluten-vegetarien-vegan\/"]}]},{"@type":"ImageObject","inLanguage":"fr-FR","@id":"https:\/\/hotelmarinetta.it\/fr\/menus-speciaux-sans-gluten-vegetarien-vegan\/#primaryimage","url":"https:\/\/hotelmarinetta.it\/wp-content\/uploads\/2026\/07\/Vegetariano-vegano-senza-glutine-01.jpg","contentUrl":"https:\/\/hotelmarinetta.it\/wp-content\/uploads\/2026\/07\/Vegetariano-vegano-senza-glutine-01.jpg","width":1400,"height":933,"caption":"Vegetariano vegano senza glutine"},{"@type":"BreadcrumbList","@id":"https:\/\/hotelmarinetta.it\/fr\/menus-speciaux-sans-gluten-vegetarien-vegan\/#breadcrumb","itemListElement":[{"@type":"ListItem","position":1,"name":"Home","item":"https:\/\/hotelmarinetta.it\/fr\/"},{"@type":"ListItem","position":2,"name":"Menus sans gluten, v\u00e9g\u00e9tarien et vegan"}]},{"@type":"WebSite","@id":"https:\/\/hotelmarinetta.it\/fr\/#website","url":"https:\/\/hotelmarinetta.it\/fr\/","name":"Park Hotel Marinetta","description":"Resort sul Mare in Toscana","publisher":{"@id":"https:\/\/hotelmarinetta.it\/fr\/#organization"},"potentialAction":[{"@type":"SearchAction","target":{"@type":"EntryPoint","urlTemplate":"https:\/\/hotelmarinetta.it\/fr\/?s={search_term_string}"},"query-input":{"@type":"PropertyValueSpecification","valueRequired":true,"valueName":"search_term_string"}}],"inLanguage":"fr-FR"},{"@type":"Organization","@id":"https:\/\/hotelmarinetta.it\/fr\/#organization","name":"Park Hotel Marinetta","url":"https:\/\/hotelmarinetta.it\/fr\/","logo":{"@type":"ImageObject","inLanguage":"fr-FR","@id":"https:\/\/hotelmarinetta.it\/fr\/#\/schema\/logo\/image\/","url":"https:\/\/hotelmarinetta.it\/wp-content\/uploads\/2025\/05\/Logo-PHM-01.png","contentUrl":"https:\/\/hotelmarinetta.it\/wp-content\/uploads\/2025\/05\/Logo-PHM-01.png","width":294,"height":89,"caption":"Park Hotel Marinetta"},"image":{"@id":"https:\/\/hotelmarinetta.it\/fr\/#\/schema\/logo\/image\/"},"sameAs":["https:\/\/www.facebook.com\/parkhotelmarinetta","https:\/\/www.instagram.com\/parkhotelmarinetta\/"]}]}},"_links":{"self":[{"href":"https:\/\/hotelmarinetta.it\/fr\/wp-json\/wp\/v2\/pages\/10712","targetHints":{"allow":["GET"]}}],"collection":[{"href":"https:\/\/hotelmarinetta.it\/fr\/wp-json\/wp\/v2\/pages"}],"about":[{"href":"https:\/\/hotelmarinetta.it\/fr\/wp-json\/wp\/v2\/types\/page"}],"author":[{"embeddable":true,"href":"https:\/\/hotelmarinetta.it\/fr\/wp-json\/wp\/v2\/users\/1"}],"replies":[{"embeddable":true,"href":"https:\/\/hotelmarinetta.it\/fr\/wp-json\/wp\/v2\/comments?post=10712"}],"version-history":[{"count":4,"href":"https:\/\/hotelmarinetta.it\/fr\/wp-json\/wp\/v2\/pages\/10712\/revisions"}],"predecessor-version":[{"id":10719,"href":"https:\/\/hotelmarinetta.it\/fr\/wp-json\/wp\/v2\/pages\/10712\/revisions\/10719"}],"wp:featuredmedia":[{"embeddable":true,"href":"https:\/\/hotelmarinetta.it\/fr\/wp-json\/wp\/v2\/media\/10685"}],"wp:attachment":[{"href":"https:\/\/hotelmarinetta.it\/fr\/wp-json\/wp\/v2\/media?parent=10712"}],"curies":[{"name":"wp","href":"https:\/\/api.w.org\/{rel}","templated":true}]}}