{"id":10601,"date":"2026-07-01T12:46:03","date_gmt":"2026-07-01T10:46:03","guid":{"rendered":"https:\/\/hotelmarinetta.it\/chambre-a-la-journee-day-use\/"},"modified":"2026-07-01T12:57:32","modified_gmt":"2026-07-01T10:57:32","slug":"chambre-a-la-journee-day-use","status":"publish","type":"page","link":"https:\/\/hotelmarinetta.it\/fr\/chambre-a-la-journee-day-use\/","title":{"rendered":"Chambre \u00e0 la journ\u00e9e"},"content":{"rendered":"\t\t<div data-elementor-type=\"wp-page\" data-elementor-id=\"10601\" class=\"elementor elementor-10601 elementor-10575\" data-elementor-post-type=\"page\">\n\t\t\t\t<div class=\"elementor-element elementor-element-ecee414 e-flex e-con-boxed e-con e-parent\" data-id=\"ecee414\" data-element_type=\"container\" data-e-type=\"container\" data-settings=\"{&quot;background_background&quot;:&quot;classic&quot;}\">\n\t\t\t\t\t<div class=\"e-con-inner\">\n\t\t<div class=\"elementor-element elementor-element-695e536 e-con-full e-flex e-con e-child\" data-id=\"695e536\" data-element_type=\"container\" data-e-type=\"container\">\n\t\t<div class=\"elementor-element elementor-element-0b1a5a2 e-con-full e-flex e-con e-child\" data-id=\"0b1a5a2\" data-element_type=\"container\" data-e-type=\"container\">\n\t\t\t\t<div class=\"elementor-element elementor-element-d2dabab elementor-widget elementor-widget-heading\" data-id=\"d2dabab\" data-element_type=\"widget\" data-e-type=\"widget\" data-widget_type=\"heading.default\">\n\t\t\t\t<div class=\"elementor-widget-container\">\n\t\t\t\t\t<h1 class=\"elementor-heading-title elementor-size-default\">Chambre \u00e0 la journ\u00e9e en Toscane<\/h1>\t\t\t\t<\/div>\n\t\t\t\t<\/div>\n\t\t\t\t<\/div>\n\t\t<div class=\"elementor-element elementor-element-2885d46 e-con-full e-flex e-con e-child\" data-id=\"2885d46\" data-element_type=\"container\" data-e-type=\"container\">\n\t\t\t\t<div class=\"elementor-element elementor-element-fd950a8 elementor-widget elementor-widget-heading\" data-id=\"fd950a8\" data-element_type=\"widget\" data-e-type=\"widget\" data-widget_type=\"heading.default\">\n\t\t\t\t<div class=\"elementor-widget-container\">\n\t\t\t\t\t<h2 class=\"elementor-heading-title elementor-size-default\">Parfois, quelques heures suffisent. Au Park Hotel Marinetta, \u00e0 Marina di Bibbona, vous pouvez r\u00e9server une chambre pour la journ\u00e9e, sans nuit\u00e9e, et profiter de l'exp\u00e9rience compl\u00e8te du resort sur la C\u00f4te des \u00c9trusques.<\/h2>\t\t\t\t<\/div>\n\t\t\t\t<\/div>\n\t\t\t\t<\/div>\n\t\t\t\t<\/div>\n\t\t\t\t\t<\/div>\n\t\t\t\t<\/div>\n\t\t<div class=\"elementor-element elementor-element-c95408f e-con-full e-flex e-con e-parent\" data-id=\"c95408f\" data-element_type=\"container\" data-e-type=\"container\" data-settings=\"{&quot;background_background&quot;:&quot;classic&quot;}\">\n\t\t<div class=\"elementor-element elementor-element-d442ec7 e-con-full e-flex e-con e-child\" data-id=\"d442ec7\" data-element_type=\"container\" data-e-type=\"container\" data-settings=\"{&quot;background_background&quot;:&quot;classic&quot;}\">\n\t\t\t\t<div class=\"elementor-element elementor-element-0b44f06 elementor-skin-slideshow elementor-hidden-desktop elementor-widget elementor-widget-media-carousel\" data-id=\"0b44f06\" data-element_type=\"widget\" data-e-type=\"widget\" data-settings=\"{&quot;skin&quot;:&quot;slideshow&quot;,&quot;slideshow_slides_per_view_tablet&quot;:&quot;2&quot;,&quot;slideshow_slides_per_view_mobile&quot;:&quot;2&quot;,&quot;slides_to_scroll_mobile&quot;:&quot;1&quot;,&quot;effect&quot;:&quot;slide&quot;,&quot;speed&quot;:500,&quot;autoplay&quot;:&quot;yes&quot;,&quot;autoplay_speed&quot;:5000,&quot;loop&quot;:&quot;yes&quot;,&quot;pause_on_hover&quot;:&quot;yes&quot;,&quot;pause_on_interaction&quot;:&quot;yes&quot;,&quot;space_between&quot;:{&quot;unit&quot;:&quot;px&quot;,&quot;size&quot;:10,&quot;sizes&quot;:[]},&quot;space_between_tablet&quot;:{&quot;unit&quot;:&quot;px&quot;,&quot;size&quot;:10,&quot;sizes&quot;:[]},&quot;space_between_mobile&quot;:{&quot;unit&quot;:&quot;px&quot;,&quot;size&quot;:10,&quot;sizes&quot;:[]}}\" data-widget_type=\"media-carousel.default\">\n\t\t\t\t<div class=\"elementor-widget-container\">\n\t\t\t\t\t\t\t\t\t<div class=\"elementor-swiper\">\n\t\t\t\t\t<div class=\"elementor-main-swiper swiper\" role=\"region\" aria-roledescription=\"carousel\" aria-label=\"Slides\">\n\t\t\t\t<div class=\"swiper-wrapper\">\n\t\t\t\t\t\t\t\t\t\t\t<div class=\"swiper-slide\" role=\"group\" aria-roledescription=\"slide\">\n\t\t\t\t\t\t\t<a href=\"https:\/\/hotelmarinetta.it\/wp-content\/uploads\/2025\/12\/PHM-hotel-noleggio-auto-01.jpg\" data-elementor-open-lightbox=\"yes\" data-elementor-lightbox-slideshow=\"0b44f06\" data-e-action-hash=\"#elementor-action%3Aaction%3Dlightbox%26settings%3DeyJpZCI6OTEzNywidXJsIjoiaHR0cHM6XC9cL2hvdGVsbWFyaW5ldHRhLml0XC93cC1jb250ZW50XC91cGxvYWRzXC8yMDI1XC8xMlwvUEhNLWhvdGVsLW5vbGVnZ2lvLWF1dG8tMDEuanBnIiwic2xpZGVzaG93IjoiMGI0NGYwNiJ9\">\t\t<div class=\"elementor-carousel-image\" role=\"img\" aria-label=\"Hotel Noleggio Auto Europcar\" style=\"background-image: url(&#039;https:\/\/hotelmarinetta.it\/wp-content\/uploads\/2025\/12\/PHM-hotel-noleggio-auto-01.jpg&#039;)\">\n\n\t\t\t\n\t\t\t\t\t<\/div>\n\t\t<\/a>\t\t\t\t\t\t<\/div>\n\t\t\t\t\t\t\t\t\t<\/div>\n\t\t\t\t\t\t\t<\/div>\n\t\t\t\t<\/div>\n\t\t\t\t\t\t\t\t<\/div>\n\t\t\t\t<\/div>\n\t\t\t\t<\/div>\n\t\t<div class=\"elementor-element elementor-element-4c4ed87 e-flex e-con-boxed e-con e-child\" data-id=\"4c4ed87\" data-element_type=\"container\" data-e-type=\"container\">\n\t\t\t\t\t<div class=\"e-con-inner\">\n\t\t<div class=\"elementor-element elementor-element-5db0963 e-con-full e-flex e-con e-child\" data-id=\"5db0963\" data-element_type=\"container\" data-e-type=\"container\">\n\t\t\t\t<div class=\"elementor-element elementor-element-ff717a5 elementor-widget elementor-widget-heading\" data-id=\"ff717a5\" data-element_type=\"widget\" data-e-type=\"widget\" data-widget_type=\"heading.default\">\n\t\t\t\t<div class=\"elementor-widget-container\">\n\t\t\t\t\t<h2 class=\"elementor-heading-title elementor-size-default\">Qu'est-ce qu'une chambre \u00e0 la journ\u00e9e ?<\/h2>\t\t\t\t<\/div>\n\t\t\t\t<\/div>\n\t\t\t\t<div class=\"elementor-element elementor-element-44c6a81 elementor-widget elementor-widget-text-editor\" data-id=\"44c6a81\" data-element_type=\"widget\" data-e-type=\"widget\" data-widget_type=\"text-editor.default\">\n\t\t\t\t<div class=\"elementor-widget-container\">\n\t\t\t\t\t\t\t\t\t<p>Une chambre \u00e0 la journ\u00e9e vous permet de r\u00e9server une chambre d&rsquo;h\u00f4tel pour un nombre d&rsquo;heures d\u00e9fini en journ\u00e9e, sans passer la nuit. C&rsquo;est la solution id\u00e9ale pour les voyageurs qui ont besoin d&rsquo;un espace confortable et priv\u00e9 pour se reposer, se rafra\u00eechir, travailler ou simplement reprendre des forces entre deux \u00e9tapes, sans s&rsquo;engager pour une nuit compl\u00e8te.<\/p>\n<p>Au Park Hotel Marinetta, r\u00e9server une chambre \u00e0 la journ\u00e9e, c&rsquo;est acc\u00e9der non seulement \u00e0 la chambre elle-m\u00eame, mais \u00e0 l&rsquo;ensemble de l&rsquo;infrastructure du resort : <b>plage priv\u00e9e, piscines, restaurants, parc et spa<\/b>.<\/p>\n\t\t\t\t\t\t\t\t<\/div>\n\t\t\t\t<\/div>\n\t\t\t\t<\/div>\n\t\t\t\t\t<\/div>\n\t\t\t\t<\/div>\n\t\t\t\t<\/div>\n\t\t<div class=\"elementor-element elementor-element-adb8392 e-con-full e-flex e-con e-parent\" data-id=\"adb8392\" data-element_type=\"container\" data-e-type=\"container\" data-settings=\"{&quot;background_background&quot;:&quot;classic&quot;}\">\n\t\t<div class=\"elementor-element elementor-element-4647fc4 e-con-full e-flex e-con e-child\" data-id=\"4647fc4\" data-element_type=\"container\" data-e-type=\"container\" data-settings=\"{&quot;background_background&quot;:&quot;classic&quot;}\">\n\t\t\t\t<\/div>\n\t\t<div class=\"elementor-element elementor-element-0ab8aec e-con-full e-flex e-con e-child\" data-id=\"0ab8aec\" data-element_type=\"container\" data-e-type=\"container\">\n\t\t\t\t<div class=\"elementor-element elementor-element-252bbcf elementor-widget elementor-widget-heading\" data-id=\"252bbcf\" data-element_type=\"widget\" data-e-type=\"widget\" data-widget_type=\"heading.default\">\n\t\t\t\t<div class=\"elementor-widget-container\">\n\t\t\t\t\t<h2 class=\"elementor-heading-title elementor-size-default\">\u00c0 qui s'adresse ce service ?<\/h2>\t\t\t\t<\/div>\n\t\t\t\t<\/div>\n\t\t\t\t<div class=\"elementor-element elementor-element-93577ce elementor-widget elementor-widget-text-editor\" data-id=\"93577ce\" data-element_type=\"widget\" data-e-type=\"widget\" data-widget_type=\"text-editor.default\">\n\t\t\t\t<div class=\"elementor-widget-container\">\n\t\t\t\t\t\t\t\t\t<p>Le service de chambre \u00e0 la journ\u00e9e au Park Hotel Marinetta est id\u00e9al pour :<\/p>\n<ul>\n<li><b>Les voyageurs en transit<\/b> sur la c\u00f4te tyrrh\u00e9nienne qui ont besoin de quelques heures de repos, d&rsquo;une douche et d&rsquo;une base confortable avant de poursuivre leur route.<span class=\"Apple-converted-space\">\u00a0<\/span><\/li>\n<li><b>Les vacanciers \u00e0 la journ\u00e9e<\/b> qui souhaitent profiter d&rsquo;une plage et de piscines avec le confort d&rsquo;une chambre priv\u00e9e pour se changer, se reposer et laisser leurs bagages.<\/li>\n<li><b>Les t\u00e9l\u00e9travailleurs et professionnels<\/b> qui recherchent un espace calme et bien \u00e9quip\u00e9 pour une session de travail concentr\u00e9e, loin de leur environnement habituel.<\/li>\n<li><b>Les couples ou les familles<\/b> qui font \u00e9tape sur la C\u00f4te des \u00c9trusques pour une journ\u00e9e et souhaitent une exp\u00e9rience plus compl\u00e8te et plus intime qu&rsquo;une simple journ\u00e9e de plage.<\/li>\n<li><b>Les clients en arriv\u00e9e anticip\u00e9e ou en d\u00e9part tardif<\/b>, qui ont besoin d&rsquo;un espace avant l&rsquo;heure d&rsquo;entr\u00e9e ou apr\u00e8s l&rsquo;heure de d\u00e9part.<\/li>\n<\/ul>\n\t\t\t\t\t\t\t\t<\/div>\n\t\t\t\t<\/div>\n\t\t\t\t<\/div>\n\t\t\t\t<\/div>\n\t\t<div class=\"elementor-element elementor-element-a232d18 e-flex e-con-boxed e-con e-parent\" data-id=\"a232d18\" data-element_type=\"container\" data-e-type=\"container\">\n\t\t\t\t\t<div class=\"e-con-inner\">\n\t\t<div class=\"elementor-element elementor-element-a6a4da6 e-con-full e-flex e-con e-child\" data-id=\"a6a4da6\" data-element_type=\"container\" data-e-type=\"container\">\n\t\t\t\t<div class=\"elementor-element elementor-element-3fc199d elementor-widget elementor-widget-heading\" data-id=\"3fc199d\" data-element_type=\"widget\" data-e-type=\"widget\" data-widget_type=\"heading.default\">\n\t\t\t\t<div class=\"elementor-widget-container\">\n\t\t\t\t\t<h2 class=\"elementor-heading-title elementor-size-default\">Ce qui est inclus dans la chambre \u00e0 la journ\u00e9e<\/h2>\t\t\t\t<\/div>\n\t\t\t\t<\/div>\n\t\t\t\t<div class=\"elementor-element elementor-element-e277531 elementor-widget-divider--view-line elementor-widget elementor-widget-divider\" data-id=\"e277531\" data-element_type=\"widget\" data-e-type=\"widget\" data-widget_type=\"divider.default\">\n\t\t\t\t<div class=\"elementor-widget-container\">\n\t\t\t\t\t\t\t<div class=\"elementor-divider\">\n\t\t\t<span class=\"elementor-divider-separator\">\n\t\t\t\t\t\t<\/span>\n\t\t<\/div>\n\t\t\t\t\t\t<\/div>\n\t\t\t\t<\/div>\n\t\t<div class=\"elementor-element elementor-element-f4654ea e-con-full e-flex e-con e-child\" data-id=\"f4654ea\" data-element_type=\"container\" data-e-type=\"container\">\n\t\t\t\t<div class=\"elementor-element elementor-element-9e289f6 elementor-widget elementor-widget-text-editor\" data-id=\"9e289f6\" data-element_type=\"widget\" data-e-type=\"widget\" data-widget_type=\"text-editor.default\">\n\t\t\t\t<div class=\"elementor-widget-container\">\n\t\t\t\t\t\t\t\t\t<p>La chambre \u00e0 la journ\u00e9e au Park Hotel Marinetta comprend l&rsquo;acc\u00e8s \u00e0 la chambre et \u00e0 tous ses \u00e9quipements &#8211; climatisation, salle de bain priv\u00e9e, Wi-Fi gratuit &#8211; ainsi que l&rsquo;acc\u00e8s complet aux espaces communs et aux services du resort :<\/p>\n<ul>\n<li><span style=\"text-decoration: underline;\"><a href=\"https:\/\/hotelmarinetta.it\/fr\/plage-privee\/\"><b>Plage priv\u00e9e<\/b><\/a><\/span> avec parasol, 2 transats et chaise longue (\u00e0 partir de la troisi\u00e8me rang\u00e9e), labellis\u00e9e Pavillon Bleu.<\/li>\n<li><span style=\"text-decoration: underline;\"><a href=\"https:\/\/hotelmarinetta.it\/fr\/piscines\/\"><b>Piscines<\/b><\/a><\/span> : Funny Pool (familiale) et Relax Pool (adultes uniquement).<\/li>\n<li><b>Pin\u00e8de m\u00e9diterran\u00e9enne priv\u00e9e de 3 hectares<\/b> pour la promenade et la d\u00e9tente.<\/li>\n<li><b>Parking gratuit<\/b> pour 200 v\u00e9hicules, avec bornes de recharge \u00e9lectrique.<\/li>\n<li><b>Tous les <\/b><a href=\"https:\/\/hotelmarinetta.it\/fr\/restaurants\/\"><b>r<span style=\"text-decoration: underline;\">estaurants et bars de l&rsquo;h\u00f4tel<\/span><\/b><\/a><span style=\"text-decoration: underline;\">,<\/span> accessibles pendant les horaires d&rsquo;ouverture habituels.<\/li>\n<\/ul>\n\t\t\t\t\t\t\t\t<\/div>\n\t\t\t\t<\/div>\n\t\t\t\t<\/div>\n\t\t\t\t<\/div>\n\t\t<div class=\"elementor-element elementor-element-55a820e e-con-full e-flex e-con e-child\" data-id=\"55a820e\" data-element_type=\"container\" data-e-type=\"container\">\n\t\t\t\t<div class=\"elementor-element elementor-element-bce1482 elementor-widget elementor-widget-heading\" data-id=\"bce1482\" data-element_type=\"widget\" data-e-type=\"widget\" data-widget_type=\"heading.default\">\n\t\t\t\t<div class=\"elementor-widget-container\">\n\t\t\t\t\t<h2 class=\"elementor-heading-title elementor-size-default\">Horaires et tarifs<\/h2>\t\t\t\t<\/div>\n\t\t\t\t<\/div>\n\t\t\t\t<div class=\"elementor-element elementor-element-7005711 elementor-widget-divider--view-line elementor-widget elementor-widget-divider\" data-id=\"7005711\" data-element_type=\"widget\" data-e-type=\"widget\" data-widget_type=\"divider.default\">\n\t\t\t\t<div class=\"elementor-widget-container\">\n\t\t\t\t\t\t\t<div class=\"elementor-divider\">\n\t\t\t<span class=\"elementor-divider-separator\">\n\t\t\t\t\t\t<\/span>\n\t\t<\/div>\n\t\t\t\t\t\t<\/div>\n\t\t\t\t<\/div>\n\t\t<div class=\"elementor-element elementor-element-b8b66c9 e-con-full e-flex e-con e-child\" data-id=\"b8b66c9\" data-element_type=\"container\" data-e-type=\"container\">\n\t\t\t\t<div class=\"elementor-element elementor-element-d0374cb elementor-widget elementor-widget-text-editor\" data-id=\"d0374cb\" data-element_type=\"widget\" data-e-type=\"widget\" data-widget_type=\"text-editor.default\">\n\t\t\t\t<div class=\"elementor-widget-container\">\n\t\t\t\t\t\t\t\t\t<p>Les disponibilit\u00e9s varient selon la saison et la date : nous vous recommandons de r\u00e9server \u00e0 l&rsquo;avance pour garantir votre cr\u00e9neau pr\u00e9f\u00e9r\u00e9.<span class=\"Apple-converted-space\">\u00a0<\/span><\/p>\n<p>Pour v\u00e9rifier les disponibilit\u00e9s et les tarifs \u00e0 la date de votre choix, contactez-nous directement :<\/p>\n<ul>\n<li><b>Email :<\/b> <span style=\"text-decoration: underline;\"><a href=\"mailto:booking@hotelmarinetta.it\">booking@hotelmarinetta.it<\/a><\/span><\/li>\n<li><b>T\u00e9l\u00e9phone :<\/b> +39.0586.600598<\/li>\n<\/ul>\n<p>Pour les clients qui ne souhaitent pas de chambre mais d\u00e9sirent passer la journ\u00e9e sur la plage, aux piscines et au restaurant de l&rsquo;h\u00f4tel, des forfaits journ\u00e9e d\u00e9di\u00e9s sont \u00e9galement disponibles.<\/p>\n<p>\u2192 <span style=\"text-decoration: underline;\"><a href=\"https:\/\/hotelmarinetta.it\/fr\/offres-speciales\/piscine-plage-restaurant\/\">D\u00e9couvrir les forfaits Plage + Piscine + Restaurant<\/a><\/span><\/p>\n\t\t\t\t\t\t\t\t<\/div>\n\t\t\t\t<\/div>\n\t\t\t\t<\/div>\n\t\t\t\t<\/div>\n\t\t\t\t\t<\/div>\n\t\t\t\t<\/div>\n\t\t<div class=\"elementor-element elementor-element-45d9401 e-flex e-con-boxed e-con e-parent\" data-id=\"45d9401\" data-element_type=\"container\" data-e-type=\"container\" data-settings=\"{&quot;background_background&quot;:&quot;classic&quot;}\">\n\t\t\t\t\t<div class=\"e-con-inner\">\n\t\t<div class=\"elementor-element elementor-element-e36951d e-con-full e-flex e-con e-child\" data-id=\"e36951d\" data-element_type=\"container\" data-e-type=\"container\">\n\t\t\t\t<div class=\"elementor-element elementor-element-9a10872 elementor-widget elementor-widget-heading\" data-id=\"9a10872\" data-element_type=\"widget\" data-e-type=\"widget\" data-widget_type=\"heading.default\">\n\t\t\t\t<div class=\"elementor-widget-container\">\n\t\t\t\t\t<h2 class=\"elementor-heading-title elementor-size-default\">Questions fr\u00e9quentes - Chambre \u00e0 la journ\u00e9e \u00e0 l'H\u00f4tel Marinetta<\/h2>\t\t\t\t<\/div>\n\t\t\t\t<\/div>\n\t\t\t\t<\/div>\n\t\t<div class=\"elementor-element elementor-element-20e85c4 e-con-full e-flex e-con e-child\" data-id=\"20e85c4\" data-element_type=\"container\" data-e-type=\"container\">\n\t\t\t\t<div class=\"elementor-element elementor-element-f5bc97e elementor-widget elementor-widget-n-accordion\" data-id=\"f5bc97e\" data-element_type=\"widget\" data-e-type=\"widget\" data-settings=\"{&quot;default_state&quot;:&quot;all_collapsed&quot;,&quot;max_items_expended&quot;:&quot;one&quot;,&quot;n_accordion_animation_duration&quot;:{&quot;unit&quot;:&quot;ms&quot;,&quot;size&quot;:400,&quot;sizes&quot;:[]}}\" data-widget_type=\"nested-accordion.default\">\n\t\t\t\t<div class=\"elementor-widget-container\">\n\t\t\t\t\t\t\t<div class=\"e-n-accordion\" aria-label=\"Accordion. Open links with Enter or Space, close with Escape, and navigate with Arrow Keys\">\n\t\t\t\t\t\t<details id=\"e-n-accordion-item-2570\" class=\"e-n-accordion-item\" >\n\t\t\t\t<summary class=\"e-n-accordion-item-title\" data-accordion-index=\"1\" tabindex=\"0\" aria-expanded=\"false\" aria-controls=\"e-n-accordion-item-2570\" >\n\t\t\t\t\t<span class='e-n-accordion-item-title-header'><h3 class=\"e-n-accordion-item-title-text\"> La plage est-elle incluse dans la chambre \u00e0 la journ\u00e9e ?\u00a0 <\/h3><\/span>\n\t\t\t\t\t\t\t<span class='e-n-accordion-item-title-icon'>\n\t\t\t<span class='e-opened' ><i aria-hidden=\"true\" class=\"icon icon-chevron-up\"><\/i><\/span>\n\t\t\t<span class='e-closed'><i aria-hidden=\"true\" class=\"icon icon-chevron-down\"><\/i><\/span>\n\t\t<\/span>\n\n\t\t\t\t\t\t<\/summary>\n\t\t\t\t<div role=\"region\" aria-labelledby=\"e-n-accordion-item-2570\" class=\"elementor-element elementor-element-c01eaaf e-con-full e-flex e-con e-child\" data-id=\"c01eaaf\" data-element_type=\"container\" data-e-type=\"container\">\n\t\t\t\t<div class=\"elementor-element elementor-element-d968f93 elementor-widget elementor-widget-text-editor\" data-id=\"d968f93\" data-element_type=\"widget\" data-e-type=\"widget\" data-widget_type=\"text-editor.default\">\n\t\t\t\t<div class=\"elementor-widget-container\">\n\t\t\t\t\t\t\t\t\t<p>Oui. Tous les clients en day use ont acc\u00e8s \u00e0 la plage priv\u00e9e avec parasol, 2 transats et chaise longue, \u00e0 partir de la troisi\u00e8me rang\u00e9e.<\/p>\n\t\t\t\t\t\t\t\t<\/div>\n\t\t\t\t<\/div>\n\t\t\t\t<\/div>\n\t\t\t\t\t<\/details>\n\t\t\t\t\t\t<details id=\"e-n-accordion-item-2571\" class=\"e-n-accordion-item\" >\n\t\t\t\t<summary class=\"e-n-accordion-item-title\" data-accordion-index=\"2\" tabindex=\"-1\" aria-expanded=\"false\" aria-controls=\"e-n-accordion-item-2571\" >\n\t\t\t\t\t<span class='e-n-accordion-item-title-header'><h3 class=\"e-n-accordion-item-title-text\"> Puis-je utiliser la piscine avec une chambre \u00e0 la journ\u00e9e ? <\/h3><\/span>\n\t\t\t\t\t\t\t<span class='e-n-accordion-item-title-icon'>\n\t\t\t<span class='e-opened' ><i aria-hidden=\"true\" class=\"icon icon-chevron-up\"><\/i><\/span>\n\t\t\t<span class='e-closed'><i aria-hidden=\"true\" class=\"icon icon-chevron-down\"><\/i><\/span>\n\t\t<\/span>\n\n\t\t\t\t\t\t<\/summary>\n\t\t\t\t<div role=\"region\" aria-labelledby=\"e-n-accordion-item-2571\" class=\"elementor-element elementor-element-6ca8282 e-con-full e-flex e-con e-child\" data-id=\"6ca8282\" data-element_type=\"container\" data-e-type=\"container\">\n\t\t\t\t<div class=\"elementor-element elementor-element-f3c9717 elementor-widget elementor-widget-text-editor\" data-id=\"f3c9717\" data-element_type=\"widget\" data-e-type=\"widget\" data-widget_type=\"text-editor.default\">\n\t\t\t\t<div class=\"elementor-widget-container\">\n\t\t\t\t\t\t\t\t\t<p>Oui. Les clients en day use ont acc\u00e8s aux deux piscines : la Funny Pool (familiale) et la Relax Pool (adultes uniquement).<\/p>\n\t\t\t\t\t\t\t\t<\/div>\n\t\t\t\t<\/div>\n\t\t\t\t<\/div>\n\t\t\t\t\t<\/details>\n\t\t\t\t\t\t<details id=\"e-n-accordion-item-2572\" class=\"e-n-accordion-item\" >\n\t\t\t\t<summary class=\"e-n-accordion-item-title\" data-accordion-index=\"3\" tabindex=\"-1\" aria-expanded=\"false\" aria-controls=\"e-n-accordion-item-2572\" >\n\t\t\t\t\t<span class='e-n-accordion-item-title-header'><h3 class=\"e-n-accordion-item-title-text\"> Puis-je utiliser le spa avec une r\u00e9servation \u00e0 la journ\u00e9e ? <\/h3><\/span>\n\t\t\t\t\t\t\t<span class='e-n-accordion-item-title-icon'>\n\t\t\t<span class='e-opened' ><i aria-hidden=\"true\" class=\"icon icon-chevron-up\"><\/i><\/span>\n\t\t\t<span class='e-closed'><i aria-hidden=\"true\" class=\"icon icon-chevron-down\"><\/i><\/span>\n\t\t<\/span>\n\n\t\t\t\t\t\t<\/summary>\n\t\t\t\t<div role=\"region\" aria-labelledby=\"e-n-accordion-item-2572\" class=\"elementor-element elementor-element-5a3b4ef e-con-full e-flex e-con e-child\" data-id=\"5a3b4ef\" data-element_type=\"container\" data-e-type=\"container\">\n\t\t\t\t<div class=\"elementor-element elementor-element-267f4c9 elementor-widget elementor-widget-text-editor\" data-id=\"267f4c9\" data-element_type=\"widget\" data-e-type=\"widget\" data-widget_type=\"text-editor.default\">\n\t\t\t\t<div class=\"elementor-widget-container\">\n\t\t\t\t\t\t\t\t\t<p>Oui, le spa est accessible \u00e0 un tarif r\u00e9duit de 15 \u20ac par personne (au lieu de 22 \u20ac) en combinaison avec un forfait plage. La r\u00e9servation du spa doit \u00eatre effectu\u00e9e \u00e0 l&rsquo;avance.<\/p>\n\t\t\t\t\t\t\t\t<\/div>\n\t\t\t\t<\/div>\n\t\t\t\t<\/div>\n\t\t\t\t\t<\/details>\n\t\t\t\t\t\t<details id=\"e-n-accordion-item-2573\" class=\"e-n-accordion-item\" >\n\t\t\t\t<summary class=\"e-n-accordion-item-title\" data-accordion-index=\"4\" tabindex=\"-1\" aria-expanded=\"false\" aria-controls=\"e-n-accordion-item-2573\" >\n\t\t\t\t\t<span class='e-n-accordion-item-title-header'><h3 class=\"e-n-accordion-item-title-text\"> Le parking est-il inclus ? <\/h3><\/span>\n\t\t\t\t\t\t\t<span class='e-n-accordion-item-title-icon'>\n\t\t\t<span class='e-opened' ><i aria-hidden=\"true\" class=\"icon icon-chevron-up\"><\/i><\/span>\n\t\t\t<span class='e-closed'><i aria-hidden=\"true\" class=\"icon icon-chevron-down\"><\/i><\/span>\n\t\t<\/span>\n\n\t\t\t\t\t\t<\/summary>\n\t\t\t\t<div role=\"region\" aria-labelledby=\"e-n-accordion-item-2573\" class=\"elementor-element elementor-element-42a137f e-con-full e-flex e-con e-child\" data-id=\"42a137f\" data-element_type=\"container\" data-e-type=\"container\">\n\t\t\t\t<div class=\"elementor-element elementor-element-c5a3a3d elementor-widget elementor-widget-text-editor\" data-id=\"c5a3a3d\" data-element_type=\"widget\" data-e-type=\"widget\" data-widget_type=\"text-editor.default\">\n\t\t\t\t<div class=\"elementor-widget-container\">\n\t\t\t\t\t\t\t\t\t<p>Oui, le parking gratuit est toujours inclus.<\/p>\n\t\t\t\t\t\t\t\t<\/div>\n\t\t\t\t<\/div>\n\t\t\t\t<\/div>\n\t\t\t\t\t<\/details>\n\t\t\t\t\t\t<details id=\"e-n-accordion-item-2574\" class=\"e-n-accordion-item\" >\n\t\t\t\t<summary class=\"e-n-accordion-item-title\" data-accordion-index=\"5\" tabindex=\"-1\" aria-expanded=\"false\" aria-controls=\"e-n-accordion-item-2574\" >\n\t\t\t\t\t<span class='e-n-accordion-item-title-header'><h3 class=\"e-n-accordion-item-title-text\"> Puis-je venir avec mon animal de compagnie pour un day use ? <\/h3><\/span>\n\t\t\t\t\t\t\t<span class='e-n-accordion-item-title-icon'>\n\t\t\t<span class='e-opened' ><i aria-hidden=\"true\" class=\"icon icon-chevron-up\"><\/i><\/span>\n\t\t\t<span class='e-closed'><i aria-hidden=\"true\" class=\"icon icon-chevron-down\"><\/i><\/span>\n\t\t<\/span>\n\n\t\t\t\t\t\t<\/summary>\n\t\t\t\t<div role=\"region\" aria-labelledby=\"e-n-accordion-item-2574\" class=\"elementor-element elementor-element-7b2a675 e-con-full e-flex e-con e-child\" data-id=\"7b2a675\" data-element_type=\"container\" data-e-type=\"container\">\n\t\t\t\t<div class=\"elementor-element elementor-element-ccc9fec elementor-widget elementor-widget-text-editor\" data-id=\"ccc9fec\" data-element_type=\"widget\" data-e-type=\"widget\" data-widget_type=\"text-editor.default\">\n\t\t\t\t<div class=\"elementor-widget-container\">\n\t\t\t\t\t\t\t\t\t<p>Oui, les animaux de compagnie sont les bienvenus au Park Hotel Marinetta. Le suppl\u00e9ment journalier standard de 30 \u20ac s&rsquo;applique. Nous vous recommandons de mentionner votre animal lors de la r\u00e9servation.<\/p>\n\t\t\t\t\t\t\t\t<\/div>\n\t\t\t\t<\/div>\n\t\t\t\t<\/div>\n\t\t\t\t\t<\/details>\n\t\t\t\t\t\t<details id=\"e-n-accordion-item-2575\" class=\"e-n-accordion-item\" >\n\t\t\t\t<summary class=\"e-n-accordion-item-title\" data-accordion-index=\"6\" tabindex=\"-1\" aria-expanded=\"false\" aria-controls=\"e-n-accordion-item-2575\" >\n\t\t\t\t\t<span class='e-n-accordion-item-title-header'><h3 class=\"e-n-accordion-item-title-text\"> Le service de chambre \u00e0 la journ\u00e9e est-il disponible toute l'ann\u00e9e ? <\/h3><\/span>\n\t\t\t\t\t\t\t<span class='e-n-accordion-item-title-icon'>\n\t\t\t<span class='e-opened' ><i aria-hidden=\"true\" class=\"icon icon-chevron-up\"><\/i><\/span>\n\t\t\t<span class='e-closed'><i aria-hidden=\"true\" class=\"icon icon-chevron-down\"><\/i><\/span>\n\t\t<\/span>\n\n\t\t\t\t\t\t<\/summary>\n\t\t\t\t<div role=\"region\" aria-labelledby=\"e-n-accordion-item-2575\" class=\"elementor-element elementor-element-097bab1 e-con-full e-flex e-con e-child\" data-id=\"097bab1\" data-element_type=\"container\" data-e-type=\"container\">\n\t\t\t\t<div class=\"elementor-element elementor-element-d8566f4 elementor-widget elementor-widget-text-editor\" data-id=\"d8566f4\" data-element_type=\"widget\" data-e-type=\"widget\" data-widget_type=\"text-editor.default\">\n\t\t\t\t<div class=\"elementor-widget-container\">\n\t\t\t\t\t\t\t\t\t<p>Le service est disponible selon les disponibilit\u00e9s pendant la saison d&rsquo;ouverture de l&rsquo;h\u00f4tel.<\/p>\n\t\t\t\t\t\t\t\t<\/div>\n\t\t\t\t<\/div>\n\t\t\t\t<\/div>\n\t\t\t\t\t<\/details>\n\t\t\t\t\t<\/div>\n\t\t\t\t\t<script type=\"application\/ld+json\">{\"@context\":\"https:\\\/\\\/schema.org\",\"@type\":\"FAQPage\",\"mainEntity\":[{\"@type\":\"Question\",\"name\":\"La plage est-elle incluse dans la chambre \\u00e0 la journ\\u00e9e ?\\u00a0\",\"acceptedAnswer\":{\"@type\":\"Answer\",\"text\":\"Oui. Tous les clients en day use ont acc\\u00e8s \\u00e0 la plage priv\\u00e9e avec parasol, 2 transats et chaise longue, \\u00e0 partir de la troisi\\u00e8me rang\\u00e9e.\"}},{\"@type\":\"Question\",\"name\":\"Puis-je utiliser la piscine avec une chambre \\u00e0 la journ\\u00e9e ?\",\"acceptedAnswer\":{\"@type\":\"Answer\",\"text\":\"Oui. Les clients en day use ont acc\\u00e8s aux deux piscines : la Funny Pool (familiale) et la Relax Pool (adultes uniquement).\"}},{\"@type\":\"Question\",\"name\":\"Puis-je utiliser le spa avec une r\\u00e9servation \\u00e0 la journ\\u00e9e ?\",\"acceptedAnswer\":{\"@type\":\"Answer\",\"text\":\"Oui, le spa est accessible \\u00e0 un tarif r\\u00e9duit de 15 \\u20ac par personne (au lieu de 22 \\u20ac) en combinaison avec un forfait plage. La r\\u00e9servation du spa doit \\u00eatre effectu\\u00e9e \\u00e0 l&rsquo;avance.\"}},{\"@type\":\"Question\",\"name\":\"Le parking est-il inclus ?\",\"acceptedAnswer\":{\"@type\":\"Answer\",\"text\":\"Oui, le parking gratuit est toujours inclus.\"}},{\"@type\":\"Question\",\"name\":\"Puis-je venir avec mon animal de compagnie pour un day use ?\",\"acceptedAnswer\":{\"@type\":\"Answer\",\"text\":\"Oui, les animaux de compagnie sont les bienvenus au Park Hotel Marinetta. Le suppl\\u00e9ment journalier standard de 30 \\u20ac s&rsquo;applique. Nous vous recommandons de mentionner votre animal lors de la r\\u00e9servation.\"}},{\"@type\":\"Question\",\"name\":\"Le service de chambre \\u00e0 la journ\\u00e9e est-il disponible toute l'ann\\u00e9e ?\",\"acceptedAnswer\":{\"@type\":\"Answer\",\"text\":\"Le service est disponible selon les disponibilit\\u00e9s pendant la saison d&rsquo;ouverture de l&rsquo;h\\u00f4tel.\"}}]}<\/script>\n\t\t\t\t\t\t\t<\/div>\n\t\t\t\t<\/div>\n\t\t\t\t<\/div>\n\t\t\t\t\t<\/div>\n\t\t\t\t<\/div>\n\t\t<div class=\"elementor-element elementor-element-3706f38 e-flex e-con-boxed e-con e-parent\" data-id=\"3706f38\" data-element_type=\"container\" data-e-type=\"container\">\n\t\t\t\t\t<div class=\"e-con-inner\">\n\t\t\t\t<div class=\"elementor-element elementor-element-b0ca9f5 elementor-widget elementor-widget-template\" data-id=\"b0ca9f5\" data-element_type=\"widget\" data-e-type=\"widget\" data-widget_type=\"template.default\">\n\t\t\t\t<div class=\"elementor-widget-container\">\n\t\t\t\t\t\t\t<div class=\"elementor-template\">\n\t\t\t\t\t<div data-elementor-type=\"container\" data-elementor-id=\"4892\" class=\"elementor elementor-4892 elementor-1283 elementor-1283\" data-elementor-post-type=\"elementor_library\">\n\t\t\t\t<div class=\"elementor-element elementor-element-6c2687b1 e-flex e-con-boxed e-con e-parent\" data-id=\"6c2687b1\" data-element_type=\"container\" data-e-type=\"container\" data-settings=\"{&quot;background_background&quot;:&quot;classic&quot;}\">\n\t\t\t\t\t<div class=\"e-con-inner\">\n\t\t<div class=\"elementor-element elementor-element-106ac75a e-con-full e-flex e-con e-child\" data-id=\"106ac75a\" data-element_type=\"container\" data-e-type=\"container\" data-settings=\"{&quot;background_background&quot;:&quot;classic&quot;}\">\n\t\t\t\t<div class=\"elementor-element elementor-element-6ef6685e elementor-pagination-type-bullets elementor-pagination-position-outside elementor-widget elementor-widget-n-carousel\" data-id=\"6ef6685e\" data-element_type=\"widget\" data-e-type=\"widget\" data-settings=\"{&quot;carousel_items&quot;:[{&quot;slide_title&quot;:&quot;Slide #1&quot;,&quot;_id&quot;:&quot;e3e8968&quot;},{&quot;slide_title&quot;:&quot;Slide #1&quot;,&quot;_id&quot;:&quot;a2f09bc&quot;},{&quot;slide_title&quot;:&quot;Slide #1&quot;,&quot;_id&quot;:&quot;d8eb8f1&quot;},{&quot;slide_title&quot;:&quot;Slide #1&quot;,&quot;_id&quot;:&quot;75ba800&quot;},{&quot;slide_title&quot;:&quot;Slide #1&quot;,&quot;_id&quot;:&quot;7b9f6c6&quot;}],&quot;slides_to_show&quot;:&quot;1&quot;,&quot;slides_to_scroll&quot;:&quot;1&quot;,&quot;slides_to_show_tablet&quot;:&quot;1&quot;,&quot;slides_to_show_mobile&quot;:&quot;1&quot;,&quot;autoplay&quot;:&quot;yes&quot;,&quot;autoplay_speed&quot;:5000,&quot;pause_on_hover&quot;:&quot;yes&quot;,&quot;pause_on_interaction&quot;:&quot;yes&quot;,&quot;infinite&quot;:&quot;yes&quot;,&quot;speed&quot;:500,&quot;offset_sides&quot;:&quot;none&quot;,&quot;pagination&quot;:&quot;bullets&quot;,&quot;image_spacing_custom&quot;:{&quot;unit&quot;:&quot;px&quot;,&quot;size&quot;:10,&quot;sizes&quot;:[]},&quot;image_spacing_custom_tablet&quot;:{&quot;unit&quot;:&quot;px&quot;,&quot;size&quot;:&quot;&quot;,&quot;sizes&quot;:[]},&quot;image_spacing_custom_mobile&quot;:{&quot;unit&quot;:&quot;px&quot;,&quot;size&quot;:&quot;&quot;,&quot;sizes&quot;:[]}}\" data-widget_type=\"nested-carousel.default\">\n\t\t\t\t<div class=\"elementor-widget-container\">\n\t\t\t\t\t\t\t<div class=\"e-n-carousel swiper\" role=\"region\" aria-roledescription=\"carousel\" aria-label=\"Carosello Camere\" dir=\"ltr\">\n\t\t\t<div class=\"swiper-wrapper\" aria-live=\"off\">\n\t\t\t\t\t\t\t\t\t\t<div class=\"swiper-slide\" data-slide=\"1\" role=\"group\" aria-roledescription=\"slide\" aria-label=\"1 sur 5\">\n\t\t\t\t\t\t\t<div data-premium-element-link=\"{&quot;type&quot;:&quot;url&quot;,&quot;link&quot;:{&quot;url&quot;:&quot;https:\\\/\\\/hotelmarinetta.it\\\/parco\\\/&quot;,&quot;is_external&quot;:&quot;&quot;,&quot;nofollow&quot;:&quot;&quot;,&quot;custom_attributes&quot;:&quot;&quot;},&quot;href&quot;:&quot;https:\\\/\\\/hotelmarinetta.it\\\/parco\\\/&quot;}\" style=\"cursor: pointer\" class=\"elementor-element elementor-element-626e93e2 premium-wrapper-link-yes e-flex e-con-boxed e-con e-child\" data-id=\"626e93e2\" data-element_type=\"container\" data-e-type=\"container\" data-settings=\"{&quot;background_background&quot;:&quot;classic&quot;}\">\n\t\t\t\t\t<div class=\"e-con-inner\">\n\t\t\t\t<div class=\"elementor-element elementor-element-239a3505 elementor-widget elementor-widget-heading\" data-id=\"239a3505\" data-element_type=\"widget\" data-e-type=\"widget\" data-widget_type=\"heading.default\">\n\t\t\t\t<div class=\"elementor-widget-container\">\n\t\t\t\t\t<h3 class=\"elementor-heading-title elementor-size-default\">Le Parc<\/h3>\t\t\t\t<\/div>\n\t\t\t\t<\/div>\n\t\t\t\t<div class=\"elementor-element elementor-element-553d497f elementor-mobile-align-justify elementor-widget elementor-widget-button\" data-id=\"553d497f\" data-element_type=\"widget\" data-e-type=\"widget\" data-widget_type=\"button.default\">\n\t\t\t\t<div class=\"elementor-widget-container\">\n\t\t\t\t\t\t\t\t\t<div class=\"elementor-button-wrapper\">\n\t\t\t\t\t<a class=\"elementor-button elementor-button-link elementor-size-sm\" href=\"https:\/\/hotelmarinetta.it\/fr\/parc\/\">\n\t\t\t\t\t\t<span class=\"elementor-button-content-wrapper\">\n\t\t\t\t\t\t\t\t\t<span class=\"elementor-button-text\">D\u00e9couvrez le parc<\/span>\n\t\t\t\t\t<\/span>\n\t\t\t\t\t<\/a>\n\t\t\t\t<\/div>\n\t\t\t\t\t\t\t\t<\/div>\n\t\t\t\t<\/div>\n\t\t\t\t\t<\/div>\n\t\t\t\t<\/div>\n\t\t\t\t\t\t\t\t<\/div>\n\t\t\t\t\t\t\t\t\t\t\t<div class=\"swiper-slide\" data-slide=\"2\" role=\"group\" aria-roledescription=\"slide\" aria-label=\"2 sur 5\">\n\t\t\t\t\t\t\t<div class=\"elementor-element elementor-element-310d975 e-flex e-con-boxed e-con e-child\" data-id=\"310d975\" data-element_type=\"container\" data-e-type=\"container\" data-settings=\"{&quot;background_background&quot;:&quot;classic&quot;}\">\n\t\t\t\t\t<div class=\"e-con-inner\">\n\t\t\t\t<div class=\"elementor-element elementor-element-5d8fb1f1 elementor-widget elementor-widget-heading\" data-id=\"5d8fb1f1\" data-element_type=\"widget\" data-e-type=\"widget\" data-widget_type=\"heading.default\">\n\t\t\t\t<div class=\"elementor-widget-container\">\n\t\t\t\t\t<h3 class=\"elementor-heading-title elementor-size-default\">Les piscines<\/h3>\t\t\t\t<\/div>\n\t\t\t\t<\/div>\n\t\t\t\t<div class=\"elementor-element elementor-element-7f51c5c1 elementor-mobile-align-justify elementor-widget elementor-widget-button\" data-id=\"7f51c5c1\" data-element_type=\"widget\" data-e-type=\"widget\" data-widget_type=\"button.default\">\n\t\t\t\t<div class=\"elementor-widget-container\">\n\t\t\t\t\t\t\t\t\t<div class=\"elementor-button-wrapper\">\n\t\t\t\t\t<a class=\"elementor-button elementor-button-link elementor-size-sm\" href=\"https:\/\/hotelmarinetta.it\/fr\/piscines\/\">\n\t\t\t\t\t\t<span class=\"elementor-button-content-wrapper\">\n\t\t\t\t\t\t\t\t\t<span class=\"elementor-button-text\">D\u00e9couvrez les piscines<\/span>\n\t\t\t\t\t<\/span>\n\t\t\t\t\t<\/a>\n\t\t\t\t<\/div>\n\t\t\t\t\t\t\t\t<\/div>\n\t\t\t\t<\/div>\n\t\t\t\t\t<\/div>\n\t\t\t\t<\/div>\n\t\t\t\t\t\t\t\t<\/div>\n\t\t\t\t\t\t\t\t\t\t\t<div class=\"swiper-slide\" data-slide=\"3\" role=\"group\" aria-roledescription=\"slide\" aria-label=\"3 sur 5\">\n\t\t\t\t\t\t\t<div class=\"elementor-element elementor-element-697ba349 e-flex e-con-boxed e-con e-child\" data-id=\"697ba349\" data-element_type=\"container\" data-e-type=\"container\" data-settings=\"{&quot;background_background&quot;:&quot;classic&quot;}\">\n\t\t\t\t\t<div class=\"e-con-inner\">\n\t\t\t\t<div class=\"elementor-element elementor-element-5cbe4270 elementor-widget elementor-widget-heading\" data-id=\"5cbe4270\" data-element_type=\"widget\" data-e-type=\"widget\" data-widget_type=\"heading.default\">\n\t\t\t\t<div class=\"elementor-widget-container\">\n\t\t\t\t\t<h3 class=\"elementor-heading-title elementor-size-default\">Le Spa<\/h3>\t\t\t\t<\/div>\n\t\t\t\t<\/div>\n\t\t\t\t<div class=\"elementor-element elementor-element-4c4aa8e0 elementor-mobile-align-justify elementor-widget elementor-widget-button\" data-id=\"4c4aa8e0\" data-element_type=\"widget\" data-e-type=\"widget\" data-widget_type=\"button.default\">\n\t\t\t\t<div class=\"elementor-widget-container\">\n\t\t\t\t\t\t\t\t\t<div class=\"elementor-button-wrapper\">\n\t\t\t\t\t<a class=\"elementor-button elementor-button-link elementor-size-sm\" href=\"https:\/\/hotelmarinetta.it\/fr\/spa-et-bien-etre\/\">\n\t\t\t\t\t\t<span class=\"elementor-button-content-wrapper\">\n\t\t\t\t\t\t\t\t\t<span class=\"elementor-button-text\">D\u00e9couvrez la spa<\/span>\n\t\t\t\t\t<\/span>\n\t\t\t\t\t<\/a>\n\t\t\t\t<\/div>\n\t\t\t\t\t\t\t\t<\/div>\n\t\t\t\t<\/div>\n\t\t\t\t\t<\/div>\n\t\t\t\t<\/div>\n\t\t\t\t\t\t\t\t<\/div>\n\t\t\t\t\t\t\t\t\t\t\t<div class=\"swiper-slide\" data-slide=\"4\" role=\"group\" aria-roledescription=\"slide\" aria-label=\"4 sur 5\">\n\t\t\t\t\t\t\t<div class=\"elementor-element elementor-element-7183b55 e-flex e-con-boxed e-con e-child\" data-id=\"7183b55\" data-element_type=\"container\" data-e-type=\"container\" data-settings=\"{&quot;background_background&quot;:&quot;classic&quot;}\">\n\t\t\t\t\t<div class=\"e-con-inner\">\n\t\t\t\t<div class=\"elementor-element elementor-element-8428009 elementor-widget elementor-widget-heading\" data-id=\"8428009\" data-element_type=\"widget\" data-e-type=\"widget\" data-widget_type=\"heading.default\">\n\t\t\t\t<div class=\"elementor-widget-container\">\n\t\t\t\t\t<h3 class=\"elementor-heading-title elementor-size-default\">La plage<\/h3>\t\t\t\t<\/div>\n\t\t\t\t<\/div>\n\t\t\t\t<div class=\"elementor-element elementor-element-0e4e968 elementor-mobile-align-justify elementor-widget elementor-widget-button\" data-id=\"0e4e968\" data-element_type=\"widget\" data-e-type=\"widget\" data-widget_type=\"button.default\">\n\t\t\t\t<div class=\"elementor-widget-container\">\n\t\t\t\t\t\t\t\t\t<div class=\"elementor-button-wrapper\">\n\t\t\t\t\t<a class=\"elementor-button elementor-button-link elementor-size-sm\" href=\"https:\/\/hotelmarinetta.it\/fr\/plage-privee\/\">\n\t\t\t\t\t\t<span class=\"elementor-button-content-wrapper\">\n\t\t\t\t\t\t\t\t\t<span class=\"elementor-button-text\">D\u00e9couvrez la plage<\/span>\n\t\t\t\t\t<\/span>\n\t\t\t\t\t<\/a>\n\t\t\t\t<\/div>\n\t\t\t\t\t\t\t\t<\/div>\n\t\t\t\t<\/div>\n\t\t\t\t\t<\/div>\n\t\t\t\t<\/div>\n\t\t\t\t\t\t\t\t<\/div>\n\t\t\t\t\t\t\t\t\t\t\t<div class=\"swiper-slide\" data-slide=\"5\" role=\"group\" aria-roledescription=\"slide\" aria-label=\"5 sur 5\">\n\t\t\t\t\t\t\t<div class=\"elementor-element elementor-element-8fe7c7e e-flex e-con-boxed e-con e-child\" data-id=\"8fe7c7e\" data-element_type=\"container\" data-e-type=\"container\" data-settings=\"{&quot;background_background&quot;:&quot;classic&quot;}\">\n\t\t\t\t\t<div class=\"e-con-inner\">\n\t\t\t\t<div class=\"elementor-element elementor-element-b5f82a3 elementor-widget elementor-widget-heading\" data-id=\"b5f82a3\" data-element_type=\"widget\" data-e-type=\"widget\" data-widget_type=\"heading.default\">\n\t\t\t\t<div class=\"elementor-widget-container\">\n\t\t\t\t\t<h3 class=\"elementor-heading-title elementor-size-default\">Les restaurants<\/h3>\t\t\t\t<\/div>\n\t\t\t\t<\/div>\n\t\t\t\t<div class=\"elementor-element elementor-element-459f057 elementor-mobile-align-justify elementor-widget elementor-widget-button\" data-id=\"459f057\" data-element_type=\"widget\" data-e-type=\"widget\" data-widget_type=\"button.default\">\n\t\t\t\t<div class=\"elementor-widget-container\">\n\t\t\t\t\t\t\t\t\t<div class=\"elementor-button-wrapper\">\n\t\t\t\t\t<a class=\"elementor-button elementor-button-link elementor-size-sm\" href=\"https:\/\/hotelmarinetta.it\/fr\/restaurants\/\">\n\t\t\t\t\t\t<span class=\"elementor-button-content-wrapper\">\n\t\t\t\t\t\t\t\t\t<span class=\"elementor-button-text\">D\u00e9couvrez les restaurants<\/span>\n\t\t\t\t\t<\/span>\n\t\t\t\t\t<\/a>\n\t\t\t\t<\/div>\n\t\t\t\t\t\t\t\t<\/div>\n\t\t\t\t<\/div>\n\t\t\t\t\t<\/div>\n\t\t\t\t<\/div>\n\t\t\t\t\t\t\t\t<\/div>\n\t\t\t\t\t\t\t\t<\/div>\n\t\t<\/div>\n\t\t\t\t\t<div class=\"swiper-pagination\"><\/div>\n\t\t\t\t\t\t<\/div>\n\t\t\t\t<\/div>\n\t\t\t\t<\/div>\n\t\t<div data-premium-element-link=\"{&quot;type&quot;:&quot;url&quot;,&quot;link&quot;:{&quot;url&quot;:&quot;https:\\\/\\\/hotelmarinetta.it\\\/offerte-speciali\\\/&quot;,&quot;is_external&quot;:&quot;&quot;,&quot;nofollow&quot;:&quot;&quot;,&quot;custom_attributes&quot;:&quot;&quot;},&quot;href&quot;:&quot;https:\\\/\\\/hotelmarinetta.it\\\/offerte-speciali\\\/&quot;}\" style=\"cursor: pointer\" class=\"elementor-element elementor-element-3b75ff11 e-con-full premium-wrapper-link-yes e-flex e-con e-child\" data-id=\"3b75ff11\" data-element_type=\"container\" data-e-type=\"container\" data-settings=\"{&quot;background_background&quot;:&quot;classic&quot;}\">\n\t\t<div class=\"elementor-element elementor-element-4f3c6aa0 e-con-full e-flex e-con e-child\" data-id=\"4f3c6aa0\" data-element_type=\"container\" data-e-type=\"container\">\n\t\t\t\t<div class=\"elementor-element elementor-element-78025205 elementor-widget elementor-widget-heading\" data-id=\"78025205\" data-element_type=\"widget\" data-e-type=\"widget\" data-widget_type=\"heading.default\">\n\t\t\t\t<div class=\"elementor-widget-container\">\n\t\t\t\t\t<h3 class=\"elementor-heading-title elementor-size-default\">Offres<\/h3>\t\t\t\t<\/div>\n\t\t\t\t<\/div>\n\t\t\t\t<div class=\"elementor-element elementor-element-3791a426 elementor-mobile-align-justify elementor-widget elementor-widget-button\" data-id=\"3791a426\" data-element_type=\"widget\" data-e-type=\"widget\" data-widget_type=\"button.default\">\n\t\t\t\t<div class=\"elementor-widget-container\">\n\t\t\t\t\t\t\t\t\t<div class=\"elementor-button-wrapper\">\n\t\t\t\t\t<a class=\"elementor-button elementor-button-link elementor-size-sm\" href=\"https:\/\/hotelmarinetta.it\/fr\/offres-speciales\/\">\n\t\t\t\t\t\t<span class=\"elementor-button-content-wrapper\">\n\t\t\t\t\t\t\t\t\t<span class=\"elementor-button-text\">D\u00e9couvrez les offres<\/span>\n\t\t\t\t\t<\/span>\n\t\t\t\t\t<\/a>\n\t\t\t\t<\/div>\n\t\t\t\t\t\t\t\t<\/div>\n\t\t\t\t<\/div>\n\t\t\t\t<\/div>\n\t\t\t\t<\/div>\n\t\t\t\t\t<\/div>\n\t\t\t\t<\/div>\n\t\t\t\t<\/div>\n\t\t\t\t<\/div>\n\t\t\t\t\t\t<\/div>\n\t\t\t\t<\/div>\n\t\t\t\t\t<\/div>\n\t\t\t\t<\/div>\n\t\t\t\t<\/div>\n\t\t","protected":false},"excerpt":{"rendered":"<p>R\u00e9servez une chambre \u00e0 la journ\u00e9e au Park Hotel Marinetta : plage priv\u00e9e, piscines, restaurants et spa. Une journ\u00e9e parfaite sur la C\u00f4te des \u00c9trusques.<\/p>\n","protected":false},"author":1,"featured_media":4006,"parent":0,"menu_order":0,"comment_status":"closed","ping_status":"closed","template":"","meta":{"footnotes":""},"class_list":["post-10601","page","type-page","status-publish","has-post-thumbnail","hentry"],"yoast_head":"<!-- This site is optimized with the Yoast SEO plugin v28.4 - https:\/\/yoast.com\/product\/yoast-seo-wordpress\/ -->\n<title>Chambre \u00e0 la journ\u00e9e \u00e0 Marina di Bibbona | H\u00f4tel Marinetta<\/title>\n<meta name=\"description\" content=\"R\u00e9servez une chambre \u00e0 la journ\u00e9e au Park Hotel Marinetta : plage priv\u00e9e, piscines, restaurants et spa. Une journ\u00e9e parfaite sur la C\u00f4te des \u00c9trusques.\" \/>\n<meta name=\"robots\" content=\"index, follow, max-snippet:-1, max-image-preview:large, max-video-preview:-1\" \/>\n<link rel=\"canonical\" href=\"https:\/\/hotelmarinetta.it\/fr\/chambre-a-la-journee-day-use\/\" \/>\n<meta property=\"og:locale\" content=\"fr_FR\" \/>\n<meta property=\"og:type\" content=\"article\" \/>\n<meta property=\"og:title\" content=\"Chambre \u00e0 la journ\u00e9e \u00e0 Marina di Bibbona | H\u00f4tel Marinetta\" \/>\n<meta property=\"og:description\" content=\"R\u00e9servez une chambre \u00e0 la journ\u00e9e au Park Hotel Marinetta : plage priv\u00e9e, piscines, restaurants et spa. Une journ\u00e9e parfaite sur la C\u00f4te des \u00c9trusques.\" \/>\n<meta property=\"og:url\" content=\"https:\/\/hotelmarinetta.it\/fr\/chambre-a-la-journee-day-use\/\" \/>\n<meta property=\"og:site_name\" content=\"Park Hotel Marinetta\" \/>\n<meta property=\"article:publisher\" content=\"https:\/\/www.facebook.com\/parkhotelmarinetta\" \/>\n<meta property=\"article:modified_time\" content=\"2026-07-01T10:57:32+00:00\" \/>\n<meta property=\"og:image\" content=\"https:\/\/hotelmarinetta.it\/wp-content\/uploads\/2025\/05\/PHM-Comfort-03.jpg\" \/>\n\t<meta property=\"og:image:width\" content=\"1024\" \/>\n\t<meta property=\"og:image:height\" content=\"683\" \/>\n\t<meta property=\"og:image:type\" content=\"image\/jpeg\" \/>\n<meta name=\"twitter:card\" content=\"summary_large_image\" \/>\n<meta name=\"twitter:label1\" content=\"Dur\u00e9e de lecture estim\u00e9e\" \/>\n\t<meta name=\"twitter:data1\" content=\"4 minutes\" \/>\n<script type=\"application\/ld+json\" class=\"yoast-schema-graph\">{\"@context\":\"https:\\\/\\\/schema.org\",\"@graph\":[{\"@type\":\"WebPage\",\"@id\":\"https:\\\/\\\/hotelmarinetta.it\\\/fr\\\/chambre-a-la-journee-day-use\\\/\",\"url\":\"https:\\\/\\\/hotelmarinetta.it\\\/fr\\\/chambre-a-la-journee-day-use\\\/\",\"name\":\"Chambre \u00e0 la journ\u00e9e \u00e0 Marina di Bibbona | H\u00f4tel Marinetta\",\"isPartOf\":{\"@id\":\"https:\\\/\\\/hotelmarinetta.it\\\/fr\\\/#website\"},\"primaryImageOfPage\":{\"@id\":\"https:\\\/\\\/hotelmarinetta.it\\\/fr\\\/chambre-a-la-journee-day-use\\\/#primaryimage\"},\"image\":{\"@id\":\"https:\\\/\\\/hotelmarinetta.it\\\/fr\\\/chambre-a-la-journee-day-use\\\/#primaryimage\"},\"thumbnailUrl\":\"https:\\\/\\\/hotelmarinetta.it\\\/wp-content\\\/uploads\\\/2025\\\/05\\\/PHM-Comfort-03.jpg\",\"datePublished\":\"2026-07-01T10:46:03+00:00\",\"dateModified\":\"2026-07-01T10:57:32+00:00\",\"description\":\"R\u00e9servez une chambre \u00e0 la journ\u00e9e au Park Hotel Marinetta : plage priv\u00e9e, piscines, restaurants et spa. Une journ\u00e9e parfaite sur la C\u00f4te des \u00c9trusques.\",\"breadcrumb\":{\"@id\":\"https:\\\/\\\/hotelmarinetta.it\\\/fr\\\/chambre-a-la-journee-day-use\\\/#breadcrumb\"},\"inLanguage\":\"fr-FR\",\"potentialAction\":[{\"@type\":\"ReadAction\",\"target\":[\"https:\\\/\\\/hotelmarinetta.it\\\/fr\\\/chambre-a-la-journee-day-use\\\/\"]}]},{\"@type\":\"ImageObject\",\"inLanguage\":\"fr-FR\",\"@id\":\"https:\\\/\\\/hotelmarinetta.it\\\/fr\\\/chambre-a-la-journee-day-use\\\/#primaryimage\",\"url\":\"https:\\\/\\\/hotelmarinetta.it\\\/wp-content\\\/uploads\\\/2025\\\/05\\\/PHM-Comfort-03.jpg\",\"contentUrl\":\"https:\\\/\\\/hotelmarinetta.it\\\/wp-content\\\/uploads\\\/2025\\\/05\\\/PHM-Comfort-03.jpg\",\"width\":1024,\"height\":683,\"caption\":\"Camera Comfort\"},{\"@type\":\"BreadcrumbList\",\"@id\":\"https:\\\/\\\/hotelmarinetta.it\\\/fr\\\/chambre-a-la-journee-day-use\\\/#breadcrumb\",\"itemListElement\":[{\"@type\":\"ListItem\",\"position\":1,\"name\":\"Home\",\"item\":\"https:\\\/\\\/hotelmarinetta.it\\\/fr\\\/\"},{\"@type\":\"ListItem\",\"position\":2,\"name\":\"Chambre \u00e0 la journ\u00e9e\"}]},{\"@type\":\"WebSite\",\"@id\":\"https:\\\/\\\/hotelmarinetta.it\\\/fr\\\/#website\",\"url\":\"https:\\\/\\\/hotelmarinetta.it\\\/fr\\\/\",\"name\":\"Park Hotel Marinetta\",\"description\":\"Resort sul Mare in Toscana\",\"publisher\":{\"@id\":\"https:\\\/\\\/hotelmarinetta.it\\\/fr\\\/#organization\"},\"potentialAction\":[{\"@type\":\"SearchAction\",\"target\":{\"@type\":\"EntryPoint\",\"urlTemplate\":\"https:\\\/\\\/hotelmarinetta.it\\\/fr\\\/?s={search_term_string}\"},\"query-input\":{\"@type\":\"PropertyValueSpecification\",\"valueRequired\":true,\"valueName\":\"search_term_string\"}}],\"inLanguage\":\"fr-FR\"},{\"@type\":\"Organization\",\"@id\":\"https:\\\/\\\/hotelmarinetta.it\\\/fr\\\/#organization\",\"name\":\"Park Hotel Marinetta\",\"url\":\"https:\\\/\\\/hotelmarinetta.it\\\/fr\\\/\",\"logo\":{\"@type\":\"ImageObject\",\"inLanguage\":\"fr-FR\",\"@id\":\"https:\\\/\\\/hotelmarinetta.it\\\/fr\\\/#\\\/schema\\\/logo\\\/image\\\/\",\"url\":\"https:\\\/\\\/hotelmarinetta.it\\\/wp-content\\\/uploads\\\/2025\\\/05\\\/Logo-PHM-01.png\",\"contentUrl\":\"https:\\\/\\\/hotelmarinetta.it\\\/wp-content\\\/uploads\\\/2025\\\/05\\\/Logo-PHM-01.png\",\"width\":294,\"height\":89,\"caption\":\"Park Hotel Marinetta\"},\"image\":{\"@id\":\"https:\\\/\\\/hotelmarinetta.it\\\/fr\\\/#\\\/schema\\\/logo\\\/image\\\/\"},\"sameAs\":[\"https:\\\/\\\/www.facebook.com\\\/parkhotelmarinetta\",\"https:\\\/\\\/www.instagram.com\\\/parkhotelmarinetta\\\/\"]}]}<\/script>\n<!-- \/ Yoast SEO plugin. -->","yoast_head_json":{"title":"Chambre \u00e0 la journ\u00e9e \u00e0 Marina di Bibbona | H\u00f4tel Marinetta","description":"R\u00e9servez une chambre \u00e0 la journ\u00e9e au Park Hotel Marinetta : plage priv\u00e9e, piscines, restaurants et spa. Une journ\u00e9e parfaite sur la C\u00f4te des \u00c9trusques.","robots":{"index":"index","follow":"follow","max-snippet":"max-snippet:-1","max-image-preview":"max-image-preview:large","max-video-preview":"max-video-preview:-1"},"canonical":"https:\/\/hotelmarinetta.it\/fr\/chambre-a-la-journee-day-use\/","og_locale":"fr_FR","og_type":"article","og_title":"Chambre \u00e0 la journ\u00e9e \u00e0 Marina di Bibbona | H\u00f4tel Marinetta","og_description":"R\u00e9servez une chambre \u00e0 la journ\u00e9e au Park Hotel Marinetta : plage priv\u00e9e, piscines, restaurants et spa. Une journ\u00e9e parfaite sur la C\u00f4te des \u00c9trusques.","og_url":"https:\/\/hotelmarinetta.it\/fr\/chambre-a-la-journee-day-use\/","og_site_name":"Park Hotel Marinetta","article_publisher":"https:\/\/www.facebook.com\/parkhotelmarinetta","article_modified_time":"2026-07-01T10:57:32+00:00","og_image":[{"width":1024,"height":683,"url":"https:\/\/hotelmarinetta.it\/wp-content\/uploads\/2025\/05\/PHM-Comfort-03.jpg","type":"image\/jpeg"}],"twitter_card":"summary_large_image","twitter_misc":{"Dur\u00e9e de lecture estim\u00e9e":"4 minutes"},"schema":{"@context":"https:\/\/schema.org","@graph":[{"@type":"WebPage","@id":"https:\/\/hotelmarinetta.it\/fr\/chambre-a-la-journee-day-use\/","url":"https:\/\/hotelmarinetta.it\/fr\/chambre-a-la-journee-day-use\/","name":"Chambre \u00e0 la journ\u00e9e \u00e0 Marina di Bibbona | H\u00f4tel Marinetta","isPartOf":{"@id":"https:\/\/hotelmarinetta.it\/fr\/#website"},"primaryImageOfPage":{"@id":"https:\/\/hotelmarinetta.it\/fr\/chambre-a-la-journee-day-use\/#primaryimage"},"image":{"@id":"https:\/\/hotelmarinetta.it\/fr\/chambre-a-la-journee-day-use\/#primaryimage"},"thumbnailUrl":"https:\/\/hotelmarinetta.it\/wp-content\/uploads\/2025\/05\/PHM-Comfort-03.jpg","datePublished":"2026-07-01T10:46:03+00:00","dateModified":"2026-07-01T10:57:32+00:00","description":"R\u00e9servez une chambre \u00e0 la journ\u00e9e au Park Hotel Marinetta : plage priv\u00e9e, piscines, restaurants et spa. Une journ\u00e9e parfaite sur la C\u00f4te des \u00c9trusques.","breadcrumb":{"@id":"https:\/\/hotelmarinetta.it\/fr\/chambre-a-la-journee-day-use\/#breadcrumb"},"inLanguage":"fr-FR","potentialAction":[{"@type":"ReadAction","target":["https:\/\/hotelmarinetta.it\/fr\/chambre-a-la-journee-day-use\/"]}]},{"@type":"ImageObject","inLanguage":"fr-FR","@id":"https:\/\/hotelmarinetta.it\/fr\/chambre-a-la-journee-day-use\/#primaryimage","url":"https:\/\/hotelmarinetta.it\/wp-content\/uploads\/2025\/05\/PHM-Comfort-03.jpg","contentUrl":"https:\/\/hotelmarinetta.it\/wp-content\/uploads\/2025\/05\/PHM-Comfort-03.jpg","width":1024,"height":683,"caption":"Camera Comfort"},{"@type":"BreadcrumbList","@id":"https:\/\/hotelmarinetta.it\/fr\/chambre-a-la-journee-day-use\/#breadcrumb","itemListElement":[{"@type":"ListItem","position":1,"name":"Home","item":"https:\/\/hotelmarinetta.it\/fr\/"},{"@type":"ListItem","position":2,"name":"Chambre \u00e0 la journ\u00e9e"}]},{"@type":"WebSite","@id":"https:\/\/hotelmarinetta.it\/fr\/#website","url":"https:\/\/hotelmarinetta.it\/fr\/","name":"Park Hotel Marinetta","description":"Resort sul Mare in Toscana","publisher":{"@id":"https:\/\/hotelmarinetta.it\/fr\/#organization"},"potentialAction":[{"@type":"SearchAction","target":{"@type":"EntryPoint","urlTemplate":"https:\/\/hotelmarinetta.it\/fr\/?s={search_term_string}"},"query-input":{"@type":"PropertyValueSpecification","valueRequired":true,"valueName":"search_term_string"}}],"inLanguage":"fr-FR"},{"@type":"Organization","@id":"https:\/\/hotelmarinetta.it\/fr\/#organization","name":"Park Hotel Marinetta","url":"https:\/\/hotelmarinetta.it\/fr\/","logo":{"@type":"ImageObject","inLanguage":"fr-FR","@id":"https:\/\/hotelmarinetta.it\/fr\/#\/schema\/logo\/image\/","url":"https:\/\/hotelmarinetta.it\/wp-content\/uploads\/2025\/05\/Logo-PHM-01.png","contentUrl":"https:\/\/hotelmarinetta.it\/wp-content\/uploads\/2025\/05\/Logo-PHM-01.png","width":294,"height":89,"caption":"Park Hotel Marinetta"},"image":{"@id":"https:\/\/hotelmarinetta.it\/fr\/#\/schema\/logo\/image\/"},"sameAs":["https:\/\/www.facebook.com\/parkhotelmarinetta","https:\/\/www.instagram.com\/parkhotelmarinetta\/"]}]}},"_links":{"self":[{"href":"https:\/\/hotelmarinetta.it\/fr\/wp-json\/wp\/v2\/pages\/10601","targetHints":{"allow":["GET"]}}],"collection":[{"href":"https:\/\/hotelmarinetta.it\/fr\/wp-json\/wp\/v2\/pages"}],"about":[{"href":"https:\/\/hotelmarinetta.it\/fr\/wp-json\/wp\/v2\/types\/page"}],"author":[{"embeddable":true,"href":"https:\/\/hotelmarinetta.it\/fr\/wp-json\/wp\/v2\/users\/1"}],"replies":[{"embeddable":true,"href":"https:\/\/hotelmarinetta.it\/fr\/wp-json\/wp\/v2\/comments?post=10601"}],"version-history":[{"count":1,"href":"https:\/\/hotelmarinetta.it\/fr\/wp-json\/wp\/v2\/pages\/10601\/revisions"}],"predecessor-version":[{"id":10602,"href":"https:\/\/hotelmarinetta.it\/fr\/wp-json\/wp\/v2\/pages\/10601\/revisions\/10602"}],"wp:featuredmedia":[{"embeddable":true,"href":"https:\/\/hotelmarinetta.it\/fr\/wp-json\/wp\/v2\/media\/4006"}],"wp:attachment":[{"href":"https:\/\/hotelmarinetta.it\/fr\/wp-json\/wp\/v2\/media?parent=10601"}],"curies":[{"name":"wp","href":"https:\/\/api.w.org\/{rel}","templated":true}]}}