{"id":10396,"date":"2026-06-30T12:01:44","date_gmt":"2026-06-30T10:01:44","guid":{"rendered":"https:\/\/hotelmarinetta.it\/accessibilite-pmr-hotel-marinetta\/"},"modified":"2026-06-30T12:19:21","modified_gmt":"2026-06-30T10:19:21","slug":"accessibilite-pmr-hotel-marinetta","status":"publish","type":"page","link":"https:\/\/hotelmarinetta.it\/fr\/accessibilite-pmr-hotel-marinetta\/","title":{"rendered":"H\u00f4tel Accessible PMR"},"content":{"rendered":"\t\t<div data-elementor-type=\"wp-page\" data-elementor-id=\"10396\" class=\"elementor elementor-10396 elementor-10362\" data-elementor-post-type=\"page\">\n\t\t\t\t<div class=\"elementor-element elementor-element-3f8090f e-flex e-con-boxed e-con e-parent\" data-id=\"3f8090f\" data-element_type=\"container\" data-e-type=\"container\" data-settings=\"{&quot;background_background&quot;:&quot;classic&quot;}\">\n\t\t\t\t\t<div class=\"e-con-inner\">\n\t\t<div class=\"elementor-element elementor-element-55561e6 e-con-full e-flex e-con e-child\" data-id=\"55561e6\" data-element_type=\"container\" data-e-type=\"container\">\n\t\t<div class=\"elementor-element elementor-element-d1224b6 e-con-full e-flex e-con e-child\" data-id=\"d1224b6\" data-element_type=\"container\" data-e-type=\"container\">\n\t\t\t\t<div class=\"elementor-element elementor-element-eafd370 elementor-widget elementor-widget-heading\" data-id=\"eafd370\" data-element_type=\"widget\" data-e-type=\"widget\" data-widget_type=\"heading.default\">\n\t\t\t\t<div class=\"elementor-widget-container\">\n\t\t\t\t\t<h1 class=\"elementor-heading-title elementor-size-default\">H\u00f4tel Accessible PMR en Toscane<\/h1>\t\t\t\t<\/div>\n\t\t\t\t<\/div>\n\t\t\t\t<\/div>\n\t\t<div class=\"elementor-element elementor-element-cd25928 e-con-full e-flex e-con e-child\" data-id=\"cd25928\" data-element_type=\"container\" data-e-type=\"container\">\n\t\t\t\t<div class=\"elementor-element elementor-element-24d3794 elementor-widget elementor-widget-heading\" data-id=\"24d3794\" data-element_type=\"widget\" data-e-type=\"widget\" data-widget_type=\"heading.default\">\n\t\t\t\t<div class=\"elementor-widget-container\">\n\t\t\t\t\t<h2 class=\"elementor-heading-title elementor-size-default\">Au Park Hotel Marinetta, \u00e0 Marina di Bibbona, l'accessibilit\u00e9 n'est pas une option. Nous nous engageons \u00e0 faire en sorte que chaque client, quelles que soient sa mobilit\u00e9 ou sa condition physique, puisse profiter pleinement et confortablement de ses vacances sur la C\u00f4te des \u00c9trusques.<\/h2>\t\t\t\t<\/div>\n\t\t\t\t<\/div>\n\t\t\t\t<\/div>\n\t\t\t\t<\/div>\n\t\t\t\t\t<\/div>\n\t\t\t\t<\/div>\n\t\t<div class=\"elementor-element elementor-element-259afba e-flex e-con-boxed e-con e-parent\" data-id=\"259afba\" data-element_type=\"container\" data-e-type=\"container\">\n\t\t\t\t\t<div class=\"e-con-inner\">\n\t\t<div class=\"elementor-element elementor-element-af5fe74 e-con-full e-flex e-con e-child\" data-id=\"af5fe74\" data-element_type=\"container\" data-e-type=\"container\" data-settings=\"{&quot;background_background&quot;:&quot;classic&quot;}\">\n\t\t\t\t<\/div>\n\t\t\t\t\t<\/div>\n\t\t\t\t<\/div>\n\t\t<div class=\"elementor-element elementor-element-41dec41 e-flex e-con-boxed e-con e-parent\" data-id=\"41dec41\" data-element_type=\"container\" data-e-type=\"container\">\n\t\t\t\t\t<div class=\"e-con-inner\">\n\t\t<div class=\"elementor-element elementor-element-e2e8129 e-con-full e-flex e-con e-child\" data-id=\"e2e8129\" data-element_type=\"container\" data-e-type=\"container\">\n\t\t\t\t<div class=\"elementor-element elementor-element-f564163 elementor-widget elementor-widget-heading\" data-id=\"f564163\" data-element_type=\"widget\" data-e-type=\"widget\" data-widget_type=\"heading.default\">\n\t\t\t\t<div class=\"elementor-widget-container\">\n\t\t\t\t\t<h2 class=\"elementor-heading-title elementor-size-default\">L'accessibilit\u00e9 en un coup d'\u0153il<\/h2>\t\t\t\t<\/div>\n\t\t\t\t<\/div>\n\t\t\t\t<div class=\"elementor-element elementor-element-3776f96 elementor-widget-divider--view-line elementor-widget elementor-widget-divider\" data-id=\"3776f96\" data-element_type=\"widget\" data-e-type=\"widget\" data-widget_type=\"divider.default\">\n\t\t\t\t<div class=\"elementor-widget-container\">\n\t\t\t\t\t\t\t<div class=\"elementor-divider\">\n\t\t\t<span class=\"elementor-divider-separator\">\n\t\t\t\t\t\t<\/span>\n\t\t<\/div>\n\t\t\t\t\t\t<\/div>\n\t\t\t\t<\/div>\n\t\t\t\t<div class=\"elementor-element elementor-element-0b61b0c elementor-widget elementor-widget-text-editor\" data-id=\"0b61b0c\" data-element_type=\"widget\" data-e-type=\"widget\" data-widget_type=\"text-editor.default\">\n\t\t\t\t<div class=\"elementor-widget-container\">\n\t\t\t\t\t\t\t\t\t<p>Le Park Hotel Marinetta propose un ensemble d&rsquo;\u00e9quipements et de services con\u00e7us pour les clients \u00e0 mobilit\u00e9 r\u00e9duite ou en situation de handicap. L&rsquo;h\u00f4tel est situ\u00e9 dans une zone enti\u00e8rement plate, entour\u00e9 d&rsquo;une pin\u00e8de de 3 hectares avec des all\u00e9es de plain-pied, et le trajet entre l&rsquo;h\u00f4tel et la plage priv\u00e9e ne n\u00e9cessite de traverser aucune route.<\/p>\n<p>Vous trouverez ci-dessous un aper\u00e7u d\u00e9taill\u00e9 des am\u00e9nagements accessibles, organis\u00e9 par espace.<\/p>\n\t\t\t\t\t\t\t\t<\/div>\n\t\t\t\t<\/div>\n\t\t\t\t<\/div>\n\t\t\t\t\t<\/div>\n\t\t\t\t<\/div>\n\t\t<div class=\"elementor-element elementor-element-8596774 e-con-full e-flex e-con e-parent\" data-id=\"8596774\" data-element_type=\"container\" data-e-type=\"container\" data-settings=\"{&quot;background_background&quot;:&quot;classic&quot;}\">\n\t\t<div class=\"elementor-element elementor-element-c77e9b3 e-con-full e-flex e-con e-child\" data-id=\"c77e9b3\" data-element_type=\"container\" data-e-type=\"container\" data-settings=\"{&quot;background_background&quot;:&quot;classic&quot;}\">\n\t\t\t\t<\/div>\n\t\t<div class=\"elementor-element elementor-element-d8a240b e-con-full e-flex e-con e-child\" data-id=\"d8a240b\" data-element_type=\"container\" data-e-type=\"container\">\n\t\t\t\t<div class=\"elementor-element elementor-element-544ab2c elementor-widget elementor-widget-heading\" data-id=\"544ab2c\" data-element_type=\"widget\" data-e-type=\"widget\" data-widget_type=\"heading.default\">\n\t\t\t\t<div class=\"elementor-widget-container\">\n\t\t\t\t\t<h2 class=\"elementor-heading-title elementor-size-default\">Chambres accessibles<\/h2>\t\t\t\t<\/div>\n\t\t\t\t<\/div>\n\t\t\t\t<div class=\"elementor-element elementor-element-0b56e0a elementor-widget elementor-widget-text-editor\" data-id=\"0b56e0a\" data-element_type=\"widget\" data-e-type=\"widget\" data-widget_type=\"text-editor.default\">\n\t\t\t\t<div class=\"elementor-widget-container\">\n\t\t\t\t\t\t\t\t\t<p>L&rsquo;h\u00f4tel dispose de chambres d\u00e9di\u00e9es aux clients \u00e0 mobilit\u00e9 r\u00e9duite. Ces chambres sont con\u00e7ues pour faciliter les d\u00e9placements et l&rsquo;autonomie, avec notamment :<\/p>\n\t\t\t\t\t\t\t\t<\/div>\n\t\t\t\t<\/div>\n\t\t<div class=\"elementor-element elementor-element-264b554 e-con-full e-flex e-con e-child\" data-id=\"264b554\" data-element_type=\"container\" data-e-type=\"container\" data-settings=\"{&quot;background_background&quot;:&quot;classic&quot;}\">\n\t\t\t\t<div class=\"elementor-element elementor-element-f969c6b elementor-icon-list--layout-traditional elementor-list-item-link-full_width elementor-widget elementor-widget-icon-list\" data-id=\"f969c6b\" data-element_type=\"widget\" data-e-type=\"widget\" data-widget_type=\"icon-list.default\">\n\t\t\t\t<div class=\"elementor-widget-container\">\n\t\t\t\t\t\t\t<ul class=\"elementor-icon-list-items\">\n\t\t\t\t\t\t\t<li class=\"elementor-icon-list-item\">\n\t\t\t\t\t\t\t\t\t\t\t<span class=\"elementor-icon-list-icon\">\n\t\t\t\t\t\t\t<i aria-hidden=\"true\" class=\"icon icon-checked\"><\/i>\t\t\t\t\t\t<\/span>\n\t\t\t\t\t\t\t\t\t\t<span class=\"elementor-icon-list-text\">Acc\u00e8s de plain-pied et portes \u00e9largies pour les fauteuils roulants.<\/span>\n\t\t\t\t\t\t\t\t\t<\/li>\n\t\t\t\t\t\t\t\t<li class=\"elementor-icon-list-item\">\n\t\t\t\t\t\t\t\t\t\t\t<span class=\"elementor-icon-list-icon\">\n\t\t\t\t\t\t\t<i aria-hidden=\"true\" class=\"icon icon-checked\"><\/i>\t\t\t\t\t\t<\/span>\n\t\t\t\t\t\t\t\t\t\t<span class=\"elementor-icon-list-text\">Espace de rotation suffisant pour les utilisateurs de fauteuil roulant.<\/span>\n\t\t\t\t\t\t\t\t\t<\/li>\n\t\t\t\t\t\t\t\t<li class=\"elementor-icon-list-item\">\n\t\t\t\t\t\t\t\t\t\t\t<span class=\"elementor-icon-list-icon\">\n\t\t\t\t\t\t\t<i aria-hidden=\"true\" class=\"icon icon-checked\"><\/i>\t\t\t\t\t\t<\/span>\n\t\t\t\t\t\t\t\t\t\t<span class=\"elementor-icon-list-text\">Douche \u00e0 l'italienne ou douche accessible avec barres d'appui.<\/span>\n\t\t\t\t\t\t\t\t\t<\/li>\n\t\t\t\t\t\t\t\t<li class=\"elementor-icon-list-item\">\n\t\t\t\t\t\t\t\t\t\t\t<span class=\"elementor-icon-list-icon\">\n\t\t\t\t\t\t\t<i aria-hidden=\"true\" class=\"icon icon-checked\"><\/i>\t\t\t\t\t\t<\/span>\n\t\t\t\t\t\t\t\t\t\t<span class=\"elementor-icon-list-text\">Hauteur de lit abaiss\u00e9e ou option de lit r\u00e9glable.<\/span>\n\t\t\t\t\t\t\t\t\t<\/li>\n\t\t\t\t\t\t\t\t<li class=\"elementor-icon-list-item\">\n\t\t\t\t\t\t\t\t\t\t\t<span class=\"elementor-icon-list-icon\">\n\t\t\t\t\t\t\t<i aria-hidden=\"true\" class=\"icon icon-checked\"><\/i>\t\t\t\t\t\t<\/span>\n\t\t\t\t\t\t\t\t\t\t<span class=\"elementor-icon-list-text\">Syst\u00e8me d'appel d'urgence dans la salle de bain.<\/span>\n\t\t\t\t\t\t\t\t\t<\/li>\n\t\t\t\t\t\t<\/ul>\n\t\t\t\t\t\t<\/div>\n\t\t\t\t<\/div>\n\t\t\t\t<\/div>\n\t\t\t\t<div class=\"elementor-element elementor-element-8917f8a elementor-widget elementor-widget-text-editor\" data-id=\"8917f8a\" data-element_type=\"widget\" data-e-type=\"widget\" data-widget_type=\"text-editor.default\">\n\t\t\t\t<div class=\"elementor-widget-container\">\n\t\t\t\t\t\t\t\t\t<p>Pour demander une chambre accessible, veuillez pr\u00e9ciser vos besoins au moment de la r\u00e9servation.<span class=\"Apple-converted-space\">\u00a0<\/span><\/p>\n<p>\u2192 <span style=\"text-decoration: underline;\"><a href=\"https:\/\/hotelmarinetta.it\/fr\/chambres-et-suites\/\">D\u00e9couvrir toutes les chambres et suites<\/a><\/span><\/p>\n\t\t\t\t\t\t\t\t<\/div>\n\t\t\t\t<\/div>\n\t\t\t\t<\/div>\n\t\t\t\t<\/div>\n\t\t<div class=\"elementor-element elementor-element-7b21282 e-con-full e-flex e-con e-parent\" data-id=\"7b21282\" data-element_type=\"container\" data-e-type=\"container\" data-settings=\"{&quot;background_background&quot;:&quot;classic&quot;}\">\n\t\t<div class=\"elementor-element elementor-element-dc93965 e-con-full e-flex e-con e-child\" data-id=\"dc93965\" data-element_type=\"container\" data-e-type=\"container\" data-settings=\"{&quot;background_background&quot;:&quot;classic&quot;}\">\n\t\t\t\t<\/div>\n\t\t<div class=\"elementor-element elementor-element-a765f28 e-con-full e-flex e-con e-child\" data-id=\"a765f28\" data-element_type=\"container\" data-e-type=\"container\">\n\t\t\t\t<div class=\"elementor-element elementor-element-78747de elementor-widget elementor-widget-heading\" data-id=\"78747de\" data-element_type=\"widget\" data-e-type=\"widget\" data-widget_type=\"heading.default\">\n\t\t\t\t<div class=\"elementor-widget-container\">\n\t\t\t\t\t<h2 class=\"elementor-heading-title elementor-size-default\">Plage accessible<\/h2>\t\t\t\t<\/div>\n\t\t\t\t<\/div>\n\t\t\t\t<div class=\"elementor-element elementor-element-3d7ed83 elementor-widget elementor-widget-text-editor\" data-id=\"3d7ed83\" data-element_type=\"widget\" data-e-type=\"widget\" data-widget_type=\"text-editor.default\">\n\t\t\t\t<div class=\"elementor-widget-container\">\n\t\t\t\t\t\t\t\t\t<p>La <span style=\"text-decoration: underline;\"><a href=\"https:\/\/hotelmarinetta.it\/fr\/plage-privee\/\">plage priv\u00e9e<\/a><\/span> du Park Hotel Marinetta est accessible aux clients \u00e0 mobilit\u00e9 r\u00e9duite.<\/p>\n<p>Le chemin de l&rsquo;h\u00f4tel \u00e0 la plage traverse enti\u00e8rement la pin\u00e8de priv\u00e9e de l&rsquo;h\u00f4tel : il est plat et ne n\u00e9cessite de traverser aucune route, ce qui le rend praticable en autonomie pour les clients \u00e0 mobilit\u00e9 r\u00e9duite.<\/p>\n<p>La plage est de sable fin avec un acc\u00e8s \u00e0 la mer en pente douce, et la mer est calme et peu profonde pr\u00e8s du rivage. Un ma\u00eetre-nageur est pr\u00e9sent en permanence pendant les heures d&rsquo;ouverture (d&rsquo;avril \u00e0 octobre).<\/p>\n<p>Pendant la saison estivale, un <b>petit train touristique accessible<\/b> circule dans Marina di Bibbona, reliant les diff\u00e9rentes parties de la station aux principaux acc\u00e8s \u00e0 la plage. Le service est sp\u00e9cifiquement con\u00e7u pour \u00eatre accessible aux personnes \u00e0 mobilit\u00e9 r\u00e9duite.<\/p>\n\t\t\t\t\t\t\t\t<\/div>\n\t\t\t\t<\/div>\n\t\t\t\t<\/div>\n\t\t\t\t<\/div>\n\t\t<div class=\"elementor-element elementor-element-0f5b83c e-con-full e-flex e-con e-parent\" data-id=\"0f5b83c\" data-element_type=\"container\" data-e-type=\"container\" data-settings=\"{&quot;background_background&quot;:&quot;classic&quot;}\">\n\t\t<div class=\"elementor-element elementor-element-2d7d5a2 e-con-full e-flex e-con e-child\" data-id=\"2d7d5a2\" data-element_type=\"container\" data-e-type=\"container\" data-settings=\"{&quot;background_background&quot;:&quot;classic&quot;}\">\n\t\t\t\t<\/div>\n\t\t<div class=\"elementor-element elementor-element-fc28f3b e-con-full e-flex e-con e-child\" data-id=\"fc28f3b\" data-element_type=\"container\" data-e-type=\"container\">\n\t\t\t\t<div class=\"elementor-element elementor-element-c33c772 elementor-widget elementor-widget-heading\" data-id=\"c33c772\" data-element_type=\"widget\" data-e-type=\"widget\" data-widget_type=\"heading.default\">\n\t\t\t\t<div class=\"elementor-widget-container\">\n\t\t\t\t\t<h2 class=\"elementor-heading-title elementor-size-default\">Piscines accessibles<\/h2>\t\t\t\t<\/div>\n\t\t\t\t<\/div>\n\t\t\t\t<div class=\"elementor-element elementor-element-e4d1f20 elementor-widget elementor-widget-text-editor\" data-id=\"e4d1f20\" data-element_type=\"widget\" data-e-type=\"widget\" data-widget_type=\"text-editor.default\">\n\t\t\t\t<div class=\"elementor-widget-container\">\n\t\t\t\t\t\t\t\t\t<p>La <b>Funny Pool<\/b> (piscine familiale) dispose d&rsquo;une entr\u00e9e en pente douce avec une profondeur progressivement croissante, depuis une zone tr\u00e8s peu profonde dans la section 8&#215;8, ce qui facilite naturellement l&rsquo;acc\u00e8s par rapport \u00e0 une piscine standard avec des marches.<\/p>\n<p>L&rsquo;espace piscine est situ\u00e9 dans le parc plat de l&rsquo;h\u00f4tel, avec un acc\u00e8s de plain-pied depuis le b\u00e2timent principal. Les piscines Relax (adultes uniquement) sont \u00e9galement situ\u00e9es dans le parc.<\/p>\n\t\t\t\t\t\t\t\t<\/div>\n\t\t\t\t<\/div>\n\t\t\t\t<\/div>\n\t\t\t\t<\/div>\n\t\t<div class=\"elementor-element elementor-element-6e69ee8 e-con-full e-flex e-con e-parent\" data-id=\"6e69ee8\" data-element_type=\"container\" data-e-type=\"container\" data-settings=\"{&quot;background_background&quot;:&quot;classic&quot;}\">\n\t\t<div class=\"elementor-element elementor-element-e2f4e58 e-con-full e-flex e-con e-child\" data-id=\"e2f4e58\" data-element_type=\"container\" data-e-type=\"container\" data-settings=\"{&quot;background_background&quot;:&quot;slideshow&quot;,&quot;background_slideshow_gallery&quot;:[{&quot;id&quot;:4324,&quot;url&quot;:&quot;https:\\\/\\\/hotelmarinetta.it\\\/wp-content\\\/uploads\\\/2025\\\/05\\\/PHM-Granace-01.jpg&quot;},{&quot;id&quot;:4828,&quot;url&quot;:&quot;https:\\\/\\\/hotelmarinetta.it\\\/wp-content\\\/uploads\\\/2025\\\/06\\\/PHM-Spa-Wellness-03.jpg&quot;},{&quot;id&quot;:4552,&quot;url&quot;:&quot;https:\\\/\\\/hotelmarinetta.it\\\/wp-content\\\/uploads\\\/2025\\\/05\\\/PHM-Palestra-01.jpg&quot;},{&quot;id&quot;:4564,&quot;url&quot;:&quot;https:\\\/\\\/hotelmarinetta.it\\\/wp-content\\\/uploads\\\/2025\\\/05\\\/PHM-Parcheggio-Ricarica-Auto-Elettriche-01.jpg&quot;}],&quot;background_slideshow_loop&quot;:&quot;yes&quot;,&quot;background_slideshow_slide_duration&quot;:5000,&quot;background_slideshow_slide_transition&quot;:&quot;fade&quot;,&quot;background_slideshow_transition_duration&quot;:500}\">\n\t\t\t\t<\/div>\n\t\t<div class=\"elementor-element elementor-element-37afd36 e-con-full e-flex e-con e-child\" data-id=\"37afd36\" data-element_type=\"container\" data-e-type=\"container\">\n\t\t\t\t<div class=\"elementor-element elementor-element-1c27f2d elementor-widget elementor-widget-heading\" data-id=\"1c27f2d\" data-element_type=\"widget\" data-e-type=\"widget\" data-widget_type=\"heading.default\">\n\t\t\t\t<div class=\"elementor-widget-container\">\n\t\t\t\t\t<h2 class=\"elementor-heading-title elementor-size-default\">Espaces communs et \u00e9quipements accessibles<\/h2>\t\t\t\t<\/div>\n\t\t\t\t<\/div>\n\t\t\t\t<div class=\"elementor-element elementor-element-56d612f elementor-widget elementor-widget-text-editor\" data-id=\"56d612f\" data-element_type=\"widget\" data-e-type=\"widget\" data-widget_type=\"text-editor.default\">\n\t\t\t\t<div class=\"elementor-widget-container\">\n\t\t\t\t\t\t\t\t\t<p>Les espaces communs de l&rsquo;h\u00f4tel, la r\u00e9ception, les restaurants, le spa, la salle de sport et le parc sont tous <b>con\u00e7us pour \u00eatre accessibles aux clients \u00e0 mobilit\u00e9 r\u00e9duite<\/b>. Le terrain est enti\u00e8rement plat, ce qui rend les d\u00e9placements entre les diff\u00e9rents espaces du resort simples et autonomes.<\/p>\n<p><b>Tous les <\/b><a href=\"https:\/\/hotelmarinetta.it\/fr\/restaurants\/\"><b>restaurants<\/b><\/a><b> de l&rsquo;h\u00f4tel sont accessibles<\/b> de plain-pied, avec un espace suffisant entre les tables et un personnel toujours disponible pour accompagner les clients qui n\u00e9cessitent une aide pendant les repas.<\/p>\n<p>Le <span style=\"text-decoration: underline;\"><a href=\"https:\/\/hotelmarinetta.it\/fr\/spa-et-bien-etre\/\"><b>spa Marinetta Wellness<\/b><\/a><\/span> et la <span style=\"text-decoration: underline;\"><a href=\"https:\/\/hotelmarinetta.it\/fr\/salle-de-sport\/\"><b>salle de sport<\/b><\/a><\/span>, situ\u00e9s \u00e0 c\u00f4t\u00e9 de la Relax Pool dans le parc de l&rsquo;h\u00f4tel, sont tous deux accessibles depuis le b\u00e2timent principal.<\/p>\n\t\t\t\t\t\t\t\t<\/div>\n\t\t\t\t<\/div>\n\t\t\t\t<div class=\"elementor-element elementor-element-c91e9e4 elementor-widget elementor-widget-heading\" data-id=\"c91e9e4\" data-element_type=\"widget\" data-e-type=\"widget\" data-widget_type=\"heading.default\">\n\t\t\t\t<div class=\"elementor-widget-container\">\n\t\t\t\t\t<h2 class=\"elementor-heading-title elementor-size-default\">Parking accessible<\/h2>\t\t\t\t<\/div>\n\t\t\t\t<\/div>\n\t\t\t\t<div class=\"elementor-element elementor-element-ff3f47a elementor-widget elementor-widget-text-editor\" data-id=\"ff3f47a\" data-element_type=\"widget\" data-e-type=\"widget\" data-widget_type=\"text-editor.default\">\n\t\t\t\t<div class=\"elementor-widget-container\">\n\t\t\t\t\t\t\t\t\t<p>L&rsquo;h\u00f4tel propose un parking ext\u00e9rieur gratuit pour 200 v\u00e9hicules, avec des bornes de recharge pour v\u00e9hicules \u00e9lectriques. Le parking est de plain-pied et directement reli\u00e9 \u00e0 l&rsquo;entr\u00e9e de l&rsquo;h\u00f4tel.<span class=\"Apple-converted-space\">\u00a0<\/span><\/p>\n\t\t\t\t\t\t\t\t<\/div>\n\t\t\t\t<\/div>\n\t\t\t\t<\/div>\n\t\t\t\t<\/div>\n\t\t<div class=\"elementor-element elementor-element-5edfd9e e-con-full e-flex e-con e-parent\" data-id=\"5edfd9e\" data-element_type=\"container\" data-e-type=\"container\" data-settings=\"{&quot;background_background&quot;:&quot;classic&quot;}\">\n\t\t<div class=\"elementor-element elementor-element-c341d5e e-con-full e-flex e-con e-child\" data-id=\"c341d5e\" data-element_type=\"container\" data-e-type=\"container\" data-settings=\"{&quot;background_background&quot;:&quot;classic&quot;}\">\n\t\t\t\t<\/div>\n\t\t<div class=\"elementor-element elementor-element-ec80096 e-con-full e-flex e-con e-child\" data-id=\"ec80096\" data-element_type=\"container\" data-e-type=\"container\">\n\t\t\t\t<div class=\"elementor-element elementor-element-5e7e455 elementor-widget elementor-widget-heading\" data-id=\"5e7e455\" data-element_type=\"widget\" data-e-type=\"widget\" data-widget_type=\"heading.default\">\n\t\t\t\t<div class=\"elementor-widget-container\">\n\t\t\t\t\t<h2 class=\"elementor-heading-title elementor-size-default\">Pr\u00e9parer votre s\u00e9jour accessible<\/h2>\t\t\t\t<\/div>\n\t\t\t\t<\/div>\n\t\t\t\t<div class=\"elementor-element elementor-element-fffc3b8 elementor-widget elementor-widget-text-editor\" data-id=\"fffc3b8\" data-element_type=\"widget\" data-e-type=\"widget\" data-widget_type=\"text-editor.default\">\n\t\t\t\t<div class=\"elementor-widget-container\">\n\t\t\t\t\t\t\t\t\t<p>Nous savons que les clients en situation de handicap ou \u00e0 mobilit\u00e9 r\u00e9duite ont des besoins sp\u00e9cifiques qu&rsquo;il est pr\u00e9f\u00e9rable d&rsquo;anticiper avant l&rsquo;arriv\u00e9e. Nous vous recommandons vivement de <b>contacter notre \u00e9quipe \u00e0 l&rsquo;avance<\/b> pour discuter de vos besoins, afin que nous puissions pr\u00e9parer la chambre et les services les mieux adapt\u00e9s \u00e0 votre arriv\u00e9e.<\/p>\n<p>Notre personnel est form\u00e9 pour accompagner les clients \u00e0 mobilit\u00e9 r\u00e9duite et sera heureux de vous fournir des informations d\u00e9taill\u00e9es sur les caract\u00e9ristiques sp\u00e9cifiques des chambres accessibles, l&rsquo;acc\u00e8s \u00e0 la plage et aux piscines, et la configuration g\u00e9n\u00e9rale de l&rsquo;h\u00f4tel.<\/p>\n<p>Pour r\u00e9server ou demander des informations, contactez-nous \u00e0 <span style=\"text-decoration: underline;\"><a href=\"mailto:booking@hotelmarinetta.it\">booking@hotelmarinetta.it<\/a><\/span> ou par t\u00e9l\u00e9phone au +39.0586.600598.<\/p>\n\t\t\t\t\t\t\t\t<\/div>\n\t\t\t\t<\/div>\n\t\t\t\t<\/div>\n\t\t\t\t<\/div>\n\t\t<div class=\"elementor-element elementor-element-e20743e e-flex e-con-boxed e-con e-parent\" data-id=\"e20743e\" data-element_type=\"container\" data-e-type=\"container\" data-settings=\"{&quot;background_background&quot;:&quot;classic&quot;}\">\n\t\t\t\t\t<div class=\"e-con-inner\">\n\t\t<div class=\"elementor-element elementor-element-d76db5c e-con-full e-flex e-con e-child\" data-id=\"d76db5c\" data-element_type=\"container\" data-e-type=\"container\">\n\t\t\t\t<div class=\"elementor-element elementor-element-046e457 elementor-widget elementor-widget-heading\" data-id=\"046e457\" data-element_type=\"widget\" data-e-type=\"widget\" data-widget_type=\"heading.default\">\n\t\t\t\t<div class=\"elementor-widget-container\">\n\t\t\t\t\t<h2 class=\"elementor-heading-title elementor-size-default\">Questions fr\u00e9quentes - Accessibilit\u00e9 \u00e0 l'H\u00f4tel Marinetta<\/h2>\t\t\t\t<\/div>\n\t\t\t\t<\/div>\n\t\t\t\t<\/div>\n\t\t<div class=\"elementor-element elementor-element-3e54643 e-con-full e-flex e-con e-child\" data-id=\"3e54643\" data-element_type=\"container\" data-e-type=\"container\">\n\t\t\t\t<div class=\"elementor-element elementor-element-02a6fde elementor-widget elementor-widget-n-accordion\" data-id=\"02a6fde\" data-element_type=\"widget\" data-e-type=\"widget\" data-settings=\"{&quot;default_state&quot;:&quot;all_collapsed&quot;,&quot;max_items_expended&quot;:&quot;one&quot;,&quot;n_accordion_animation_duration&quot;:{&quot;unit&quot;:&quot;ms&quot;,&quot;size&quot;:400,&quot;sizes&quot;:[]}}\" data-widget_type=\"nested-accordion.default\">\n\t\t\t\t<div class=\"elementor-widget-container\">\n\t\t\t\t\t\t\t<div class=\"e-n-accordion\" aria-label=\"Accordion. Open links with Enter or Space, close with Escape, and navigate with Arrow Keys\">\n\t\t\t\t\t\t<details id=\"e-n-accordion-item-2780\" class=\"e-n-accordion-item\" >\n\t\t\t\t<summary class=\"e-n-accordion-item-title\" data-accordion-index=\"1\" tabindex=\"0\" aria-expanded=\"false\" aria-controls=\"e-n-accordion-item-2780\" >\n\t\t\t\t\t<span class='e-n-accordion-item-title-header'><h3 class=\"e-n-accordion-item-title-text\"> L'h\u00f4tel dispose-t-il de chambres accessibles ?\u00a0 <\/h3><\/span>\n\t\t\t\t\t\t\t<span class='e-n-accordion-item-title-icon'>\n\t\t\t<span class='e-opened' ><i aria-hidden=\"true\" class=\"icon icon-chevron-up\"><\/i><\/span>\n\t\t\t<span class='e-closed'><i aria-hidden=\"true\" class=\"icon icon-chevron-down\"><\/i><\/span>\n\t\t<\/span>\n\n\t\t\t\t\t\t<\/summary>\n\t\t\t\t<div role=\"region\" aria-labelledby=\"e-n-accordion-item-2780\" class=\"elementor-element elementor-element-df9c46e e-con-full e-flex e-con e-child\" data-id=\"df9c46e\" data-element_type=\"container\" data-e-type=\"container\">\n\t\t\t\t<div class=\"elementor-element elementor-element-a40d78f elementor-widget elementor-widget-text-editor\" data-id=\"a40d78f\" data-element_type=\"widget\" data-e-type=\"widget\" data-widget_type=\"text-editor.default\">\n\t\t\t\t<div class=\"elementor-widget-container\">\n\t\t\t\t\t\t\t\t\t<p>Oui, l&rsquo;h\u00f4tel propose des chambres accessibles aux clients \u00e0 mobilit\u00e9 r\u00e9duite ou en situation de handicap. Nous vous recommandons de pr\u00e9ciser vos besoins au moment de la r\u00e9servation.<\/p>\n\t\t\t\t\t\t\t\t<\/div>\n\t\t\t\t<\/div>\n\t\t\t\t<\/div>\n\t\t\t\t\t<\/details>\n\t\t\t\t\t\t<details id=\"e-n-accordion-item-2781\" class=\"e-n-accordion-item\" >\n\t\t\t\t<summary class=\"e-n-accordion-item-title\" data-accordion-index=\"2\" tabindex=\"-1\" aria-expanded=\"false\" aria-controls=\"e-n-accordion-item-2781\" >\n\t\t\t\t\t<span class='e-n-accordion-item-title-header'><h3 class=\"e-n-accordion-item-title-text\"> La plage est-elle accessible aux personnes en fauteuil roulant ? <\/h3><\/span>\n\t\t\t\t\t\t\t<span class='e-n-accordion-item-title-icon'>\n\t\t\t<span class='e-opened' ><i aria-hidden=\"true\" class=\"icon icon-chevron-up\"><\/i><\/span>\n\t\t\t<span class='e-closed'><i aria-hidden=\"true\" class=\"icon icon-chevron-down\"><\/i><\/span>\n\t\t<\/span>\n\n\t\t\t\t\t\t<\/summary>\n\t\t\t\t<div role=\"region\" aria-labelledby=\"e-n-accordion-item-2781\" class=\"elementor-element elementor-element-8b46bd4 e-con-full e-flex e-con e-child\" data-id=\"8b46bd4\" data-element_type=\"container\" data-e-type=\"container\">\n\t\t\t\t<div class=\"elementor-element elementor-element-e3ab246 elementor-widget elementor-widget-text-editor\" data-id=\"e3ab246\" data-element_type=\"widget\" data-e-type=\"widget\" data-widget_type=\"text-editor.default\">\n\t\t\t\t<div class=\"elementor-widget-container\">\n\t\t\t\t\t\t\t\t\t<p>Le chemin de l&rsquo;h\u00f4tel \u00e0 la plage est plat, de plain-pied et ne n\u00e9cessite de traverser aucune route. La plage est de sable fin avec un acc\u00e8s en pente douce. Pour des informations d\u00e9taill\u00e9es sur les \u00e9quipements d&rsquo;acc\u00e8s \u00e0 la plage disponibles pendant votre s\u00e9jour, contactez-nous directement.<\/p>\n\t\t\t\t\t\t\t\t<\/div>\n\t\t\t\t<\/div>\n\t\t\t\t<\/div>\n\t\t\t\t\t<\/details>\n\t\t\t\t\t\t<details id=\"e-n-accordion-item-2782\" class=\"e-n-accordion-item\" >\n\t\t\t\t<summary class=\"e-n-accordion-item-title\" data-accordion-index=\"3\" tabindex=\"-1\" aria-expanded=\"false\" aria-controls=\"e-n-accordion-item-2782\" >\n\t\t\t\t\t<span class='e-n-accordion-item-title-header'><h3 class=\"e-n-accordion-item-title-text\"> Y a-t-il un parking accessible \u00e0 l'h\u00f4tel ? <\/h3><\/span>\n\t\t\t\t\t\t\t<span class='e-n-accordion-item-title-icon'>\n\t\t\t<span class='e-opened' ><i aria-hidden=\"true\" class=\"icon icon-chevron-up\"><\/i><\/span>\n\t\t\t<span class='e-closed'><i aria-hidden=\"true\" class=\"icon icon-chevron-down\"><\/i><\/span>\n\t\t<\/span>\n\n\t\t\t\t\t\t<\/summary>\n\t\t\t\t<div role=\"region\" aria-labelledby=\"e-n-accordion-item-2782\" class=\"elementor-element elementor-element-f80d5b3 e-con-full e-flex e-con e-child\" data-id=\"f80d5b3\" data-element_type=\"container\" data-e-type=\"container\">\n\t\t\t\t<div class=\"elementor-element elementor-element-4f419b4 elementor-widget elementor-widget-text-editor\" data-id=\"4f419b4\" data-element_type=\"widget\" data-e-type=\"widget\" data-widget_type=\"text-editor.default\">\n\t\t\t\t<div class=\"elementor-widget-container\">\n\t\t\t\t\t\t\t\t\t<p>Oui, l&rsquo;h\u00f4tel dispose d&rsquo;un grand parking gratuit de plain-pied, directement adjacent \u00e0 l&rsquo;entr\u00e9e de l&rsquo;h\u00f4tel. Des places r\u00e9serv\u00e9es aux personnes handicap\u00e9es sont disponibles.<\/p>\n\t\t\t\t\t\t\t\t<\/div>\n\t\t\t\t<\/div>\n\t\t\t\t<\/div>\n\t\t\t\t\t<\/details>\n\t\t\t\t\t\t<details id=\"e-n-accordion-item-2783\" class=\"e-n-accordion-item\" >\n\t\t\t\t<summary class=\"e-n-accordion-item-title\" data-accordion-index=\"4\" tabindex=\"-1\" aria-expanded=\"false\" aria-controls=\"e-n-accordion-item-2783\" >\n\t\t\t\t\t<span class='e-n-accordion-item-title-header'><h3 class=\"e-n-accordion-item-title-text\"> Les piscines sont-elles accessibles ? <\/h3><\/span>\n\t\t\t\t\t\t\t<span class='e-n-accordion-item-title-icon'>\n\t\t\t<span class='e-opened' ><i aria-hidden=\"true\" class=\"icon icon-chevron-up\"><\/i><\/span>\n\t\t\t<span class='e-closed'><i aria-hidden=\"true\" class=\"icon icon-chevron-down\"><\/i><\/span>\n\t\t<\/span>\n\n\t\t\t\t\t\t<\/summary>\n\t\t\t\t<div role=\"region\" aria-labelledby=\"e-n-accordion-item-2783\" class=\"elementor-element elementor-element-4104c7d e-con-full e-flex e-con e-child\" data-id=\"4104c7d\" data-element_type=\"container\" data-e-type=\"container\">\n\t\t\t\t<div class=\"elementor-element elementor-element-ccc37cf elementor-widget elementor-widget-text-editor\" data-id=\"ccc37cf\" data-element_type=\"widget\" data-e-type=\"widget\" data-widget_type=\"text-editor.default\">\n\t\t\t\t<div class=\"elementor-widget-container\">\n\t\t\t\t\t\t\t\t\t<p>La Funny Pool dispose d&rsquo;une entr\u00e9e en pente douce avec une profondeur progressive, ce qui la rend plus accessible qu&rsquo;une piscine standard. Pour les clients n\u00e9cessitant un \u00e9quipement sp\u00e9cifique d&rsquo;acc\u00e8s \u00e0 la piscine, nous vous recommandons de nous contacter \u00e0 l&rsquo;avance.<\/p>\n\t\t\t\t\t\t\t\t<\/div>\n\t\t\t\t<\/div>\n\t\t\t\t<\/div>\n\t\t\t\t\t<\/details>\n\t\t\t\t\t\t<details id=\"e-n-accordion-item-2784\" class=\"e-n-accordion-item\" >\n\t\t\t\t<summary class=\"e-n-accordion-item-title\" data-accordion-index=\"5\" tabindex=\"-1\" aria-expanded=\"false\" aria-controls=\"e-n-accordion-item-2784\" >\n\t\t\t\t\t<span class='e-n-accordion-item-title-header'><h3 class=\"e-n-accordion-item-title-text\"> Les restaurants de l'h\u00f4tel sont-ils accessibles ? <\/h3><\/span>\n\t\t\t\t\t\t\t<span class='e-n-accordion-item-title-icon'>\n\t\t\t<span class='e-opened' ><i aria-hidden=\"true\" class=\"icon icon-chevron-up\"><\/i><\/span>\n\t\t\t<span class='e-closed'><i aria-hidden=\"true\" class=\"icon icon-chevron-down\"><\/i><\/span>\n\t\t<\/span>\n\n\t\t\t\t\t\t<\/summary>\n\t\t\t\t<div role=\"region\" aria-labelledby=\"e-n-accordion-item-2784\" class=\"elementor-element elementor-element-69237c6 e-con-full e-flex e-con e-child\" data-id=\"69237c6\" data-element_type=\"container\" data-e-type=\"container\">\n\t\t\t\t<div class=\"elementor-element elementor-element-11b8981 elementor-widget elementor-widget-text-editor\" data-id=\"11b8981\" data-element_type=\"widget\" data-e-type=\"widget\" data-widget_type=\"text-editor.default\">\n\t\t\t\t<div class=\"elementor-widget-container\">\n\t\t\t\t\t\t\t\t\t<p>Oui, tous les restaurants de l&rsquo;h\u00f4tel sont accessibles aux clients \u00e0 mobilit\u00e9 r\u00e9duite, avec un acc\u00e8s de plain-pied et un espace suffisant entre les tables.<\/p>\n\t\t\t\t\t\t\t\t<\/div>\n\t\t\t\t<\/div>\n\t\t\t\t<\/div>\n\t\t\t\t\t<\/details>\n\t\t\t\t\t\t<details id=\"e-n-accordion-item-2785\" class=\"e-n-accordion-item\" >\n\t\t\t\t<summary class=\"e-n-accordion-item-title\" data-accordion-index=\"6\" tabindex=\"-1\" aria-expanded=\"false\" aria-controls=\"e-n-accordion-item-2785\" >\n\t\t\t\t\t<span class='e-n-accordion-item-title-header'><h3 class=\"e-n-accordion-item-title-text\"> L'h\u00f4tel peut-il aider pour la location de fauteuil roulant ou d'autre mat\u00e9riel de mobilit\u00e9 ? <\/h3><\/span>\n\t\t\t\t\t\t\t<span class='e-n-accordion-item-title-icon'>\n\t\t\t<span class='e-opened' ><i aria-hidden=\"true\" class=\"icon icon-chevron-up\"><\/i><\/span>\n\t\t\t<span class='e-closed'><i aria-hidden=\"true\" class=\"icon icon-chevron-down\"><\/i><\/span>\n\t\t<\/span>\n\n\t\t\t\t\t\t<\/summary>\n\t\t\t\t<div role=\"region\" aria-labelledby=\"e-n-accordion-item-2785\" class=\"elementor-element elementor-element-d65e889 e-con-full e-flex e-con e-child\" data-id=\"d65e889\" data-element_type=\"container\" data-e-type=\"container\">\n\t\t\t\t<div class=\"elementor-element elementor-element-4cd8326 elementor-widget elementor-widget-text-editor\" data-id=\"4cd8326\" data-element_type=\"widget\" data-e-type=\"widget\" data-widget_type=\"text-editor.default\">\n\t\t\t\t<div class=\"elementor-widget-container\">\n\t\t\t\t\t\t\t\t\t<p>Notre \u00e9quipe peut vous fournir des informations et des recommandations pour la location de mat\u00e9riel de mobilit\u00e9 aupr\u00e8s de prestataires locaux, sur demande.<\/p>\n\t\t\t\t\t\t\t\t<\/div>\n\t\t\t\t<\/div>\n\t\t\t\t<\/div>\n\t\t\t\t\t<\/details>\n\t\t\t\t\t\t<details id=\"e-n-accordion-item-2786\" class=\"e-n-accordion-item\" >\n\t\t\t\t<summary class=\"e-n-accordion-item-title\" data-accordion-index=\"7\" tabindex=\"-1\" aria-expanded=\"false\" aria-controls=\"e-n-accordion-item-2786\" >\n\t\t\t\t\t<span class='e-n-accordion-item-title-header'><h3 class=\"e-n-accordion-item-title-text\"> Le spa est-il accessible aux personnes \u00e0 mobilit\u00e9 r\u00e9duite ? <\/h3><\/span>\n\t\t\t\t\t\t\t<span class='e-n-accordion-item-title-icon'>\n\t\t\t<span class='e-opened' ><i aria-hidden=\"true\" class=\"icon icon-chevron-up\"><\/i><\/span>\n\t\t\t<span class='e-closed'><i aria-hidden=\"true\" class=\"icon icon-chevron-down\"><\/i><\/span>\n\t\t<\/span>\n\n\t\t\t\t\t\t<\/summary>\n\t\t\t\t<div role=\"region\" aria-labelledby=\"e-n-accordion-item-2786\" class=\"elementor-element elementor-element-c4fdda1 e-con-full e-flex e-con e-child\" data-id=\"c4fdda1\" data-element_type=\"container\" data-e-type=\"container\">\n\t\t\t\t<div class=\"elementor-element elementor-element-2d42340 elementor-widget elementor-widget-text-editor\" data-id=\"2d42340\" data-element_type=\"widget\" data-e-type=\"widget\" data-widget_type=\"text-editor.default\">\n\t\t\t\t<div class=\"elementor-widget-container\">\n\t\t\t\t\t\t\t\t\t<p>Oui, le spa est accessible. Nous vous recommandons de nous contacter \u00e0 l&rsquo;avance pour que les soins et les modalit\u00e9s d&rsquo;acc\u00e8s les mieux adapt\u00e9s puissent \u00eatre pr\u00e9par\u00e9s pour votre visite.<\/p>\n\t\t\t\t\t\t\t\t<\/div>\n\t\t\t\t<\/div>\n\t\t\t\t<\/div>\n\t\t\t\t\t<\/details>\n\t\t\t\t\t<\/div>\n\t\t\t\t\t<script type=\"application\/ld+json\">{\"@context\":\"https:\\\/\\\/schema.org\",\"@type\":\"FAQPage\",\"mainEntity\":[{\"@type\":\"Question\",\"name\":\"L'h\\u00f4tel dispose-t-il de chambres accessibles ?\\u00a0\",\"acceptedAnswer\":{\"@type\":\"Answer\",\"text\":\"Oui, l&rsquo;h\\u00f4tel propose des chambres accessibles aux clients \\u00e0 mobilit\\u00e9 r\\u00e9duite ou en situation de handicap. Nous vous recommandons de pr\\u00e9ciser vos besoins au moment de la r\\u00e9servation.\"}},{\"@type\":\"Question\",\"name\":\"La plage est-elle accessible aux personnes en fauteuil roulant ?\",\"acceptedAnswer\":{\"@type\":\"Answer\",\"text\":\"Le chemin de l&rsquo;h\\u00f4tel \\u00e0 la plage est plat, de plain-pied et ne n\\u00e9cessite de traverser aucune route. La plage est de sable fin avec un acc\\u00e8s en pente douce. Pour des informations d\\u00e9taill\\u00e9es sur les \\u00e9quipements d&rsquo;acc\\u00e8s \\u00e0 la plage disponibles pendant votre s\\u00e9jour, contactez-nous directement.\"}},{\"@type\":\"Question\",\"name\":\"Y a-t-il un parking accessible \\u00e0 l'h\\u00f4tel ?\",\"acceptedAnswer\":{\"@type\":\"Answer\",\"text\":\"Oui, l&rsquo;h\\u00f4tel dispose d&rsquo;un grand parking gratuit de plain-pied, directement adjacent \\u00e0 l&rsquo;entr\\u00e9e de l&rsquo;h\\u00f4tel. Des places r\\u00e9serv\\u00e9es aux personnes handicap\\u00e9es sont disponibles.\"}},{\"@type\":\"Question\",\"name\":\"Les piscines sont-elles accessibles ?\",\"acceptedAnswer\":{\"@type\":\"Answer\",\"text\":\"La Funny Pool dispose d&rsquo;une entr\\u00e9e en pente douce avec une profondeur progressive, ce qui la rend plus accessible qu&rsquo;une piscine standard. Pour les clients n\\u00e9cessitant un \\u00e9quipement sp\\u00e9cifique d&rsquo;acc\\u00e8s \\u00e0 la piscine, nous vous recommandons de nous contacter \\u00e0 l&rsquo;avance.\"}},{\"@type\":\"Question\",\"name\":\"Les restaurants de l'h\\u00f4tel sont-ils accessibles ?\",\"acceptedAnswer\":{\"@type\":\"Answer\",\"text\":\"Oui, tous les restaurants de l&rsquo;h\\u00f4tel sont accessibles aux clients \\u00e0 mobilit\\u00e9 r\\u00e9duite, avec un acc\\u00e8s de plain-pied et un espace suffisant entre les tables.\"}},{\"@type\":\"Question\",\"name\":\"L'h\\u00f4tel peut-il aider pour la location de fauteuil roulant ou d'autre mat\\u00e9riel de mobilit\\u00e9 ?\",\"acceptedAnswer\":{\"@type\":\"Answer\",\"text\":\"Notre \\u00e9quipe peut vous fournir des informations et des recommandations pour la location de mat\\u00e9riel de mobilit\\u00e9 aupr\\u00e8s de prestataires locaux, sur demande.\"}},{\"@type\":\"Question\",\"name\":\"Le spa est-il accessible aux personnes \\u00e0 mobilit\\u00e9 r\\u00e9duite ?\",\"acceptedAnswer\":{\"@type\":\"Answer\",\"text\":\"Oui, le spa est accessible. Nous vous recommandons de nous contacter \\u00e0 l&rsquo;avance pour que les soins et les modalit\\u00e9s d&rsquo;acc\\u00e8s les mieux adapt\\u00e9s puissent \\u00eatre pr\\u00e9par\\u00e9s pour votre visite.\"}}]}<\/script>\n\t\t\t\t\t\t\t<\/div>\n\t\t\t\t<\/div>\n\t\t\t\t<\/div>\n\t\t\t\t\t<\/div>\n\t\t\t\t<\/div>\n\t\t\t\t<\/div>\n\t\t","protected":false},"excerpt":{"rendered":"<p>Chambres accessibles, plage et piscines au Park Hotel Marinetta. Tous les services pour personnes \u00e0 mobilit\u00e9 r\u00e9duite sur la C\u00f4te des \u00c9trusques.<\/p>\n","protected":false},"author":1,"featured_media":6808,"parent":0,"menu_order":0,"comment_status":"closed","ping_status":"closed","template":"","meta":{"footnotes":""},"class_list":["post-10396","page","type-page","status-publish","has-post-thumbnail","hentry"],"yoast_head":"<!-- This site is optimized with the Yoast SEO plugin v28.4 - https:\/\/yoast.com\/product\/yoast-seo-wordpress\/ -->\n<title>H\u00f4tel Accessible PMR en Toscane | H\u00f4tel Marinetta<\/title>\n<meta name=\"description\" content=\"Chambres accessibles, plage et piscines au Park Hotel Marinetta. Tous les services pour personnes \u00e0 mobilit\u00e9 r\u00e9duite sur la C\u00f4te des \u00c9trusques.\" \/>\n<meta name=\"robots\" content=\"index, follow, max-snippet:-1, max-image-preview:large, max-video-preview:-1\" \/>\n<link rel=\"canonical\" href=\"https:\/\/hotelmarinetta.it\/fr\/accessibilite-pmr-hotel-marinetta\/\" \/>\n<meta property=\"og:locale\" content=\"fr_FR\" \/>\n<meta property=\"og:type\" content=\"article\" \/>\n<meta property=\"og:title\" content=\"H\u00f4tel Accessible PMR en Toscane | H\u00f4tel Marinetta\" \/>\n<meta property=\"og:description\" content=\"Chambres accessibles, plage et piscines au Park Hotel Marinetta. Tous les services pour personnes \u00e0 mobilit\u00e9 r\u00e9duite sur la C\u00f4te des \u00c9trusques.\" \/>\n<meta property=\"og:url\" content=\"https:\/\/hotelmarinetta.it\/fr\/accessibilite-pmr-hotel-marinetta\/\" \/>\n<meta property=\"og:site_name\" content=\"Park Hotel Marinetta\" \/>\n<meta property=\"article:publisher\" content=\"https:\/\/www.facebook.com\/parkhotelmarinetta\" \/>\n<meta property=\"article:modified_time\" content=\"2026-06-30T10:19:21+00:00\" \/>\n<meta property=\"og:image\" content=\"https:\/\/hotelmarinetta.it\/wp-content\/uploads\/2025\/07\/PHM-Team-09.jpg\" \/>\n\t<meta property=\"og:image:width\" content=\"1440\" \/>\n\t<meta property=\"og:image:height\" content=\"960\" \/>\n\t<meta property=\"og:image:type\" content=\"image\/jpeg\" \/>\n<meta name=\"twitter:card\" content=\"summary_large_image\" \/>\n<meta name=\"twitter:label1\" content=\"Dur\u00e9e de lecture estim\u00e9e\" \/>\n\t<meta name=\"twitter:data1\" content=\"7 minutes\" \/>\n<script type=\"application\/ld+json\" class=\"yoast-schema-graph\">{\"@context\":\"https:\\\/\\\/schema.org\",\"@graph\":[{\"@type\":\"WebPage\",\"@id\":\"https:\\\/\\\/hotelmarinetta.it\\\/fr\\\/accessibilite-pmr-hotel-marinetta\\\/\",\"url\":\"https:\\\/\\\/hotelmarinetta.it\\\/fr\\\/accessibilite-pmr-hotel-marinetta\\\/\",\"name\":\"H\u00f4tel Accessible PMR en Toscane | H\u00f4tel Marinetta\",\"isPartOf\":{\"@id\":\"https:\\\/\\\/hotelmarinetta.it\\\/fr\\\/#website\"},\"primaryImageOfPage\":{\"@id\":\"https:\\\/\\\/hotelmarinetta.it\\\/fr\\\/accessibilite-pmr-hotel-marinetta\\\/#primaryimage\"},\"image\":{\"@id\":\"https:\\\/\\\/hotelmarinetta.it\\\/fr\\\/accessibilite-pmr-hotel-marinetta\\\/#primaryimage\"},\"thumbnailUrl\":\"https:\\\/\\\/hotelmarinetta.it\\\/wp-content\\\/uploads\\\/2025\\\/07\\\/PHM-Team-09.jpg\",\"datePublished\":\"2026-06-30T10:01:44+00:00\",\"dateModified\":\"2026-06-30T10:19:21+00:00\",\"description\":\"Chambres accessibles, plage et piscines au Park Hotel Marinetta. Tous les services pour personnes \u00e0 mobilit\u00e9 r\u00e9duite sur la C\u00f4te des \u00c9trusques.\",\"breadcrumb\":{\"@id\":\"https:\\\/\\\/hotelmarinetta.it\\\/fr\\\/accessibilite-pmr-hotel-marinetta\\\/#breadcrumb\"},\"inLanguage\":\"fr-FR\",\"potentialAction\":[{\"@type\":\"ReadAction\",\"target\":[\"https:\\\/\\\/hotelmarinetta.it\\\/fr\\\/accessibilite-pmr-hotel-marinetta\\\/\"]}]},{\"@type\":\"ImageObject\",\"inLanguage\":\"fr-FR\",\"@id\":\"https:\\\/\\\/hotelmarinetta.it\\\/fr\\\/accessibilite-pmr-hotel-marinetta\\\/#primaryimage\",\"url\":\"https:\\\/\\\/hotelmarinetta.it\\\/wp-content\\\/uploads\\\/2025\\\/07\\\/PHM-Team-09.jpg\",\"contentUrl\":\"https:\\\/\\\/hotelmarinetta.it\\\/wp-content\\\/uploads\\\/2025\\\/07\\\/PHM-Team-09.jpg\",\"width\":1440,\"height\":960,\"caption\":\"Team\"},{\"@type\":\"BreadcrumbList\",\"@id\":\"https:\\\/\\\/hotelmarinetta.it\\\/fr\\\/accessibilite-pmr-hotel-marinetta\\\/#breadcrumb\",\"itemListElement\":[{\"@type\":\"ListItem\",\"position\":1,\"name\":\"Home\",\"item\":\"https:\\\/\\\/hotelmarinetta.it\\\/fr\\\/\"},{\"@type\":\"ListItem\",\"position\":2,\"name\":\"H\u00f4tel Accessible PMR\"}]},{\"@type\":\"WebSite\",\"@id\":\"https:\\\/\\\/hotelmarinetta.it\\\/fr\\\/#website\",\"url\":\"https:\\\/\\\/hotelmarinetta.it\\\/fr\\\/\",\"name\":\"Park Hotel Marinetta\",\"description\":\"Resort sul Mare in Toscana\",\"publisher\":{\"@id\":\"https:\\\/\\\/hotelmarinetta.it\\\/fr\\\/#organization\"},\"potentialAction\":[{\"@type\":\"SearchAction\",\"target\":{\"@type\":\"EntryPoint\",\"urlTemplate\":\"https:\\\/\\\/hotelmarinetta.it\\\/fr\\\/?s={search_term_string}\"},\"query-input\":{\"@type\":\"PropertyValueSpecification\",\"valueRequired\":true,\"valueName\":\"search_term_string\"}}],\"inLanguage\":\"fr-FR\"},{\"@type\":\"Organization\",\"@id\":\"https:\\\/\\\/hotelmarinetta.it\\\/fr\\\/#organization\",\"name\":\"Park Hotel Marinetta\",\"url\":\"https:\\\/\\\/hotelmarinetta.it\\\/fr\\\/\",\"logo\":{\"@type\":\"ImageObject\",\"inLanguage\":\"fr-FR\",\"@id\":\"https:\\\/\\\/hotelmarinetta.it\\\/fr\\\/#\\\/schema\\\/logo\\\/image\\\/\",\"url\":\"https:\\\/\\\/hotelmarinetta.it\\\/wp-content\\\/uploads\\\/2025\\\/05\\\/Logo-PHM-01.png\",\"contentUrl\":\"https:\\\/\\\/hotelmarinetta.it\\\/wp-content\\\/uploads\\\/2025\\\/05\\\/Logo-PHM-01.png\",\"width\":294,\"height\":89,\"caption\":\"Park Hotel Marinetta\"},\"image\":{\"@id\":\"https:\\\/\\\/hotelmarinetta.it\\\/fr\\\/#\\\/schema\\\/logo\\\/image\\\/\"},\"sameAs\":[\"https:\\\/\\\/www.facebook.com\\\/parkhotelmarinetta\",\"https:\\\/\\\/www.instagram.com\\\/parkhotelmarinetta\\\/\"]}]}<\/script>\n<!-- \/ Yoast SEO plugin. -->","yoast_head_json":{"title":"H\u00f4tel Accessible PMR en Toscane | H\u00f4tel Marinetta","description":"Chambres accessibles, plage et piscines au Park Hotel Marinetta. Tous les services pour personnes \u00e0 mobilit\u00e9 r\u00e9duite sur la C\u00f4te des \u00c9trusques.","robots":{"index":"index","follow":"follow","max-snippet":"max-snippet:-1","max-image-preview":"max-image-preview:large","max-video-preview":"max-video-preview:-1"},"canonical":"https:\/\/hotelmarinetta.it\/fr\/accessibilite-pmr-hotel-marinetta\/","og_locale":"fr_FR","og_type":"article","og_title":"H\u00f4tel Accessible PMR en Toscane | H\u00f4tel Marinetta","og_description":"Chambres accessibles, plage et piscines au Park Hotel Marinetta. Tous les services pour personnes \u00e0 mobilit\u00e9 r\u00e9duite sur la C\u00f4te des \u00c9trusques.","og_url":"https:\/\/hotelmarinetta.it\/fr\/accessibilite-pmr-hotel-marinetta\/","og_site_name":"Park Hotel Marinetta","article_publisher":"https:\/\/www.facebook.com\/parkhotelmarinetta","article_modified_time":"2026-06-30T10:19:21+00:00","og_image":[{"width":1440,"height":960,"url":"https:\/\/hotelmarinetta.it\/wp-content\/uploads\/2025\/07\/PHM-Team-09.jpg","type":"image\/jpeg"}],"twitter_card":"summary_large_image","twitter_misc":{"Dur\u00e9e de lecture estim\u00e9e":"7 minutes"},"schema":{"@context":"https:\/\/schema.org","@graph":[{"@type":"WebPage","@id":"https:\/\/hotelmarinetta.it\/fr\/accessibilite-pmr-hotel-marinetta\/","url":"https:\/\/hotelmarinetta.it\/fr\/accessibilite-pmr-hotel-marinetta\/","name":"H\u00f4tel Accessible PMR en Toscane | H\u00f4tel Marinetta","isPartOf":{"@id":"https:\/\/hotelmarinetta.it\/fr\/#website"},"primaryImageOfPage":{"@id":"https:\/\/hotelmarinetta.it\/fr\/accessibilite-pmr-hotel-marinetta\/#primaryimage"},"image":{"@id":"https:\/\/hotelmarinetta.it\/fr\/accessibilite-pmr-hotel-marinetta\/#primaryimage"},"thumbnailUrl":"https:\/\/hotelmarinetta.it\/wp-content\/uploads\/2025\/07\/PHM-Team-09.jpg","datePublished":"2026-06-30T10:01:44+00:00","dateModified":"2026-06-30T10:19:21+00:00","description":"Chambres accessibles, plage et piscines au Park Hotel Marinetta. Tous les services pour personnes \u00e0 mobilit\u00e9 r\u00e9duite sur la C\u00f4te des \u00c9trusques.","breadcrumb":{"@id":"https:\/\/hotelmarinetta.it\/fr\/accessibilite-pmr-hotel-marinetta\/#breadcrumb"},"inLanguage":"fr-FR","potentialAction":[{"@type":"ReadAction","target":["https:\/\/hotelmarinetta.it\/fr\/accessibilite-pmr-hotel-marinetta\/"]}]},{"@type":"ImageObject","inLanguage":"fr-FR","@id":"https:\/\/hotelmarinetta.it\/fr\/accessibilite-pmr-hotel-marinetta\/#primaryimage","url":"https:\/\/hotelmarinetta.it\/wp-content\/uploads\/2025\/07\/PHM-Team-09.jpg","contentUrl":"https:\/\/hotelmarinetta.it\/wp-content\/uploads\/2025\/07\/PHM-Team-09.jpg","width":1440,"height":960,"caption":"Team"},{"@type":"BreadcrumbList","@id":"https:\/\/hotelmarinetta.it\/fr\/accessibilite-pmr-hotel-marinetta\/#breadcrumb","itemListElement":[{"@type":"ListItem","position":1,"name":"Home","item":"https:\/\/hotelmarinetta.it\/fr\/"},{"@type":"ListItem","position":2,"name":"H\u00f4tel Accessible PMR"}]},{"@type":"WebSite","@id":"https:\/\/hotelmarinetta.it\/fr\/#website","url":"https:\/\/hotelmarinetta.it\/fr\/","name":"Park Hotel Marinetta","description":"Resort sul Mare in Toscana","publisher":{"@id":"https:\/\/hotelmarinetta.it\/fr\/#organization"},"potentialAction":[{"@type":"SearchAction","target":{"@type":"EntryPoint","urlTemplate":"https:\/\/hotelmarinetta.it\/fr\/?s={search_term_string}"},"query-input":{"@type":"PropertyValueSpecification","valueRequired":true,"valueName":"search_term_string"}}],"inLanguage":"fr-FR"},{"@type":"Organization","@id":"https:\/\/hotelmarinetta.it\/fr\/#organization","name":"Park Hotel Marinetta","url":"https:\/\/hotelmarinetta.it\/fr\/","logo":{"@type":"ImageObject","inLanguage":"fr-FR","@id":"https:\/\/hotelmarinetta.it\/fr\/#\/schema\/logo\/image\/","url":"https:\/\/hotelmarinetta.it\/wp-content\/uploads\/2025\/05\/Logo-PHM-01.png","contentUrl":"https:\/\/hotelmarinetta.it\/wp-content\/uploads\/2025\/05\/Logo-PHM-01.png","width":294,"height":89,"caption":"Park Hotel Marinetta"},"image":{"@id":"https:\/\/hotelmarinetta.it\/fr\/#\/schema\/logo\/image\/"},"sameAs":["https:\/\/www.facebook.com\/parkhotelmarinetta","https:\/\/www.instagram.com\/parkhotelmarinetta\/"]}]}},"_links":{"self":[{"href":"https:\/\/hotelmarinetta.it\/fr\/wp-json\/wp\/v2\/pages\/10396","targetHints":{"allow":["GET"]}}],"collection":[{"href":"https:\/\/hotelmarinetta.it\/fr\/wp-json\/wp\/v2\/pages"}],"about":[{"href":"https:\/\/hotelmarinetta.it\/fr\/wp-json\/wp\/v2\/types\/page"}],"author":[{"embeddable":true,"href":"https:\/\/hotelmarinetta.it\/fr\/wp-json\/wp\/v2\/users\/1"}],"replies":[{"embeddable":true,"href":"https:\/\/hotelmarinetta.it\/fr\/wp-json\/wp\/v2\/comments?post=10396"}],"version-history":[{"count":3,"href":"https:\/\/hotelmarinetta.it\/fr\/wp-json\/wp\/v2\/pages\/10396\/revisions"}],"predecessor-version":[{"id":10399,"href":"https:\/\/hotelmarinetta.it\/fr\/wp-json\/wp\/v2\/pages\/10396\/revisions\/10399"}],"wp:featuredmedia":[{"embeddable":true,"href":"https:\/\/hotelmarinetta.it\/fr\/wp-json\/wp\/v2\/media\/6808"}],"wp:attachment":[{"href":"https:\/\/hotelmarinetta.it\/fr\/wp-json\/wp\/v2\/media?parent=10396"}],"curies":[{"name":"wp","href":"https:\/\/api.w.org\/{rel}","templated":true}]}}